{"id":1036,"date":"2022-09-09T08:54:38","date_gmt":"2022-09-09T08:54:38","guid":{"rendered":"https:\/\/www.fraclorraine.org\/nouveausite2021\/?post_type=evenement&#038;p=1036"},"modified":"2023-01-12T13:48:01","modified_gmt":"2023-01-12T13:48:01","slug":"","status":"publish","type":"evenement","link":"https:\/\/www.fraclorraine.org\/en\/evenement\/plongee-dans-bataville\/","title":{"rendered":"","raw":""},"content":{"rendered":"","protected":false,"raw":""},"template":"","meta":{"inline_featured_image":false,"_fr_post_content":"<!-- wp:columns -->\n<div class=\"wp-block-columns\"><!-- wp:column -->\n<div class=\"wp-block-column\"><!-- wp:paragraph -->\n<p>\u25cf Fanfare, balade comment\u00e9e, projections, auberge espagnole et bal d\u00e9jant\u00e9. Avec Olivier Bour, philosophe ; la <a rel=\"noreferrer noopener\" href=\"https:\/\/www.fabriqueautonome.org\/\" target=\"_blank\">Fabrique Autonome des Acteurs<\/a> ; <a href=\"https:\/\/www.josephinekaeppelin.com\/\" target=\"_blank\" rel=\"noreferrer noopener\">Jos\u00e9phine Kaeppelin<\/a>, artiste ; DJ Baptiste et l\u2019harmonie de Bataville<\/p>\n<!-- \/wp:paragraph -->\n\n<!-- wp:paragraph -->\n<p>En cr\u00e9ant Bataville, son fondateur Thomas Bata pensait fabriquer une utopie au croisement de l\u2019effort et du divertissement. <\/p>\n<!-- \/wp:paragraph -->\n\n<!-- wp:paragraph -->\n<p>Mais derri\u00e8re cette cit\u00e9-jardin charmante, adoss\u00e9e \u00e0 l\u2019usine aux proportions id\u00e9ales, au milieu des \u00e9tangs et des for\u00eats, comment se passait la vie ? Accompagn\u00e9.e d\u2019un philosophe, d\u2019artistes et de l\u2019harmonie de Bataville, plongez dans cet univers singulier aux effets puissants sur la psych\u00e9. Au programme de ce voyage : accueil en fanfare, balade comment\u00e9e, projections, auberge espagnole et bal d\u00e9jant\u00e9 !<\/p>\n<!-- \/wp:paragraph -->\n\n<!-- wp:paragraph {\"fontSize\":\"small\"} -->\n<p class=\"has-small-font-size\">\u21b3 Pensez \u00e0 prendre avec vous de quoi manger ! Auberge Espagnole pr\u00e9vue \u00e0 20h<\/p>\n<!-- \/wp:paragraph --><\/div>\n<!-- \/wp:column -->\n\n<!-- wp:column -->\n<div class=\"wp-block-column\"><!-- wp:gallery {\"linkTo\":\"none\"} -->\n<figure class=\"wp-block-gallery has-nested-images columns-default is-cropped\"><!-- wp:image {\"id\":1037,\"sizeSlug\":\"large\",\"linkDestination\":\"none\"} -->\n<figure class=\"wp-block-image size-large\"><img src=\"https:\/\/www.fraclorraine.org\/wp-content\/uploads\/2022\/09\/PROG_2020_SEPT-JAN-_BATAVILLE_1.jpg\" alt=\"\" class=\"wp-image-1037\"\/><figcaption class=\"wp-element-caption\">Atelier #0 commencer, d\u00e9velopper, finir, fabrique autonome des acteurs, 2015\n\u00a9 St\u00e9phane Tasse<\/figcaption><\/figure>\n<!-- \/wp:image -->\n\n<!-- wp:image {\"id\":1038,\"sizeSlug\":\"large\",\"linkDestination\":\"none\"} -->\n<figure class=\"wp-block-image size-large\"><img src=\"https:\/\/www.fraclorraine.org\/wp-content\/uploads\/2022\/09\/PROG_2020_SEPT-JAN-_BATAVILLE_2.jpg\" alt=\"\" class=\"wp-image-1038\"\/><figcaption class=\"wp-element-caption\">\u00a9 Michele Cinque, Daria Lippi, faa \nQuand on sera seuls, lazy film, fabrique autonome des acteurs, RESET - compagnie Daria Lippi, 2018<\/figcaption><\/figure>\n<!-- \/wp:image -->\n\n<!-- wp:image {\"id\":1039,\"sizeSlug\":\"large\",\"linkDestination\":\"none\"} -->\n<figure class=\"wp-block-image size-large\"><img src=\"https:\/\/www.fraclorraine.org\/wp-content\/uploads\/2022\/09\/PROG_2020_SEPT-JAN-_BATAVILLE_3-scaled.jpg\" alt=\"\" class=\"wp-image-1039\"\/><figcaption class=\"wp-element-caption\">\u00a9S\u00e9bastien Leban \nFestival des Antipodes, Jos\u00e9phine Kaeppelin, Patrons, fabrique autonome des acteurs, 2020<\/figcaption><\/figure>\n<!-- \/wp:image -->\n\n<!-- wp:image {\"id\":1040,\"sizeSlug\":\"large\",\"linkDestination\":\"none\"} -->\n<figure class=\"wp-block-image size-large\"><img src=\"https:\/\/www.fraclorraine.org\/wp-content\/uploads\/2022\/09\/PROG_2020_SEPT-JAN-_BATAVILLE_4-scaled.jpg\" alt=\"\" class=\"wp-image-1040\"\/><figcaption class=\"wp-element-caption\">\u00a9S\u00e9bastien Leban \nFestival des Antipodes, Jos\u00e9phine Kaeppelin, Patrons, fabrique autonome des acteurs, 2020<\/figcaption><\/figure>\n<!-- \/wp:image -->\n\n<!-- wp:image {\"id\":1041,\"sizeSlug\":\"large\",\"linkDestination\":\"none\"} -->\n<figure class=\"wp-block-image size-large\"><img src=\"https:\/\/www.fraclorraine.org\/wp-content\/uploads\/2022\/09\/PROG_2020_SEPT-JAN-_BATAVILLE_5-scaled.jpg\" alt=\"\" class=\"wp-image-1041\"\/><figcaption class=\"wp-element-caption\">\u00a9S\u00e9bastien Leban \nFestival des Antipodes, Jos\u00e9phine Kaeppelin, Patrons, fabrique autonome des acteurs, 2020<\/figcaption><\/figure>\n<!-- \/wp:image --><\/figure>\n<!-- \/wp:gallery --><\/div>\n<!-- \/wp:column --><\/div>\n<!-- \/wp:columns -->\n\n<!-- wp:columns -->\n<div class=\"wp-block-columns\"><!-- wp:column -->\n<div class=\"wp-block-column\"><!-- wp:heading {\"level\":3} -->\n<h3>PROGRAMME<\/h3>\n<!-- \/wp:heading --><\/div>\n<!-- \/wp:column -->\n\n<!-- wp:column -->\n<div class=\"wp-block-column\"><\/div>\n<!-- \/wp:column --><\/div>\n<!-- \/wp:columns -->\n\n<!-- wp:paragraph -->\n<p><strong>12h30<\/strong> D\u00e9part du bus, Quai du Rimport (C\u00f4t\u00e9 centre ville, Metz), direction Bataville<\/p>\n<!-- \/wp:paragraph -->\n\n<!-- wp:paragraph -->\n<p><strong>14h30<\/strong> Accueil \u00e0 Bataville<\/p>\n<!-- \/wp:paragraph -->\n\n<!-- wp:paragraph -->\n<p><strong>15h \u2013 17h<\/strong> Visite avec&nbsp;Olivier Bour<\/p>\n<!-- \/wp:paragraph -->\n\n<!-- wp:paragraph -->\n<p><strong>17h30 \u2013 18h30<\/strong> Pr\u00e9sentation de&nbsp;trois courts m\u00e9trages de la Fabrique Autonome des Acteurs avec temps d\u2019\u00e9change avec&nbsp;Daria Lippi et Juliette Salmon&nbsp;<\/p>\n<!-- \/wp:paragraph -->\n\n<!-- wp:paragraph -->\n<p><strong>18h45 \u2013 19h45<\/strong> Rencontre avec&nbsp;Jos\u00e9phine Kaeppelin, artiste<\/p>\n<!-- \/wp:paragraph -->\n\n<!-- wp:paragraph -->\n<p><strong>20h<\/strong> Auberge espagnole (chacun.e am\u00e8ne son pique-nique tir\u00e9 du sac)<\/p>\n<!-- \/wp:paragraph -->\n\n<!-- wp:paragraph -->\n<p><strong>21h<\/strong> Bal d\u00e9jant\u00e9 avec&nbsp;Baptiste Brisseault (dj baptiste)<\/p>\n<!-- \/wp:paragraph -->\n\n<!-- wp:paragraph -->\n<p><strong>22h30<\/strong> D\u00e9part du bus de Bataville pour Metz<\/p>\n<!-- \/wp:paragraph -->","_fr_post_name":"plongee-dans-bataville","_fr_post_excerpt":"","_fr_post_title":"Plong\u00e9e dans Bataville","_en_post_content":"","_en_post_name":"","_en_post_excerpt":"","_en_post_title":"","edit_language":"en"},"tags":[],"event-type":[88],"saison":[48],"lieu":[373],"class_list":["post-1036","evenement","type-evenement","status-publish","hentry"],"excerpt":{"raw":"","rendered":""},"_links":{"self":[{"href":"https:\/\/www.fraclorraine.org\/en\/wp-json\/wp\/v2\/evenement\/1036","targetHints":{"allow":["GET"]}}],"collection":[{"href":"https:\/\/www.fraclorraine.org\/en\/wp-json\/wp\/v2\/evenement"}],"about":[{"href":"https:\/\/www.fraclorraine.org\/en\/wp-json\/wp\/v2\/types\/evenement"}],"wp:attachment":[{"href":"https:\/\/www.fraclorraine.org\/en\/wp-json\/wp\/v2\/media?parent=1036"}],"wp:term":[{"taxonomy":"post_tag","embeddable":true,"href":"https:\/\/www.fraclorraine.org\/en\/wp-json\/wp\/v2\/tags?post=1036"},{"taxonomy":"event-type","embeddable":true,"href":"https:\/\/www.fraclorraine.org\/en\/wp-json\/wp\/v2\/event-type?post=1036"},{"taxonomy":"saison","embeddable":true,"href":"https:\/\/www.fraclorraine.org\/en\/wp-json\/wp\/v2\/saison?post=1036"},{"taxonomy":"lieu","embeddable":true,"href":"https:\/\/www.fraclorraine.org\/en\/wp-json\/wp\/v2\/lieu?post=1036"}],"curies":[{"name":"wp","href":"https:\/\/api.w.org\/{rel}","templated":true}]}}