{"id":1044,"date":"2022-09-09T09:24:54","date_gmt":"2022-09-09T09:24:54","guid":{"rendered":"https:\/\/www.fraclorraine.org\/nouveausite2021\/?post_type=evenement&#038;p=1044"},"modified":"2023-01-12T13:49:25","modified_gmt":"2023-01-12T13:49:25","slug":"","status":"publish","type":"evenement","link":"https:\/\/www.fraclorraine.org\/en\/evenement\/nuit-europeenne-des-musees-2020\/","title":{"rendered":"","raw":""},"content":{"rendered":"","protected":false,"raw":""},"template":"","meta":{"inline_featured_image":false,"_fr_post_content":"<!-- wp:columns -->\n<div class=\"wp-block-columns\"><!-- wp:column -->\n<div class=\"wp-block-column\"><!-- wp:paragraph -->\n<p>\u25cf Visites comment\u00e9es et \u00e9clair\u00e9es, parcours ludiques, ateliers, projections, d\u00e9gustations, spectacles vivants, animations exceptionnelles donneront \u00e0 vivre \u00e0 un large public une exp\u00e9rience du mus\u00e9e \u00e0 la fois conviviale et ludique.<\/p>\n<!-- \/wp:paragraph -->\n\n<!-- wp:paragraph -->\n<p>Quand les \u00e9l\u00e8ves deviennent des passeurs de culture le temps d\u2019une soir\u00e9e !<\/p>\n<!-- \/wp:paragraph -->\n\n<!-- wp:paragraph -->\n<p>Depuis 2013, les minist\u00e8res de la Culture et de l\u2019Education Nationale, de la Jeunesse et des Sports ont mis en place un dispositif in\u00e9dit intitul\u00e9 \u201cLa classe, l\u2019\u0153uvre !\u201d qui a pour objectif de proposer \u00e0 des scolaires de s\u2019approprier un patrimoine commun pour, le temps d\u2019une soir\u00e9e, se faire passeur de culture et le restituer aupr\u00e8s de leurs camarades et de leurs proches.<br>&nbsp;<br>Cette op\u00e9ration permet ainsi de d\u00e9velopper la familiarit\u00e9 des jeunes et notamment des scolaires avec les mus\u00e9es et de resserrer les liens entre les \u00e9tablissements scolaires et culturels d\u2019un m\u00eame territoire.<br>&nbsp;<br>Au Frac Lorraine&nbsp;ce dispositif, adoss\u00e9 \u00e0 La Nuit europ\u00e9enne des mus\u00e9es, a d\u00e9marr\u00e9 par un appel \u00e0 participation aupr\u00e8s des professeurs d\u2019Education Physique et Sportive du voisinage ainsi qu\u2019aux enseignants de primaire de la circonscription de Metz Nord<\/p>\n<!-- \/wp:paragraph --><\/div>\n<!-- \/wp:column -->\n\n<!-- wp:column -->\n<div class=\"wp-block-column\"><!-- wp:image {\"id\":1046,\"sizeSlug\":\"large\",\"linkDestination\":\"none\"} -->\n<figure class=\"wp-block-image size-large\"><img src=\"https:\/\/www.fraclorraine.org\/wp-content\/uploads\/2022\/09\/KIDS_2020_SEPT-JAN_VISITE-A-PETITS-PAS_4-1024x768.jpg\" alt=\"\" class=\"wp-image-1046\"\/><\/figure>\n<!-- \/wp:image --><\/div>\n<!-- \/wp:column --><\/div>\n<!-- \/wp:columns -->\n\n<!-- wp:columns -->\n<div class=\"wp-block-columns\"><!-- wp:column -->\n<div class=\"wp-block-column\"><!-- wp:heading {\"level\":3} -->\n<h3>PROGRAMME<\/h3>\n<!-- \/wp:heading --><\/div>\n<!-- \/wp:column -->\n\n<!-- wp:column -->\n<div class=\"wp-block-column\"><\/div>\n<!-- \/wp:column --><\/div>\n<!-- \/wp:columns -->\n\n<!-- wp:columns -->\n<div class=\"wp-block-columns\"><!-- wp:column -->\n<div class=\"wp-block-column\"><!-- wp:paragraph -->\n<p><strong> <\/strong><strong>19h-22h \u2192 Jouer et jouer encore<\/strong><\/p>\n<!-- \/wp:paragraph -->\n\n<!-- wp:paragraph -->\n<p>Exposition collective de sports invent\u00e9s par les \u00e9l\u00e8ves des \u00e9coles Chan Heurlin (Sainte Barbe) et Pierre et Marie Curie (Woippy). <br>Les classes de CE2-CM1 d\u00e9oilent leurs travaux sur le d\u00e9tournement d\u00e9tournent des in\u00e9galit\u00e9s dans le sport, \u00e0 travers des mises en sc\u00e8ne absurdes.<\/p>\n<!-- \/wp:paragraph -->\n\n<!-- wp:paragraph -->\n<p><strong>19h-21h \u2192 Graines de commentateur.trices sportif<\/strong><\/p>\n<!-- \/wp:paragraph -->\n\n<!-- wp:paragraph -->\n<p>Happening-Visites comment\u00e9es par la classe de 6e du coll\u00e8ge Taison (Metz). <br>Le temps d\u2019une soir\u00e9e, les 6e3 deviennent apprentis-m\u00e9diateurs en se glissant dans la peau de commentateur.rices de tournois sportifs, apportant un rythme nouveau \u00e0 la visite de mus\u00e9e. Ici place aux \u00e9motions fortes, laissez-vous guider par les futurs Eugene Saccomano, Nelson Monfort et Anne-Laure Bonnet (pour ne pas oublier les 10% de femmes majoritairement assign\u00e9es \u00e0 la couverture des sports dit \u00ab f\u00e9minins \u00bb).<\/p>\n<!-- \/wp:paragraph --><\/div>\n<!-- \/wp:column -->\n\n<!-- wp:column -->\n<div class=\"wp-block-column\"><!-- wp:paragraph -->\n<p><strong>21h-22h \u2192<\/strong> <strong>Capture de Soleil<\/strong><\/p>\n<!-- \/wp:paragraph -->\n\n<!-- wp:paragraph -->\n<p>Happening \u2013 Match des \u00e9l\u00e8ves de 4e du coll\u00e8ge Taison (Metz). <br>Accompagn\u00e9s depuis le mois de septembre par l\u2019artiste messin Princia Itoua, les \u00e9l\u00e8ves de 4\u00e8me vous d\u00e9voilent un sport cr\u00e9e de toute pi\u00e8ce. Bas\u00e9 sur le collectif et n\u2019ayant plus pour but la victoire d\u2019une \u00e9quipe sur une autre, la partie consiste en la r\u00e9alisation collective d\u2019une sculpture \u00e9ph\u00e9m\u00e8re color\u00e9e.<\/p>\n<!-- \/wp:paragraph --><\/div>\n<!-- \/wp:column --><\/div>\n<!-- \/wp:columns -->","_fr_post_name":"nuit-europeenne-des-musees-2020","_fr_post_excerpt":"","_fr_post_title":"Nuit europ\u00e9enne des mus\u00e9es 2020","_en_post_content":"","_en_post_name":"","_en_post_excerpt":"","_en_post_title":"","edit_language":"en"},"tags":[152],"event-type":[88],"saison":[48],"lieu":[371],"class_list":["post-1044","evenement","type-evenement","status-publish","hentry","tag-nuit-europeennes-des-musees"],"excerpt":{"raw":"","rendered":""},"_links":{"self":[{"href":"https:\/\/www.fraclorraine.org\/en\/wp-json\/wp\/v2\/evenement\/1044","targetHints":{"allow":["GET"]}}],"collection":[{"href":"https:\/\/www.fraclorraine.org\/en\/wp-json\/wp\/v2\/evenement"}],"about":[{"href":"https:\/\/www.fraclorraine.org\/en\/wp-json\/wp\/v2\/types\/evenement"}],"wp:attachment":[{"href":"https:\/\/www.fraclorraine.org\/en\/wp-json\/wp\/v2\/media?parent=1044"}],"wp:term":[{"taxonomy":"post_tag","embeddable":true,"href":"https:\/\/www.fraclorraine.org\/en\/wp-json\/wp\/v2\/tags?post=1044"},{"taxonomy":"event-type","embeddable":true,"href":"https:\/\/www.fraclorraine.org\/en\/wp-json\/wp\/v2\/event-type?post=1044"},{"taxonomy":"saison","embeddable":true,"href":"https:\/\/www.fraclorraine.org\/en\/wp-json\/wp\/v2\/saison?post=1044"},{"taxonomy":"lieu","embeddable":true,"href":"https:\/\/www.fraclorraine.org\/en\/wp-json\/wp\/v2\/lieu?post=1044"}],"curies":[{"name":"wp","href":"https:\/\/api.w.org\/{rel}","templated":true}]}}