{"id":1093,"date":"2022-09-12T08:23:43","date_gmt":"2022-09-12T08:23:43","guid":{"rendered":"https:\/\/www.fraclorraine.org\/nouveausite2021\/?post_type=evenement&#038;p=1093"},"modified":"2023-01-12T13:59:52","modified_gmt":"2023-01-12T13:59:52","slug":"","status":"publish","type":"evenement","link":"https:\/\/www.fraclorraine.org\/en\/evenement\/visite-subjective-ap\/","title":{"rendered":"","raw":""},"content":{"rendered":"","protected":false,"raw":""},"template":"","meta":{"inline_featured_image":false,"_fr_post_content":"<!-- wp:columns -->\n<div class=\"wp-block-columns\"><!-- wp:column -->\n<div class=\"wp-block-column\"><!-- wp:paragraph -->\n<p>\u25cf La \"<a href=\"https:\/\/fr-fr.facebook.com\/PAAM57\/\" target=\"_blank\" rel=\"noreferrer noopener\">Plateforme des Associations Africaines de Moselle<\/a>\" invite Mo\u00efse Dikondo \u00e0 proposer une autre lecture de l\u2019exposition, \u00e0 travers un regard distinct de la voix institutionnelle. Ce moment est l\u2019occasion de partager une exp\u00e9rience sensible <em>\u00c0 plusieurs<\/em><\/p>\n<!-- \/wp:paragraph -->\n\n<!-- wp:paragraph -->\n<p>Mo\u00efse&nbsp;Dikondo&nbsp;est artiste passionn\u00e9 de th\u00e9\u00e2tre et des arts du spectacle. Il fait ses d\u00e9buts en 2007 \u00e0 l\u2019espace \u00ab Bejarts \u00bb (bons, \u00e9loquents et jeunes artistes), une association d\u2019\u00e9ducation civique par le th\u00e9\u00e2tre, la danse, la musique et le cin\u00e9ma bas\u00e9e en plein coeur de Kinshasa. Install\u00e9 \u00e0 Metz depuis 2010, il \u00e9volue tour \u00e0 tour avec les \u00ab Studiolo \u00bb et la compagnie \u00ab des masques, des voix \u00bb comme danseur et com\u00e9dien. En qu\u00eate de nouvelles exp\u00e9riences et opportunit\u00e9s, il a cr\u00e9\u00e9 en 2019 la compagnie \u00ab Okapi Cr\u00e9ation \u00bb afin de cr\u00e9er des spectacles connect\u00e9s \u00e0 sa r\u00e9alit\u00e9 et \u00e0 sa vision.<\/p>\n<!-- \/wp:paragraph --><\/div>\n<!-- \/wp:column -->\n\n<!-- wp:column -->\n<div class=\"wp-block-column\"><!-- wp:image {\"id\":471,\"sizeSlug\":\"large\",\"linkDestination\":\"none\"} -->\n<figure class=\"wp-block-image size-large\"><img src=\"https:\/\/www.fraclorraine.org\/wp-content\/uploads\/2022\/08\/EXPO_2021_A-PLUSIEURS_4-1024x687.jpg\" alt=\"\" class=\"wp-image-471\"\/><figcaption class=\"wp-element-caption\">Tabita Rezaire, <em>Satellite Devotion<\/em>, 2019 <br>Expositions <em>\u00c0 plusieurs<\/em>, Mars-Aout 2021, 49 Nord 6 Est-Frac Lorraine, Metz <br>Photo : Aur\u00e9lien Mole <\/figcaption><\/figure>\n<!-- \/wp:image --><\/div>\n<!-- \/wp:column --><\/div>\n<!-- \/wp:columns -->","_fr_post_name":"visite-subjective-ap","_fr_post_excerpt":"","_fr_post_title":"Visite subjective","_en_post_content":"","_en_post_name":"","_en_post_excerpt":"","_en_post_title":"","edit_language":"en"},"tags":[39],"event-type":[231],"saison":[46],"lieu":[371],"class_list":["post-1093","evenement","type-evenement","status-publish","hentry","tag-visite-subjective"],"excerpt":{"raw":"","rendered":""},"_links":{"self":[{"href":"https:\/\/www.fraclorraine.org\/en\/wp-json\/wp\/v2\/evenement\/1093","targetHints":{"allow":["GET"]}}],"collection":[{"href":"https:\/\/www.fraclorraine.org\/en\/wp-json\/wp\/v2\/evenement"}],"about":[{"href":"https:\/\/www.fraclorraine.org\/en\/wp-json\/wp\/v2\/types\/evenement"}],"wp:attachment":[{"href":"https:\/\/www.fraclorraine.org\/en\/wp-json\/wp\/v2\/media?parent=1093"}],"wp:term":[{"taxonomy":"post_tag","embeddable":true,"href":"https:\/\/www.fraclorraine.org\/en\/wp-json\/wp\/v2\/tags?post=1093"},{"taxonomy":"event-type","embeddable":true,"href":"https:\/\/www.fraclorraine.org\/en\/wp-json\/wp\/v2\/event-type?post=1093"},{"taxonomy":"saison","embeddable":true,"href":"https:\/\/www.fraclorraine.org\/en\/wp-json\/wp\/v2\/saison?post=1093"},{"taxonomy":"lieu","embeddable":true,"href":"https:\/\/www.fraclorraine.org\/en\/wp-json\/wp\/v2\/lieu?post=1093"}],"curies":[{"name":"wp","href":"https:\/\/api.w.org\/{rel}","templated":true}]}}