{"id":1115,"date":"2022-09-12T09:46:05","date_gmt":"2022-09-12T09:46:05","guid":{"rendered":"https:\/\/www.fraclorraine.org\/nouveausite2021\/?post_type=evenement&#038;p=1115"},"modified":"2023-01-12T14:03:40","modified_gmt":"2023-01-12T14:03:40","slug":"","status":"publish","type":"evenement","link":"https:\/\/www.fraclorraine.org\/en\/evenement\/sidequel-the-real-show-i-want-to-be-loved-by-you-populaire-cest-a-dire\/","title":{"rendered":"","raw":""},"content":{"rendered":"","protected":false,"raw":""},"template":"","meta":{"inline_featured_image":false,"_fr_post_content":"<!-- wp:columns -->\n<div class=\"wp-block-columns\"><!-- wp:column -->\n<div class=\"wp-block-column\"><!-- wp:paragraph -->\n<p>\u25cf&nbsp;Projection&nbsp;d\u2019un \u00ab best-of \u00bb des vid\u00e9os de la collection du 49 Nord 6 Est, suivie d\u2019une&nbsp;conversation&nbsp;avec Thomas Geiger, artiste, Kunsthalle 3000, Fanny Gonella, directrice du 49 Nord 6 Est, C\u00e9line Poulin, directrice du&nbsp;CAC&nbsp;Br\u00e9tigny et Agn\u00e8s Violeau, curatrice au 49 Nord 6 Est<\/p>\n<!-- \/wp:paragraph -->\n\n<!-- wp:paragraph -->\n<p><em>I want to be loved by you : Populaire, c'est-\u00e0-dire ? Le Real Show <\/em>est un projet capillaire dont le pilote ouvrira en janvier 2022 au&nbsp;CAC&nbsp;Br\u00e9tigny, interrogeant les affects et les comportements sociaux soulev\u00e9s par le terme populaire. Il se d\u00e9cline en <em>sidequel<\/em>, \u00e9pisode parall\u00e8le \u00e0 l\u2019exposition, pendant une soir\u00e9e de projections suivie d\u2019une conversation, explorant la notion de popularit\u00e9 et ce que le terme soul\u00e8ve au sein d\u2019un lieu d\u2019exposition.<\/p>\n<!-- \/wp:paragraph --><\/div>\n<!-- \/wp:column -->\n\n<!-- wp:column -->\n<div class=\"wp-block-column\"><!-- wp:embed {\"url\":\"https:\/\/soundcloud.com\/mediation-49-nord-6-est\/conversation-sidequel-the-real-show-i-want-to-be-loved-by-you-populaire-cest-a-dire\",\"type\":\"rich\",\"providerNameSlug\":\"soundcloud\",\"responsive\":true} -->\n<figure class=\"wp-block-embed is-type-rich is-provider-soundcloud wp-block-embed-soundcloud\"><div class=\"wp-block-embed__wrapper\">\nhttps:\/\/soundcloud.com\/mediation-49-nord-6-est\/conversation-sidequel-the-real-show-i-want-to-be-loved-by-you-populaire-cest-a-dire\n<\/div><\/figure>\n<!-- \/wp:embed --><\/div>\n<!-- \/wp:column --><\/div>\n<!-- \/wp:columns -->","_fr_post_name":"sidequel-the-real-show-i-want-to-be-loved-by-you-populaire-cest-a-dire","_fr_post_excerpt":"","_fr_post_title":"Sidequel The Real Show","_en_post_content":"","_en_post_name":"","_en_post_excerpt":"","_en_post_title":"","edit_language":"en"},"tags":[],"event-type":[119],"saison":[45],"lieu":[371],"class_list":["post-1115","evenement","type-evenement","status-publish","hentry"],"excerpt":{"raw":"","rendered":""},"_links":{"self":[{"href":"https:\/\/www.fraclorraine.org\/en\/wp-json\/wp\/v2\/evenement\/1115","targetHints":{"allow":["GET"]}}],"collection":[{"href":"https:\/\/www.fraclorraine.org\/en\/wp-json\/wp\/v2\/evenement"}],"about":[{"href":"https:\/\/www.fraclorraine.org\/en\/wp-json\/wp\/v2\/types\/evenement"}],"wp:attachment":[{"href":"https:\/\/www.fraclorraine.org\/en\/wp-json\/wp\/v2\/media?parent=1115"}],"wp:term":[{"taxonomy":"post_tag","embeddable":true,"href":"https:\/\/www.fraclorraine.org\/en\/wp-json\/wp\/v2\/tags?post=1115"},{"taxonomy":"event-type","embeddable":true,"href":"https:\/\/www.fraclorraine.org\/en\/wp-json\/wp\/v2\/event-type?post=1115"},{"taxonomy":"saison","embeddable":true,"href":"https:\/\/www.fraclorraine.org\/en\/wp-json\/wp\/v2\/saison?post=1115"},{"taxonomy":"lieu","embeddable":true,"href":"https:\/\/www.fraclorraine.org\/en\/wp-json\/wp\/v2\/lieu?post=1115"}],"curies":[{"name":"wp","href":"https:\/\/api.w.org\/{rel}","templated":true}]}}