{"id":6561,"date":"2023-01-12T10:32:09","date_gmt":"2023-01-12T10:32:09","guid":{"rendered":"https:\/\/www.fraclorraine.org\/nouveausite2021\/?post_type=evenement&#038;p=6561"},"modified":"2023-11-09T10:13:42","modified_gmt":"2023-11-09T09:13:42","slug":"","status":"publish","type":"evenement","link":"https:\/\/www.fraclorraine.org\/en\/evenement\/bruine\/","title":{"rendered":"","raw":""},"content":{"rendered":"\n<div class=\"wp-block-columns is-layout-flex wp-container-core-columns-is-layout-9d6595d7 wp-block-columns-is-layout-flex\">\n<div class=\"wp-block-column is-layout-flow wp-block-column-is-layout-flow\">\n<p>Tom Malmendier, Michael Thieke, and Emilie \u0160krijelj come together as a trio for a concert-installation that experiments with the alteration of sound through a plastic device. On accordion, clarinet, and percussion, each musician creates a distinct sonic plane; woven together, criss-crossing each other, they leave room for minute details and interlaced sounds.<\/p>\n<\/div>\n\n\n\n<div class=\"wp-block-column is-layout-flow wp-block-column-is-layout-flow\">\n<figure class=\"wp-block-image size-large\"><img loading=\"lazy\" decoding=\"async\" width=\"1024\" height=\"1024\" src=\"https:\/\/www.fraclorraine.org\/wp-content\/uploads\/2023\/01\/PROG_2023_FEV-AOUT_CONCERT_BRUINE_1-1024x1024.jpg\" alt=\"\" class=\"wp-image-6562\" srcset=\"https:\/\/www.fraclorraine.org\/wp-content\/uploads\/2023\/01\/PROG_2023_FEV-AOUT_CONCERT_BRUINE_1-1024x1024.jpg 1024w, https:\/\/www.fraclorraine.org\/wp-content\/uploads\/2023\/01\/PROG_2023_FEV-AOUT_CONCERT_BRUINE_1-300x300.jpg 300w, https:\/\/www.fraclorraine.org\/wp-content\/uploads\/2023\/01\/PROG_2023_FEV-AOUT_CONCERT_BRUINE_1-150x150.jpg 150w, https:\/\/www.fraclorraine.org\/wp-content\/uploads\/2023\/01\/PROG_2023_FEV-AOUT_CONCERT_BRUINE_1-768x768.jpg 768w, https:\/\/www.fraclorraine.org\/wp-content\/uploads\/2023\/01\/PROG_2023_FEV-AOUT_CONCERT_BRUINE_1-1536x1536.jpg 1536w, https:\/\/www.fraclorraine.org\/wp-content\/uploads\/2023\/01\/PROG_2023_FEV-AOUT_CONCERT_BRUINE_1-2048x2048.jpg 2048w\" sizes=\"auto, (max-width: 1024px) 100vw, 1024px\" \/><\/figure>\n<\/div>\n<\/div>\n","protected":false,"raw":"<!-- wp:columns -->\n<div class=\"wp-block-columns\"><!-- wp:column -->\n<div class=\"wp-block-column\"><!-- wp:paragraph -->\n<p>Tom Malmendier, Michael Thieke, and Emilie \u0160krijelj come together as a trio for a concert-installation that experiments with the alteration of sound through a plastic device. On accordion, clarinet, and percussion, each musician creates a distinct sonic plane; woven together, criss-crossing each other, they leave room for minute details and interlaced sounds.<\/p>\n<!-- \/wp:paragraph --><\/div>\n<!-- \/wp:column -->\n\n<!-- wp:column -->\n<div class=\"wp-block-column\"><!-- wp:image {\"id\":6562,\"sizeSlug\":\"large\",\"linkDestination\":\"none\"} -->\n<figure class=\"wp-block-image size-large\"><img src=\"https:\/\/www.fraclorraine.org\/wp-content\/uploads\/2023\/01\/PROG_2023_FEV-AOUT_CONCERT_BRUINE_1-1024x1024.jpg\" alt=\"\" class=\"wp-image-6562\"\/><\/figure>\n<!-- \/wp:image --><\/div>\n<!-- \/wp:column --><\/div>\n<!-- \/wp:columns -->"},"template":"","meta":{"inline_featured_image":false,"_fr_post_content":"<!-- wp:columns -->\n<div class=\"wp-block-columns\"><!-- wp:column -->\n<div class=\"wp-block-column\"><!-- wp:paragraph -->\n<p>\u25cf Le trio Tom Malmendier, Michael Thieke et Emilie \u0160krijelj se rassemble autour d'un concert-installation qui exp\u00e9rimente l\u2019alt\u00e9ration du son par un dispositif plastique. \u00c0 l\u2019accord\u00e9on, la clarinette et les percussions, chacun.e cr\u00e9e des plans tant\u00f4t distincts, tant\u00f4t m\u00eal\u00e9s, laissant la place aux infimes d\u00e9tails et entrelacs sonores.<\/p>\n<!-- \/wp:paragraph -->\n\n<!-- wp:paragraph -->\n<p>Production : Cie OUATE<br>Aide aux projets de cr\u00e9ation \u2013 R\u00e9gion Grand Est, Spedidam<br>Coproduction : GMEA, Centre national de Cr\u00e9ation Musicale d'Albi<br>Partenariat : C\u00e9sar\u00e9, CNCM de Reims \/ L'Arsenal, Cit\u00e9 musicale - Metz&nbsp;<\/p>\n<!-- \/wp:paragraph -->\n\n<!-- wp:paragraph -->\n<p><a href=\"http:\/\/www.cieouate.com\/\">Compagnie Ouate<\/a><br><a href=\"http:\/\/www.tomalmendier.com\">Tom Malmendier<\/a>&nbsp;<br><a href=\"http:\/\/www.michael-thieke.de\/\">Michale Thieke<\/a>&nbsp;<br><a href=\"http:\/\/www.emilieskrijelj.com\/\">Emilie \u0160krijelj<\/a> &nbsp;<\/p>\n<!-- \/wp:paragraph --><\/div>\n<!-- \/wp:column -->\n\n<!-- wp:column -->\n<div class=\"wp-block-column\"><!-- wp:image {\"id\":6562,\"sizeSlug\":\"large\",\"linkDestination\":\"none\"} -->\n<figure class=\"wp-block-image size-large\"><img src=\"https:\/\/www.fraclorraine.org\/wp-content\/uploads\/2023\/01\/PROG_2023_FEV-AOUT_CONCERT_BRUINE_1-1024x1024.jpg\" alt=\"\" class=\"wp-image-6562\"\/><\/figure>\n<!-- \/wp:image --><\/div>\n<!-- \/wp:column --><\/div>\n<!-- \/wp:columns -->\n\n<!-- wp:embed {\"url\":\"https:\/\/www.youtube.com\/watch?v=CAPxAg4QLA0\",\"type\":\"video\",\"providerNameSlug\":\"youtube\",\"responsive\":true,\"className\":\"wp-embed-aspect-16-9 wp-has-aspect-ratio\"} -->\n<figure class=\"wp-block-embed is-type-video is-provider-youtube wp-block-embed-youtube wp-embed-aspect-16-9 wp-has-aspect-ratio\"><div class=\"wp-block-embed__wrapper\">\nhttps:\/\/www.youtube.com\/watch?v=CAPxAg4QLA0\n<\/div><\/figure>\n<!-- \/wp:embed -->","_fr_post_name":"bruine","_fr_post_excerpt":"","_fr_post_title":"Bruine","_en_post_content":"<!-- wp:columns -->\n<div class=\"wp-block-columns\"><!-- wp:column -->\n<div class=\"wp-block-column\"><!-- wp:paragraph -->\n<p>Tom Malmendier, Michael Thieke, and Emilie \u0160krijelj come together as a trio for a concert-installation that experiments with the alteration of sound through a plastic device. On accordion, clarinet, and percussion, each musician creates a distinct sonic plane; woven together, criss-crossing each other, they leave room for minute details and interlaced sounds.<\/p>\n<!-- \/wp:paragraph --><\/div>\n<!-- \/wp:column -->\n\n<!-- wp:column -->\n<div class=\"wp-block-column\"><!-- wp:image {\"id\":6562,\"sizeSlug\":\"large\",\"linkDestination\":\"none\"} -->\n<figure class=\"wp-block-image size-large\"><img src=\"https:\/\/www.fraclorraine.org\/wp-content\/uploads\/2023\/01\/PROG_2023_FEV-AOUT_CONCERT_BRUINE_1-1024x1024.jpg\" alt=\"\" class=\"wp-image-6562\"\/><\/figure>\n<!-- \/wp:image --><\/div>\n<!-- \/wp:column --><\/div>\n<!-- \/wp:columns -->","_en_post_name":"","_en_post_excerpt":"","_en_post_title":"","edit_language":"en"},"tags":[198,141],"event-type":[16],"saison":[378],"lieu":[371],"class_list":["post-6561","evenement","type-evenement","status-publish","hentry","tag-festival-du-film-subversif","tag-projection"],"excerpt":{"raw":"","rendered":""},"_links":{"self":[{"href":"https:\/\/www.fraclorraine.org\/en\/wp-json\/wp\/v2\/evenement\/6561","targetHints":{"allow":["GET"]}}],"collection":[{"href":"https:\/\/www.fraclorraine.org\/en\/wp-json\/wp\/v2\/evenement"}],"about":[{"href":"https:\/\/www.fraclorraine.org\/en\/wp-json\/wp\/v2\/types\/evenement"}],"wp:attachment":[{"href":"https:\/\/www.fraclorraine.org\/en\/wp-json\/wp\/v2\/media?parent=6561"}],"wp:term":[{"taxonomy":"post_tag","embeddable":true,"href":"https:\/\/www.fraclorraine.org\/en\/wp-json\/wp\/v2\/tags?post=6561"},{"taxonomy":"event-type","embeddable":true,"href":"https:\/\/www.fraclorraine.org\/en\/wp-json\/wp\/v2\/event-type?post=6561"},{"taxonomy":"saison","embeddable":true,"href":"https:\/\/www.fraclorraine.org\/en\/wp-json\/wp\/v2\/saison?post=6561"},{"taxonomy":"lieu","embeddable":true,"href":"https:\/\/www.fraclorraine.org\/en\/wp-json\/wp\/v2\/lieu?post=6561"}],"curies":[{"name":"wp","href":"https:\/\/api.w.org\/{rel}","templated":true}]}}