{"id":8564,"date":"2024-01-26T17:19:14","date_gmt":"2024-01-26T16:19:14","guid":{"rendered":"https:\/\/www.fraclorraine.org\/?post_type=evenement&#038;p=8564"},"modified":"2024-07-19T15:48:49","modified_gmt":"2024-07-19T13:48:49","slug":"","status":"publish","type":"evenement","link":"https:\/\/www.fraclorraine.org\/en\/evenement\/visite-jardin-et-patrimoine-4\/","title":{"rendered":"Visite jardin et patrimoine","raw":"Visite jardin et patrimoine"},"content":{"rendered":"\n<div class=\"wp-block-columns is-layout-flex wp-container-core-columns-is-layout-9d6595d7 wp-block-columns-is-layout-flex\">\n<div class=\"wp-block-column is-layout-flow wp-block-column-is-layout-flow\">\n<div class=\"wp-block-columns is-layout-flex wp-container-core-columns-is-layout-9d6595d7 wp-block-columns-is-layout-flex\">\n<div class=\"wp-block-column is-layout-flow wp-block-column-is-layout-flow\">\n<p>\u25cf Discover the Frac Lorraine building, the H\u00f4tel Saint-Livier, as well as its garden.<\/p>\n<\/div>\n<\/div>\n<\/div>\n\n\n\n<div class=\"wp-block-column is-layout-flow wp-block-column-is-layout-flow\">\n<figure class=\"wp-block-image size-full\"><img loading=\"lazy\" decoding=\"async\" width=\"700\" height=\"467\" src=\"https:\/\/www.fraclorraine.org\/wp-content\/uploads\/2023\/02\/jardin-c-Fred-Dott.jpg\" alt=\"\" class=\"wp-image-7365\" srcset=\"https:\/\/www.fraclorraine.org\/wp-content\/uploads\/2023\/02\/jardin-c-Fred-Dott.jpg 700w, https:\/\/www.fraclorraine.org\/wp-content\/uploads\/2023\/02\/jardin-c-Fred-Dott-300x200.jpg 300w\" sizes=\"auto, (max-width: 700px) 100vw, 700px\" \/><figcaption class=\"wp-element-caption\">\u00a9 Fred Dott<\/figcaption><\/figure>\n<\/div>\n<\/div>\n","protected":false,"raw":"<!-- wp:columns -->\n<div class=\"wp-block-columns\"><!-- wp:column -->\n<div class=\"wp-block-column\"><!-- wp:columns -->\n<div class=\"wp-block-columns\"><!-- wp:column -->\n<div class=\"wp-block-column\"><!-- wp:paragraph -->\n<p>\u25cf Discover the Frac Lorraine building, the H\u00f4tel Saint-Livier, as well as its garden.<\/p>\n<!-- \/wp:paragraph --><\/div>\n<!-- \/wp:column --><\/div>\n<!-- \/wp:columns --><\/div>\n<!-- \/wp:column -->\n\n<!-- wp:column -->\n<div class=\"wp-block-column\"><!-- wp:image {\"id\":7365,\"sizeSlug\":\"full\",\"linkDestination\":\"none\"} -->\n<figure class=\"wp-block-image size-full\"><img src=\"https:\/\/www.fraclorraine.org\/wp-content\/uploads\/2023\/02\/jardin-c-Fred-Dott.jpg\" alt=\"\" class=\"wp-image-7365\"\/><figcaption class=\"wp-element-caption\">\u00a9 Fred Dott<\/figcaption><\/figure>\n<!-- \/wp:image --><\/div>\n<!-- \/wp:column --><\/div>\n<!-- \/wp:columns -->"},"template":"","meta":{"inline_featured_image":false,"_fr_post_content":"<!-- wp:columns -->\n<div class=\"wp-block-columns\"><!-- wp:column -->\n<div class=\"wp-block-column\"><!-- wp:paragraph -->\n<p>\u25cf D\u00e9couvrez le b\u00e2timent du Frac Lorraine, l\u2019H\u00f4tel Saint-Livier, ainsi que son jardin<\/p>\n<!-- \/wp:paragraph -->\n\n<!-- wp:paragraph -->\n<p>Liliana Motta, artiste-botaniste, n\u00e9e en 1959 \u00e0 Buenos Aires (Argentine), aime les plantes hors-normes. Depuis 2010, elle s\u2019engage aux c\u00f4t\u00e9s du 49 Nord 6 Est, pour la r\u00e9habilitation des plantes \u00e9trang\u00e8res qu\u2019elles soient curatives ou au contraire invasives, voire de \u00ab mauvaises herbes \u00bb !<\/p>\n<!-- \/wp:paragraph --><\/div>\n<!-- \/wp:column -->\n\n<!-- wp:column -->\n<div class=\"wp-block-column\"><!-- wp:image {\"id\":1129,\"sizeSlug\":\"large\",\"linkDestination\":\"none\"} -->\n<figure class=\"wp-block-image size-large\"><img src=\"https:\/\/www.fraclorraine.org\/wp-content\/uploads\/2022\/09\/PROG_2022_FEV-AOUT_JARDIN_1-1024x683.jpg\" alt=\"\" class=\"wp-image-1129\"\/><figcaption class=\"wp-element-caption\">Photo : Fred Dott<\/figcaption><\/figure>\n<!-- \/wp:image --><\/div>\n<!-- \/wp:column --><\/div>\n<!-- \/wp:columns -->","_fr_post_name":"visite-jardin-et-patrimoine-4","_fr_post_excerpt":"","_fr_post_title":"Visite jardin et patrimoine","_en_post_content":"<!-- wp:columns -->\n<div class=\"wp-block-columns\"><!-- wp:column -->\n<div class=\"wp-block-column\"><!-- wp:columns -->\n<div class=\"wp-block-columns\"><!-- wp:column -->\n<div class=\"wp-block-column\"><!-- wp:paragraph -->\n<p>\u25cf Discover the Frac Lorraine building, the H\u00f4tel Saint-Livier, as well as its garden.<\/p>\n<!-- \/wp:paragraph --><\/div>\n<!-- \/wp:column --><\/div>\n<!-- \/wp:columns --><\/div>\n<!-- \/wp:column -->\n\n<!-- wp:column -->\n<div class=\"wp-block-column\"><!-- wp:image {\"id\":7365,\"sizeSlug\":\"full\",\"linkDestination\":\"none\"} -->\n<figure class=\"wp-block-image size-full\"><img src=\"https:\/\/www.fraclorraine.org\/wp-content\/uploads\/2023\/02\/jardin-c-Fred-Dott.jpg\" alt=\"\" class=\"wp-image-7365\"\/><figcaption class=\"wp-element-caption\">\u00a9 Fred Dott<\/figcaption><\/figure>\n<!-- \/wp:image --><\/div>\n<!-- \/wp:column --><\/div>\n<!-- \/wp:columns -->","_en_post_name":"","_en_post_excerpt":"","_en_post_title":"Visite jardin et patrimoine","edit_language":"en"},"tags":[252,40],"event-type":[150],"saison":[413],"lieu":[371],"class_list":["post-8564","evenement","type-evenement","status-publish","hentry","tag-jardin-et-patrimoine","tag-visite"],"excerpt":{"raw":"","rendered":""},"_links":{"self":[{"href":"https:\/\/www.fraclorraine.org\/en\/wp-json\/wp\/v2\/evenement\/8564","targetHints":{"allow":["GET"]}}],"collection":[{"href":"https:\/\/www.fraclorraine.org\/en\/wp-json\/wp\/v2\/evenement"}],"about":[{"href":"https:\/\/www.fraclorraine.org\/en\/wp-json\/wp\/v2\/types\/evenement"}],"wp:attachment":[{"href":"https:\/\/www.fraclorraine.org\/en\/wp-json\/wp\/v2\/media?parent=8564"}],"wp:term":[{"taxonomy":"post_tag","embeddable":true,"href":"https:\/\/www.fraclorraine.org\/en\/wp-json\/wp\/v2\/tags?post=8564"},{"taxonomy":"event-type","embeddable":true,"href":"https:\/\/www.fraclorraine.org\/en\/wp-json\/wp\/v2\/event-type?post=8564"},{"taxonomy":"saison","embeddable":true,"href":"https:\/\/www.fraclorraine.org\/en\/wp-json\/wp\/v2\/saison?post=8564"},{"taxonomy":"lieu","embeddable":true,"href":"https:\/\/www.fraclorraine.org\/en\/wp-json\/wp\/v2\/lieu?post=8564"}],"curies":[{"name":"wp","href":"https:\/\/api.w.org\/{rel}","templated":true}]}}