{"id":870,"date":"2022-09-07T10:13:12","date_gmt":"2022-09-07T10:13:12","guid":{"rendered":"https:\/\/www.fraclorraine.org\/nouveausite2021\/?post_type=evenement&#038;p=870"},"modified":"2023-01-12T14:43:05","modified_gmt":"2023-01-12T14:43:05","slug":"","status":"publish","type":"evenement","link":"https:\/\/www.fraclorraine.org\/en\/evenement\/marion-schutz\/","title":{"rendered":"","raw":""},"content":{"rendered":"","protected":false,"raw":""},"template":"","meta":{"inline_featured_image":false,"_fr_post_content":"<!-- wp:columns -->\n<div class=\"wp-block-columns\"><!-- wp:column -->\n<div class=\"wp-block-column\"><!-- wp:paragraph -->\n<p>\u25cf D\u00e9couvrez le fruit des recherches de cette jeune artiste et discutez avec elle en toute convivialit\u00e9 d\u2019autour d\u2019un verre<\/p>\n<!-- \/wp:paragraph -->\n\n<!-- wp:paragraph -->\n<p>Au terme de deux mois de r\u00e9sidence au Frac Lorraine (mars-avril), Marion Schutz (*1992, Miramas) vous propose de venir d\u00e9couvrir le fruit de ses recherches men\u00e9es en immersion sur le territoire lorrain.<\/p>\n<!-- \/wp:paragraph -->\n\n<!-- wp:paragraph -->\n<p>L\u2019artiste plasticienne, r\u00e9cemment dipl\u00f4m\u00e9e de la HEAR, Haute \u00e9cole des arts du Rhin (Mulhouse), pr\u00e9sentera une s\u00e9lection de projets qui interrogent la condition humaine en abordant les notions de temporalit\u00e9, de d\u00e9viance, de d\u00e9sir, et de mortalit\u00e9.<\/p>\n<!-- \/wp:paragraph -->\n\n<!-- wp:paragraph {\"fontSize\":\"small\"} -->\n<p class=\"has-small-font-size\">\u21b3 Cette r\u00e9sidence s\u2019inscrit dans un partenariat avec la Kunsthalle de Mulhouse qui accueille, sur proposition du 49 Nord 6 Est \u2013 Frac Lorraine, l\u2019artiste lorraine H\u00e9l\u00e8ne Bleys<\/p>\n<!-- \/wp:paragraph --><\/div>\n<!-- \/wp:column -->\n\n<!-- wp:column -->\n<div class=\"wp-block-column\"><!-- wp:image {\"id\":871,\"sizeSlug\":\"large\",\"linkDestination\":\"none\"} -->\n<figure class=\"wp-block-image size-large\"><img src=\"https:\/\/www.fraclorraine.org\/wp-content\/uploads\/2022\/09\/PROG_2018_FEVRIER-JUIN_MARION-SCHUTZ_1-683x1024.jpg\" alt=\"\" class=\"wp-image-871\"\/><\/figure>\n<!-- \/wp:image --><\/div>\n<!-- \/wp:column --><\/div>\n<!-- \/wp:columns -->","_fr_post_name":"marion-schutz","_fr_post_excerpt":"","_fr_post_title":"Marion Schutz","_en_post_content":"","_en_post_name":"","_en_post_excerpt":"","_en_post_title":"","edit_language":"en"},"tags":[],"event-type":[106],"saison":[75],"lieu":[371],"class_list":["post-870","evenement","type-evenement","status-publish","hentry"],"excerpt":{"raw":"","rendered":""},"_links":{"self":[{"href":"https:\/\/www.fraclorraine.org\/en\/wp-json\/wp\/v2\/evenement\/870","targetHints":{"allow":["GET"]}}],"collection":[{"href":"https:\/\/www.fraclorraine.org\/en\/wp-json\/wp\/v2\/evenement"}],"about":[{"href":"https:\/\/www.fraclorraine.org\/en\/wp-json\/wp\/v2\/types\/evenement"}],"wp:attachment":[{"href":"https:\/\/www.fraclorraine.org\/en\/wp-json\/wp\/v2\/media?parent=870"}],"wp:term":[{"taxonomy":"post_tag","embeddable":true,"href":"https:\/\/www.fraclorraine.org\/en\/wp-json\/wp\/v2\/tags?post=870"},{"taxonomy":"event-type","embeddable":true,"href":"https:\/\/www.fraclorraine.org\/en\/wp-json\/wp\/v2\/event-type?post=870"},{"taxonomy":"saison","embeddable":true,"href":"https:\/\/www.fraclorraine.org\/en\/wp-json\/wp\/v2\/saison?post=870"},{"taxonomy":"lieu","embeddable":true,"href":"https:\/\/www.fraclorraine.org\/en\/wp-json\/wp\/v2\/lieu?post=870"}],"curies":[{"name":"wp","href":"https:\/\/api.w.org\/{rel}","templated":true}]}}