{"id":8751,"date":"2024-06-28T11:11:45","date_gmt":"2024-06-28T09:11:45","guid":{"rendered":"https:\/\/www.fraclorraine.org\/?post_type=evenement&#038;p=8751"},"modified":"2024-10-28T15:34:18","modified_gmt":"2024-10-28T14:34:18","slug":"","status":"publish","type":"evenement","link":"https:\/\/www.fraclorraine.org\/en\/evenement\/si-tu-parles-je-parle\/","title":{"rendered":"If you talk, I talk","raw":"If you talk, I talk"},"content":{"rendered":"\n<div class=\"wp-block-columns is-layout-flex wp-container-core-columns-is-layout-9d6595d7 wp-block-columns-is-layout-flex\">\n<div class=\"wp-block-column is-layout-flow wp-block-column-is-layout-flow\">\n<div class=\"wp-block-columns is-layout-flex wp-container-core-columns-is-layout-9d6595d7 wp-block-columns-is-layout-flex\">\n<div class=\"wp-block-column is-layout-flow wp-block-column-is-layout-flow\">\n<p>\u25cf Avec Jos\u00e9phine Kaeppelin, artiste, et Julien Vautrin, paysan<\/p>\n\n\n\n<p>Face \u00e0 la crise climatique, quelles sont les strat\u00e9gies \u00e0 mettre en place ? Quels sont les changements dans nos fa\u00e7ons de faire, nos h\u00e9sitations, nos interrogations, nos exp\u00e9rimentations ?<\/p>\n\n\n\n<p><em>Si tu parles, je parle<\/em> est un jeu de conversation sur la transition \u00e9cologique, ayant pour but de faire un \u00e9tat de nos lieux des modes de vie et de travail. Les cartes-questions tir\u00e9es au d\u00e9 par les joueurs permettent de partager des modes de vie en regard de la transition.<\/p>\n\n\n\n<p>La rencontre se fera sous la forme d&#8217;un jeu de conversation pour deux joueurs : Jos\u00e9phine Kaeppelin et Julien Vautrin, et une assembl\u00e9e d&#8217;observateur.ices. Le jeu durera environ 1 heure et sera suivi d&#8217;une collation pr\u00e9par\u00e9e avec des produits locaux et de saison.<\/p>\n\n\n\n<p>Cet \u00e9v\u00e9nement est la premi\u00e8re restitution en public de l&#8217;enqu\u00eate men\u00e9e par Jos\u00e9phine Kaeppelin depuis le printemps 2023 en Moselle et dans la r\u00e9gion du Limburg n\u00e9erlandais o\u00f9 elle vit. Le projet a b\u00e9n\u00e9fici\u00e9 d&#8217;un soutien financier de la part du FRAC Lorraine en 2024. L&#8217;enqu\u00eate suit son cours.<\/p>\n\n\n\n<p>&#8212;<\/p>\n\n\n\n<p><em>En partenariat avec les Petites cantines de Metz et la Conserverie locale<\/em><\/p>\n<\/div>\n\n\n\n<div class=\"wp-block-column is-layout-flow wp-block-column-is-layout-flow\">\n<figure class=\"wp-block-image size-large\"><img loading=\"lazy\" decoding=\"async\" width=\"1024\" height=\"683\" src=\"https:\/\/www.fraclorraine.org\/wp-content\/uploads\/2024\/06\/DSC03481-min-1024x683.jpg\" alt=\"\" class=\"wp-image-8752\" srcset=\"https:\/\/www.fraclorraine.org\/wp-content\/uploads\/2024\/06\/DSC03481-min-1024x683.jpg 1024w, https:\/\/www.fraclorraine.org\/wp-content\/uploads\/2024\/06\/DSC03481-min-300x200.jpg 300w, https:\/\/www.fraclorraine.org\/wp-content\/uploads\/2024\/06\/DSC03481-min-768x512.jpg 768w, https:\/\/www.fraclorraine.org\/wp-content\/uploads\/2024\/06\/DSC03481-min-1536x1024.jpg 1536w, https:\/\/www.fraclorraine.org\/wp-content\/uploads\/2024\/06\/DSC03481-min-2048x1365.jpg 2048w\" sizes=\"auto, (max-width: 1024px) 100vw, 1024px\" \/><figcaption class=\"wp-element-caption\">\u00a9 Jos\u00e9phine Kaeppelin<\/figcaption><\/figure>\n<\/div>\n<\/div>\n<\/div>\n<\/div>\n","protected":false,"raw":"<!-- wp:columns -->\n<div class=\"wp-block-columns\"><!-- wp:column -->\n<div class=\"wp-block-column\"><!-- wp:columns -->\n<div class=\"wp-block-columns\"><!-- wp:column -->\n<div class=\"wp-block-column\"><!-- wp:paragraph -->\n<p>\u25cf Avec Jos\u00e9phine Kaeppelin, artiste, et Julien Vautrin, paysan<\/p>\n<!-- \/wp:paragraph -->\n\n<!-- wp:paragraph -->\n<p>Face \u00e0 la crise climatique, quelles sont les strat\u00e9gies \u00e0 mettre en place ? Quels sont les changements dans nos fa\u00e7ons de faire, nos h\u00e9sitations, nos interrogations, nos exp\u00e9rimentations ?<\/p>\n<!-- \/wp:paragraph -->\n\n<!-- wp:paragraph -->\n<p><em>Si tu parles, je parle<\/em> est un jeu de conversation sur la transition \u00e9cologique, ayant pour but de faire un \u00e9tat de nos lieux des modes de vie et de travail. Les cartes-questions tir\u00e9es au d\u00e9 par les joueurs permettent de partager des modes de vie en regard de la transition.<\/p>\n<!-- \/wp:paragraph -->\n\n<!-- wp:paragraph -->\n<p>La rencontre se fera sous la forme d'un jeu de conversation pour deux joueurs : Jos\u00e9phine Kaeppelin et Julien Vautrin, et une assembl\u00e9e d'observateur.ices. Le jeu durera environ 1 heure et sera suivi d'une collation pr\u00e9par\u00e9e avec des produits locaux et de saison.<\/p>\n<!-- \/wp:paragraph -->\n\n<!-- wp:paragraph -->\n<p>Cet \u00e9v\u00e9nement est la premi\u00e8re restitution en public de l'enqu\u00eate men\u00e9e par Jos\u00e9phine Kaeppelin depuis le printemps 2023 en Moselle et dans la r\u00e9gion du Limburg n\u00e9erlandais o\u00f9 elle vit. Le projet a b\u00e9n\u00e9fici\u00e9 d'un soutien financier de la part du FRAC Lorraine en 2024. L'enqu\u00eate suit son cours.<\/p>\n<!-- \/wp:paragraph -->\n\n<!-- wp:paragraph -->\n<p>--<\/p>\n<!-- \/wp:paragraph -->\n\n<!-- wp:paragraph -->\n<p><em>En partenariat avec les Petites cantines de Metz et la Conserverie locale<\/em><\/p>\n<!-- \/wp:paragraph --><\/div>\n<!-- \/wp:column -->\n\n<!-- wp:column -->\n<div class=\"wp-block-column\"><!-- wp:image {\"id\":8752,\"sizeSlug\":\"large\",\"linkDestination\":\"none\"} -->\n<figure class=\"wp-block-image size-large\"><img src=\"https:\/\/www.fraclorraine.org\/wp-content\/uploads\/2024\/06\/DSC03481-min-1024x683.jpg\" alt=\"\" class=\"wp-image-8752\"\/><figcaption class=\"wp-element-caption\">\u00a9 Jos\u00e9phine Kaeppelin<\/figcaption><\/figure>\n<!-- \/wp:image --><\/div>\n<!-- \/wp:column --><\/div>\n<!-- \/wp:columns --><\/div>\n<!-- \/wp:column --><\/div>\n<!-- \/wp:columns -->"},"template":"","meta":{"inline_featured_image":false,"_fr_post_content":"<!-- wp:columns -->\n<div class=\"wp-block-columns\"><!-- wp:column -->\n<div class=\"wp-block-column\"><!-- wp:paragraph -->\n<p>\u25cf Avec Jos\u00e9phine Kaeppelin, artiste, et Julien Vautrin, paysan<\/p>\n<!-- \/wp:paragraph -->\n\n<!-- wp:paragraph -->\n<p>Face \u00e0 la crise climatique, quelles sont les strat\u00e9gies \u00e0 mettre en place ? Quels sont les changements dans nos fa\u00e7ons de faire, nos h\u00e9sitations, nos interrogations, nos exp\u00e9rimentations ?<\/p>\n<!-- \/wp:paragraph -->\n\n<!-- wp:paragraph -->\n<p><em>Si tu parles, je parle<\/em> est un jeu de conversation sur la transition \u00e9cologique, ayant pour but de faire un \u00e9tat de nos lieux des modes de vie et de travail. Les cartes-questions tir\u00e9es au d\u00e9 par les joueurs permettent de partager des modes de vie en regard de la transition.<\/p>\n<!-- \/wp:paragraph -->\n\n<!-- wp:paragraph -->\n<p>La rencontre se fera sous la forme d'un jeu de conversation pour deux joueurs : Jos\u00e9phine Kaeppelin et Julien Vautrin, et une assembl\u00e9e d'observateur.ices. Le jeu durera environ 1 heure et sera suivi d'une collation pr\u00e9par\u00e9e avec des produits locaux et de saison.<\/p>\n<!-- \/wp:paragraph -->\n\n<!-- wp:paragraph -->\n<p>Cet \u00e9v\u00e9nement est la premi\u00e8re restitution en public de l'enqu\u00eate men\u00e9e par Jos\u00e9phine Kaeppelin depuis le printemps 2023 en Moselle et dans la r\u00e9gion du Limburg n\u00e9erlandais o\u00f9 elle vit. Le projet a b\u00e9n\u00e9fici\u00e9 d'un soutien financier de la part du FRAC Lorraine en 2024. L'enqu\u00eate suit son cours.<\/p>\n<!-- \/wp:paragraph -->\n\n<!-- wp:paragraph -->\n<p><em>En partenariat avec les Petites cantines de Metz et la Conserverie locale<\/em><\/p>\n<!-- \/wp:paragraph -->\n\n<!-- wp:paragraph -->\n<p>--<\/p>\n<!-- \/wp:paragraph -->\n\n<!-- wp:paragraph -->\n<p>Julien Vautrin<\/p>\n<!-- \/wp:paragraph -->\n\n<!-- wp:paragraph -->\n<p>Natif de Saint-M\u00e9dard, Julien Vautrin travaille sur le territoire du Saulnois o\u00f9 il est paysan et \u00e9galement citoyen engag\u00e9 dans la transition \u00e9cologique n\u00e9cessaire. Il construit la ferme des 3 petits colibris sur un terrain vierge. Son engagement se traduit aussi par la r\u00e9novation d'une maison certifi\u00e9e B\u00e2timent Basse Consommation et en \u00e9levant ses enfants dans une forme de consommation responsable (couche lavable, autonomie alimentaire, etc.). Il se poursuit avec la participation active \u00e0 l'\u00e9mergence de l'Inventerre du Pr\u00e9 Vert, lieu qui accueille aujourd'hui une \u00e9picerie associative bio et local mais \u00e9galement un bar associatif et un service traiteur eux aussi bio et local.<\/p>\n<!-- \/wp:paragraph -->\n\n<!-- wp:paragraph -->\n<p>Site internet : <a href=\"https:\/\/app.cagette.net\/ferme-des-3-petits-colibris\" target=\"_blank\" rel=\"noreferrer noopener\">app.cagette.net\/ferme-des-3-petits-colibris<\/a><\/p>\n<!-- \/wp:paragraph -->\n\n<!-- wp:paragraph -->\n<p>Jos\u00e9phine Kaeppelin<\/p>\n<!-- \/wp:paragraph -->\n\n<!-- wp:paragraph -->\n<p>Jos\u00e9phine Kaeppelin est une artiste plasticienne \u2013 prestataire de services intellectuels et graphiques. La figure de prestataire de services lui permet d\u2019aller sur le terrain et d\u2019agir dans diff\u00e9rents contextes tels que ceux de l\u2019entreprise, d\u2019une institution ou d\u2019une association. Elle m\u00e8ne des missions dont l\u2019objectif principal est de chahuter les esprits. Au cours de ses missions, elle collecte des mani\u00e8res de dire, des gestes, des signes et des mots composant la mati\u00e8re premi\u00e8re des objets qu\u2019elle cr\u00e9e en r\u00e9ponse \u00e0 une situation.<\/p>\n<!-- \/wp:paragraph -->\n\n<!-- wp:paragraph -->\n<p>Site internet : <a href=\"https:\/\/josephinekaeppelin.com\/\" target=\"_blank\" rel=\"noreferrer noopener\">josephinekaeppelin.com<\/a><\/p>\n<!-- \/wp:paragraph --><\/div>\n<!-- \/wp:column -->\n\n<!-- wp:column -->\n<div class=\"wp-block-column\"><!-- wp:image {\"id\":8752,\"sizeSlug\":\"large\",\"linkDestination\":\"none\"} -->\n<figure class=\"wp-block-image size-large\"><img src=\"https:\/\/www.fraclorraine.org\/wp-content\/uploads\/2024\/06\/DSC03481-min-1024x683.jpg\" alt=\"\" class=\"wp-image-8752\"\/><figcaption class=\"wp-element-caption\">\u00a9 Jos\u00e9phine Kaeppelin<\/figcaption><\/figure>\n<!-- \/wp:image --><\/div>\n<!-- \/wp:column --><\/div>\n<!-- \/wp:columns -->","_fr_post_name":"si-tu-parles-je-parle","_fr_post_excerpt":"","_fr_post_title":"Si tu parles, je parle","_en_post_content":"<!-- wp:columns -->\n<div class=\"wp-block-columns\"><!-- wp:column -->\n<div class=\"wp-block-column\"><!-- wp:columns -->\n<div class=\"wp-block-columns\"><!-- wp:column -->\n<div class=\"wp-block-column\"><!-- wp:paragraph -->\n<p>\u25cf Avec Jos\u00e9phine Kaeppelin, artiste, et Julien Vautrin, paysan<\/p>\n<!-- \/wp:paragraph -->\n\n<!-- wp:paragraph -->\n<p>Face \u00e0 la crise climatique, quelles sont les strat\u00e9gies \u00e0 mettre en place ? Quels sont les changements dans nos fa\u00e7ons de faire, nos h\u00e9sitations, nos interrogations, nos exp\u00e9rimentations ?<\/p>\n<!-- \/wp:paragraph -->\n\n<!-- wp:paragraph -->\n<p><em>Si tu parles, je parle<\/em> est un jeu de conversation sur la transition \u00e9cologique, ayant pour but de faire un \u00e9tat de nos lieux des modes de vie et de travail. Les cartes-questions tir\u00e9es au d\u00e9 par les joueurs permettent de partager des modes de vie en regard de la transition.<\/p>\n<!-- \/wp:paragraph -->\n\n<!-- wp:paragraph -->\n<p>La rencontre se fera sous la forme d'un jeu de conversation pour deux joueurs : Jos\u00e9phine Kaeppelin et Julien Vautrin, et une assembl\u00e9e d'observateur.ices. Le jeu durera environ 1 heure et sera suivi d'une collation pr\u00e9par\u00e9e avec des produits locaux et de saison.<\/p>\n<!-- \/wp:paragraph -->\n\n<!-- wp:paragraph -->\n<p>Cet \u00e9v\u00e9nement est la premi\u00e8re restitution en public de l'enqu\u00eate men\u00e9e par Jos\u00e9phine Kaeppelin depuis le printemps 2023 en Moselle et dans la r\u00e9gion du Limburg n\u00e9erlandais o\u00f9 elle vit. Le projet a b\u00e9n\u00e9fici\u00e9 d'un soutien financier de la part du FRAC Lorraine en 2024. L'enqu\u00eate suit son cours.<\/p>\n<!-- \/wp:paragraph -->\n\n<!-- wp:paragraph -->\n<p>--<\/p>\n<!-- \/wp:paragraph -->\n\n<!-- wp:paragraph -->\n<p><em>En partenariat avec les Petites cantines de Metz et la Conserverie locale<\/em><\/p>\n<!-- \/wp:paragraph --><\/div>\n<!-- \/wp:column -->\n\n<!-- wp:column -->\n<div class=\"wp-block-column\"><!-- wp:image {\"id\":8752,\"sizeSlug\":\"large\",\"linkDestination\":\"none\"} -->\n<figure class=\"wp-block-image size-large\"><img src=\"https:\/\/www.fraclorraine.org\/wp-content\/uploads\/2024\/06\/DSC03481-min-1024x683.jpg\" alt=\"\" class=\"wp-image-8752\"\/><figcaption class=\"wp-element-caption\">\u00a9 Jos\u00e9phine Kaeppelin<\/figcaption><\/figure>\n<!-- \/wp:image --><\/div>\n<!-- \/wp:column --><\/div>\n<!-- \/wp:columns --><\/div>\n<!-- \/wp:column --><\/div>\n<!-- \/wp:columns -->","_en_post_name":"","_en_post_excerpt":"","_en_post_title":"If you talk, I talk","edit_language":"en"},"tags":[407,100],"event-type":[],"saison":[413],"lieu":[371],"class_list":["post-8751","evenement","type-evenement","status-publish","hentry","tag-discussion","tag-rencontre"],"excerpt":{"raw":"","rendered":""},"_links":{"self":[{"href":"https:\/\/www.fraclorraine.org\/en\/wp-json\/wp\/v2\/evenement\/8751","targetHints":{"allow":["GET"]}}],"collection":[{"href":"https:\/\/www.fraclorraine.org\/en\/wp-json\/wp\/v2\/evenement"}],"about":[{"href":"https:\/\/www.fraclorraine.org\/en\/wp-json\/wp\/v2\/types\/evenement"}],"wp:attachment":[{"href":"https:\/\/www.fraclorraine.org\/en\/wp-json\/wp\/v2\/media?parent=8751"}],"wp:term":[{"taxonomy":"post_tag","embeddable":true,"href":"https:\/\/www.fraclorraine.org\/en\/wp-json\/wp\/v2\/tags?post=8751"},{"taxonomy":"event-type","embeddable":true,"href":"https:\/\/www.fraclorraine.org\/en\/wp-json\/wp\/v2\/event-type?post=8751"},{"taxonomy":"saison","embeddable":true,"href":"https:\/\/www.fraclorraine.org\/en\/wp-json\/wp\/v2\/saison?post=8751"},{"taxonomy":"lieu","embeddable":true,"href":"https:\/\/www.fraclorraine.org\/en\/wp-json\/wp\/v2\/lieu?post=8751"}],"curies":[{"name":"wp","href":"https:\/\/api.w.org\/{rel}","templated":true}]}}