{"id":8896,"date":"2024-10-14T11:26:52","date_gmt":"2024-10-14T09:26:52","guid":{"rendered":"https:\/\/www.fraclorraine.org\/?post_type=evenement&#038;p=8896"},"modified":"2024-12-12T16:14:08","modified_gmt":"2024-12-12T15:14:08","slug":"","status":"publish","type":"evenement","link":"https:\/\/www.fraclorraine.org\/en\/evenement\/merry-queerxmas\/","title":{"rendered":"Merry Queerxmas!","raw":"Merry Queerxmas!"},"content":{"rendered":"\n<div class=\"wp-block-columns is-layout-flex wp-container-core-columns-is-layout-9d6595d7 wp-block-columns-is-layout-flex\">\n<div class=\"wp-block-column is-layout-flow wp-block-column-is-layout-flow\">\n<p>\u25cf Queer Christmas Market<\/p>\n\n\n\n<p>Queer creators are coming to the Frac: the perfect opportunity to do your Christmas shopping or try to win our treasure hunt, while supporting queer artists from the region!<\/p>\n\n\n\n<p>&#8212;<\/p>\n\n\n\n<p>In partnership with the association La Queerdom<\/p>\n<\/div>\n\n\n\n<div class=\"wp-block-column is-layout-flow wp-block-column-is-layout-flow\">\n<figure class=\"wp-block-image size-full\"><img loading=\"lazy\" decoding=\"async\" width=\"960\" height=\"1305\" src=\"https:\/\/www.fraclorraine.org\/wp-content\/uploads\/2024\/10\/image_6483441.jpg\" alt=\"\" class=\"wp-image-8897\" srcset=\"https:\/\/www.fraclorraine.org\/wp-content\/uploads\/2024\/10\/image_6483441.jpg 960w, https:\/\/www.fraclorraine.org\/wp-content\/uploads\/2024\/10\/image_6483441-221x300.jpg 221w, https:\/\/www.fraclorraine.org\/wp-content\/uploads\/2024\/10\/image_6483441-753x1024.jpg 753w, https:\/\/www.fraclorraine.org\/wp-content\/uploads\/2024\/10\/image_6483441-768x1044.jpg 768w\" sizes=\"auto, (max-width: 960px) 100vw, 960px\" \/><figcaption class=\"wp-element-caption\">\u00a9 Ginger Mint, photo Loris Jecko<\/figcaption><\/figure>\n<\/div>\n<\/div>\n","protected":false,"raw":"<!-- wp:columns -->\n<div class=\"wp-block-columns\"><!-- wp:column -->\n<div class=\"wp-block-column\"><!-- wp:paragraph -->\n<p>\u25cf Queer Christmas Market<\/p>\n<!-- \/wp:paragraph -->\n\n<!-- wp:paragraph -->\n<p>Queer creators are coming to the Frac: the perfect opportunity to do your Christmas shopping or try to win our treasure hunt, while supporting queer artists from the region!<\/p>\n<!-- \/wp:paragraph -->\n\n<!-- wp:paragraph -->\n<p>--<\/p>\n<!-- \/wp:paragraph -->\n\n<!-- wp:paragraph -->\n<p>In partnership with the association La Queerdom<\/p>\n<!-- \/wp:paragraph --><\/div>\n<!-- \/wp:column -->\n\n<!-- wp:column -->\n<div class=\"wp-block-column\"><!-- wp:image {\"id\":8897,\"sizeSlug\":\"full\",\"linkDestination\":\"none\"} -->\n<figure class=\"wp-block-image size-full\"><img src=\"https:\/\/www.fraclorraine.org\/wp-content\/uploads\/2024\/10\/image_6483441.jpg\" alt=\"\" class=\"wp-image-8897\"\/><figcaption class=\"wp-element-caption\">\u00a9 Ginger Mint, photo Loris Jecko<\/figcaption><\/figure>\n<!-- \/wp:image --><\/div>\n<!-- \/wp:column --><\/div>\n<!-- \/wp:columns -->"},"template":"","meta":{"inline_featured_image":false,"_fr_post_content":"<!-- wp:columns -->\n<div class=\"wp-block-columns\"><!-- wp:column -->\n<div class=\"wp-block-column\"><!-- wp:paragraph -->\n<p>\u25cf Avec les artistes Ginger, Kassia, Kis' Keya, Louve noire, Mathetourdi, Marie Chanstyle, Massence, Merveilles Partout, Multilogue, Perrine Da Campo, Sid, Ylda, et la friperie Kitscherie Vintage<\/p>\n<!-- \/wp:paragraph -->\n\n<!-- wp:paragraph -->\n<p>Des cr\u00e9ateur.rices queer s\u2019invitent au Frac : l\u2019occasion id\u00e9ale pour faire ses achats de No\u00ebl en soutenant des artistes de la r\u00e9gion !<\/p>\n<!-- \/wp:paragraph -->\n\n<!-- wp:paragraph -->\n<p>Douze artistes locaux.les et une friperie vintage vous proposeront une s\u00e9lection in\u00e9dite de leurs cr\u00e9ations et produits : bijoux, accessoires, gravures et dessins, photographies, c\u00e9ramiques, coutures et tricots, fanzines et prints, vaisselle, charmes et po\u00e8mes...<\/p>\n<!-- \/wp:paragraph -->\n\n<!-- wp:paragraph -->\n<p>Retrouvez \u00e9galement \u00e0 la vente les \u00e9ditions du Frac Lorraine et les livres en lien avec l'exposition actuelle.<\/p>\n<!-- \/wp:paragraph -->\n\n<!-- wp:paragraph -->\n<p>--<\/p>\n<!-- \/wp:paragraph -->\n\n<!-- wp:paragraph -->\n<p>En partenariat avec l\u2019association La Queerdom<\/p>\n<!-- \/wp:paragraph --><\/div>\n<!-- \/wp:column -->\n\n<!-- wp:column -->\n<div class=\"wp-block-column\"><!-- wp:image {\"id\":8897,\"sizeSlug\":\"full\",\"linkDestination\":\"none\"} -->\n<figure class=\"wp-block-image size-full\"><img src=\"https:\/\/www.fraclorraine.org\/wp-content\/uploads\/2024\/10\/image_6483441.jpg\" alt=\"\" class=\"wp-image-8897\"\/><figcaption class=\"wp-element-caption\">\u00a9 Ginger Mint, photo Loris Jecko<\/figcaption><\/figure>\n<!-- \/wp:image --><\/div>\n<!-- \/wp:column --><\/div>\n<!-- \/wp:columns -->\n\n<!-- wp:separator -->\n<hr class=\"wp-block-separator has-alpha-channel-opacity\"\/>\n<!-- \/wp:separator -->\n\n<!-- wp:columns -->\n<div class=\"wp-block-columns\"><!-- wp:column -->\n<div class=\"wp-block-column\"><!-- wp:image {\"id\":8963,\"sizeSlug\":\"large\",\"linkDestination\":\"none\"} -->\n<figure class=\"wp-block-image size-large\"><img src=\"https:\/\/www.fraclorraine.org\/wp-content\/uploads\/2024\/11\/01_Ginger-min-768x1024.jpeg\" alt=\"\" class=\"wp-image-8963\"\/><\/figure>\n<!-- \/wp:image -->\n\n<!-- wp:paragraph -->\n<p><strong>Ginger<\/strong><br>Artiste tatoueur.se et drag bas\u00e9 \u00e0 Metz, vous pr\u00e9sente son univers color\u00e9 et f\u00e9erique \u00e0 travers son book de flash, mais aussi \u00e0 travers d\u2019autres m\u00e9dium : bijoux, accessoires, lino gravures, collage le tout fait en mati\u00e8res de r\u00e9cup\u00e9rations.<br>Instagram : <a href=\"https:\/\/www.instagram.com\/gingermint.666\/\">@gingermint.666<\/a><\/p>\n<!-- \/wp:paragraph -->\n\n<!-- wp:image {\"id\":8964,\"sizeSlug\":\"large\",\"linkDestination\":\"none\"} -->\n<figure class=\"wp-block-image size-large\"><img src=\"https:\/\/www.fraclorraine.org\/wp-content\/uploads\/2024\/11\/02_La-Louve-noire-min-1024x683.jpg\" alt=\"\" class=\"wp-image-8964\"\/><\/figure>\n<!-- \/wp:image -->\n\n<!-- wp:paragraph -->\n<p><strong>La Louve noire<\/strong><br>Artiste pluridisciplinaire, entrez dans un monde tout en sensibilit\u00e9 et charg\u00e9 de magie. (Photo + charmes)<br>Instagram : <a href=\"https:\/\/www.instagram.com\/meryle.shambhala\/\">@meryle.shambhala<\/a><\/p>\n<!-- \/wp:paragraph -->\n\n<!-- wp:image {\"id\":8965,\"sizeSlug\":\"large\",\"linkDestination\":\"none\"} -->\n<figure class=\"wp-block-image size-large\"><img src=\"https:\/\/www.fraclorraine.org\/wp-content\/uploads\/2024\/11\/02_Mathetourdi-768x1024.jpg\" alt=\"\" class=\"wp-image-8965\"\/><\/figure>\n<!-- \/wp:image -->\n\n<!-- wp:paragraph -->\n<p><strong>Mathetourdi<\/strong><br>Artiste plasticien.e aux multiples couleurs. Argile mignonne, pendentif en verre, linogravures et petites coutures. (Argile, Pendentif en verre, linogravure, couture)<br>Instagram : <a href=\"https:\/\/www.instagram.com\/feu_folatre_\/\">@feu_folatre_<\/a><\/p>\n<!-- \/wp:paragraph -->\n\n<!-- wp:image {\"id\":8980,\"sizeSlug\":\"full\",\"linkDestination\":\"none\"} -->\n<figure class=\"wp-block-image size-full\"><img src=\"https:\/\/www.fraclorraine.org\/wp-content\/uploads\/2024\/11\/03_Multilogue-2.jpg\" alt=\"\" class=\"wp-image-8980\"\/><\/figure>\n<!-- \/wp:image -->\n\n<!-- wp:paragraph -->\n<p><strong>Multilogue?<br><\/strong>Collectif d\u2019artistes et maison d\u2019\u00e9dition porteur d\u2019id\u00e9es politiques et artistiques, son objectif essentiel est de cr\u00e9er des espaces d\u2019\u00e9changes et de dialogues (revues participatives et fanzines).<br>Instagram : <a href=\"https:\/\/www.instagram.com\/association_multilogue\/\">@association_multilogue<\/a><\/p>\n<!-- \/wp:paragraph -->\n\n<!-- wp:image {\"id\":8969,\"sizeSlug\":\"large\",\"linkDestination\":\"none\"} -->\n<figure class=\"wp-block-image size-large\"><img src=\"https:\/\/www.fraclorraine.org\/wp-content\/uploads\/2024\/11\/03_Perrine-773x1024.jpeg\" alt=\"\" class=\"wp-image-8969\"\/><\/figure>\n<!-- \/wp:image -->\n\n<!-- wp:paragraph -->\n<p><strong>Perrine<\/strong><br>Artiste plasticienne (prints, gravures, dessins)<br>Instagram : <a href=\"https:\/\/www.instagram.com\/da_campo_perrine\/\">@da_campo_perrine<\/a><\/p>\n<!-- \/wp:paragraph -->\n\n<!-- wp:image {\"id\":8970,\"sizeSlug\":\"large\",\"linkDestination\":\"none\"} -->\n<figure class=\"wp-block-image size-large\"><img src=\"https:\/\/www.fraclorraine.org\/wp-content\/uploads\/2024\/11\/03_Ylda-1024x1009.jpeg\" alt=\"\" class=\"wp-image-8970\"\/><\/figure>\n<!-- \/wp:image -->\n\n<!-- wp:paragraph -->\n<p><strong>Ylda<\/strong><br>Artiste plasticienne qui fait vivre son univers d'un quotidien \u00e9trange \u00e0 travers plusieurs m\u00e9diums comme la couture (patch, broderie) ou encore l'illustration (linogravure, eau forte, dessins...).<br>Instagram : <a href=\"https:\/\/www.instagram.com\/byylda\/\">@byylda<\/a><\/p>\n<!-- \/wp:paragraph -->\n\n<!-- wp:image {\"id\":8967,\"sizeSlug\":\"full\",\"linkDestination\":\"none\"} -->\n<figure class=\"wp-block-image size-full\"><img src=\"https:\/\/www.fraclorraine.org\/wp-content\/uploads\/2024\/11\/03_Merveilles-Partout.jpeg\" alt=\"\" class=\"wp-image-8967\"\/><\/figure>\n<!-- \/wp:image -->\n\n<!-- wp:paragraph -->\n<p><strong>Merveilles Partout<br><\/strong>Petit lutin c\u00e9ramiste (bijoux, pot de plantes, vaisselle).<br>Instagram : <a href=\"https:\/\/www.instagram.com\/merveilles.partout\/\">@merveilles.partout<\/a><\/p>\n<!-- \/wp:paragraph -->\n\n<!-- wp:image {\"id\":8966,\"sizeSlug\":\"full\",\"linkDestination\":\"none\"} -->\n<figure class=\"wp-block-image size-full\"><img src=\"https:\/\/www.fraclorraine.org\/wp-content\/uploads\/2024\/11\/03_Massence.jpeg\" alt=\"\" class=\"wp-image-8966\"\/><\/figure>\n<!-- \/wp:image -->\n\n<!-- wp:paragraph -->\n<p><strong>Massence<\/strong><br>Je fais de la b\u00e9d\u00e9 (fanzines et prints).<br>Instagram : <a href=\"https:\/\/www.instagram.com\/massence.dessin\/\">@massence.dessin<\/a><\/p>\n<!-- \/wp:paragraph --><\/div>\n<!-- \/wp:column -->\n\n<!-- wp:column -->\n<div class=\"wp-block-column\"><!-- wp:image {\"id\":8971,\"sizeSlug\":\"large\",\"linkDestination\":\"none\"} -->\n<figure class=\"wp-block-image size-large\"><img src=\"https:\/\/www.fraclorraine.org\/wp-content\/uploads\/2024\/11\/04_Kassia-min-819x1024.jpg\" alt=\"\" class=\"wp-image-8971\"\/><\/figure>\n<!-- \/wp:image -->\n\n<!-- wp:paragraph -->\n<p><strong>Kassia<\/strong><br>Kassia est un artiste queer nanc\u00e9ien dont les inspirations tournent principalement autour du corps queer, de la sexualit\u00e9 et de ses troubles psy. Il repr\u00e9sente ses \u00e9tats d\u2019\u00e2mes \u00e0 travers la peinture, la photographie, et les po\u00e8mes.<br>Instagram : <a href=\"https:\/\/www.instagram.com\/little_eross\/\">@little_eross<\/a> \/ <a href=\"https:\/\/www.instagram.com\/kassiart__\/?hl=fr\">@kassiart<\/a><\/p>\n<!-- \/wp:paragraph -->\n\n<!-- wp:image {\"id\":8972,\"sizeSlug\":\"large\",\"linkDestination\":\"none\"} -->\n<figure class=\"wp-block-image size-large\"><img src=\"https:\/\/www.fraclorraine.org\/wp-content\/uploads\/2024\/11\/05_Sid-768x1024.jpg\" alt=\"\" class=\"wp-image-8972\"\/><\/figure>\n<!-- \/wp:image -->\n\n<!-- wp:paragraph -->\n<p><strong>Sid<\/strong><br>Sid est un artiste qui crochette et tricote essentiellement. Il sera tr\u00e8s heureux de vous partager son travail de la laine et peut-\u00eatre prendre quelques commandes si l\u2019envie vous prend !<br>Instagram : <a href=\"https:\/\/www.instagram.com\/sid.cr0chet\/\">@sid.cr0chet<\/a><\/p>\n<!-- \/wp:paragraph -->\n\n<!-- wp:image {\"id\":8973,\"sizeSlug\":\"large\",\"linkDestination\":\"none\"} -->\n<figure class=\"wp-block-image size-large\"><img src=\"https:\/\/www.fraclorraine.org\/wp-content\/uploads\/2024\/11\/06_Marie-Chanstyle-1024x680.jpg\" alt=\"\" class=\"wp-image-8973\"\/><\/figure>\n<!-- \/wp:image -->\n\n<!-- wp:paragraph -->\n<p><strong>Marie Chanstyle<\/strong><br>Marie Chanstyle est une marque de v\u00eatement, accessoire et \u00e9l\u00e9ment de d\u00e9cors trashcoquette. La cr\u00e9atrice, par ces artefacts questionne le kitsch \u00e0 travers l\u2019\u00e9trange et le trash.<br>Instagram : <a href=\"https:\/\/www.instagram.com\/marie.chanstyle\/\">@marie.chanstyle<\/a><\/p>\n<!-- \/wp:paragraph -->\n\n<!-- wp:image {\"id\":8974,\"sizeSlug\":\"large\",\"linkDestination\":\"none\"} -->\n<figure class=\"wp-block-image size-large\"><img src=\"https:\/\/www.fraclorraine.org\/wp-content\/uploads\/2024\/11\/07_KisKeya.ceralic-min-768x1024.jpg\" alt=\"\" class=\"wp-image-8974\"\/><\/figure>\n<!-- \/wp:image -->\n\n<!-- wp:paragraph -->\n<p><strong>Kis' Keya<\/strong><br>Avec ses petites c\u00e9ramiques et ses mini-toiles, Kis Keya explore les th\u00e9matiques de la f\u00e9minit\u00e9 ancestrale et du temps qui passe. Ses objets d\u2019inspiration arch\u00e9ologique repr\u00e9sentent des V\u00e9nus ou vestiges de poteries anciennes.<br>Instagram : <a href=\"https:\/\/www.instagram.com\/kis.artpoint\">@kis.artpoint<\/a><\/p>\n<!-- \/wp:paragraph -->\n\n<!-- wp:image {\"id\":8975,\"sizeSlug\":\"full\",\"linkDestination\":\"none\"} -->\n<figure class=\"wp-block-image size-full\"><img src=\"https:\/\/www.fraclorraine.org\/wp-content\/uploads\/2024\/11\/08_La-Kitscherie.jpg\" alt=\"\" class=\"wp-image-8975\"\/><\/figure>\n<!-- \/wp:image -->\n\n<!-- wp:paragraph -->\n<p><strong>La Kitscherie Vintage<\/strong><br>La Kitscherie vintage est une friperie vintage mixte et inclusive \u00e0 Metz. La s\u00e9lection est compos\u00e9e de v\u00eatements et accessoires des ann\u00e9es 70 \u00e0 nos jours, un univers pop et color\u00e9 mais surtout de qualit\u00e9 pour une garde robe durable.<br>Instagram : <a href=\"http:\/\/www.instagram.com\/lakitscherie_vintage?fbclid=IwZXh0bgNhZW0CMTAAAR2AEaiJZOvn7ca9udRZPQayj65OwOM813O-GgJ3PSlT7hMGk-7XJW7PKNM_aem_HmF53p1U3Rh1aMYtOh1DFw\">@lakitscherie_vintage<\/a><\/p>\n<!-- \/wp:paragraph -->\n\n<!-- wp:image {\"id\":8976,\"sizeSlug\":\"large\",\"linkDestination\":\"none\"} -->\n<figure class=\"wp-block-image size-large\"><img src=\"https:\/\/www.fraclorraine.org\/wp-content\/uploads\/2024\/11\/09_La-Queerdom_sans-fond-min-1024x1024.png\" alt=\"\" class=\"wp-image-8976\"\/><\/figure>\n<!-- \/wp:image -->\n\n<!-- wp:paragraph -->\n<p><strong>La Queerdom<br><\/strong>Nous sommes un collectif queer messin. Nous sommes des drag kings, queens, queers, clown et monstres en tout genre, promouvant le drag, l'inclusivit\u00e9, le care en tentant de garantir une safe place accessible \u00e0 tous.tes.<br>Instagram : <a href=\"https:\/\/www.instagram.com\/la_queerdom\/\">@la_queerdom<\/a><\/p>\n<!-- \/wp:paragraph -->\n\n<!-- wp:image {\"id\":8977,\"sizeSlug\":\"full\",\"linkDestination\":\"none\"} -->\n<figure class=\"wp-block-image size-full\"><img src=\"https:\/\/www.fraclorraine.org\/wp-content\/uploads\/2024\/11\/09_Trans_Gressif.png\" alt=\"\" class=\"wp-image-8977\"\/><\/figure>\n<!-- \/wp:image -->\n\n<!-- wp:paragraph -->\n<p><strong>Trans'Gressif<br><\/strong>Le Collectif Trans'Gressif, fond\u00e9 en juin 2022, est une organisation militante par et pour les personnes trans. Nous proposons entre autres des permanences et des ateliers en non-mixit\u00e9, ainsi que des manifestations et rassemblements contre la transphobie et pour les droits des personnes trans.<br>Instagram : <a href=\"https:\/\/www.instagram.com\/collectif.transgressif.metz\/\">@collectif.transgressif.metz<\/a><\/p>\n<!-- \/wp:paragraph --><\/div>\n<!-- \/wp:column --><\/div>\n<!-- \/wp:columns -->\n\n<!-- wp:spacer -->\n<div style=\"height:100px\" aria-hidden=\"true\" class=\"wp-block-spacer\"><\/div>\n<!-- \/wp:spacer -->","_fr_post_name":"merry-queerxmas","_fr_post_excerpt":"","_fr_post_title":"Merry Queerxmas !","_en_post_content":"<!-- wp:columns -->\n<div class=\"wp-block-columns\"><!-- wp:column -->\n<div class=\"wp-block-column\"><!-- wp:paragraph -->\n<p>\u25cf Queer Christmas Market<\/p>\n<!-- \/wp:paragraph -->\n\n<!-- wp:paragraph -->\n<p>Queer creators are coming to the Frac: the perfect opportunity to do your Christmas shopping or try to win our treasure hunt, while supporting queer artists from the region!<\/p>\n<!-- \/wp:paragraph -->\n\n<!-- wp:paragraph -->\n<p>--<\/p>\n<!-- \/wp:paragraph -->\n\n<!-- wp:paragraph -->\n<p>In partnership with the association La Queerdom<\/p>\n<!-- \/wp:paragraph --><\/div>\n<!-- \/wp:column -->\n\n<!-- wp:column -->\n<div class=\"wp-block-column\"><!-- wp:image {\"id\":8897,\"sizeSlug\":\"full\",\"linkDestination\":\"none\"} -->\n<figure class=\"wp-block-image size-full\"><img src=\"https:\/\/www.fraclorraine.org\/wp-content\/uploads\/2024\/10\/image_6483441.jpg\" alt=\"\" class=\"wp-image-8897\"\/><figcaption class=\"wp-element-caption\">\u00a9 Ginger Mint, photo Loris Jecko<\/figcaption><\/figure>\n<!-- \/wp:image --><\/div>\n<!-- \/wp:column --><\/div>\n<!-- \/wp:columns -->","_en_post_name":"","_en_post_excerpt":"","_en_post_title":"Merry Queerxmas!","edit_language":"en"},"tags":[430,389],"event-type":[401],"saison":[425],"lieu":[371],"class_list":["post-8896","evenement","type-evenement","status-publish","hentry","tag-marche-de-noel","tag-queer"],"excerpt":{"raw":"","rendered":""},"_links":{"self":[{"href":"https:\/\/www.fraclorraine.org\/en\/wp-json\/wp\/v2\/evenement\/8896","targetHints":{"allow":["GET"]}}],"collection":[{"href":"https:\/\/www.fraclorraine.org\/en\/wp-json\/wp\/v2\/evenement"}],"about":[{"href":"https:\/\/www.fraclorraine.org\/en\/wp-json\/wp\/v2\/types\/evenement"}],"wp:attachment":[{"href":"https:\/\/www.fraclorraine.org\/en\/wp-json\/wp\/v2\/media?parent=8896"}],"wp:term":[{"taxonomy":"post_tag","embeddable":true,"href":"https:\/\/www.fraclorraine.org\/en\/wp-json\/wp\/v2\/tags?post=8896"},{"taxonomy":"event-type","embeddable":true,"href":"https:\/\/www.fraclorraine.org\/en\/wp-json\/wp\/v2\/event-type?post=8896"},{"taxonomy":"saison","embeddable":true,"href":"https:\/\/www.fraclorraine.org\/en\/wp-json\/wp\/v2\/saison?post=8896"},{"taxonomy":"lieu","embeddable":true,"href":"https:\/\/www.fraclorraine.org\/en\/wp-json\/wp\/v2\/lieu?post=8896"}],"curies":[{"name":"wp","href":"https:\/\/api.w.org\/{rel}","templated":true}]}}