{"id":9462,"date":"2025-10-03T11:03:28","date_gmt":"2025-10-03T09:03:28","guid":{"rendered":"https:\/\/www.fraclorraine.org\/?post_type=evenement&#038;p=9462"},"modified":"2025-10-17T15:54:01","modified_gmt":"2025-10-17T13:54:01","slug":"","status":"publish","type":"evenement","link":"https:\/\/www.fraclorraine.org\/en\/evenement\/la-nuit-des-ecrans-vivants\/","title":{"rendered":"","raw":""},"content":{"rendered":"","protected":false,"raw":""},"template":"","meta":{"inline_featured_image":false,"_fr_post_content":"<!-- wp:columns -->\n<div class=\"wp-block-columns\"><!-- wp:column -->\n<div class=\"wp-block-column\"><!-- wp:paragraph -->\n<p>\u25cf Avec&nbsp;le collectif La Queerdom<\/p>\n<!-- \/wp:paragraph -->\n\n<!-- wp:paragraph -->\n<p>Le soir d\u2019Halloween, venez frissonner devant des vid\u00e9os d\u2019artistes, des films \u00e9tranges, envo\u00fbtants ou carr\u00e9ment inqui\u00e9tants. <\/p>\n<!-- \/wp:paragraph -->\n\n<!-- wp:paragraph -->\n<p>La soir\u00e9e sera rythm\u00e9e par des performeur.euses de La Queerdom sp\u00e9cialement appr\u00eat\u00e9.es pour l\u2019occasion. <\/p>\n<!-- \/wp:paragraph -->\n\n<!-- wp:paragraph -->\n<p>Au go\u00fbt de l\u2019effroi s\u2019ajoutera celui de la cannelle et de la citrouille, lors d\u2019un moment de convivialit\u00e9 en fin de soir\u00e9e.<\/p>\n<!-- \/wp:paragraph --><\/div>\n<!-- \/wp:column -->\n\n<!-- wp:column -->\n<div class=\"wp-block-column\"><!-- wp:image {\"id\":9463,\"sizeSlug\":\"large\",\"linkDestination\":\"none\"} -->\n<figure class=\"wp-block-image size-large\"><img src=\"https:\/\/www.fraclorraine.org\/wp-content\/uploads\/2025\/10\/FracGinger2025-811x1024.jpg\" alt=\"\" class=\"wp-image-9463\"\/><figcaption class=\"wp-element-caption\">\u00a9 Ginger<\/figcaption><\/figure>\n<!-- \/wp:image --><\/div>\n<!-- \/wp:column --><\/div>\n<!-- \/wp:columns -->","_fr_post_name":"la-nuit-des-ecrans-vivants","_fr_post_excerpt":"","_fr_post_title":"La nuit des \u00e9crans vivants","_en_post_content":"","_en_post_name":"","_en_post_excerpt":"","_en_post_title":"","edit_language":"en"},"tags":[448,447,141],"event-type":[119],"saison":[444],"lieu":[372],"class_list":["post-9462","evenement","type-evenement","status-publish","hentry","tag-drag-show","tag-halloween","tag-projection"],"excerpt":{"raw":"","rendered":""},"_links":{"self":[{"href":"https:\/\/www.fraclorraine.org\/en\/wp-json\/wp\/v2\/evenement\/9462","targetHints":{"allow":["GET"]}}],"collection":[{"href":"https:\/\/www.fraclorraine.org\/en\/wp-json\/wp\/v2\/evenement"}],"about":[{"href":"https:\/\/www.fraclorraine.org\/en\/wp-json\/wp\/v2\/types\/evenement"}],"wp:attachment":[{"href":"https:\/\/www.fraclorraine.org\/en\/wp-json\/wp\/v2\/media?parent=9462"}],"wp:term":[{"taxonomy":"post_tag","embeddable":true,"href":"https:\/\/www.fraclorraine.org\/en\/wp-json\/wp\/v2\/tags?post=9462"},{"taxonomy":"event-type","embeddable":true,"href":"https:\/\/www.fraclorraine.org\/en\/wp-json\/wp\/v2\/event-type?post=9462"},{"taxonomy":"saison","embeddable":true,"href":"https:\/\/www.fraclorraine.org\/en\/wp-json\/wp\/v2\/saison?post=9462"},{"taxonomy":"lieu","embeddable":true,"href":"https:\/\/www.fraclorraine.org\/en\/wp-json\/wp\/v2\/lieu?post=9462"}],"curies":[{"name":"wp","href":"https:\/\/api.w.org\/{rel}","templated":true}]}}