{"id":951,"date":"2022-09-08T10:31:39","date_gmt":"2022-09-08T10:31:39","guid":{"rendered":"https:\/\/www.fraclorraine.org\/nouveausite2021\/?post_type=evenement&#038;p=951"},"modified":"2023-01-12T14:39:41","modified_gmt":"2023-01-12T14:39:41","slug":"","status":"publish","type":"evenement","link":"https:\/\/www.fraclorraine.org\/en\/evenement\/journees-europeennes-du-patrimoine-2019\/","title":{"rendered":"","raw":""},"content":{"rendered":"","protected":false,"raw":""},"template":"","meta":{"inline_featured_image":false,"_fr_post_content":"<!-- wp:paragraph -->\n<p>Visites flash, d\u00e9couverte du jardin et restitution du Club des Chercheurs, le programme des Journ\u00e9es Europ\u00e9ennes du Patrimoine au Frac Lorraine<\/p>\n<!-- \/wp:paragraph -->\n\n<!-- wp:columns -->\n<div class=\"wp-block-columns\"><!-- wp:column -->\n<div class=\"wp-block-column\"><!-- wp:heading {\"level\":3} -->\n<h3>PROGRAMME<\/h3>\n<!-- \/wp:heading --><\/div>\n<!-- \/wp:column -->\n\n<!-- wp:column -->\n<div class=\"wp-block-column\"><\/div>\n<!-- \/wp:column --><\/div>\n<!-- \/wp:columns -->\n\n<!-- wp:columns -->\n<div class=\"wp-block-columns\"><!-- wp:column -->\n<div class=\"wp-block-column\"><!-- wp:paragraph -->\n<p><strong>Samedi 21 Septembre, d\u00e8s 11h<\/strong><\/p>\n<!-- \/wp:paragraph -->\n\n<!-- wp:paragraph -->\n<p>\u21b3 Visites flash des expositions toutes les heures !<\/p>\n<!-- \/wp:paragraph -->\n\n<!-- wp:paragraph -->\n<p>\u21b3 L\u2019artiste Morgane Britscher et le club des Chercheurs vous invitent \u00e0 d\u00e9couvrir \u201cDes paysages qui se dessinent\u2026Strates et g\u00e9ologie\u201d. Restitution d\u2019un projet tir\u00e9 des mani\u00e8res d\u2019observer le territoire et de cartographier les paysages de leur quotidien.<\/p>\n<!-- \/wp:paragraph --><\/div>\n<!-- \/wp:column -->\n\n<!-- wp:column -->\n<div class=\"wp-block-column\"><!-- wp:paragraph -->\n<p><strong>Dimanche 22 septembre, d\u00e8s 11h<\/strong><\/p>\n<!-- \/wp:paragraph -->\n\n<!-- wp:paragraph -->\n<p>\u21b3 Visites du jardin du Frac par Aur\u00e9lie Rotini, jardini\u00e8re-botaniste au Jardin Botanique de Metz, \u00e0 12h00, 14h00, 16h00 et 18h00<\/p>\n<!-- \/wp:paragraph -->\n\n<!-- wp:paragraph -->\n<p>\u21b3 Visites flash des expositions toutes les heures, d\u00e8s 11h !<\/p>\n<!-- \/wp:paragraph --><\/div>\n<!-- \/wp:column --><\/div>\n<!-- \/wp:columns -->","_fr_post_name":"journees-europeennes-du-patrimoine-2019","_fr_post_excerpt":"","_fr_post_title":"Journ\u00e9es Europ\u00e9ennes du Patrimoine 2019","_en_post_content":"","_en_post_name":"","_en_post_excerpt":"","_en_post_title":"","edit_language":"en"},"tags":[120],"event-type":[88],"saison":[67],"lieu":[371],"class_list":["post-951","evenement","type-evenement","status-publish","hentry","tag-journees-europeennes-du-m-patrimoine"],"excerpt":{"raw":"","rendered":""},"_links":{"self":[{"href":"https:\/\/www.fraclorraine.org\/en\/wp-json\/wp\/v2\/evenement\/951","targetHints":{"allow":["GET"]}}],"collection":[{"href":"https:\/\/www.fraclorraine.org\/en\/wp-json\/wp\/v2\/evenement"}],"about":[{"href":"https:\/\/www.fraclorraine.org\/en\/wp-json\/wp\/v2\/types\/evenement"}],"wp:attachment":[{"href":"https:\/\/www.fraclorraine.org\/en\/wp-json\/wp\/v2\/media?parent=951"}],"wp:term":[{"taxonomy":"post_tag","embeddable":true,"href":"https:\/\/www.fraclorraine.org\/en\/wp-json\/wp\/v2\/tags?post=951"},{"taxonomy":"event-type","embeddable":true,"href":"https:\/\/www.fraclorraine.org\/en\/wp-json\/wp\/v2\/event-type?post=951"},{"taxonomy":"saison","embeddable":true,"href":"https:\/\/www.fraclorraine.org\/en\/wp-json\/wp\/v2\/saison?post=951"},{"taxonomy":"lieu","embeddable":true,"href":"https:\/\/www.fraclorraine.org\/en\/wp-json\/wp\/v2\/lieu?post=951"}],"curies":[{"name":"wp","href":"https:\/\/api.w.org\/{rel}","templated":true}]}}