{"id":961,"date":"2022-09-08T12:06:29","date_gmt":"2022-09-08T12:06:29","guid":{"rendered":"https:\/\/www.fraclorraine.org\/nouveausite2021\/?post_type=evenement&#038;p=961"},"modified":"2023-01-12T14:16:22","modified_gmt":"2023-01-12T14:16:22","slug":"","status":"publish","type":"evenement","link":"https:\/\/www.fraclorraine.org\/en\/evenement\/grrrrrrrrls\/","title":{"rendered":"","raw":""},"content":{"rendered":"","protected":false,"raw":""},"template":"","meta":{"inline_featured_image":false,"_fr_post_content":"<!-- wp:columns -->\n<div class=\"wp-block-columns\"><!-- wp:column -->\n<div class=\"wp-block-column\"><!-- wp:paragraph -->\n<p>\u25cf Rendez-vous pour d\u00e9fier l\u2019ordre \u00e9tabli autour d\u2019un atelier explosif<\/p>\n<!-- \/wp:paragraph -->\n\n<!-- wp:paragraph -->\n<p>Au fil des \u0153uvres de l\u2019exposition, les participant.e.s d\u00e9couvrent une s\u00e9lection de textes d\u2019autrices et chanteuses qui ont d\u00e9cid\u00e9 de briser avec furie et \u00e0 haute voix les pr\u00e9jug\u00e9s.<\/p>\n<!-- \/wp:paragraph -->\n\n<!-- wp:paragraph -->\n<p>L\u2019atelier sera compl\u00e9t\u00e9 par un temps de broderie sur napperons. Punchlines f\u00e9ministes, malpolies et enflamm\u00e9es plus que bienvenues !<\/p>\n<!-- \/wp:paragraph --><\/div>\n<!-- \/wp:column -->\n\n<!-- wp:column -->\n<div class=\"wp-block-column\"><!-- wp:image {\"id\":962,\"sizeSlug\":\"full\",\"linkDestination\":\"none\"} -->\n<figure class=\"wp-block-image size-full\"><img src=\"https:\/\/www.fraclorraine.org\/wp-content\/uploads\/2022\/09\/PROG_JUIN-OCTOBRE-_2019_ATELIER-GRRRLS_1.jpg\" alt=\"\" class=\"wp-image-962\"\/><figcaption class=\"wp-element-caption\">\u00a9 Brode pute<\/figcaption><\/figure>\n<!-- \/wp:image --><\/div>\n<!-- \/wp:column --><\/div>\n<!-- \/wp:columns -->","_fr_post_name":"grrrrrrrrls","_fr_post_excerpt":"","_fr_post_title":"Grrrrrrrrls !","_en_post_content":"","_en_post_name":"","_en_post_excerpt":"","_en_post_title":"","edit_language":"en"},"tags":[169],"event-type":[170],"saison":[67],"lieu":[371],"class_list":["post-961","evenement","type-evenement","status-publish","hentry","tag-atelier"],"excerpt":{"raw":"","rendered":""},"_links":{"self":[{"href":"https:\/\/www.fraclorraine.org\/en\/wp-json\/wp\/v2\/evenement\/961","targetHints":{"allow":["GET"]}}],"collection":[{"href":"https:\/\/www.fraclorraine.org\/en\/wp-json\/wp\/v2\/evenement"}],"about":[{"href":"https:\/\/www.fraclorraine.org\/en\/wp-json\/wp\/v2\/types\/evenement"}],"wp:attachment":[{"href":"https:\/\/www.fraclorraine.org\/en\/wp-json\/wp\/v2\/media?parent=961"}],"wp:term":[{"taxonomy":"post_tag","embeddable":true,"href":"https:\/\/www.fraclorraine.org\/en\/wp-json\/wp\/v2\/tags?post=961"},{"taxonomy":"event-type","embeddable":true,"href":"https:\/\/www.fraclorraine.org\/en\/wp-json\/wp\/v2\/event-type?post=961"},{"taxonomy":"saison","embeddable":true,"href":"https:\/\/www.fraclorraine.org\/en\/wp-json\/wp\/v2\/saison?post=961"},{"taxonomy":"lieu","embeddable":true,"href":"https:\/\/www.fraclorraine.org\/en\/wp-json\/wp\/v2\/lieu?post=961"}],"curies":[{"name":"wp","href":"https:\/\/api.w.org\/{rel}","templated":true}]}}