{"id":9642,"date":"2026-03-04T16:47:46","date_gmt":"2026-03-04T15:47:46","guid":{"rendered":"https:\/\/www.fraclorraine.org\/?post_type=evenement&#038;p=9642"},"modified":"2026-03-11T15:58:34","modified_gmt":"2026-03-11T14:58:34","slug":"","status":"publish","type":"evenement","link":"https:\/\/www.fraclorraine.org\/en\/evenement\/parcours-dartistes-kim-detraux\/","title":{"rendered":"","raw":""},"content":{"rendered":"","protected":false,"raw":""},"template":"","meta":{"inline_featured_image":false,"_fr_post_content":"<!-- wp:columns -->\n<div class=\"wp-block-columns\"><!-- wp:column -->\n<div class=\"wp-block-column\"><!-- wp:paragraph -->\n<p>\u25cf \u00c0 l'occasion de <em>Parcours d'artistes<\/em>, l'artiste Kim D\u00e9traux prend ses quartiers au 49 Nord 6 Est - Frac Lorraine.<\/p>\n<!-- \/wp:paragraph -->\n\n<!-- wp:paragraph -->\n<p>\u00ab La pratique de Kim D\u00e9traux est n\u00e9e de son d\u00e9sir de manipuler et d\u2019\u00e9prouver les mati\u00e8res qu\u2019elle glane. Pour cela, elle emprunte aux savoir-faire culinaires, aux techniques de fabrication artisanales ou aux gestes du quotidien. Plantes, terres et eaux de rivi\u00e8re se m\u00ealent et s\u2019agr\u00e8gent en objets usuels. Kim D\u00e9traux prend en consid\u00e9ration l\u2019enti\u00e8ret\u00e9 des milieux qu\u2019elle investit pour concevoir des \u0153uvres vivantes. Elle interroge les relations qu\u2019elle entretient avec son environnement, et pointe avec humilit\u00e9 cette crise des relations qui traverse et s\u00e9pare les \u00eatres vivants. \u00bb<\/p>\n<!-- \/wp:paragraph -->\n\n<!-- wp:paragraph -->\n<p>Vanessa Gandar, publication PARS 2023<\/p>\n<!-- \/wp:paragraph -->\n\n<!-- wp:paragraph -->\n<p><a href=\"https:\/\/parcoursdartistes.org\/pa2026\/\">Plus d'informations sur Parcours d'artistes<\/a><\/p>\n<!-- \/wp:paragraph -->\n\n<!-- wp:paragraph -->\n<p><a href=\"https:\/\/kimdetraux.fr\/\">Plus d'informations sur Kim D\u00e9traux<\/a><\/p>\n<!-- \/wp:paragraph --><\/div>\n<!-- \/wp:column -->\n\n<!-- wp:column -->\n<div class=\"wp-block-column\"><!-- wp:image {\"id\":9663,\"sizeSlug\":\"large\",\"linkDestination\":\"none\"} -->\n<figure class=\"wp-block-image size-large\"><img src=\"https:\/\/www.fraclorraine.org\/wp-content\/uploads\/2026\/03\/Vantoux-modif-photo-min-1024x683.jpg\" alt=\"\" class=\"wp-image-9663\"\/><figcaption class=\"wp-element-caption\">Kim D\u00e9traux, photo : Nino Morvan-Heckel<\/figcaption><\/figure>\n<!-- \/wp:image --><\/div>\n<!-- \/wp:column --><\/div>\n<!-- \/wp:columns -->","_fr_post_name":"parcours-dartistes-kim-detraux","_fr_post_excerpt":"","_fr_post_title":"Parcours d'artistes - Kim D\u00e9traux","_en_post_content":"","_en_post_name":"","_en_post_excerpt":"","_en_post_title":"","edit_language":"en"},"tags":[144],"event-type":[88],"saison":[451],"lieu":[371],"class_list":["post-9642","evenement","type-evenement","status-publish","hentry","tag-parcours-dartistes"],"excerpt":{"raw":"","rendered":""},"_links":{"self":[{"href":"https:\/\/www.fraclorraine.org\/en\/wp-json\/wp\/v2\/evenement\/9642","targetHints":{"allow":["GET"]}}],"collection":[{"href":"https:\/\/www.fraclorraine.org\/en\/wp-json\/wp\/v2\/evenement"}],"about":[{"href":"https:\/\/www.fraclorraine.org\/en\/wp-json\/wp\/v2\/types\/evenement"}],"wp:attachment":[{"href":"https:\/\/www.fraclorraine.org\/en\/wp-json\/wp\/v2\/media?parent=9642"}],"wp:term":[{"taxonomy":"post_tag","embeddable":true,"href":"https:\/\/www.fraclorraine.org\/en\/wp-json\/wp\/v2\/tags?post=9642"},{"taxonomy":"event-type","embeddable":true,"href":"https:\/\/www.fraclorraine.org\/en\/wp-json\/wp\/v2\/event-type?post=9642"},{"taxonomy":"saison","embeddable":true,"href":"https:\/\/www.fraclorraine.org\/en\/wp-json\/wp\/v2\/saison?post=9642"},{"taxonomy":"lieu","embeddable":true,"href":"https:\/\/www.fraclorraine.org\/en\/wp-json\/wp\/v2\/lieu?post=9642"}],"curies":[{"name":"wp","href":"https:\/\/api.w.org\/{rel}","templated":true}]}}