{"id":9669,"date":"2026-03-30T11:49:48","date_gmt":"2026-03-30T09:49:48","guid":{"rendered":"https:\/\/www.fraclorraine.org\/?post_type=evenement&#038;p=9669"},"modified":"2026-03-30T15:14:00","modified_gmt":"2026-03-30T13:14:00","slug":"","status":"publish","type":"evenement","link":"https:\/\/www.fraclorraine.org\/en\/evenement\/visites-interpretees-en-lsf\/","title":{"rendered":"","raw":""},"content":{"rendered":"","protected":false,"raw":""},"template":"","meta":{"inline_featured_image":false,"_fr_post_content":"<!-- wp:columns -->\n<div class=\"wp-block-columns\"><!-- wp:column -->\n<div class=\"wp-block-column\"><!-- wp:paragraph -->\n<p>\u25cf Avec Claire Matz, interpr\u00e8te en Langue des Signes Fran\u00e7aise<\/p>\n<!-- \/wp:paragraph -->\n\n<!-- wp:paragraph -->\n<p>\u21b3\u00a0Dimanches 12 avril et 5 juillet 2026 \u00e0 17h<\/p>\n<!-- \/wp:paragraph -->\n\n<!-- wp:paragraph -->\n<p>D\u00e9couvrez les expositions \u00ab Beverly Buchanan. <em>Impermanences<\/em>, avec H\u00e9l\u00e8ne Yamba-Guimbi \u00bb et \u00ab Degr\u00e9s Est : Ana\u00efs Marion \u00bb lors de visites guid\u00e9es avec Claire Matz, interpr\u00e8te en Langue des Signes Fran\u00e7aise (LSF).<\/p>\n<!-- \/wp:paragraph -->\n\n<!-- wp:paragraph -->\n<p>--<\/p>\n<!-- \/wp:paragraph -->\n\n<!-- wp:paragraph -->\n<p><em>Sur r\u00e9servation, minimum 7 jours \u00e0 l'avance<\/em><\/p>\n<!-- \/wp:paragraph --><\/div>\n<!-- \/wp:column -->\n\n<!-- wp:column -->\n<div class=\"wp-block-column\"><!-- wp:embed {\"url\":\"https:\/\/youtu.be\/RjuuCRqCoBY\",\"type\":\"video\",\"providerNameSlug\":\"youtube\",\"responsive\":true,\"className\":\"wp-embed-aspect-16-9 wp-has-aspect-ratio\"} -->\n<figure class=\"wp-block-embed is-type-video is-provider-youtube wp-block-embed-youtube wp-embed-aspect-16-9 wp-has-aspect-ratio\"><div class=\"wp-block-embed__wrapper\">\nhttps:\/\/youtu.be\/RjuuCRqCoBY\n<\/div><\/figure>\n<!-- \/wp:embed --><\/div>\n<!-- \/wp:column --><\/div>\n<!-- \/wp:columns -->","_fr_post_name":"visites-interpretees-en-lsf","_fr_post_excerpt":"","_fr_post_title":"Visites interpr\u00e9t\u00e9es en LSF","_en_post_content":"","_en_post_name":"","_en_post_excerpt":"","_en_post_title":"","edit_language":"en"},"tags":[7,155],"event-type":[154],"saison":[451],"lieu":[371],"class_list":["post-9669","evenement","type-evenement","status-publish","hentry","tag-exposition","tag-visite-lsf"],"excerpt":{"raw":"","rendered":""},"_links":{"self":[{"href":"https:\/\/www.fraclorraine.org\/en\/wp-json\/wp\/v2\/evenement\/9669","targetHints":{"allow":["GET"]}}],"collection":[{"href":"https:\/\/www.fraclorraine.org\/en\/wp-json\/wp\/v2\/evenement"}],"about":[{"href":"https:\/\/www.fraclorraine.org\/en\/wp-json\/wp\/v2\/types\/evenement"}],"wp:attachment":[{"href":"https:\/\/www.fraclorraine.org\/en\/wp-json\/wp\/v2\/media?parent=9669"}],"wp:term":[{"taxonomy":"post_tag","embeddable":true,"href":"https:\/\/www.fraclorraine.org\/en\/wp-json\/wp\/v2\/tags?post=9669"},{"taxonomy":"event-type","embeddable":true,"href":"https:\/\/www.fraclorraine.org\/en\/wp-json\/wp\/v2\/event-type?post=9669"},{"taxonomy":"saison","embeddable":true,"href":"https:\/\/www.fraclorraine.org\/en\/wp-json\/wp\/v2\/saison?post=9669"},{"taxonomy":"lieu","embeddable":true,"href":"https:\/\/www.fraclorraine.org\/en\/wp-json\/wp\/v2\/lieu?post=9669"}],"curies":[{"name":"wp","href":"https:\/\/api.w.org\/{rel}","templated":true}]}}