{"id":983,"date":"2022-09-08T13:13:05","date_gmt":"2022-09-08T13:13:05","guid":{"rendered":"https:\/\/www.fraclorraine.org\/nouveausite2021\/?post_type=evenement&#038;p=983"},"modified":"2023-01-12T14:21:54","modified_gmt":"2023-01-12T14:21:54","slug":"","status":"publish","type":"evenement","link":"https:\/\/www.fraclorraine.org\/en\/evenement\/cecile-b-evans\/","title":{"rendered":"C\u00e9cile B. Evans","raw":"C\u00e9cile B. Evans"},"content":{"rendered":"\n<div class=\"wp-block-columns is-layout-flex wp-container-core-columns-is-layout-9d6595d7 wp-block-columns-is-layout-flex\">\n<div class=\"wp-block-column is-layout-flow wp-block-column-is-layout-flow\">\n<p>\u25cf <a href=\"https:\/\/cecilebevans.com\/\" target=\"_blank\" rel=\"noreferrer noopener\">C\u00e9cile B. Evan<\/a>s, artiste<\/p>\n\n\n\n<p>Interested in how emotions revolt against any form of oppression, be it ideological, technological, or physical, C\u00e9cile B. Evans develops an art practice that challenges power structures currently dominant in our societies. Come share with the artist your own experience with power and help to expand the scope of her project<\/p>\n<\/div>\n\n\n\n<div class=\"wp-block-column is-layout-flow wp-block-column-is-layout-flow\">\n<figure class=\"wp-block-embed is-type-video is-provider-vimeo wp-block-embed-vimeo wp-embed-aspect-16-9 wp-has-aspect-ratio\"><div class=\"wp-block-embed__wrapper\">\n<iframe loading=\"lazy\" title=\"D\u00e9rives C\u00e9cile B. Evans\" src=\"https:\/\/player.vimeo.com\/video\/575454908?dnt=1&amp;app_id=122963\" width=\"500\" height=\"281\" frameborder=\"0\" allow=\"autoplay; fullscreen; picture-in-picture; clipboard-write\"><\/iframe>\n<\/div><\/figure>\n<\/div>\n<\/div>\n\n\n\n<figure class=\"wp-block-gallery has-nested-images columns-default is-cropped wp-block-gallery-2 is-layout-flex wp-block-gallery-is-layout-flex\">\n<figure class=\"wp-block-image size-large\"><img loading=\"lazy\" decoding=\"async\" width=\"2560\" height=\"1350\" data-id=\"606\" src=\"https:\/\/www.fraclorraine.org\/wp-content\/uploads\/2022\/08\/EXPO_2019_AMOS-WORLD_1-scaled.jpg\" alt=\"\" class=\"wp-image-606\" srcset=\"https:\/\/www.fraclorraine.org\/wp-content\/uploads\/2022\/08\/EXPO_2019_AMOS-WORLD_1-scaled.jpg 2560w, https:\/\/www.fraclorraine.org\/wp-content\/uploads\/2022\/08\/EXPO_2019_AMOS-WORLD_1-300x158.jpg 300w, https:\/\/www.fraclorraine.org\/wp-content\/uploads\/2022\/08\/EXPO_2019_AMOS-WORLD_1-1024x540.jpg 1024w, https:\/\/www.fraclorraine.org\/wp-content\/uploads\/2022\/08\/EXPO_2019_AMOS-WORLD_1-768x405.jpg 768w, https:\/\/www.fraclorraine.org\/wp-content\/uploads\/2022\/08\/EXPO_2019_AMOS-WORLD_1-1536x810.jpg 1536w, https:\/\/www.fraclorraine.org\/wp-content\/uploads\/2022\/08\/EXPO_2019_AMOS-WORLD_1-2048x1080.jpg 2048w\" sizes=\"auto, (max-width: 2560px) 100vw, 2560px\" \/><figcaption class=\"wp-element-caption\">C\u00e9cile B. Evans, Amos\u2019 World ; Episode 1\n\u00a9 C\u00e9cile B. Evans<\/figcaption><\/figure>\n\n\n\n<figure class=\"wp-block-image size-large\"><img loading=\"lazy\" decoding=\"async\" width=\"1920\" height=\"1013\" data-id=\"110\" src=\"https:\/\/www.fraclorraine.org\/wp-content\/uploads\/2021\/04\/AMOS-WORLD_10.png\" alt=\"\" class=\"wp-image-110\" srcset=\"https:\/\/www.fraclorraine.org\/wp-content\/uploads\/2021\/04\/AMOS-WORLD_10.png 1920w, https:\/\/www.fraclorraine.org\/wp-content\/uploads\/2021\/04\/AMOS-WORLD_10-300x158.png 300w, https:\/\/www.fraclorraine.org\/wp-content\/uploads\/2021\/04\/AMOS-WORLD_10-1024x540.png 1024w, https:\/\/www.fraclorraine.org\/wp-content\/uploads\/2021\/04\/AMOS-WORLD_10-768x405.png 768w, https:\/\/www.fraclorraine.org\/wp-content\/uploads\/2021\/04\/AMOS-WORLD_10-1536x810.png 1536w\" sizes=\"auto, (max-width: 1920px) 100vw, 1920px\" \/><\/figure>\n\n\n\n<figure class=\"wp-block-image size-large\"><img loading=\"lazy\" decoding=\"async\" width=\"2560\" height=\"1440\" data-id=\"608\" src=\"https:\/\/www.fraclorraine.org\/wp-content\/uploads\/2022\/08\/EXPO_2019_AMOS-WORLD_3-scaled.jpg\" alt=\"\" class=\"wp-image-608\" srcset=\"https:\/\/www.fraclorraine.org\/wp-content\/uploads\/2022\/08\/EXPO_2019_AMOS-WORLD_3-scaled.jpg 2560w, https:\/\/www.fraclorraine.org\/wp-content\/uploads\/2022\/08\/EXPO_2019_AMOS-WORLD_3-300x169.jpg 300w, https:\/\/www.fraclorraine.org\/wp-content\/uploads\/2022\/08\/EXPO_2019_AMOS-WORLD_3-1024x576.jpg 1024w, https:\/\/www.fraclorraine.org\/wp-content\/uploads\/2022\/08\/EXPO_2019_AMOS-WORLD_3-768x432.jpg 768w, https:\/\/www.fraclorraine.org\/wp-content\/uploads\/2022\/08\/EXPO_2019_AMOS-WORLD_3-1536x864.jpg 1536w, https:\/\/www.fraclorraine.org\/wp-content\/uploads\/2022\/08\/EXPO_2019_AMOS-WORLD_3-2048x1152.jpg 2048w\" sizes=\"auto, (max-width: 2560px) 100vw, 2560px\" \/><figcaption class=\"wp-element-caption\">C\u00e9cile B. Evans, Amos\u2019 World ; Episode 3\n\u00a9 C\u00e9cile B. Evans\n<\/figcaption><\/figure>\n\n\n\n<figure class=\"wp-block-image size-large\"><img loading=\"lazy\" decoding=\"async\" width=\"2560\" height=\"1440\" data-id=\"610\" src=\"https:\/\/www.fraclorraine.org\/wp-content\/uploads\/2022\/08\/EXPO_2019_AMOS-WORLD_5-scaled.jpg\" alt=\"\" class=\"wp-image-610\" srcset=\"https:\/\/www.fraclorraine.org\/wp-content\/uploads\/2022\/08\/EXPO_2019_AMOS-WORLD_5-scaled.jpg 2560w, https:\/\/www.fraclorraine.org\/wp-content\/uploads\/2022\/08\/EXPO_2019_AMOS-WORLD_5-300x169.jpg 300w, https:\/\/www.fraclorraine.org\/wp-content\/uploads\/2022\/08\/EXPO_2019_AMOS-WORLD_5-1024x576.jpg 1024w, https:\/\/www.fraclorraine.org\/wp-content\/uploads\/2022\/08\/EXPO_2019_AMOS-WORLD_5-768x432.jpg 768w, https:\/\/www.fraclorraine.org\/wp-content\/uploads\/2022\/08\/EXPO_2019_AMOS-WORLD_5-1536x864.jpg 1536w, https:\/\/www.fraclorraine.org\/wp-content\/uploads\/2022\/08\/EXPO_2019_AMOS-WORLD_5-2048x1152.jpg 2048w\" sizes=\"auto, (max-width: 2560px) 100vw, 2560px\" \/><figcaption class=\"wp-element-caption\">C\u00e9cile B. Evans, Amos\u2019 World ; Episode 3\n\u00a9 C\u00e9cile B. Evans\n<\/figcaption><\/figure>\n\n\n\n<figure class=\"wp-block-image size-large\"><img loading=\"lazy\" decoding=\"async\" width=\"2560\" height=\"1440\" data-id=\"609\" src=\"https:\/\/www.fraclorraine.org\/wp-content\/uploads\/2022\/08\/EXPO_2019_AMOS-WORLD_4-scaled.jpg\" alt=\"\" class=\"wp-image-609\" srcset=\"https:\/\/www.fraclorraine.org\/wp-content\/uploads\/2022\/08\/EXPO_2019_AMOS-WORLD_4-scaled.jpg 2560w, https:\/\/www.fraclorraine.org\/wp-content\/uploads\/2022\/08\/EXPO_2019_AMOS-WORLD_4-300x169.jpg 300w, https:\/\/www.fraclorraine.org\/wp-content\/uploads\/2022\/08\/EXPO_2019_AMOS-WORLD_4-1024x576.jpg 1024w, https:\/\/www.fraclorraine.org\/wp-content\/uploads\/2022\/08\/EXPO_2019_AMOS-WORLD_4-768x432.jpg 768w, https:\/\/www.fraclorraine.org\/wp-content\/uploads\/2022\/08\/EXPO_2019_AMOS-WORLD_4-1536x864.jpg 1536w, https:\/\/www.fraclorraine.org\/wp-content\/uploads\/2022\/08\/EXPO_2019_AMOS-WORLD_4-2048x1152.jpg 2048w\" sizes=\"auto, (max-width: 2560px) 100vw, 2560px\" \/><figcaption class=\"wp-element-caption\">C\u00e9cile B. Evans, Amos\u2019 World ; Episode 3\n\u00a9 C\u00e9cile B. Evans<\/figcaption><\/figure>\n<\/figure>\n","protected":false,"raw":"<!-- wp:columns -->\n<div class=\"wp-block-columns\"><!-- wp:column -->\n<div class=\"wp-block-column\"><!-- wp:paragraph -->\n<p>\u25cf <a href=\"https:\/\/cecilebevans.com\/\" target=\"_blank\" rel=\"noreferrer noopener\">C\u00e9cile B. Evan<\/a>s, artiste<\/p>\n<!-- \/wp:paragraph -->\n\n<!-- wp:paragraph -->\n<p>Interested in how emotions revolt against any form of oppression, be it ideological, technological, or physical, C\u00e9cile B. Evans develops an art practice that challenges power structures currently dominant in our societies. Come share with the artist your own experience with power and help to expand the scope of her project<\/p>\n<!-- \/wp:paragraph --><\/div>\n<!-- \/wp:column -->\n\n<!-- wp:column -->\n<div class=\"wp-block-column\"><!-- wp:embed {\"url\":\"https:\/\/vimeo.com\/575454908\",\"type\":\"video\",\"providerNameSlug\":\"vimeo\",\"responsive\":true,\"className\":\"wp-embed-aspect-16-9 wp-has-aspect-ratio\"} -->\n<figure class=\"wp-block-embed is-type-video is-provider-vimeo wp-block-embed-vimeo wp-embed-aspect-16-9 wp-has-aspect-ratio\"><div class=\"wp-block-embed__wrapper\">\nhttps:\/\/vimeo.com\/575454908\n<\/div><\/figure>\n<!-- \/wp:embed --><\/div>\n<!-- \/wp:column --><\/div>\n<!-- \/wp:columns -->\n\n<!-- wp:gallery {\"linkTo\":\"none\"} -->\n<figure class=\"wp-block-gallery has-nested-images columns-default is-cropped\"><!-- wp:image {\"id\":606,\"sizeSlug\":\"large\",\"linkDestination\":\"none\"} -->\n<figure class=\"wp-block-image size-large\"><img src=\"https:\/\/www.fraclorraine.org\/wp-content\/uploads\/2022\/08\/EXPO_2019_AMOS-WORLD_1-scaled.jpg\" alt=\"\" class=\"wp-image-606\"\/><figcaption class=\"wp-element-caption\">C\u00e9cile B. Evans, Amos\u2019 World ; Episode 1\n\u00a9 C\u00e9cile B. Evans<\/figcaption><\/figure>\n<!-- \/wp:image -->\n\n<!-- wp:image {\"id\":110,\"sizeSlug\":\"large\",\"linkDestination\":\"none\"} -->\n<figure class=\"wp-block-image size-large\"><img src=\"https:\/\/www.fraclorraine.org\/wp-content\/uploads\/2021\/04\/AMOS-WORLD_10.png\" alt=\"\" class=\"wp-image-110\"\/><\/figure>\n<!-- \/wp:image -->\n\n<!-- wp:image {\"id\":608,\"sizeSlug\":\"large\",\"linkDestination\":\"none\"} -->\n<figure class=\"wp-block-image size-large\"><img src=\"https:\/\/www.fraclorraine.org\/wp-content\/uploads\/2022\/08\/EXPO_2019_AMOS-WORLD_3-scaled.jpg\" alt=\"\" class=\"wp-image-608\"\/><figcaption class=\"wp-element-caption\">C\u00e9cile B. Evans, Amos\u2019 World ; Episode 3\n\u00a9 C\u00e9cile B. Evans\n<\/figcaption><\/figure>\n<!-- \/wp:image -->\n\n<!-- wp:image {\"id\":610,\"sizeSlug\":\"large\",\"linkDestination\":\"none\"} -->\n<figure class=\"wp-block-image size-large\"><img src=\"https:\/\/www.fraclorraine.org\/wp-content\/uploads\/2022\/08\/EXPO_2019_AMOS-WORLD_5-scaled.jpg\" alt=\"\" class=\"wp-image-610\"\/><figcaption class=\"wp-element-caption\">C\u00e9cile B. Evans, Amos\u2019 World ; Episode 3\n\u00a9 C\u00e9cile B. Evans\n<\/figcaption><\/figure>\n<!-- \/wp:image -->\n\n<!-- wp:image {\"id\":609,\"sizeSlug\":\"large\",\"linkDestination\":\"none\"} -->\n<figure class=\"wp-block-image size-large\"><img src=\"https:\/\/www.fraclorraine.org\/wp-content\/uploads\/2022\/08\/EXPO_2019_AMOS-WORLD_4-scaled.jpg\" alt=\"\" class=\"wp-image-609\"\/><figcaption class=\"wp-element-caption\">C\u00e9cile B. Evans, Amos\u2019 World ; Episode 3\n\u00a9 C\u00e9cile B. Evans<\/figcaption><\/figure>\n<!-- \/wp:image --><\/figure>\n<!-- \/wp:gallery -->"},"template":"","meta":{"inline_featured_image":false,"_fr_post_content":"<!-- wp:columns -->\n<div class=\"wp-block-columns\"><!-- wp:column -->\n<div class=\"wp-block-column\"><!-- wp:paragraph -->\n<p>\u25cf Rencontre avec<a href=\"https:\/\/cecilebevans.com\/\" target=\"_blank\" rel=\"noreferrer noopener\"> C\u00e9cile B. Evans<\/a>, artiste<\/p>\n<!-- \/wp:paragraph -->\n\n<!-- wp:paragraph -->\n<p>Int\u00e9ress\u00e9e par la r\u00e9bellion des \u00e9motions contre toute forme d\u2019oppression, qu\u2019elle soit id\u00e9ologique, technologique ou physique, C\u00e9cile B. Evans d\u00e9veloppe un travail artistique interrogeant les structures de pouvoir en place dans nos soci\u00e9t\u00e9s contemporaines. <\/p>\n<!-- \/wp:paragraph -->\n\n<!-- wp:paragraph -->\n<p>Venez partager avec elle l\u2019exp\u00e9rience que vous en avez faite afin d\u2019\u00e9largir sa propre perception du projet.<\/p>\n<!-- \/wp:paragraph --><\/div>\n<!-- \/wp:column -->\n\n<!-- wp:column -->\n<div class=\"wp-block-column\"><!-- wp:embed {\"url\":\"https:\/\/vimeo.com\/575454908\",\"type\":\"video\",\"providerNameSlug\":\"vimeo\",\"responsive\":true,\"className\":\"wp-embed-aspect-16-9 wp-has-aspect-ratio\"} -->\n<figure class=\"wp-block-embed is-type-video is-provider-vimeo wp-block-embed-vimeo wp-embed-aspect-16-9 wp-has-aspect-ratio\"><div class=\"wp-block-embed__wrapper\">\nhttps:\/\/vimeo.com\/575454908\n<\/div><\/figure>\n<!-- \/wp:embed --><\/div>\n<!-- \/wp:column --><\/div>\n<!-- \/wp:columns -->\n\n<!-- wp:gallery {\"linkTo\":\"none\"} -->\n<figure class=\"wp-block-gallery has-nested-images columns-default is-cropped\"><!-- wp:image {\"id\":606,\"sizeSlug\":\"large\",\"linkDestination\":\"none\"} -->\n<figure class=\"wp-block-image size-large\"><img src=\"https:\/\/www.fraclorraine.org\/wp-content\/uploads\/2022\/08\/EXPO_2019_AMOS-WORLD_1-scaled.jpg\" alt=\"\" class=\"wp-image-606\"\/><figcaption class=\"wp-element-caption\">C\u00e9cile B. Evans, Amos\u2019 World ; Episode 1\n\u00a9 C\u00e9cile B. Evans<\/figcaption><\/figure>\n<!-- \/wp:image -->\n\n<!-- wp:image {\"id\":110,\"sizeSlug\":\"large\",\"linkDestination\":\"none\"} -->\n<figure class=\"wp-block-image size-large\"><img src=\"https:\/\/www.fraclorraine.org\/wp-content\/uploads\/2021\/04\/AMOS-WORLD_10.png\" alt=\"\" class=\"wp-image-110\"\/><\/figure>\n<!-- \/wp:image -->\n\n<!-- wp:image {\"id\":608,\"sizeSlug\":\"large\",\"linkDestination\":\"none\"} -->\n<figure class=\"wp-block-image size-large\"><img src=\"https:\/\/www.fraclorraine.org\/wp-content\/uploads\/2022\/08\/EXPO_2019_AMOS-WORLD_3-scaled.jpg\" alt=\"\" class=\"wp-image-608\"\/><figcaption class=\"wp-element-caption\">C\u00e9cile B. Evans, Amos\u2019 World ; Episode 3\n\u00a9 C\u00e9cile B. Evans\n<\/figcaption><\/figure>\n<!-- \/wp:image -->\n\n<!-- wp:image {\"id\":610,\"sizeSlug\":\"large\",\"linkDestination\":\"none\"} -->\n<figure class=\"wp-block-image size-large\"><img src=\"https:\/\/www.fraclorraine.org\/wp-content\/uploads\/2022\/08\/EXPO_2019_AMOS-WORLD_5-scaled.jpg\" alt=\"\" class=\"wp-image-610\"\/><figcaption class=\"wp-element-caption\">C\u00e9cile B. Evans, Amos\u2019 World ; Episode 3\n\u00a9 C\u00e9cile B. Evans\n<\/figcaption><\/figure>\n<!-- \/wp:image -->\n\n<!-- wp:image {\"id\":609,\"sizeSlug\":\"large\",\"linkDestination\":\"none\"} -->\n<figure class=\"wp-block-image size-large\"><img src=\"https:\/\/www.fraclorraine.org\/wp-content\/uploads\/2022\/08\/EXPO_2019_AMOS-WORLD_4-scaled.jpg\" alt=\"\" class=\"wp-image-609\"\/><figcaption class=\"wp-element-caption\">C\u00e9cile B. Evans, Amos\u2019 World ; Episode 3\n\u00a9 C\u00e9cile B. Evans<\/figcaption><\/figure>\n<!-- \/wp:image --><\/figure>\n<!-- \/wp:gallery -->","_fr_post_name":"cecile-b-evans","_fr_post_excerpt":"","_fr_post_title":"C\u00e9cile B. Evans","_en_post_content":"<!-- wp:columns -->\n<div class=\"wp-block-columns\"><!-- wp:column -->\n<div class=\"wp-block-column\"><!-- wp:paragraph -->\n<p>\u25cf <a href=\"https:\/\/cecilebevans.com\/\" target=\"_blank\" rel=\"noreferrer noopener\">C\u00e9cile B. Evan<\/a>s, artiste<\/p>\n<!-- \/wp:paragraph -->\n\n<!-- wp:paragraph -->\n<p>Interested in how emotions revolt against any form of oppression, be it ideological, technological, or physical, C\u00e9cile B. Evans develops an art practice that challenges power structures currently dominant in our societies. Come share with the artist your own experience with power and help to expand the scope of her project<\/p>\n<!-- \/wp:paragraph --><\/div>\n<!-- \/wp:column -->\n\n<!-- wp:column -->\n<div class=\"wp-block-column\"><!-- wp:embed {\"url\":\"https:\/\/vimeo.com\/575454908\",\"type\":\"video\",\"providerNameSlug\":\"vimeo\",\"responsive\":true,\"className\":\"wp-embed-aspect-16-9 wp-has-aspect-ratio\"} -->\n<figure class=\"wp-block-embed is-type-video is-provider-vimeo wp-block-embed-vimeo wp-embed-aspect-16-9 wp-has-aspect-ratio\"><div class=\"wp-block-embed__wrapper\">\nhttps:\/\/vimeo.com\/575454908\n<\/div><\/figure>\n<!-- \/wp:embed --><\/div>\n<!-- \/wp:column --><\/div>\n<!-- \/wp:columns -->\n\n<!-- wp:gallery {\"linkTo\":\"none\"} -->\n<figure class=\"wp-block-gallery has-nested-images columns-default is-cropped\"><!-- wp:image {\"id\":606,\"sizeSlug\":\"large\",\"linkDestination\":\"none\"} -->\n<figure class=\"wp-block-image size-large\"><img src=\"https:\/\/www.fraclorraine.org\/wp-content\/uploads\/2022\/08\/EXPO_2019_AMOS-WORLD_1-scaled.jpg\" alt=\"\" class=\"wp-image-606\"\/><figcaption class=\"wp-element-caption\">C\u00e9cile B. Evans, Amos\u2019 World ; Episode 1\n\u00a9 C\u00e9cile B. Evans<\/figcaption><\/figure>\n<!-- \/wp:image -->\n\n<!-- wp:image {\"id\":110,\"sizeSlug\":\"large\",\"linkDestination\":\"none\"} -->\n<figure class=\"wp-block-image size-large\"><img src=\"https:\/\/www.fraclorraine.org\/wp-content\/uploads\/2021\/04\/AMOS-WORLD_10.png\" alt=\"\" class=\"wp-image-110\"\/><\/figure>\n<!-- \/wp:image -->\n\n<!-- wp:image {\"id\":608,\"sizeSlug\":\"large\",\"linkDestination\":\"none\"} -->\n<figure class=\"wp-block-image size-large\"><img src=\"https:\/\/www.fraclorraine.org\/wp-content\/uploads\/2022\/08\/EXPO_2019_AMOS-WORLD_3-scaled.jpg\" alt=\"\" class=\"wp-image-608\"\/><figcaption class=\"wp-element-caption\">C\u00e9cile B. Evans, Amos\u2019 World ; Episode 3\n\u00a9 C\u00e9cile B. Evans\n<\/figcaption><\/figure>\n<!-- \/wp:image -->\n\n<!-- wp:image {\"id\":610,\"sizeSlug\":\"large\",\"linkDestination\":\"none\"} -->\n<figure class=\"wp-block-image size-large\"><img src=\"https:\/\/www.fraclorraine.org\/wp-content\/uploads\/2022\/08\/EXPO_2019_AMOS-WORLD_5-scaled.jpg\" alt=\"\" class=\"wp-image-610\"\/><figcaption class=\"wp-element-caption\">C\u00e9cile B. Evans, Amos\u2019 World ; Episode 3\n\u00a9 C\u00e9cile B. Evans\n<\/figcaption><\/figure>\n<!-- \/wp:image -->\n\n<!-- wp:image {\"id\":609,\"sizeSlug\":\"large\",\"linkDestination\":\"none\"} -->\n<figure class=\"wp-block-image size-large\"><img src=\"https:\/\/www.fraclorraine.org\/wp-content\/uploads\/2022\/08\/EXPO_2019_AMOS-WORLD_4-scaled.jpg\" alt=\"\" class=\"wp-image-609\"\/><figcaption class=\"wp-element-caption\">C\u00e9cile B. Evans, Amos\u2019 World ; Episode 3\n\u00a9 C\u00e9cile B. Evans<\/figcaption><\/figure>\n<!-- \/wp:image --><\/figure>\n<!-- \/wp:gallery -->","_en_post_name":"","_en_post_excerpt":"","_en_post_title":"C\u00e9cile B. Evans","edit_language":"en"},"tags":[100],"event-type":[101],"saison":[47],"lieu":[371],"class_list":["post-983","evenement","type-evenement","status-publish","hentry","tag-rencontre"],"excerpt":{"raw":"","rendered":""},"_links":{"self":[{"href":"https:\/\/www.fraclorraine.org\/en\/wp-json\/wp\/v2\/evenement\/983","targetHints":{"allow":["GET"]}}],"collection":[{"href":"https:\/\/www.fraclorraine.org\/en\/wp-json\/wp\/v2\/evenement"}],"about":[{"href":"https:\/\/www.fraclorraine.org\/en\/wp-json\/wp\/v2\/types\/evenement"}],"wp:attachment":[{"href":"https:\/\/www.fraclorraine.org\/en\/wp-json\/wp\/v2\/media?parent=983"}],"wp:term":[{"taxonomy":"post_tag","embeddable":true,"href":"https:\/\/www.fraclorraine.org\/en\/wp-json\/wp\/v2\/tags?post=983"},{"taxonomy":"event-type","embeddable":true,"href":"https:\/\/www.fraclorraine.org\/en\/wp-json\/wp\/v2\/event-type?post=983"},{"taxonomy":"saison","embeddable":true,"href":"https:\/\/www.fraclorraine.org\/en\/wp-json\/wp\/v2\/saison?post=983"},{"taxonomy":"lieu","embeddable":true,"href":"https:\/\/www.fraclorraine.org\/en\/wp-json\/wp\/v2\/lieu?post=983"}],"curies":[{"name":"wp","href":"https:\/\/api.w.org\/{rel}","templated":true}]}}