{"id":9984,"date":"2026-09-02T17:52:16","date_gmt":"2026-09-02T15:52:16","guid":{"rendered":"https:\/\/www.fraclorraine.org\/?post_type=evenement&#038;p=9984"},"modified":"2026-09-02T17:59:08","modified_gmt":"2026-09-02T15:59:08","slug":"","status":"publish","type":"evenement","link":"https:\/\/www.fraclorraine.org\/en\/evenement\/miss%c2%b7ter-mirabello\/","title":{"rendered":"","raw":""},"content":{"rendered":"","protected":false,"raw":""},"template":"","meta":{"inline_featured_image":false,"_fr_post_content":"<!-- wp:columns -->\n<div class=\"wp-block-columns\"><!-- wp:column -->\n<div class=\"wp-block-column\"><!-- wp:paragraph -->\n<p>\u25cf Avec l\u2019association la Queerdom et un jury de stars<\/p>\n<!-- \/wp:paragraph -->\n\n<!-- wp:paragraph -->\n<p>Cette ann\u00e9e, le Frac Lorraine vous invite \u00e0 l\u2019\u00e9lection de Miss\u00b7ter Mirabello, une \u00e9lection ouverte \u00e0 toustes, 100 % gagnant\u00b7es, co-pens\u00e9e avec le collectif La Queerdom. Cet \u00e9v\u00e9nement sera ouvert \u00e0 participation sur la base d\u2019un appel. Vous pourrez d\u00e9couvrir les candidat\u00b7es et leurs performances lors d\u2019un show ainsi que d\u2019\u00e9changes avec un prestigieux jury.<\/p>\n<!-- \/wp:paragraph -->\n\n<!-- wp:paragraph -->\n<p>--<\/p>\n<!-- \/wp:paragraph -->\n\n<!-- wp:paragraph -->\n<p><em>Gratuit, sur r\u00e9servation pour les candidat\u00b7es et en acc\u00e8s libre pour le public<\/em><\/p>\n<!-- \/wp:paragraph --><\/div>\n<!-- \/wp:column -->\n\n<!-- wp:column -->\n<div class=\"wp-block-column\"><!-- wp:image {\"id\":7808,\"sizeSlug\":\"full\",\"linkDestination\":\"none\"} -->\n<figure class=\"wp-block-image size-full\"><img src=\"https:\/\/www.fraclorraine.org\/wp-content\/uploads\/2023\/07\/PROG_2023_SEPT_JAN_QUEER_PARTY-scaled.jpg\" alt=\"\" class=\"wp-image-7808\"\/><figcaption class=\"wp-element-caption\">Performeur.se PEES. Photo Danae<\/figcaption><\/figure>\n<!-- \/wp:image --><\/div>\n<!-- \/wp:column --><\/div>\n<!-- \/wp:columns -->","_fr_post_name":"miss%c2%b7ter-mirabello","_fr_post_excerpt":"","_fr_post_title":"Miss\u00b7ter Mirabello","_en_post_content":"","_en_post_name":"","_en_post_excerpt":"","_en_post_title":"","edit_language":"en"},"tags":[18,389],"event-type":[88],"saison":[454],"lieu":[371],"class_list":["post-9984","evenement","type-evenement","status-publish","hentry","tag-performance","tag-queer"],"excerpt":{"raw":"","rendered":""},"_links":{"self":[{"href":"https:\/\/www.fraclorraine.org\/en\/wp-json\/wp\/v2\/evenement\/9984","targetHints":{"allow":["GET"]}}],"collection":[{"href":"https:\/\/www.fraclorraine.org\/en\/wp-json\/wp\/v2\/evenement"}],"about":[{"href":"https:\/\/www.fraclorraine.org\/en\/wp-json\/wp\/v2\/types\/evenement"}],"wp:attachment":[{"href":"https:\/\/www.fraclorraine.org\/en\/wp-json\/wp\/v2\/media?parent=9984"}],"wp:term":[{"taxonomy":"post_tag","embeddable":true,"href":"https:\/\/www.fraclorraine.org\/en\/wp-json\/wp\/v2\/tags?post=9984"},{"taxonomy":"event-type","embeddable":true,"href":"https:\/\/www.fraclorraine.org\/en\/wp-json\/wp\/v2\/event-type?post=9984"},{"taxonomy":"saison","embeddable":true,"href":"https:\/\/www.fraclorraine.org\/en\/wp-json\/wp\/v2\/saison?post=9984"},{"taxonomy":"lieu","embeddable":true,"href":"https:\/\/www.fraclorraine.org\/en\/wp-json\/wp\/v2\/lieu?post=9984"}],"curies":[{"name":"wp","href":"https:\/\/api.w.org\/{rel}","templated":true}]}}