{"id":491,"date":"2022-08-30T14:57:47","date_gmt":"2022-08-30T14:57:47","guid":{"rendered":"https:\/\/www.fraclorraine.org\/nouveausite2021\/?post_type=exhibition&#038;p=491"},"modified":"2023-01-12T15:51:05","modified_gmt":"2023-01-12T15:51:05","slug":"","status":"publish","type":"exhibition","link":"https:\/\/www.fraclorraine.org\/en\/exhibition\/degres-est-paul-heintz\/","title":{"rendered":"Degr\u00e9s Est : Paul Heintz","raw":"Degr\u00e9s Est : Paul Heintz"},"content":{"rendered":"\n<div class=\"wp-block-columns is-layout-flex wp-container-core-columns-is-layout-9d6595d7 wp-block-columns-is-layout-flex\">\n<div class=\"wp-block-column is-layout-flow wp-block-column-is-layout-flow\">\n<p>\u25cf The training grounds of Paul Heintz (*1989, Saint-Avold) could be that of an investigator. Combining fiction and the real, the mental image and the archival document, the artist works with installation, film, and sound\u2026 in which the social norms are heckled. A graduate of the Beaux-Arts de Nancy and the Arts D\u00e9coratifs de Paris, Paul Heintz, invited by Fanny Gonella for the seventh iteration of \u201cDegr\u00e9s Est ,\u201d presents a project whose form is the tale of an investigation.<\/p>\n\n\n\n<p>Taking George Orwell\u2019s dystopian novel&nbsp;<em>1984<\/em>&nbsp;as its point of reference, the project is the culmination of an investigation meticulously led by the artist. Accompanied by a detective, Paul Heintz, published a small ad in the English newspaper <em>The Sun<\/em> to find homonyms of the hero of the book, Winston Smith. The artist received responses from forty men, of which six accepted to meet him.<\/p>\n<\/div>\n\n\n\n<div class=\"wp-block-column is-layout-flow wp-block-column-is-layout-flow\">\n<figure class=\"wp-block-image size-large\"><img loading=\"lazy\" decoding=\"async\" width=\"1024\" height=\"683\" src=\"https:\/\/www.fraclorraine.org\/wp-content\/uploads\/2022\/08\/DEGRES-EST_2021_HEINTZ_2-1024x683.jpg\" alt=\"\" class=\"wp-image-493\" srcset=\"https:\/\/www.fraclorraine.org\/wp-content\/uploads\/2022\/08\/DEGRES-EST_2021_HEINTZ_2-1024x683.jpg 1024w, https:\/\/www.fraclorraine.org\/wp-content\/uploads\/2022\/08\/DEGRES-EST_2021_HEINTZ_2-300x200.jpg 300w, https:\/\/www.fraclorraine.org\/wp-content\/uploads\/2022\/08\/DEGRES-EST_2021_HEINTZ_2-768x512.jpg 768w, https:\/\/www.fraclorraine.org\/wp-content\/uploads\/2022\/08\/DEGRES-EST_2021_HEINTZ_2-1536x1024.jpg 1536w, https:\/\/www.fraclorraine.org\/wp-content\/uploads\/2022\/08\/DEGRES-EST_2021_HEINTZ_2-2048x1365.jpg 2048w\" sizes=\"auto, (max-width: 1024px) 100vw, 1024px\" \/><figcaption class=\"wp-element-caption\">Exhibition view <em>Degr\u00e9s Est: Paul Heintz<\/em>, septembre 2021 \u2013 f\u00e9vrier 2022, 49 Nord 6 Est \u2013 Frac Lorraine, Metz. Photo: Fred Dott <\/figcaption><\/figure>\n<\/div>\n<\/div>\n\n\n\n<figure class=\"wp-block-gallery has-nested-images columns-default is-cropped wp-block-gallery-2 is-layout-flex wp-block-gallery-is-layout-flex\">\n<figure class=\"wp-block-image size-large\"><img loading=\"lazy\" decoding=\"async\" width=\"2560\" height=\"1707\" data-id=\"496\" src=\"https:\/\/www.fraclorraine.org\/wp-content\/uploads\/2022\/08\/DEGRES-EST_2021_HEINTZ_5-scaled.jpg\" alt=\"\" class=\"wp-image-496\" srcset=\"https:\/\/www.fraclorraine.org\/wp-content\/uploads\/2022\/08\/DEGRES-EST_2021_HEINTZ_5-scaled.jpg 2560w, https:\/\/www.fraclorraine.org\/wp-content\/uploads\/2022\/08\/DEGRES-EST_2021_HEINTZ_5-300x200.jpg 300w, https:\/\/www.fraclorraine.org\/wp-content\/uploads\/2022\/08\/DEGRES-EST_2021_HEINTZ_5-1024x683.jpg 1024w, https:\/\/www.fraclorraine.org\/wp-content\/uploads\/2022\/08\/DEGRES-EST_2021_HEINTZ_5-768x512.jpg 768w, https:\/\/www.fraclorraine.org\/wp-content\/uploads\/2022\/08\/DEGRES-EST_2021_HEINTZ_5-1536x1024.jpg 1536w, https:\/\/www.fraclorraine.org\/wp-content\/uploads\/2022\/08\/DEGRES-EST_2021_HEINTZ_5-2048x1365.jpg 2048w\" sizes=\"auto, (max-width: 2560px) 100vw, 2560px\" \/><figcaption class=\"wp-element-caption\">Exhibition views <em>Degr\u00e9s Est: Paul Heintz<\/em>, septembre 2021 \u2013 f\u00e9vrier 2022, 49 Nord 6 Est \u2013 Frac Lorraine, Metz. Photos: Fred Dott <\/figcaption><\/figure>\n\n\n\n<figure class=\"wp-block-image size-large\"><img loading=\"lazy\" decoding=\"async\" width=\"2560\" height=\"1706\" data-id=\"495\" src=\"https:\/\/www.fraclorraine.org\/wp-content\/uploads\/2022\/08\/DEGRES-EST_2021_HEINTZ_4-scaled.jpg\" alt=\"\" class=\"wp-image-495\" srcset=\"https:\/\/www.fraclorraine.org\/wp-content\/uploads\/2022\/08\/DEGRES-EST_2021_HEINTZ_4-scaled.jpg 2560w, https:\/\/www.fraclorraine.org\/wp-content\/uploads\/2022\/08\/DEGRES-EST_2021_HEINTZ_4-300x200.jpg 300w, https:\/\/www.fraclorraine.org\/wp-content\/uploads\/2022\/08\/DEGRES-EST_2021_HEINTZ_4-1024x683.jpg 1024w, https:\/\/www.fraclorraine.org\/wp-content\/uploads\/2022\/08\/DEGRES-EST_2021_HEINTZ_4-768x512.jpg 768w, https:\/\/www.fraclorraine.org\/wp-content\/uploads\/2022\/08\/DEGRES-EST_2021_HEINTZ_4-1536x1024.jpg 1536w, https:\/\/www.fraclorraine.org\/wp-content\/uploads\/2022\/08\/DEGRES-EST_2021_HEINTZ_4-2048x1365.jpg 2048w\" sizes=\"auto, (max-width: 2560px) 100vw, 2560px\" \/><figcaption class=\"wp-element-caption\">Exhibition views <em>Degr\u00e9s Est: Paul Heintz<\/em>, septembre 2021 \u2013 f\u00e9vrier 2022, 49 Nord 6 Est \u2013 Frac Lorraine, Metz. Photos: Fred Dott <\/figcaption><\/figure>\n\n\n\n<figure class=\"wp-block-image size-large\"><img loading=\"lazy\" decoding=\"async\" width=\"2560\" height=\"1706\" data-id=\"494\" src=\"https:\/\/www.fraclorraine.org\/wp-content\/uploads\/2022\/08\/DEGRES-EST_2021_HEINTZ_3-scaled.jpg\" alt=\"\" class=\"wp-image-494\" srcset=\"https:\/\/www.fraclorraine.org\/wp-content\/uploads\/2022\/08\/DEGRES-EST_2021_HEINTZ_3-scaled.jpg 2560w, https:\/\/www.fraclorraine.org\/wp-content\/uploads\/2022\/08\/DEGRES-EST_2021_HEINTZ_3-300x200.jpg 300w, https:\/\/www.fraclorraine.org\/wp-content\/uploads\/2022\/08\/DEGRES-EST_2021_HEINTZ_3-1024x683.jpg 1024w, https:\/\/www.fraclorraine.org\/wp-content\/uploads\/2022\/08\/DEGRES-EST_2021_HEINTZ_3-768x512.jpg 768w, https:\/\/www.fraclorraine.org\/wp-content\/uploads\/2022\/08\/DEGRES-EST_2021_HEINTZ_3-1536x1024.jpg 1536w, https:\/\/www.fraclorraine.org\/wp-content\/uploads\/2022\/08\/DEGRES-EST_2021_HEINTZ_3-2048x1365.jpg 2048w\" sizes=\"auto, (max-width: 2560px) 100vw, 2560px\" \/><figcaption class=\"wp-element-caption\">Exhibition views <em>Degr\u00e9s Est: Paul Heintz<\/em>, septembre 2021 \u2013 f\u00e9vrier 2022, 49 Nord 6 Est \u2013 Frac Lorraine, Metz. Photos: Fred Dott <\/figcaption><\/figure>\n\n\n\n<figure class=\"wp-block-image size-large\"><img loading=\"lazy\" decoding=\"async\" width=\"2560\" height=\"1706\" data-id=\"492\" src=\"https:\/\/www.fraclorraine.org\/wp-content\/uploads\/2022\/08\/DEGRES-EST_2021_HEINTZ_1-scaled.jpg\" alt=\"\" class=\"wp-image-492\" srcset=\"https:\/\/www.fraclorraine.org\/wp-content\/uploads\/2022\/08\/DEGRES-EST_2021_HEINTZ_1-scaled.jpg 2560w, https:\/\/www.fraclorraine.org\/wp-content\/uploads\/2022\/08\/DEGRES-EST_2021_HEINTZ_1-300x200.jpg 300w, https:\/\/www.fraclorraine.org\/wp-content\/uploads\/2022\/08\/DEGRES-EST_2021_HEINTZ_1-1024x683.jpg 1024w, https:\/\/www.fraclorraine.org\/wp-content\/uploads\/2022\/08\/DEGRES-EST_2021_HEINTZ_1-768x512.jpg 768w, https:\/\/www.fraclorraine.org\/wp-content\/uploads\/2022\/08\/DEGRES-EST_2021_HEINTZ_1-1536x1024.jpg 1536w, https:\/\/www.fraclorraine.org\/wp-content\/uploads\/2022\/08\/DEGRES-EST_2021_HEINTZ_1-2048x1365.jpg 2048w\" sizes=\"auto, (max-width: 2560px) 100vw, 2560px\" \/><figcaption class=\"wp-element-caption\">Exhibition views <em>Degr\u00e9s Est: Paul Heintz<\/em>, septembre 2021 \u2013 f\u00e9vrier 2022, 49 Nord 6 Est \u2013 Frac Lorraine, Metz. Photos: Fred Dott <\/figcaption><\/figure>\n\n\n\n<figure class=\"wp-block-image size-large\"><img loading=\"lazy\" decoding=\"async\" width=\"2560\" height=\"1707\" data-id=\"350\" src=\"https:\/\/www.fraclorraine.org\/wp-content\/uploads\/2022\/08\/EDITION_2021_DEGRES-EST-HEINTZ_1-scaled.jpg\" alt=\"\" class=\"wp-image-350\" srcset=\"https:\/\/www.fraclorraine.org\/wp-content\/uploads\/2022\/08\/EDITION_2021_DEGRES-EST-HEINTZ_1-scaled.jpg 2560w, https:\/\/www.fraclorraine.org\/wp-content\/uploads\/2022\/08\/EDITION_2021_DEGRES-EST-HEINTZ_1-300x200.jpg 300w, https:\/\/www.fraclorraine.org\/wp-content\/uploads\/2022\/08\/EDITION_2021_DEGRES-EST-HEINTZ_1-1024x683.jpg 1024w, https:\/\/www.fraclorraine.org\/wp-content\/uploads\/2022\/08\/EDITION_2021_DEGRES-EST-HEINTZ_1-768x512.jpg 768w, https:\/\/www.fraclorraine.org\/wp-content\/uploads\/2022\/08\/EDITION_2021_DEGRES-EST-HEINTZ_1-1536x1024.jpg 1536w, https:\/\/www.fraclorraine.org\/wp-content\/uploads\/2022\/08\/EDITION_2021_DEGRES-EST-HEINTZ_1-2048x1365.jpg 2048w\" sizes=\"auto, (max-width: 2560px) 100vw, 2560px\" \/><figcaption class=\"wp-element-caption\">Paul Heintz, Quote Book. Photo: Fred Dott<\/figcaption><\/figure>\n\n\n\n<figure class=\"wp-block-image size-large\"><img loading=\"lazy\" decoding=\"async\" width=\"2560\" height=\"1707\" data-id=\"351\" src=\"https:\/\/www.fraclorraine.org\/wp-content\/uploads\/2022\/08\/EDITION_2021_DEGRES-EST-HEINTZ_2-scaled.jpg\" alt=\"\" class=\"wp-image-351\" srcset=\"https:\/\/www.fraclorraine.org\/wp-content\/uploads\/2022\/08\/EDITION_2021_DEGRES-EST-HEINTZ_2-scaled.jpg 2560w, https:\/\/www.fraclorraine.org\/wp-content\/uploads\/2022\/08\/EDITION_2021_DEGRES-EST-HEINTZ_2-300x200.jpg 300w, https:\/\/www.fraclorraine.org\/wp-content\/uploads\/2022\/08\/EDITION_2021_DEGRES-EST-HEINTZ_2-1024x683.jpg 1024w, https:\/\/www.fraclorraine.org\/wp-content\/uploads\/2022\/08\/EDITION_2021_DEGRES-EST-HEINTZ_2-768x512.jpg 768w, https:\/\/www.fraclorraine.org\/wp-content\/uploads\/2022\/08\/EDITION_2021_DEGRES-EST-HEINTZ_2-1536x1024.jpg 1536w, https:\/\/www.fraclorraine.org\/wp-content\/uploads\/2022\/08\/EDITION_2021_DEGRES-EST-HEINTZ_2-2048x1365.jpg 2048w\" sizes=\"auto, (max-width: 2560px) 100vw, 2560px\" \/><figcaption class=\"wp-element-caption\">Paul Heintz, Quote Book. Photo: Fred Dott<\/figcaption><\/figure>\n<figcaption class=\"blocks-gallery-caption wp-element-caption\">Exhibition views <em>Degr\u00e9s Est: Paul Heintz<\/em>, septembre 2021 \u2013 f\u00e9vrier 2022, 49 Nord 6 Est \u2013 Frac Lorraine, Metz. Photos: Fred Dott <\/figcaption><\/figure>\n\n\n\n<div class=\"wp-block-columns is-layout-flex wp-container-core-columns-is-layout-9d6595d7 wp-block-columns-is-layout-flex\">\n<div class=\"wp-block-column is-layout-flow wp-block-column-is-layout-flow\">\n<figure class=\"wp-block-image\" id=\"block-66f877ee-f20b-4375-b31d-76a905a5e13b\"><img decoding=\"async\" src=\"https:\/\/www.fraclorraine.org\/wp-content\/uploads\/2022\/08\/DEGRES-EST_2021_HEINTZ_6-1024x518.jpg\" alt=\"This image has an empty alt attribute; its file name is DEGRES-EST_2021_HEINTZ_6-1024x518.jpg\"\/><figcaption class=\"wp-element-caption\">Exhibition view <em>Degr\u00e9s Est: Paul Heintz<\/em>, septembre 2021 \u2013 f\u00e9vrier 2022, 49 Nord 6 Est \u2013 Frac Lorraine, Metz. Photo: Fred Dott <\/figcaption><\/figure>\n\n\n\n<figure class=\"wp-block-image size-large\"><img loading=\"lazy\" decoding=\"async\" width=\"1024\" height=\"612\" src=\"https:\/\/www.fraclorraine.org\/wp-content\/uploads\/2022\/09\/PROG_2021_SEPT-FEV_CHARACTER_1-1024x612.png\" alt=\"\" class=\"wp-image-1104\" srcset=\"https:\/\/www.fraclorraine.org\/wp-content\/uploads\/2022\/09\/PROG_2021_SEPT-FEV_CHARACTER_1-1024x612.png 1024w, https:\/\/www.fraclorraine.org\/wp-content\/uploads\/2022\/09\/PROG_2021_SEPT-FEV_CHARACTER_1-300x179.png 300w, https:\/\/www.fraclorraine.org\/wp-content\/uploads\/2022\/09\/PROG_2021_SEPT-FEV_CHARACTER_1-768x459.png 768w, https:\/\/www.fraclorraine.org\/wp-content\/uploads\/2022\/09\/PROG_2021_SEPT-FEV_CHARACTER_1-1536x917.png 1536w, https:\/\/www.fraclorraine.org\/wp-content\/uploads\/2022\/09\/PROG_2021_SEPT-FEV_CHARACTER_1.png 1788w\" sizes=\"auto, (max-width: 1024px) 100vw, 1024px\" \/><figcaption class=\"wp-element-caption\"><em>Character<\/em> \u00a9 Paul Heintz<\/figcaption><\/figure>\n<\/div>\n\n\n\n<div class=\"wp-block-column is-layout-flow wp-block-column-is-layout-flow\">\n<p>The exhibition introduces the research material of the operation, revealing the other side of the set. On a series of mural panels we find, in an index-like approach, a collection of notes, plans, scouting maps, and investigation tools, condensing the working process. Numerous copies of the novel are also shown, redacted by five of the tracked-down Winston Smiths, composing the images of a fantastical storyboard. <br><\/p>\n\n\n\n<p>Finally, a film entitled <em>Character<\/em>, was produced around the orchestrated meetings of these homonymes, who share only the name of a fictional character and a story.<br>In using fiction to deconstruct the work of exploration, Paul Heintz creates a new system of confidence. Through the form of an investigation that puts in place an unreliable sociography, a space open to the noise of the world.<\/p>\n\n\n\n<h3 class=\"wp-block-heading\">\u25cf Paul Heintz<\/h3>\n\n\n\n<p>The work of Paul Heintz has been shown notably at the Ricard Foundation for the cycle \u201cPartitions,\u201d at&nbsp;FID&nbsp;Marseille (2018); at the Salon de Montrouge (2015), at the Nuit Blanche de Paris (2014) etc. He was the recipient of the R\u00e9v\u00e9lation \u00c9merige prize in 2019. In 2021 he will present a solo show at GB Agency (Paris). A book on the project is being published with GB Agency (Paris) and \u00c9ditions Extensibles.<\/p>\n<\/div>\n<\/div>\n\n\n\n<p><\/p>\n","protected":false,"raw":"<!-- wp:columns -->\n<div class=\"wp-block-columns\"><!-- wp:column -->\n<div class=\"wp-block-column\"><!-- wp:paragraph -->\n<p>\u25cf The training grounds of Paul Heintz (*1989, Saint-Avold) could be that of an investigator. Combining fiction and the real, the mental image and the archival document, the artist works with installation, film, and sound\u2026 in which the social norms are heckled. A graduate of the Beaux-Arts de Nancy and the Arts D\u00e9coratifs de Paris, Paul Heintz, invited by Fanny Gonella for the seventh iteration of \u201cDegr\u00e9s Est ,\u201d presents a project whose form is the tale of an investigation.<\/p>\n<!-- \/wp:paragraph -->\n\n<!-- wp:paragraph -->\n<p>Taking George Orwell\u2019s dystopian novel&nbsp;<em>1984<\/em>&nbsp;as its point of reference, the project is the culmination of an investigation meticulously led by the artist. Accompanied by a detective, Paul Heintz, published a small ad in the English newspaper <em>The Sun<\/em> to find homonyms of the hero of the book, Winston Smith. The artist received responses from forty men, of which six accepted to meet him.<\/p>\n<!-- \/wp:paragraph --><\/div>\n<!-- \/wp:column -->\n\n<!-- wp:column -->\n<div class=\"wp-block-column\"><!-- wp:image {\"id\":493,\"sizeSlug\":\"large\",\"linkDestination\":\"none\"} -->\n<figure class=\"wp-block-image size-large\"><img src=\"https:\/\/www.fraclorraine.org\/wp-content\/uploads\/2022\/08\/DEGRES-EST_2021_HEINTZ_2-1024x683.jpg\" alt=\"\" class=\"wp-image-493\"\/><figcaption class=\"wp-element-caption\">Exhibition view <em>Degr\u00e9s Est: Paul Heintz<\/em>, septembre 2021 \u2013 f\u00e9vrier 2022, 49 Nord 6 Est \u2013 Frac Lorraine, Metz. Photo: Fred Dott <\/figcaption><\/figure>\n<!-- \/wp:image --><\/div>\n<!-- \/wp:column --><\/div>\n<!-- \/wp:columns -->\n\n<!-- wp:gallery {\"linkTo\":\"none\"} -->\n<figure class=\"wp-block-gallery has-nested-images columns-default is-cropped\"><!-- wp:image {\"id\":496,\"sizeSlug\":\"large\",\"linkDestination\":\"none\"} -->\n<figure class=\"wp-block-image size-large\"><img src=\"https:\/\/www.fraclorraine.org\/wp-content\/uploads\/2022\/08\/DEGRES-EST_2021_HEINTZ_5-scaled.jpg\" alt=\"\" class=\"wp-image-496\"\/><figcaption class=\"wp-element-caption\">Exhibition views <em>Degr\u00e9s Est: Paul Heintz<\/em>, septembre 2021 \u2013 f\u00e9vrier 2022, 49 Nord 6 Est \u2013 Frac Lorraine, Metz. Photos: Fred Dott <\/figcaption><\/figure>\n<!-- \/wp:image -->\n\n<!-- wp:image {\"id\":495,\"sizeSlug\":\"large\",\"linkDestination\":\"none\"} -->\n<figure class=\"wp-block-image size-large\"><img src=\"https:\/\/www.fraclorraine.org\/wp-content\/uploads\/2022\/08\/DEGRES-EST_2021_HEINTZ_4-scaled.jpg\" alt=\"\" class=\"wp-image-495\"\/><figcaption class=\"wp-element-caption\">Exhibition views <em>Degr\u00e9s Est: Paul Heintz<\/em>, septembre 2021 \u2013 f\u00e9vrier 2022, 49 Nord 6 Est \u2013 Frac Lorraine, Metz. Photos: Fred Dott <\/figcaption><\/figure>\n<!-- \/wp:image -->\n\n<!-- wp:image {\"id\":494,\"sizeSlug\":\"large\",\"linkDestination\":\"none\"} -->\n<figure class=\"wp-block-image size-large\"><img src=\"https:\/\/www.fraclorraine.org\/wp-content\/uploads\/2022\/08\/DEGRES-EST_2021_HEINTZ_3-scaled.jpg\" alt=\"\" class=\"wp-image-494\"\/><figcaption class=\"wp-element-caption\">Exhibition views <em>Degr\u00e9s Est: Paul Heintz<\/em>, septembre 2021 \u2013 f\u00e9vrier 2022, 49 Nord 6 Est \u2013 Frac Lorraine, Metz. Photos: Fred Dott <\/figcaption><\/figure>\n<!-- \/wp:image -->\n\n<!-- wp:image {\"id\":492,\"sizeSlug\":\"large\",\"linkDestination\":\"none\"} -->\n<figure class=\"wp-block-image size-large\"><img src=\"https:\/\/www.fraclorraine.org\/wp-content\/uploads\/2022\/08\/DEGRES-EST_2021_HEINTZ_1-scaled.jpg\" alt=\"\" class=\"wp-image-492\"\/><figcaption class=\"wp-element-caption\">Exhibition views <em>Degr\u00e9s Est: Paul Heintz<\/em>, septembre 2021 \u2013 f\u00e9vrier 2022, 49 Nord 6 Est \u2013 Frac Lorraine, Metz. Photos: Fred Dott <\/figcaption><\/figure>\n<!-- \/wp:image -->\n\n<!-- wp:image {\"id\":350,\"sizeSlug\":\"large\",\"linkDestination\":\"none\"} -->\n<figure class=\"wp-block-image size-large\"><img src=\"https:\/\/www.fraclorraine.org\/wp-content\/uploads\/2022\/08\/EDITION_2021_DEGRES-EST-HEINTZ_1-scaled.jpg\" alt=\"\" class=\"wp-image-350\"\/><figcaption class=\"wp-element-caption\">Paul Heintz, Quote Book. Photo: Fred Dott<\/figcaption><\/figure>\n<!-- \/wp:image -->\n\n<!-- wp:image {\"id\":351,\"sizeSlug\":\"large\",\"linkDestination\":\"none\"} -->\n<figure class=\"wp-block-image size-large\"><img src=\"https:\/\/www.fraclorraine.org\/wp-content\/uploads\/2022\/08\/EDITION_2021_DEGRES-EST-HEINTZ_2-scaled.jpg\" alt=\"\" class=\"wp-image-351\"\/><figcaption class=\"wp-element-caption\">Paul Heintz, Quote Book. Photo: Fred Dott<\/figcaption><\/figure>\n<!-- \/wp:image --><figcaption class=\"blocks-gallery-caption wp-element-caption\">Exhibition views <em>Degr\u00e9s Est: Paul Heintz<\/em>, septembre 2021 \u2013 f\u00e9vrier 2022, 49 Nord 6 Est \u2013 Frac Lorraine, Metz. Photos: Fred Dott <\/figcaption><\/figure>\n<!-- \/wp:gallery -->\n\n<!-- wp:columns -->\n<div class=\"wp-block-columns\"><!-- wp:column -->\n<div class=\"wp-block-column\"><!-- wp:image -->\n<figure class=\"wp-block-image\" id=\"block-66f877ee-f20b-4375-b31d-76a905a5e13b\"><img src=\"https:\/\/www.fraclorraine.org\/wp-content\/uploads\/2022\/08\/DEGRES-EST_2021_HEINTZ_6-1024x518.jpg\" alt=\"This image has an empty alt attribute; its file name is DEGRES-EST_2021_HEINTZ_6-1024x518.jpg\"\/><figcaption class=\"wp-element-caption\">Exhibition view <em>Degr\u00e9s Est: Paul Heintz<\/em>, septembre 2021 \u2013 f\u00e9vrier 2022, 49 Nord 6 Est \u2013 Frac Lorraine, Metz. Photo: Fred Dott <\/figcaption><\/figure>\n<!-- \/wp:image -->\n\n<!-- wp:image {\"id\":1104,\"sizeSlug\":\"large\",\"linkDestination\":\"none\"} -->\n<figure class=\"wp-block-image size-large\"><img src=\"https:\/\/www.fraclorraine.org\/wp-content\/uploads\/2022\/09\/PROG_2021_SEPT-FEV_CHARACTER_1-1024x612.png\" alt=\"\" class=\"wp-image-1104\"\/><figcaption class=\"wp-element-caption\"><em>Character<\/em> \u00a9 Paul Heintz<\/figcaption><\/figure>\n<!-- \/wp:image --><\/div>\n<!-- \/wp:column -->\n\n<!-- wp:column -->\n<div class=\"wp-block-column\"><!-- wp:paragraph -->\n<p>The exhibition introduces the research material of the operation, revealing the other side of the set. On a series of mural panels we find, in an index-like approach, a collection of notes, plans, scouting maps, and investigation tools, condensing the working process. Numerous copies of the novel are also shown, redacted by five of the tracked-down Winston Smiths, composing the images of a fantastical storyboard. <br><\/p>\n<!-- \/wp:paragraph -->\n\n<!-- wp:paragraph -->\n<p>Finally, a film entitled <em>Character<\/em>, was produced around the orchestrated meetings of these homonymes, who share only the name of a fictional character and a story.<br>In using fiction to deconstruct the work of exploration, Paul Heintz creates a new system of confidence. Through the form of an investigation that puts in place an unreliable sociography, a space open to the noise of the world.<\/p>\n<!-- \/wp:paragraph -->\n\n<!-- wp:heading {\"level\":3} -->\n<h3>\u25cf Paul Heintz<\/h3>\n<!-- \/wp:heading -->\n\n<!-- wp:paragraph -->\n<p>The work of Paul Heintz has been shown notably at the Ricard Foundation for the cycle \u201cPartitions,\u201d at&nbsp;FID&nbsp;Marseille (2018); at the Salon de Montrouge (2015), at the Nuit Blanche de Paris (2014) etc. He was the recipient of the R\u00e9v\u00e9lation \u00c9merige prize in 2019. In 2021 he will present a solo show at GB Agency (Paris). A book on the project is being published with GB Agency (Paris) and \u00c9ditions Extensibles.<\/p>\n<!-- \/wp:paragraph --><\/div>\n<!-- \/wp:column --><\/div>\n<!-- \/wp:columns -->\n\n<!-- wp:paragraph -->\n<p><\/p>\n<!-- \/wp:paragraph -->"},"template":"","meta":{"inline_featured_image":false,"_fr_post_content":"<!-- wp:columns -->\n<div class=\"wp-block-columns\"><!-- wp:column -->\n<div class=\"wp-block-column\"><!-- wp:paragraph -->\n<p>\u25cf La proposition de Paul Heintz enrichit la programmation de l\u2019espace prospectif Degr\u00e9s Est, centr\u00e9 sur les artistes li\u00e9s au territoire du Grand Est. Activ\u00e9 par des propositions des trois&nbsp;FRAC&nbsp;du Grand Est, il introduit \u00e0 la diversit\u00e9 des pratiques artistiques actuelles, et souligne l\u2019engagement du Frac \u00e0 faire appara\u00eetre la pluralit\u00e9 au sein de la cr\u00e9ation contemporaine.<\/p>\n<!-- \/wp:paragraph -->\n\n<!-- wp:paragraph -->\n<p>Un carnet de notes en \u00e9dition limit\u00e9e est produit \u00e0 l\u2019occasion, accompagnant la sortie du livre&nbsp;<em>CHARACTER<\/em>&nbsp;aux \u00e9ditions Extensibles.<\/p>\n<!-- \/wp:paragraph -->\n\n<!-- wp:paragraph -->\n<p>Le terrain d\u2019exercice de Paul Heintz (*1989, Saint-Avold) pourrait \u00eatre celui d\u2019un enqu\u00eateur. Combinant la fiction au r\u00e9el, l\u2019image mentale au document d\u2019archive, l\u2019artiste travaille l\u2019installation, le film, l\u2019\u0153uvre sonore\u2026 dans lesquelles les normes sociales sont chahut\u00e9es. <\/p>\n<!-- \/wp:paragraph --><\/div>\n<!-- \/wp:column -->\n\n<!-- wp:column -->\n<div class=\"wp-block-column\"><!-- wp:image {\"id\":493,\"sizeSlug\":\"large\",\"linkDestination\":\"none\"} -->\n<figure class=\"wp-block-image size-large\"><img src=\"https:\/\/www.fraclorraine.org\/wp-content\/uploads\/2022\/08\/DEGRES-EST_2021_HEINTZ_2-1024x683.jpg\" alt=\"\" class=\"wp-image-493\"\/><figcaption class=\"wp-element-caption\">Vue d\u2019exposition<em> Degr\u00e9s Est : Paul Heintz<\/em>, sept 2021 \u2013 f\u00e9v 2022, 49 Nord 6 Est \u2013 Frac Lorraine, Metz. Photo : Fred Dott <\/figcaption><\/figure>\n<!-- \/wp:image --><\/div>\n<!-- \/wp:column --><\/div>\n<!-- \/wp:columns -->\n\n<!-- wp:gallery {\"linkTo\":\"none\"} -->\n<figure class=\"wp-block-gallery has-nested-images columns-default is-cropped\"><!-- wp:image {\"id\":496,\"sizeSlug\":\"large\",\"linkDestination\":\"none\"} -->\n<figure class=\"wp-block-image size-large\"><img src=\"https:\/\/www.fraclorraine.org\/wp-content\/uploads\/2022\/08\/DEGRES-EST_2021_HEINTZ_5-scaled.jpg\" alt=\"\" class=\"wp-image-496\"\/><figcaption class=\"wp-element-caption\">Vues d\u2019exposition<em> Degr\u00e9s Est : Paul Heintz<\/em>, sept 2021 \u2013 f\u00e9v 2022, 49 Nord 6 Est \u2013 Frac Lorraine, Metz. Photos : Fred Dott <\/figcaption><\/figure>\n<!-- \/wp:image -->\n\n<!-- wp:image {\"id\":495,\"sizeSlug\":\"large\",\"linkDestination\":\"none\"} -->\n<figure class=\"wp-block-image size-large\"><img src=\"https:\/\/www.fraclorraine.org\/wp-content\/uploads\/2022\/08\/DEGRES-EST_2021_HEINTZ_4-scaled.jpg\" alt=\"\" class=\"wp-image-495\"\/><figcaption class=\"wp-element-caption\">Vues d\u2019exposition<em> Degr\u00e9s Est : Paul Heintz<\/em>, sept 2021 \u2013 f\u00e9v 2022, 49 Nord 6 Est \u2013 Frac Lorraine, Metz. Photos : Fred Dott <\/figcaption><\/figure>\n<!-- \/wp:image -->\n\n<!-- wp:image {\"id\":494,\"sizeSlug\":\"large\",\"linkDestination\":\"none\"} -->\n<figure class=\"wp-block-image size-large\"><img src=\"https:\/\/www.fraclorraine.org\/wp-content\/uploads\/2022\/08\/DEGRES-EST_2021_HEINTZ_3-scaled.jpg\" alt=\"\" class=\"wp-image-494\"\/><figcaption class=\"wp-element-caption\">Vues d\u2019exposition<em> Degr\u00e9s Est : Paul Heintz<\/em>, sept 2021 \u2013 f\u00e9v 2022, 49 Nord 6 Est \u2013 Frac Lorraine, Metz. Photos : Fred Dott <\/figcaption><\/figure>\n<!-- \/wp:image -->\n\n<!-- wp:image {\"id\":492,\"sizeSlug\":\"large\",\"linkDestination\":\"none\"} -->\n<figure class=\"wp-block-image size-large\"><img src=\"https:\/\/www.fraclorraine.org\/wp-content\/uploads\/2022\/08\/DEGRES-EST_2021_HEINTZ_1-scaled.jpg\" alt=\"\" class=\"wp-image-492\"\/><figcaption class=\"wp-element-caption\">Vues d\u2019exposition<em> Degr\u00e9s Est : Paul Heintz<\/em>, sept 2021 \u2013 f\u00e9v 2022, 49 Nord 6 Est \u2013 Frac Lorraine, Metz. Photos : Fred Dott <\/figcaption><\/figure>\n<!-- \/wp:image -->\n\n<!-- wp:image {\"id\":350,\"sizeSlug\":\"large\",\"linkDestination\":\"none\"} -->\n<figure class=\"wp-block-image size-large\"><img src=\"https:\/\/www.fraclorraine.org\/wp-content\/uploads\/2022\/08\/EDITION_2021_DEGRES-EST-HEINTZ_1-scaled.jpg\" alt=\"\" class=\"wp-image-350\"\/><figcaption class=\"wp-element-caption\">Paul Heintz, Quote Book. Photo: Fred Dott<\/figcaption><\/figure>\n<!-- \/wp:image -->\n\n<!-- wp:image {\"id\":351,\"sizeSlug\":\"large\",\"linkDestination\":\"none\"} -->\n<figure class=\"wp-block-image size-large\"><img src=\"https:\/\/www.fraclorraine.org\/wp-content\/uploads\/2022\/08\/EDITION_2021_DEGRES-EST-HEINTZ_2-scaled.jpg\" alt=\"\" class=\"wp-image-351\"\/><figcaption class=\"wp-element-caption\">Paul Heintz, Quote Book. Photo: Fred Dott<\/figcaption><\/figure>\n<!-- \/wp:image --><figcaption class=\"blocks-gallery-caption wp-element-caption\">Vues d\u2019exposition<em> Degr\u00e9s Est : Paul Heintz<\/em>, sept 2021 \u2013 f\u00e9v 2022, 49 Nord 6 Est \u2013 Frac Lorraine, Metz. Photos : Fred Dott <\/figcaption><\/figure>\n<!-- \/wp:gallery -->\n\n<!-- wp:columns -->\n<div class=\"wp-block-columns\"><!-- wp:column -->\n<div class=\"wp-block-column\"><!-- wp:image {\"id\":497,\"sizeSlug\":\"large\",\"linkDestination\":\"none\"} -->\n<figure class=\"wp-block-image size-large\"><img src=\"https:\/\/www.fraclorraine.org\/wp-content\/uploads\/2022\/08\/DEGRES-EST_2021_HEINTZ_6-1024x518.jpg\" alt=\"\" class=\"wp-image-497\"\/><\/figure>\n<!-- \/wp:image -->\n\n<!-- wp:image {\"id\":3531,\"sizeSlug\":\"large\",\"linkDestination\":\"none\"} -->\n<figure class=\"wp-block-image size-large\"><img src=\"https:\/\/www.fraclorraine.org\/wp-content\/uploads\/2022\/10\/DEGRES-EST_2021_HEINTZ_7-1024x683.jpg\" alt=\"\" class=\"wp-image-3531\"\/><figcaption class=\"wp-element-caption\">Vues d\u2019exposition<em> Degr\u00e9s Est : Paul Heintz<\/em>, sept 2021 \u2013 f\u00e9v 2022, 49 Nord 6 Est \u2013 Frac Lorraine, Metz. Photos : Fred Dott <\/figcaption><\/figure>\n<!-- \/wp:image -->\n\n<!-- wp:image {\"id\":1104,\"sizeSlug\":\"large\",\"linkDestination\":\"none\"} -->\n<figure class=\"wp-block-image size-large\"><img src=\"https:\/\/www.fraclorraine.org\/wp-content\/uploads\/2022\/09\/PROG_2021_SEPT-FEV_CHARACTER_1-1024x612.png\" alt=\"\" class=\"wp-image-1104\"\/><figcaption class=\"wp-element-caption\">Character \u00a9 Paul Heintz<\/figcaption><\/figure>\n<!-- \/wp:image --><\/div>\n<!-- \/wp:column -->\n\n<!-- wp:column -->\n<div class=\"wp-block-column\"><!-- wp:paragraph -->\n<p>Dipl\u00f4m\u00e9 des Beaux-Arts de Nancy et des Arts D\u00e9coratifs de Paris, Paul Heintz, invit\u00e9 par Fanny Gonella comme septi\u00e8me occurrence de Degr\u00e9s Est, pr\u00e9sente un projet dont la forme est le r\u00e9cit d\u2019investigation.<\/p>\n<!-- \/wp:paragraph -->\n\n<!-- wp:paragraph -->\n<p>Prenant pour point d\u2019appui le roman dystopique&nbsp;<em>1984<\/em>&nbsp;de George Orwell, le projet r\u00e9sulte d\u2019un travail d\u2019enqu\u00eate minutieusement men\u00e9 par l\u2019artiste. Accompagn\u00e9 d\u2019un d\u00e9tective, Paul Heintz publie une petite annonce dans le quotidien anglais <em>The Sun<\/em> pour trouver des homonymes du h\u00e9ros du livre, Winston Smith. L\u2019artiste re\u00e7oit r\u00e9ponse de quarante hommes, six acceptent de le rencontrer. <\/p>\n<!-- \/wp:paragraph -->\n\n<!-- wp:paragraph -->\n<p>L\u2019exposition introduit le mat\u00e9riel de recherche de l\u2019op\u00e9ration, faisant appara\u00eetre l\u2019envers du d\u00e9cor. Sur une s\u00e9rie de panneaux muraux figurent ainsi, de mani\u00e8re indicielle, un ensemble de notes, plans, cartes de rep\u00e9rages et outils d\u2018enqu\u00eate, condensant le processus de travail. Sont expos\u00e9s aussi plusieurs exemplaires du roman, caviard\u00e9s par cinq des Winston Smith rencontr\u00e9s, \u00e9crivant les images d\u2019un storyboard fantasm\u00e9. <br><br>Enfin un film, <em>Character<\/em>, a \u00e9t\u00e9 r\u00e9alis\u00e9 \u00e0 partir de la rencontre orchestr\u00e9e de ces homonymes, qui ne partagent qu\u2019un nom de personnage fictif et un r\u00e9cit.<br>En d\u00e9construisant par la fiction le travail d\u2019exploration, Paul Heintz cr\u00e9e un nouveau dispositif de la confidence. \u00c0 travers la forme de l\u2019enqu\u00eate se met en place une sociographie hasardeuse, un espace ouvert au bruit du monde.<\/p>\n<!-- \/wp:paragraph -->\n\n<!-- wp:paragraph -->\n<p>Le travail de Paul Heintz a \u00e9t\u00e9 pr\u00e9sent\u00e9 notamment \u00e0 la Fondation Ricard pour le cycle \u00ab Partitions \u00bb, au&nbsp;FID&nbsp;Marseille (2018) ; au Salon de Montrouge (2015), \u00e0 la Nuit Blanche de Paris (2014) etc. Il est laur\u00e9at du prix R\u00e9v\u00e9lation \u00c9merige en 2019. En 2021 il pr\u00e9sente une exposition personnelle chez GB Agency (Paris). Un livre sur le projet est publi\u00e9 avec GB Agency (Paris), aux \u00c9ditions Extensibles.<\/p>\n<!-- \/wp:paragraph -->\n\n<!-- wp:paragraph -->\n<p><em>CHARACTER<\/em>&nbsp;(50 mns) est projet\u00e9 en salle de conf\u00e9rence (premier \u00e9tage du Frac) chaque premier dimanche du mois \u00e0 17h.<br><\/p>\n<!-- \/wp:paragraph --><\/div>\n<!-- \/wp:column --><\/div>\n<!-- \/wp:columns -->","_fr_post_name":"degres-est-paul-heintz","_fr_post_excerpt":"","_fr_post_title":"Degr\u00e9s Est : Paul Heintz\ufffc","_en_post_content":"<!-- wp:columns -->\n<div class=\"wp-block-columns\"><!-- wp:column -->\n<div class=\"wp-block-column\"><!-- wp:paragraph -->\n<p>\u25cf The training grounds of Paul Heintz (*1989, Saint-Avold) could be that of an investigator. Combining fiction and the real, the mental image and the archival document, the artist works with installation, film, and sound\u2026 in which the social norms are heckled. A graduate of the Beaux-Arts de Nancy and the Arts D\u00e9coratifs de Paris, Paul Heintz, invited by Fanny Gonella for the seventh iteration of \u201cDegr\u00e9s Est ,\u201d presents a project whose form is the tale of an investigation.<\/p>\n<!-- \/wp:paragraph -->\n\n<!-- wp:paragraph -->\n<p>Taking George Orwell\u2019s dystopian novel&nbsp;<em>1984<\/em>&nbsp;as its point of reference, the project is the culmination of an investigation meticulously led by the artist. Accompanied by a detective, Paul Heintz, published a small ad in the English newspaper <em>The Sun<\/em> to find homonyms of the hero of the book, Winston Smith. The artist received responses from forty men, of which six accepted to meet him.<\/p>\n<!-- \/wp:paragraph --><\/div>\n<!-- \/wp:column -->\n\n<!-- wp:column -->\n<div class=\"wp-block-column\"><!-- wp:image {\"id\":493,\"sizeSlug\":\"large\",\"linkDestination\":\"none\"} -->\n<figure class=\"wp-block-image size-large\"><img src=\"https:\/\/www.fraclorraine.org\/wp-content\/uploads\/2022\/08\/DEGRES-EST_2021_HEINTZ_2-1024x683.jpg\" alt=\"\" class=\"wp-image-493\"\/><figcaption class=\"wp-element-caption\">Exhibition view <em>Degr\u00e9s Est: Paul Heintz<\/em>, septembre 2021 \u2013 f\u00e9vrier 2022, 49 Nord 6 Est \u2013 Frac Lorraine, Metz. Photo: Fred Dott <\/figcaption><\/figure>\n<!-- \/wp:image --><\/div>\n<!-- \/wp:column --><\/div>\n<!-- \/wp:columns -->\n\n<!-- wp:gallery {\"linkTo\":\"none\"} -->\n<figure class=\"wp-block-gallery has-nested-images columns-default is-cropped\"><!-- wp:image {\"id\":496,\"sizeSlug\":\"large\",\"linkDestination\":\"none\"} -->\n<figure class=\"wp-block-image size-large\"><img src=\"https:\/\/www.fraclorraine.org\/wp-content\/uploads\/2022\/08\/DEGRES-EST_2021_HEINTZ_5-scaled.jpg\" alt=\"\" class=\"wp-image-496\"\/><figcaption class=\"wp-element-caption\">Exhibition views <em>Degr\u00e9s Est: Paul Heintz<\/em>, septembre 2021 \u2013 f\u00e9vrier 2022, 49 Nord 6 Est \u2013 Frac Lorraine, Metz. Photos: Fred Dott <\/figcaption><\/figure>\n<!-- \/wp:image -->\n\n<!-- wp:image {\"id\":495,\"sizeSlug\":\"large\",\"linkDestination\":\"none\"} -->\n<figure class=\"wp-block-image size-large\"><img src=\"https:\/\/www.fraclorraine.org\/wp-content\/uploads\/2022\/08\/DEGRES-EST_2021_HEINTZ_4-scaled.jpg\" alt=\"\" class=\"wp-image-495\"\/><figcaption class=\"wp-element-caption\">Exhibition views <em>Degr\u00e9s Est: Paul Heintz<\/em>, septembre 2021 \u2013 f\u00e9vrier 2022, 49 Nord 6 Est \u2013 Frac Lorraine, Metz. Photos: Fred Dott <\/figcaption><\/figure>\n<!-- \/wp:image -->\n\n<!-- wp:image {\"id\":494,\"sizeSlug\":\"large\",\"linkDestination\":\"none\"} -->\n<figure class=\"wp-block-image size-large\"><img src=\"https:\/\/www.fraclorraine.org\/wp-content\/uploads\/2022\/08\/DEGRES-EST_2021_HEINTZ_3-scaled.jpg\" alt=\"\" class=\"wp-image-494\"\/><figcaption class=\"wp-element-caption\">Exhibition views <em>Degr\u00e9s Est: Paul Heintz<\/em>, septembre 2021 \u2013 f\u00e9vrier 2022, 49 Nord 6 Est \u2013 Frac Lorraine, Metz. Photos: Fred Dott <\/figcaption><\/figure>\n<!-- \/wp:image -->\n\n<!-- wp:image {\"id\":492,\"sizeSlug\":\"large\",\"linkDestination\":\"none\"} -->\n<figure class=\"wp-block-image size-large\"><img src=\"https:\/\/www.fraclorraine.org\/wp-content\/uploads\/2022\/08\/DEGRES-EST_2021_HEINTZ_1-scaled.jpg\" alt=\"\" class=\"wp-image-492\"\/><figcaption class=\"wp-element-caption\">Exhibition views <em>Degr\u00e9s Est: Paul Heintz<\/em>, septembre 2021 \u2013 f\u00e9vrier 2022, 49 Nord 6 Est \u2013 Frac Lorraine, Metz. Photos: Fred Dott <\/figcaption><\/figure>\n<!-- \/wp:image -->\n\n<!-- wp:image {\"id\":350,\"sizeSlug\":\"large\",\"linkDestination\":\"none\"} -->\n<figure class=\"wp-block-image size-large\"><img src=\"https:\/\/www.fraclorraine.org\/wp-content\/uploads\/2022\/08\/EDITION_2021_DEGRES-EST-HEINTZ_1-scaled.jpg\" alt=\"\" class=\"wp-image-350\"\/><figcaption class=\"wp-element-caption\">Paul Heintz, Quote Book. Photo: Fred Dott<\/figcaption><\/figure>\n<!-- \/wp:image -->\n\n<!-- wp:image {\"id\":351,\"sizeSlug\":\"large\",\"linkDestination\":\"none\"} -->\n<figure class=\"wp-block-image size-large\"><img src=\"https:\/\/www.fraclorraine.org\/wp-content\/uploads\/2022\/08\/EDITION_2021_DEGRES-EST-HEINTZ_2-scaled.jpg\" alt=\"\" class=\"wp-image-351\"\/><figcaption class=\"wp-element-caption\">Paul Heintz, Quote Book. Photo: Fred Dott<\/figcaption><\/figure>\n<!-- \/wp:image --><figcaption class=\"blocks-gallery-caption wp-element-caption\">Exhibition views <em>Degr\u00e9s Est: Paul Heintz<\/em>, septembre 2021 \u2013 f\u00e9vrier 2022, 49 Nord 6 Est \u2013 Frac Lorraine, Metz. Photos: Fred Dott <\/figcaption><\/figure>\n<!-- \/wp:gallery -->\n\n<!-- wp:columns -->\n<div class=\"wp-block-columns\"><!-- wp:column -->\n<div class=\"wp-block-column\"><!-- wp:image -->\n<figure class=\"wp-block-image\" id=\"block-66f877ee-f20b-4375-b31d-76a905a5e13b\"><img src=\"https:\/\/www.fraclorraine.org\/wp-content\/uploads\/2022\/08\/DEGRES-EST_2021_HEINTZ_6-1024x518.jpg\" alt=\"This image has an empty alt attribute; its file name is DEGRES-EST_2021_HEINTZ_6-1024x518.jpg\"\/><figcaption class=\"wp-element-caption\">Exhibition view <em>Degr\u00e9s Est: Paul Heintz<\/em>, septembre 2021 \u2013 f\u00e9vrier 2022, 49 Nord 6 Est \u2013 Frac Lorraine, Metz. Photo: Fred Dott <\/figcaption><\/figure>\n<!-- \/wp:image -->\n\n<!-- wp:image {\"id\":1104,\"sizeSlug\":\"large\",\"linkDestination\":\"none\"} -->\n<figure class=\"wp-block-image size-large\"><img src=\"https:\/\/www.fraclorraine.org\/wp-content\/uploads\/2022\/09\/PROG_2021_SEPT-FEV_CHARACTER_1-1024x612.png\" alt=\"\" class=\"wp-image-1104\"\/><figcaption class=\"wp-element-caption\"><em>Character<\/em> \u00a9 Paul Heintz<\/figcaption><\/figure>\n<!-- \/wp:image --><\/div>\n<!-- \/wp:column -->\n\n<!-- wp:column -->\n<div class=\"wp-block-column\"><!-- wp:paragraph -->\n<p>The exhibition introduces the research material of the operation, revealing the other side of the set. On a series of mural panels we find, in an index-like approach, a collection of notes, plans, scouting maps, and investigation tools, condensing the working process. Numerous copies of the novel are also shown, redacted by five of the tracked-down Winston Smiths, composing the images of a fantastical storyboard. <br><\/p>\n<!-- \/wp:paragraph -->\n\n<!-- wp:paragraph -->\n<p>Finally, a film entitled <em>Character<\/em>, was produced around the orchestrated meetings of these homonymes, who share only the name of a fictional character and a story.<br>In using fiction to deconstruct the work of exploration, Paul Heintz creates a new system of confidence. Through the form of an investigation that puts in place an unreliable sociography, a space open to the noise of the world.<\/p>\n<!-- \/wp:paragraph -->\n\n<!-- wp:heading {\"level\":3} -->\n<h3>\u25cf Paul Heintz<\/h3>\n<!-- \/wp:heading -->\n\n<!-- wp:paragraph -->\n<p>The work of Paul Heintz has been shown notably at the Ricard Foundation for the cycle \u201cPartitions,\u201d at&nbsp;FID&nbsp;Marseille (2018); at the Salon de Montrouge (2015), at the Nuit Blanche de Paris (2014) etc. He was the recipient of the R\u00e9v\u00e9lation \u00c9merige prize in 2019. In 2021 he will present a solo show at GB Agency (Paris). A book on the project is being published with GB Agency (Paris) and \u00c9ditions Extensibles.<\/p>\n<!-- \/wp:paragraph --><\/div>\n<!-- \/wp:column --><\/div>\n<!-- \/wp:columns -->\n\n<!-- wp:paragraph -->\n<p><\/p>\n<!-- \/wp:paragraph -->","_en_post_name":"","_en_post_excerpt":"","_en_post_title":"Degr\u00e9s Est : Paul Heintz","edit_language":"en"},"tags":[33,7],"event-type":[30],"saison":[45],"lieu":[371],"class_list":["post-491","exhibition","type-exhibition","status-publish","hentry","tag-degres-est","tag-exposition"],"excerpt":{"raw":"","rendered":""},"_links":{"self":[{"href":"https:\/\/www.fraclorraine.org\/en\/wp-json\/wp\/v2\/exhibition\/491","targetHints":{"allow":["GET"]}}],"collection":[{"href":"https:\/\/www.fraclorraine.org\/en\/wp-json\/wp\/v2\/exhibition"}],"about":[{"href":"https:\/\/www.fraclorraine.org\/en\/wp-json\/wp\/v2\/types\/exhibition"}],"wp:attachment":[{"href":"https:\/\/www.fraclorraine.org\/en\/wp-json\/wp\/v2\/media?parent=491"}],"wp:term":[{"taxonomy":"post_tag","embeddable":true,"href":"https:\/\/www.fraclorraine.org\/en\/wp-json\/wp\/v2\/tags?post=491"},{"taxonomy":"event-type","embeddable":true,"href":"https:\/\/www.fraclorraine.org\/en\/wp-json\/wp\/v2\/event-type?post=491"},{"taxonomy":"saison","embeddable":true,"href":"https:\/\/www.fraclorraine.org\/en\/wp-json\/wp\/v2\/saison?post=491"},{"taxonomy":"lieu","embeddable":true,"href":"https:\/\/www.fraclorraine.org\/en\/wp-json\/wp\/v2\/lieu?post=491"}],"curies":[{"name":"wp","href":"https:\/\/api.w.org\/{rel}","templated":true}]}}