{"id":548,"date":"2022-08-31T09:29:53","date_gmt":"2022-08-31T09:29:53","guid":{"rendered":"https:\/\/www.fraclorraine.org\/nouveausite2021\/?post_type=exhibition&#038;p=548"},"modified":"2023-11-17T14:46:23","modified_gmt":"2023-11-17T13:46:23","slug":"","status":"publish","type":"exhibition","link":"https:\/\/www.fraclorraine.org\/en\/exhibition\/presences-voyageuses\/","title":{"rendered":"Pr\u00e9sences Voyageuses","raw":"Pr\u00e9sences Voyageuses"},"content":{"rendered":"\n<div class=\"wp-block-columns is-layout-flex wp-container-core-columns-is-layout-9d6595d7 wp-block-columns-is-layout-flex\">\n<div class=\"wp-block-column is-layout-flow wp-block-column-is-layout-flow\">\n<p>\u25cf Featuring works from the 49 Nord 6 Est collection by Nina Beier &amp; Marie Lund, Geta Br\u0103tescu, stanley brouwn, Willie Cole, Winfred Evers, Andrea Fraser, Marie-Ange Guilleminot, Sister Corita Kent, Silvia Kolbowski, Tanja Koljonen, Claire Pentecost, Lotty Rosenfeld, Hito Steyerl, Ian Wilson<\/p>\n\n\n\n<p>Exhibited in libraries, schools, or private residencies, as well as in art centers, museums, and at biennales, the works in the 49 Nord 6 Est collection each have their own journey. Each new presentation is an occasion to provide an insight into a different facet of the artwork.<\/p>\n<\/div>\n\n\n\n<div class=\"wp-block-column is-layout-flow wp-block-column-is-layout-flow\">\n<figure class=\"wp-block-image size-large\"><img loading=\"lazy\" decoding=\"async\" width=\"1024\" height=\"683\" src=\"https:\/\/www.fraclorraine.org\/wp-content\/uploads\/2022\/08\/EXPO_2019_PRESENCES-VOYAGEUSES_8-1024x683.jpg\" alt=\"\" class=\"wp-image-556\" srcset=\"https:\/\/www.fraclorraine.org\/wp-content\/uploads\/2022\/08\/EXPO_2019_PRESENCES-VOYAGEUSES_8-1024x683.jpg 1024w, https:\/\/www.fraclorraine.org\/wp-content\/uploads\/2022\/08\/EXPO_2019_PRESENCES-VOYAGEUSES_8-300x200.jpg 300w, https:\/\/www.fraclorraine.org\/wp-content\/uploads\/2022\/08\/EXPO_2019_PRESENCES-VOYAGEUSES_8-768x512.jpg 768w, https:\/\/www.fraclorraine.org\/wp-content\/uploads\/2022\/08\/EXPO_2019_PRESENCES-VOYAGEUSES_8-1536x1024.jpg 1536w, https:\/\/www.fraclorraine.org\/wp-content\/uploads\/2022\/08\/EXPO_2019_PRESENCES-VOYAGEUSES_8-2048x1365.jpg 2048w\" sizes=\"auto, (max-width: 1024px) 100vw, 1024px\" \/><figcaption class=\"wp-element-caption\">Claire Pentecost, <em>Proposal for a New American Agriculture<\/em>, 2006. Exhibition view <em>Pr\u00e9sences Voyageuses<\/em>, 49 Nord 6 Est &#8211; Frac Lorraine, Metz (FR), 2019.  \u00a9 C. Pentecost. Photo: Fred Dott <\/figcaption><\/figure>\n<\/div>\n<\/div>\n\n\n\n<figure class=\"wp-block-gallery has-nested-images columns-default is-cropped wp-block-gallery-2 is-layout-flex wp-block-gallery-is-layout-flex\">\n<figure class=\"wp-block-image size-large\"><img loading=\"lazy\" decoding=\"async\" width=\"2560\" height=\"1707\" data-id=\"4110\" src=\"https:\/\/www.fraclorraine.org\/wp-content\/uploads\/2022\/10\/EXPO_2019_PRESENCES-VOYAGEUSES_11-scaled.jpg\" alt=\"\" class=\"wp-image-4110\" srcset=\"https:\/\/www.fraclorraine.org\/wp-content\/uploads\/2022\/10\/EXPO_2019_PRESENCES-VOYAGEUSES_11-scaled.jpg 2560w, https:\/\/www.fraclorraine.org\/wp-content\/uploads\/2022\/10\/EXPO_2019_PRESENCES-VOYAGEUSES_11-300x200.jpg 300w, https:\/\/www.fraclorraine.org\/wp-content\/uploads\/2022\/10\/EXPO_2019_PRESENCES-VOYAGEUSES_11-1024x683.jpg 1024w, https:\/\/www.fraclorraine.org\/wp-content\/uploads\/2022\/10\/EXPO_2019_PRESENCES-VOYAGEUSES_11-768x512.jpg 768w, https:\/\/www.fraclorraine.org\/wp-content\/uploads\/2022\/10\/EXPO_2019_PRESENCES-VOYAGEUSES_11-1536x1024.jpg 1536w, https:\/\/www.fraclorraine.org\/wp-content\/uploads\/2022\/10\/EXPO_2019_PRESENCES-VOYAGEUSES_11-2048x1365.jpg 2048w\" sizes=\"auto, (max-width: 2560px) 100vw, 2560px\" \/><figcaption class=\"wp-element-caption\">Exhibition views&nbsp;<em>Pr\u00e9sences Voyageuses<\/em>, 49 Nord 6 Est &#8211; Frac Lorraine, Metz (FR), march-june 2019. Photos: Fred Dott<\/figcaption><\/figure>\n\n\n\n<figure class=\"wp-block-image size-large\"><img loading=\"lazy\" decoding=\"async\" width=\"2560\" height=\"1707\" data-id=\"4129\" src=\"https:\/\/www.fraclorraine.org\/wp-content\/uploads\/2022\/10\/EXPO_2019_PRESENCES-VOYAGEUSES_30-scaled.jpg\" alt=\"\" class=\"wp-image-4129\" srcset=\"https:\/\/www.fraclorraine.org\/wp-content\/uploads\/2022\/10\/EXPO_2019_PRESENCES-VOYAGEUSES_30-scaled.jpg 2560w, https:\/\/www.fraclorraine.org\/wp-content\/uploads\/2022\/10\/EXPO_2019_PRESENCES-VOYAGEUSES_30-300x200.jpg 300w, https:\/\/www.fraclorraine.org\/wp-content\/uploads\/2022\/10\/EXPO_2019_PRESENCES-VOYAGEUSES_30-1024x683.jpg 1024w, https:\/\/www.fraclorraine.org\/wp-content\/uploads\/2022\/10\/EXPO_2019_PRESENCES-VOYAGEUSES_30-768x512.jpg 768w, https:\/\/www.fraclorraine.org\/wp-content\/uploads\/2022\/10\/EXPO_2019_PRESENCES-VOYAGEUSES_30-1536x1024.jpg 1536w, https:\/\/www.fraclorraine.org\/wp-content\/uploads\/2022\/10\/EXPO_2019_PRESENCES-VOYAGEUSES_30-2048x1365.jpg 2048w\" sizes=\"auto, (max-width: 2560px) 100vw, 2560px\" \/><figcaption class=\"wp-element-caption\">Exhibition views&nbsp;<em>Pr\u00e9sences Voyageuses<\/em>, 49 Nord 6 Est &#8211; Frac Lorraine, Metz (FR), march-june 2019. Photos: Fred Dott<\/figcaption><\/figure>\n\n\n\n<figure class=\"wp-block-image size-large\"><img loading=\"lazy\" decoding=\"async\" width=\"2560\" height=\"1707\" data-id=\"4130\" src=\"https:\/\/www.fraclorraine.org\/wp-content\/uploads\/2022\/10\/EXPO_2019_PRESENCES-VOYAGEUSES_31-scaled.jpg\" alt=\"\" class=\"wp-image-4130\" srcset=\"https:\/\/www.fraclorraine.org\/wp-content\/uploads\/2022\/10\/EXPO_2019_PRESENCES-VOYAGEUSES_31-scaled.jpg 2560w, https:\/\/www.fraclorraine.org\/wp-content\/uploads\/2022\/10\/EXPO_2019_PRESENCES-VOYAGEUSES_31-300x200.jpg 300w, https:\/\/www.fraclorraine.org\/wp-content\/uploads\/2022\/10\/EXPO_2019_PRESENCES-VOYAGEUSES_31-1024x683.jpg 1024w, https:\/\/www.fraclorraine.org\/wp-content\/uploads\/2022\/10\/EXPO_2019_PRESENCES-VOYAGEUSES_31-768x512.jpg 768w, https:\/\/www.fraclorraine.org\/wp-content\/uploads\/2022\/10\/EXPO_2019_PRESENCES-VOYAGEUSES_31-1536x1024.jpg 1536w, https:\/\/www.fraclorraine.org\/wp-content\/uploads\/2022\/10\/EXPO_2019_PRESENCES-VOYAGEUSES_31-2048x1365.jpg 2048w\" sizes=\"auto, (max-width: 2560px) 100vw, 2560px\" \/><figcaption class=\"wp-element-caption\">Exhibition views&nbsp;<em>Pr\u00e9sences Voyageuses<\/em>, 49 Nord 6 Est &#8211; Frac Lorraine, Metz (FR), march-june 2019. Photos: Fred Dott<\/figcaption><\/figure>\n\n\n\n<figure class=\"wp-block-image size-large\"><img loading=\"lazy\" decoding=\"async\" width=\"2560\" height=\"1707\" data-id=\"4118\" src=\"https:\/\/www.fraclorraine.org\/wp-content\/uploads\/2022\/10\/EXPO_2019_PRESENCES-VOYAGEUSES_19-scaled.jpg\" alt=\"\" class=\"wp-image-4118\" srcset=\"https:\/\/www.fraclorraine.org\/wp-content\/uploads\/2022\/10\/EXPO_2019_PRESENCES-VOYAGEUSES_19-scaled.jpg 2560w, https:\/\/www.fraclorraine.org\/wp-content\/uploads\/2022\/10\/EXPO_2019_PRESENCES-VOYAGEUSES_19-300x200.jpg 300w, https:\/\/www.fraclorraine.org\/wp-content\/uploads\/2022\/10\/EXPO_2019_PRESENCES-VOYAGEUSES_19-1024x683.jpg 1024w, https:\/\/www.fraclorraine.org\/wp-content\/uploads\/2022\/10\/EXPO_2019_PRESENCES-VOYAGEUSES_19-768x512.jpg 768w, https:\/\/www.fraclorraine.org\/wp-content\/uploads\/2022\/10\/EXPO_2019_PRESENCES-VOYAGEUSES_19-1536x1024.jpg 1536w, https:\/\/www.fraclorraine.org\/wp-content\/uploads\/2022\/10\/EXPO_2019_PRESENCES-VOYAGEUSES_19-2048x1365.jpg 2048w\" sizes=\"auto, (max-width: 2560px) 100vw, 2560px\" \/><figcaption class=\"wp-element-caption\">Exhibition views&nbsp;<em>Pr\u00e9sences Voyageuses<\/em>, 49 Nord 6 Est &#8211; Frac Lorraine, Metz (FR), march-june 2019. Photos: Fred Dott<\/figcaption><\/figure>\n\n\n\n<figure class=\"wp-block-image size-large\"><img loading=\"lazy\" decoding=\"async\" width=\"2560\" height=\"1707\" data-id=\"550\" src=\"https:\/\/www.fraclorraine.org\/wp-content\/uploads\/2022\/08\/EXPO_2019_PRESENCES-VOYAGEUSES_2-scaled.jpg\" alt=\"\" class=\"wp-image-550\" srcset=\"https:\/\/www.fraclorraine.org\/wp-content\/uploads\/2022\/08\/EXPO_2019_PRESENCES-VOYAGEUSES_2-scaled.jpg 2560w, https:\/\/www.fraclorraine.org\/wp-content\/uploads\/2022\/08\/EXPO_2019_PRESENCES-VOYAGEUSES_2-300x200.jpg 300w, https:\/\/www.fraclorraine.org\/wp-content\/uploads\/2022\/08\/EXPO_2019_PRESENCES-VOYAGEUSES_2-1024x683.jpg 1024w, https:\/\/www.fraclorraine.org\/wp-content\/uploads\/2022\/08\/EXPO_2019_PRESENCES-VOYAGEUSES_2-768x512.jpg 768w, https:\/\/www.fraclorraine.org\/wp-content\/uploads\/2022\/08\/EXPO_2019_PRESENCES-VOYAGEUSES_2-1536x1024.jpg 1536w, https:\/\/www.fraclorraine.org\/wp-content\/uploads\/2022\/08\/EXPO_2019_PRESENCES-VOYAGEUSES_2-2048x1365.jpg 2048w\" sizes=\"auto, (max-width: 2560px) 100vw, 2560px\" \/><figcaption class=\"wp-element-caption\">Exhibition views&nbsp;<em>Pr\u00e9sences Voyageuses<\/em>, 49 Nord 6 Est &#8211; Frac Lorraine, Metz (FR), march-june 2019. Photos: Fred Dott<\/figcaption><\/figure>\n\n\n\n<figure class=\"wp-block-image size-large\"><img loading=\"lazy\" decoding=\"async\" width=\"2560\" height=\"1707\" data-id=\"4112\" src=\"https:\/\/www.fraclorraine.org\/wp-content\/uploads\/2022\/10\/EXPO_2019_PRESENCES-VOYAGEUSES_13-scaled.jpg\" alt=\"\" class=\"wp-image-4112\" srcset=\"https:\/\/www.fraclorraine.org\/wp-content\/uploads\/2022\/10\/EXPO_2019_PRESENCES-VOYAGEUSES_13-scaled.jpg 2560w, https:\/\/www.fraclorraine.org\/wp-content\/uploads\/2022\/10\/EXPO_2019_PRESENCES-VOYAGEUSES_13-300x200.jpg 300w, https:\/\/www.fraclorraine.org\/wp-content\/uploads\/2022\/10\/EXPO_2019_PRESENCES-VOYAGEUSES_13-1024x683.jpg 1024w, https:\/\/www.fraclorraine.org\/wp-content\/uploads\/2022\/10\/EXPO_2019_PRESENCES-VOYAGEUSES_13-768x512.jpg 768w, https:\/\/www.fraclorraine.org\/wp-content\/uploads\/2022\/10\/EXPO_2019_PRESENCES-VOYAGEUSES_13-1536x1024.jpg 1536w, https:\/\/www.fraclorraine.org\/wp-content\/uploads\/2022\/10\/EXPO_2019_PRESENCES-VOYAGEUSES_13-2048x1365.jpg 2048w\" sizes=\"auto, (max-width: 2560px) 100vw, 2560px\" \/><figcaption class=\"wp-element-caption\">Exhibition views&nbsp;<em>Pr\u00e9sences Voyageuses<\/em>, 49 Nord 6 Est &#8211; Frac Lorraine, Metz (FR), march-june 2019. Photos: Fred Dott<\/figcaption><\/figure>\n\n\n\n<figure class=\"wp-block-image size-large\"><img loading=\"lazy\" decoding=\"async\" width=\"2560\" height=\"1707\" data-id=\"4128\" src=\"https:\/\/www.fraclorraine.org\/wp-content\/uploads\/2022\/10\/EXPO_2019_PRESENCES-VOYAGEUSES_29-scaled.jpg\" alt=\"\" class=\"wp-image-4128\" srcset=\"https:\/\/www.fraclorraine.org\/wp-content\/uploads\/2022\/10\/EXPO_2019_PRESENCES-VOYAGEUSES_29-scaled.jpg 2560w, https:\/\/www.fraclorraine.org\/wp-content\/uploads\/2022\/10\/EXPO_2019_PRESENCES-VOYAGEUSES_29-300x200.jpg 300w, https:\/\/www.fraclorraine.org\/wp-content\/uploads\/2022\/10\/EXPO_2019_PRESENCES-VOYAGEUSES_29-1024x683.jpg 1024w, https:\/\/www.fraclorraine.org\/wp-content\/uploads\/2022\/10\/EXPO_2019_PRESENCES-VOYAGEUSES_29-768x512.jpg 768w, https:\/\/www.fraclorraine.org\/wp-content\/uploads\/2022\/10\/EXPO_2019_PRESENCES-VOYAGEUSES_29-1536x1024.jpg 1536w, https:\/\/www.fraclorraine.org\/wp-content\/uploads\/2022\/10\/EXPO_2019_PRESENCES-VOYAGEUSES_29-2048x1365.jpg 2048w\" sizes=\"auto, (max-width: 2560px) 100vw, 2560px\" \/><figcaption class=\"wp-element-caption\">Exhibition views&nbsp;<em>Pr\u00e9sences Voyageuses<\/em>, 49 Nord 6 Est &#8211; Frac Lorraine, Metz (FR), march-june 2019. Photos: Fred Dott<\/figcaption><\/figure>\n\n\n\n<figure class=\"wp-block-image size-large\"><img loading=\"lazy\" decoding=\"async\" width=\"2560\" height=\"1707\" data-id=\"552\" src=\"https:\/\/www.fraclorraine.org\/wp-content\/uploads\/2022\/08\/EXPO_2019_PRESENCES-VOYAGEUSES_4-scaled.jpg\" alt=\"\" class=\"wp-image-552\" srcset=\"https:\/\/www.fraclorraine.org\/wp-content\/uploads\/2022\/08\/EXPO_2019_PRESENCES-VOYAGEUSES_4-scaled.jpg 2560w, https:\/\/www.fraclorraine.org\/wp-content\/uploads\/2022\/08\/EXPO_2019_PRESENCES-VOYAGEUSES_4-300x200.jpg 300w, https:\/\/www.fraclorraine.org\/wp-content\/uploads\/2022\/08\/EXPO_2019_PRESENCES-VOYAGEUSES_4-1024x683.jpg 1024w, https:\/\/www.fraclorraine.org\/wp-content\/uploads\/2022\/08\/EXPO_2019_PRESENCES-VOYAGEUSES_4-768x512.jpg 768w, https:\/\/www.fraclorraine.org\/wp-content\/uploads\/2022\/08\/EXPO_2019_PRESENCES-VOYAGEUSES_4-1536x1024.jpg 1536w, https:\/\/www.fraclorraine.org\/wp-content\/uploads\/2022\/08\/EXPO_2019_PRESENCES-VOYAGEUSES_4-2048x1365.jpg 2048w\" sizes=\"auto, (max-width: 2560px) 100vw, 2560px\" \/><figcaption class=\"wp-element-caption\">Exhibition views&nbsp;<em>Pr\u00e9sences Voyageuses<\/em>, 49 Nord 6 Est &#8211; Frac Lorraine, Metz (FR), march-june 2019. Photos: Fred Dott<\/figcaption><\/figure>\n\n\n\n<figure class=\"wp-block-image size-large\"><img loading=\"lazy\" decoding=\"async\" width=\"2560\" height=\"1707\" data-id=\"4126\" src=\"https:\/\/www.fraclorraine.org\/wp-content\/uploads\/2022\/10\/EXPO_2019_PRESENCES-VOYAGEUSES_27-scaled.jpg\" alt=\"\" class=\"wp-image-4126\" srcset=\"https:\/\/www.fraclorraine.org\/wp-content\/uploads\/2022\/10\/EXPO_2019_PRESENCES-VOYAGEUSES_27-scaled.jpg 2560w, https:\/\/www.fraclorraine.org\/wp-content\/uploads\/2022\/10\/EXPO_2019_PRESENCES-VOYAGEUSES_27-300x200.jpg 300w, https:\/\/www.fraclorraine.org\/wp-content\/uploads\/2022\/10\/EXPO_2019_PRESENCES-VOYAGEUSES_27-1024x683.jpg 1024w, https:\/\/www.fraclorraine.org\/wp-content\/uploads\/2022\/10\/EXPO_2019_PRESENCES-VOYAGEUSES_27-768x512.jpg 768w, https:\/\/www.fraclorraine.org\/wp-content\/uploads\/2022\/10\/EXPO_2019_PRESENCES-VOYAGEUSES_27-1536x1024.jpg 1536w, https:\/\/www.fraclorraine.org\/wp-content\/uploads\/2022\/10\/EXPO_2019_PRESENCES-VOYAGEUSES_27-2048x1365.jpg 2048w\" sizes=\"auto, (max-width: 2560px) 100vw, 2560px\" \/><figcaption class=\"wp-element-caption\">Exhibition views&nbsp;<em>Pr\u00e9sences Voyageuses<\/em>, 49 Nord 6 Est &#8211; Frac Lorraine, Metz (FR), march-june 2019. Photos: Fred Dott<\/figcaption><\/figure>\n\n\n\n<figure class=\"wp-block-image size-large\"><img loading=\"lazy\" decoding=\"async\" width=\"2560\" height=\"1707\" data-id=\"4117\" src=\"https:\/\/www.fraclorraine.org\/wp-content\/uploads\/2022\/10\/EXPO_2019_PRESENCES-VOYAGEUSES_18-scaled.jpg\" alt=\"\" class=\"wp-image-4117\" srcset=\"https:\/\/www.fraclorraine.org\/wp-content\/uploads\/2022\/10\/EXPO_2019_PRESENCES-VOYAGEUSES_18-scaled.jpg 2560w, https:\/\/www.fraclorraine.org\/wp-content\/uploads\/2022\/10\/EXPO_2019_PRESENCES-VOYAGEUSES_18-300x200.jpg 300w, https:\/\/www.fraclorraine.org\/wp-content\/uploads\/2022\/10\/EXPO_2019_PRESENCES-VOYAGEUSES_18-1024x683.jpg 1024w, https:\/\/www.fraclorraine.org\/wp-content\/uploads\/2022\/10\/EXPO_2019_PRESENCES-VOYAGEUSES_18-768x512.jpg 768w, https:\/\/www.fraclorraine.org\/wp-content\/uploads\/2022\/10\/EXPO_2019_PRESENCES-VOYAGEUSES_18-1536x1024.jpg 1536w, https:\/\/www.fraclorraine.org\/wp-content\/uploads\/2022\/10\/EXPO_2019_PRESENCES-VOYAGEUSES_18-2048x1365.jpg 2048w\" sizes=\"auto, (max-width: 2560px) 100vw, 2560px\" \/><figcaption class=\"wp-element-caption\">Exhibition views&nbsp;<em>Pr\u00e9sences Voyageuses<\/em>, 49 Nord 6 Est &#8211; Frac Lorraine, Metz (FR), march-june 2019. Photos: Fred Dott<\/figcaption><\/figure>\n\n\n\n<figure class=\"wp-block-image size-large\"><img loading=\"lazy\" decoding=\"async\" width=\"2560\" height=\"1707\" data-id=\"4127\" src=\"https:\/\/www.fraclorraine.org\/wp-content\/uploads\/2022\/10\/EXPO_2019_PRESENCES-VOYAGEUSES_28-scaled.jpg\" alt=\"\" class=\"wp-image-4127\" srcset=\"https:\/\/www.fraclorraine.org\/wp-content\/uploads\/2022\/10\/EXPO_2019_PRESENCES-VOYAGEUSES_28-scaled.jpg 2560w, https:\/\/www.fraclorraine.org\/wp-content\/uploads\/2022\/10\/EXPO_2019_PRESENCES-VOYAGEUSES_28-300x200.jpg 300w, https:\/\/www.fraclorraine.org\/wp-content\/uploads\/2022\/10\/EXPO_2019_PRESENCES-VOYAGEUSES_28-1024x683.jpg 1024w, https:\/\/www.fraclorraine.org\/wp-content\/uploads\/2022\/10\/EXPO_2019_PRESENCES-VOYAGEUSES_28-768x512.jpg 768w, https:\/\/www.fraclorraine.org\/wp-content\/uploads\/2022\/10\/EXPO_2019_PRESENCES-VOYAGEUSES_28-1536x1024.jpg 1536w, https:\/\/www.fraclorraine.org\/wp-content\/uploads\/2022\/10\/EXPO_2019_PRESENCES-VOYAGEUSES_28-2048x1365.jpg 2048w\" sizes=\"auto, (max-width: 2560px) 100vw, 2560px\" \/><figcaption class=\"wp-element-caption\">Exhibition views&nbsp;<em>Pr\u00e9sences Voyageuses<\/em>, 49 Nord 6 Est &#8211; Frac Lorraine, Metz (FR), march-june 2019. Photos: Fred Dott<\/figcaption><\/figure>\n\n\n\n<figure class=\"wp-block-image size-large\"><img loading=\"lazy\" decoding=\"async\" width=\"2560\" height=\"1707\" data-id=\"553\" src=\"https:\/\/www.fraclorraine.org\/wp-content\/uploads\/2022\/08\/EXPO_2019_PRESENCES-VOYAGEUSES_5-scaled.jpg\" alt=\"\" class=\"wp-image-553\" srcset=\"https:\/\/www.fraclorraine.org\/wp-content\/uploads\/2022\/08\/EXPO_2019_PRESENCES-VOYAGEUSES_5-scaled.jpg 2560w, https:\/\/www.fraclorraine.org\/wp-content\/uploads\/2022\/08\/EXPO_2019_PRESENCES-VOYAGEUSES_5-300x200.jpg 300w, https:\/\/www.fraclorraine.org\/wp-content\/uploads\/2022\/08\/EXPO_2019_PRESENCES-VOYAGEUSES_5-1024x683.jpg 1024w, https:\/\/www.fraclorraine.org\/wp-content\/uploads\/2022\/08\/EXPO_2019_PRESENCES-VOYAGEUSES_5-768x512.jpg 768w, https:\/\/www.fraclorraine.org\/wp-content\/uploads\/2022\/08\/EXPO_2019_PRESENCES-VOYAGEUSES_5-1536x1024.jpg 1536w, https:\/\/www.fraclorraine.org\/wp-content\/uploads\/2022\/08\/EXPO_2019_PRESENCES-VOYAGEUSES_5-2048x1365.jpg 2048w\" sizes=\"auto, (max-width: 2560px) 100vw, 2560px\" \/><figcaption class=\"wp-element-caption\">Exhibition views&nbsp;<em>Pr\u00e9sences Voyageuses<\/em>, 49 Nord 6 Est &#8211; Frac Lorraine, Metz (FR), march-june 2019. Photos: Fred Dott<\/figcaption><\/figure>\n\n\n\n<figure class=\"wp-block-image size-large\"><img loading=\"lazy\" decoding=\"async\" width=\"2560\" height=\"1707\" data-id=\"4115\" src=\"https:\/\/www.fraclorraine.org\/wp-content\/uploads\/2022\/10\/EXPO_2019_PRESENCES-VOYAGEUSES_16-scaled.jpg\" alt=\"\" class=\"wp-image-4115\" srcset=\"https:\/\/www.fraclorraine.org\/wp-content\/uploads\/2022\/10\/EXPO_2019_PRESENCES-VOYAGEUSES_16-scaled.jpg 2560w, https:\/\/www.fraclorraine.org\/wp-content\/uploads\/2022\/10\/EXPO_2019_PRESENCES-VOYAGEUSES_16-300x200.jpg 300w, https:\/\/www.fraclorraine.org\/wp-content\/uploads\/2022\/10\/EXPO_2019_PRESENCES-VOYAGEUSES_16-1024x683.jpg 1024w, https:\/\/www.fraclorraine.org\/wp-content\/uploads\/2022\/10\/EXPO_2019_PRESENCES-VOYAGEUSES_16-768x512.jpg 768w, https:\/\/www.fraclorraine.org\/wp-content\/uploads\/2022\/10\/EXPO_2019_PRESENCES-VOYAGEUSES_16-1536x1024.jpg 1536w, https:\/\/www.fraclorraine.org\/wp-content\/uploads\/2022\/10\/EXPO_2019_PRESENCES-VOYAGEUSES_16-2048x1365.jpg 2048w\" sizes=\"auto, (max-width: 2560px) 100vw, 2560px\" \/><figcaption class=\"wp-element-caption\">Exhibition views&nbsp;<em>Pr\u00e9sences Voyageuses<\/em>, 49 Nord 6 Est &#8211; Frac Lorraine, Metz (FR), march-june 2019. Photos: Fred Dott<\/figcaption><\/figure>\n\n\n\n<figure class=\"wp-block-image size-large\"><img loading=\"lazy\" decoding=\"async\" width=\"2560\" height=\"1707\" data-id=\"4116\" src=\"https:\/\/www.fraclorraine.org\/wp-content\/uploads\/2022\/10\/EXPO_2019_PRESENCES-VOYAGEUSES_17-scaled.jpg\" alt=\"\" class=\"wp-image-4116\" srcset=\"https:\/\/www.fraclorraine.org\/wp-content\/uploads\/2022\/10\/EXPO_2019_PRESENCES-VOYAGEUSES_17-scaled.jpg 2560w, https:\/\/www.fraclorraine.org\/wp-content\/uploads\/2022\/10\/EXPO_2019_PRESENCES-VOYAGEUSES_17-300x200.jpg 300w, https:\/\/www.fraclorraine.org\/wp-content\/uploads\/2022\/10\/EXPO_2019_PRESENCES-VOYAGEUSES_17-1024x683.jpg 1024w, https:\/\/www.fraclorraine.org\/wp-content\/uploads\/2022\/10\/EXPO_2019_PRESENCES-VOYAGEUSES_17-768x512.jpg 768w, https:\/\/www.fraclorraine.org\/wp-content\/uploads\/2022\/10\/EXPO_2019_PRESENCES-VOYAGEUSES_17-1536x1024.jpg 1536w, https:\/\/www.fraclorraine.org\/wp-content\/uploads\/2022\/10\/EXPO_2019_PRESENCES-VOYAGEUSES_17-2048x1365.jpg 2048w\" sizes=\"auto, (max-width: 2560px) 100vw, 2560px\" \/><figcaption class=\"wp-element-caption\">Exhibition views&nbsp;<em>Pr\u00e9sences Voyageuses<\/em>, 49 Nord 6 Est &#8211; Frac Lorraine, Metz (FR), march-june 2019. Photos: Fred Dott<\/figcaption><\/figure>\n\n\n\n<figure class=\"wp-block-image size-large\"><img loading=\"lazy\" decoding=\"async\" width=\"2560\" height=\"1707\" data-id=\"4125\" src=\"https:\/\/www.fraclorraine.org\/wp-content\/uploads\/2022\/10\/EXPO_2019_PRESENCES-VOYAGEUSES_26-scaled.jpg\" alt=\"\" class=\"wp-image-4125\" srcset=\"https:\/\/www.fraclorraine.org\/wp-content\/uploads\/2022\/10\/EXPO_2019_PRESENCES-VOYAGEUSES_26-scaled.jpg 2560w, https:\/\/www.fraclorraine.org\/wp-content\/uploads\/2022\/10\/EXPO_2019_PRESENCES-VOYAGEUSES_26-300x200.jpg 300w, https:\/\/www.fraclorraine.org\/wp-content\/uploads\/2022\/10\/EXPO_2019_PRESENCES-VOYAGEUSES_26-1024x683.jpg 1024w, https:\/\/www.fraclorraine.org\/wp-content\/uploads\/2022\/10\/EXPO_2019_PRESENCES-VOYAGEUSES_26-768x512.jpg 768w, https:\/\/www.fraclorraine.org\/wp-content\/uploads\/2022\/10\/EXPO_2019_PRESENCES-VOYAGEUSES_26-1536x1024.jpg 1536w, https:\/\/www.fraclorraine.org\/wp-content\/uploads\/2022\/10\/EXPO_2019_PRESENCES-VOYAGEUSES_26-2048x1365.jpg 2048w\" sizes=\"auto, (max-width: 2560px) 100vw, 2560px\" \/><figcaption class=\"wp-element-caption\">Exhibition views&nbsp;<em>Pr\u00e9sences Voyageuses<\/em>, 49 Nord 6 Est &#8211; Frac Lorraine, Metz (FR), march-june 2019. Photos: Fred Dott<\/figcaption><\/figure>\n\n\n\n<figure class=\"wp-block-image size-large\"><img loading=\"lazy\" decoding=\"async\" width=\"2560\" height=\"1706\" data-id=\"554\" src=\"https:\/\/www.fraclorraine.org\/wp-content\/uploads\/2022\/08\/EXPO_2019_PRESENCES-VOYAGEUSES_6-scaled.jpg\" alt=\"\" class=\"wp-image-554\" srcset=\"https:\/\/www.fraclorraine.org\/wp-content\/uploads\/2022\/08\/EXPO_2019_PRESENCES-VOYAGEUSES_6-scaled.jpg 2560w, https:\/\/www.fraclorraine.org\/wp-content\/uploads\/2022\/08\/EXPO_2019_PRESENCES-VOYAGEUSES_6-300x200.jpg 300w, https:\/\/www.fraclorraine.org\/wp-content\/uploads\/2022\/08\/EXPO_2019_PRESENCES-VOYAGEUSES_6-1024x683.jpg 1024w, https:\/\/www.fraclorraine.org\/wp-content\/uploads\/2022\/08\/EXPO_2019_PRESENCES-VOYAGEUSES_6-768x512.jpg 768w, https:\/\/www.fraclorraine.org\/wp-content\/uploads\/2022\/08\/EXPO_2019_PRESENCES-VOYAGEUSES_6-1536x1024.jpg 1536w, https:\/\/www.fraclorraine.org\/wp-content\/uploads\/2022\/08\/EXPO_2019_PRESENCES-VOYAGEUSES_6-2048x1365.jpg 2048w\" sizes=\"auto, (max-width: 2560px) 100vw, 2560px\" \/><figcaption class=\"wp-element-caption\">Exhibition views&nbsp;<em>Pr\u00e9sences Voyageuses<\/em>, 49 Nord 6 Est &#8211; Frac Lorraine, Metz (FR), march-june 2019. Photos: Fred Dott<\/figcaption><\/figure>\n\n\n\n<figure class=\"wp-block-image size-large\"><img loading=\"lazy\" decoding=\"async\" width=\"2560\" height=\"1707\" data-id=\"4122\" src=\"https:\/\/www.fraclorraine.org\/wp-content\/uploads\/2022\/10\/EXPO_2019_PRESENCES-VOYAGEUSES_23-scaled.jpg\" alt=\"\" class=\"wp-image-4122\" srcset=\"https:\/\/www.fraclorraine.org\/wp-content\/uploads\/2022\/10\/EXPO_2019_PRESENCES-VOYAGEUSES_23-scaled.jpg 2560w, https:\/\/www.fraclorraine.org\/wp-content\/uploads\/2022\/10\/EXPO_2019_PRESENCES-VOYAGEUSES_23-300x200.jpg 300w, https:\/\/www.fraclorraine.org\/wp-content\/uploads\/2022\/10\/EXPO_2019_PRESENCES-VOYAGEUSES_23-1024x683.jpg 1024w, https:\/\/www.fraclorraine.org\/wp-content\/uploads\/2022\/10\/EXPO_2019_PRESENCES-VOYAGEUSES_23-768x512.jpg 768w, https:\/\/www.fraclorraine.org\/wp-content\/uploads\/2022\/10\/EXPO_2019_PRESENCES-VOYAGEUSES_23-1536x1024.jpg 1536w, https:\/\/www.fraclorraine.org\/wp-content\/uploads\/2022\/10\/EXPO_2019_PRESENCES-VOYAGEUSES_23-2048x1365.jpg 2048w\" sizes=\"auto, (max-width: 2560px) 100vw, 2560px\" \/><figcaption class=\"wp-element-caption\">Exhibition views&nbsp;<em>Pr\u00e9sences Voyageuses<\/em>, 49 Nord 6 Est &#8211; Frac Lorraine, Metz (FR), march-june 2019. Photos: Fred Dott<\/figcaption><\/figure>\n\n\n\n<figure class=\"wp-block-image size-large\"><img loading=\"lazy\" decoding=\"async\" width=\"2560\" height=\"1707\" data-id=\"4121\" src=\"https:\/\/www.fraclorraine.org\/wp-content\/uploads\/2022\/10\/EXPO_2019_PRESENCES-VOYAGEUSES_22-scaled.jpg\" alt=\"\" class=\"wp-image-4121\" srcset=\"https:\/\/www.fraclorraine.org\/wp-content\/uploads\/2022\/10\/EXPO_2019_PRESENCES-VOYAGEUSES_22-scaled.jpg 2560w, https:\/\/www.fraclorraine.org\/wp-content\/uploads\/2022\/10\/EXPO_2019_PRESENCES-VOYAGEUSES_22-300x200.jpg 300w, https:\/\/www.fraclorraine.org\/wp-content\/uploads\/2022\/10\/EXPO_2019_PRESENCES-VOYAGEUSES_22-1024x683.jpg 1024w, https:\/\/www.fraclorraine.org\/wp-content\/uploads\/2022\/10\/EXPO_2019_PRESENCES-VOYAGEUSES_22-768x512.jpg 768w, https:\/\/www.fraclorraine.org\/wp-content\/uploads\/2022\/10\/EXPO_2019_PRESENCES-VOYAGEUSES_22-1536x1024.jpg 1536w, https:\/\/www.fraclorraine.org\/wp-content\/uploads\/2022\/10\/EXPO_2019_PRESENCES-VOYAGEUSES_22-2048x1365.jpg 2048w\" sizes=\"auto, (max-width: 2560px) 100vw, 2560px\" \/><figcaption class=\"wp-element-caption\">Exhibition views&nbsp;<em>Pr\u00e9sences Voyageuses<\/em>, 49 Nord 6 Est &#8211; Frac Lorraine, Metz (FR), march-june 2019. Photos: Fred Dott<\/figcaption><\/figure>\n\n\n\n<figure class=\"wp-block-image size-large\"><img loading=\"lazy\" decoding=\"async\" width=\"2560\" height=\"1707\" data-id=\"4120\" src=\"https:\/\/www.fraclorraine.org\/wp-content\/uploads\/2022\/10\/EXPO_2019_PRESENCES-VOYAGEUSES_21-scaled.jpg\" alt=\"\" class=\"wp-image-4120\" srcset=\"https:\/\/www.fraclorraine.org\/wp-content\/uploads\/2022\/10\/EXPO_2019_PRESENCES-VOYAGEUSES_21-scaled.jpg 2560w, https:\/\/www.fraclorraine.org\/wp-content\/uploads\/2022\/10\/EXPO_2019_PRESENCES-VOYAGEUSES_21-300x200.jpg 300w, https:\/\/www.fraclorraine.org\/wp-content\/uploads\/2022\/10\/EXPO_2019_PRESENCES-VOYAGEUSES_21-1024x683.jpg 1024w, https:\/\/www.fraclorraine.org\/wp-content\/uploads\/2022\/10\/EXPO_2019_PRESENCES-VOYAGEUSES_21-768x512.jpg 768w, https:\/\/www.fraclorraine.org\/wp-content\/uploads\/2022\/10\/EXPO_2019_PRESENCES-VOYAGEUSES_21-1536x1024.jpg 1536w, https:\/\/www.fraclorraine.org\/wp-content\/uploads\/2022\/10\/EXPO_2019_PRESENCES-VOYAGEUSES_21-2048x1365.jpg 2048w\" sizes=\"auto, (max-width: 2560px) 100vw, 2560px\" \/><figcaption class=\"wp-element-caption\">Exhibition views&nbsp;<em>Pr\u00e9sences Voyageuses<\/em>, 49 Nord 6 Est &#8211; Frac Lorraine, Metz (FR), march-june 2019. Photos: Fred Dott<\/figcaption><\/figure>\n\n\n\n<figure class=\"wp-block-image size-large\"><img loading=\"lazy\" decoding=\"async\" width=\"2560\" height=\"1707\" data-id=\"4113\" src=\"https:\/\/www.fraclorraine.org\/wp-content\/uploads\/2022\/10\/EXPO_2019_PRESENCES-VOYAGEUSES_14-scaled.jpg\" alt=\"\" class=\"wp-image-4113\" srcset=\"https:\/\/www.fraclorraine.org\/wp-content\/uploads\/2022\/10\/EXPO_2019_PRESENCES-VOYAGEUSES_14-scaled.jpg 2560w, https:\/\/www.fraclorraine.org\/wp-content\/uploads\/2022\/10\/EXPO_2019_PRESENCES-VOYAGEUSES_14-300x200.jpg 300w, https:\/\/www.fraclorraine.org\/wp-content\/uploads\/2022\/10\/EXPO_2019_PRESENCES-VOYAGEUSES_14-1024x683.jpg 1024w, https:\/\/www.fraclorraine.org\/wp-content\/uploads\/2022\/10\/EXPO_2019_PRESENCES-VOYAGEUSES_14-768x512.jpg 768w, https:\/\/www.fraclorraine.org\/wp-content\/uploads\/2022\/10\/EXPO_2019_PRESENCES-VOYAGEUSES_14-1536x1024.jpg 1536w, https:\/\/www.fraclorraine.org\/wp-content\/uploads\/2022\/10\/EXPO_2019_PRESENCES-VOYAGEUSES_14-2048x1365.jpg 2048w\" sizes=\"auto, (max-width: 2560px) 100vw, 2560px\" \/><figcaption class=\"wp-element-caption\">Exhibition views&nbsp;<em>Pr\u00e9sences Voyageuses<\/em>, 49 Nord 6 Est &#8211; Frac Lorraine, Metz (FR), march-june 2019. Photos: Fred Dott<\/figcaption><\/figure>\n\n\n\n<figure class=\"wp-block-image size-large\"><img loading=\"lazy\" decoding=\"async\" width=\"2560\" height=\"1707\" data-id=\"4114\" src=\"https:\/\/www.fraclorraine.org\/wp-content\/uploads\/2022\/10\/EXPO_2019_PRESENCES-VOYAGEUSES_15-scaled.jpg\" alt=\"\" class=\"wp-image-4114\" srcset=\"https:\/\/www.fraclorraine.org\/wp-content\/uploads\/2022\/10\/EXPO_2019_PRESENCES-VOYAGEUSES_15-scaled.jpg 2560w, https:\/\/www.fraclorraine.org\/wp-content\/uploads\/2022\/10\/EXPO_2019_PRESENCES-VOYAGEUSES_15-300x200.jpg 300w, https:\/\/www.fraclorraine.org\/wp-content\/uploads\/2022\/10\/EXPO_2019_PRESENCES-VOYAGEUSES_15-1024x683.jpg 1024w, https:\/\/www.fraclorraine.org\/wp-content\/uploads\/2022\/10\/EXPO_2019_PRESENCES-VOYAGEUSES_15-768x512.jpg 768w, https:\/\/www.fraclorraine.org\/wp-content\/uploads\/2022\/10\/EXPO_2019_PRESENCES-VOYAGEUSES_15-1536x1024.jpg 1536w, https:\/\/www.fraclorraine.org\/wp-content\/uploads\/2022\/10\/EXPO_2019_PRESENCES-VOYAGEUSES_15-2048x1365.jpg 2048w\" sizes=\"auto, (max-width: 2560px) 100vw, 2560px\" \/><figcaption class=\"wp-element-caption\">Exhibition views&nbsp;<em>Pr\u00e9sences Voyageuses<\/em>, 49 Nord 6 Est &#8211; Frac Lorraine, Metz (FR), march-june 2019. Photos: Fred Dott<\/figcaption><\/figure>\n\n\n\n<figure class=\"wp-block-image size-large\"><img loading=\"lazy\" decoding=\"async\" width=\"2560\" height=\"1707\" data-id=\"4119\" src=\"https:\/\/www.fraclorraine.org\/wp-content\/uploads\/2022\/10\/EXPO_2019_PRESENCES-VOYAGEUSES_20-scaled.jpg\" alt=\"\" class=\"wp-image-4119\" srcset=\"https:\/\/www.fraclorraine.org\/wp-content\/uploads\/2022\/10\/EXPO_2019_PRESENCES-VOYAGEUSES_20-scaled.jpg 2560w, https:\/\/www.fraclorraine.org\/wp-content\/uploads\/2022\/10\/EXPO_2019_PRESENCES-VOYAGEUSES_20-300x200.jpg 300w, https:\/\/www.fraclorraine.org\/wp-content\/uploads\/2022\/10\/EXPO_2019_PRESENCES-VOYAGEUSES_20-1024x683.jpg 1024w, https:\/\/www.fraclorraine.org\/wp-content\/uploads\/2022\/10\/EXPO_2019_PRESENCES-VOYAGEUSES_20-768x512.jpg 768w, https:\/\/www.fraclorraine.org\/wp-content\/uploads\/2022\/10\/EXPO_2019_PRESENCES-VOYAGEUSES_20-1536x1024.jpg 1536w, https:\/\/www.fraclorraine.org\/wp-content\/uploads\/2022\/10\/EXPO_2019_PRESENCES-VOYAGEUSES_20-2048x1365.jpg 2048w\" sizes=\"auto, (max-width: 2560px) 100vw, 2560px\" \/><figcaption class=\"wp-element-caption\">Exhibition views&nbsp;<em>Pr\u00e9sences Voyageuses<\/em>, 49 Nord 6 Est &#8211; Frac Lorraine, Metz (FR), march-june 2019. Photos: Fred Dott<\/figcaption><\/figure>\n\n\n\n<figure class=\"wp-block-image size-large\"><img loading=\"lazy\" decoding=\"async\" width=\"2560\" height=\"1707\" data-id=\"4124\" src=\"https:\/\/www.fraclorraine.org\/wp-content\/uploads\/2022\/10\/EXPO_2019_PRESENCES-VOYAGEUSES_25-scaled.jpg\" alt=\"\" class=\"wp-image-4124\" srcset=\"https:\/\/www.fraclorraine.org\/wp-content\/uploads\/2022\/10\/EXPO_2019_PRESENCES-VOYAGEUSES_25-scaled.jpg 2560w, https:\/\/www.fraclorraine.org\/wp-content\/uploads\/2022\/10\/EXPO_2019_PRESENCES-VOYAGEUSES_25-300x200.jpg 300w, https:\/\/www.fraclorraine.org\/wp-content\/uploads\/2022\/10\/EXPO_2019_PRESENCES-VOYAGEUSES_25-1024x683.jpg 1024w, https:\/\/www.fraclorraine.org\/wp-content\/uploads\/2022\/10\/EXPO_2019_PRESENCES-VOYAGEUSES_25-768x512.jpg 768w, https:\/\/www.fraclorraine.org\/wp-content\/uploads\/2022\/10\/EXPO_2019_PRESENCES-VOYAGEUSES_25-1536x1024.jpg 1536w, https:\/\/www.fraclorraine.org\/wp-content\/uploads\/2022\/10\/EXPO_2019_PRESENCES-VOYAGEUSES_25-2048x1365.jpg 2048w\" sizes=\"auto, (max-width: 2560px) 100vw, 2560px\" \/><figcaption class=\"wp-element-caption\">Exhibition views&nbsp;<em>Pr\u00e9sences Voyageuses<\/em>, 49 Nord 6 Est &#8211; Frac Lorraine, Metz (FR), march-june 2019. Photos: Fred Dott<\/figcaption><\/figure>\n\n\n\n<figure class=\"wp-block-image size-large\"><img loading=\"lazy\" decoding=\"async\" width=\"1707\" height=\"2560\" data-id=\"4123\" src=\"https:\/\/www.fraclorraine.org\/wp-content\/uploads\/2022\/10\/EXPO_2019_PRESENCES-VOYAGEUSES_24-scaled.jpg\" alt=\"\" class=\"wp-image-4123\" srcset=\"https:\/\/www.fraclorraine.org\/wp-content\/uploads\/2022\/10\/EXPO_2019_PRESENCES-VOYAGEUSES_24-scaled.jpg 1707w, https:\/\/www.fraclorraine.org\/wp-content\/uploads\/2022\/10\/EXPO_2019_PRESENCES-VOYAGEUSES_24-200x300.jpg 200w, https:\/\/www.fraclorraine.org\/wp-content\/uploads\/2022\/10\/EXPO_2019_PRESENCES-VOYAGEUSES_24-683x1024.jpg 683w, https:\/\/www.fraclorraine.org\/wp-content\/uploads\/2022\/10\/EXPO_2019_PRESENCES-VOYAGEUSES_24-768x1152.jpg 768w, https:\/\/www.fraclorraine.org\/wp-content\/uploads\/2022\/10\/EXPO_2019_PRESENCES-VOYAGEUSES_24-1024x1536.jpg 1024w, https:\/\/www.fraclorraine.org\/wp-content\/uploads\/2022\/10\/EXPO_2019_PRESENCES-VOYAGEUSES_24-1365x2048.jpg 1365w\" sizes=\"auto, (max-width: 1707px) 100vw, 1707px\" \/><figcaption class=\"wp-element-caption\">Exhibition views&nbsp;<em>Pr\u00e9sences Voyageuses<\/em>, 49 Nord 6 Est &#8211; Frac Lorraine, Metz (FR), march-june 2019. Photos: Fred Dott<\/figcaption><\/figure>\n<\/figure>\n\n\n\n<div class=\"wp-block-columns is-layout-flex wp-container-core-columns-is-layout-9d6595d7 wp-block-columns-is-layout-flex\">\n<div class=\"wp-block-column is-layout-flow wp-block-column-is-layout-flow\">\n<figure class=\"wp-block-image size-large\"><img loading=\"lazy\" decoding=\"async\" width=\"1024\" height=\"683\" src=\"https:\/\/www.fraclorraine.org\/wp-content\/uploads\/2022\/08\/EXPO_2019_PRESENCES-VOYAGEUSES_1-1024x683.jpg\" alt=\"\" class=\"wp-image-549\" srcset=\"https:\/\/www.fraclorraine.org\/wp-content\/uploads\/2022\/08\/EXPO_2019_PRESENCES-VOYAGEUSES_1-1024x683.jpg 1024w, https:\/\/www.fraclorraine.org\/wp-content\/uploads\/2022\/08\/EXPO_2019_PRESENCES-VOYAGEUSES_1-300x200.jpg 300w, https:\/\/www.fraclorraine.org\/wp-content\/uploads\/2022\/08\/EXPO_2019_PRESENCES-VOYAGEUSES_1-768x512.jpg 768w, https:\/\/www.fraclorraine.org\/wp-content\/uploads\/2022\/08\/EXPO_2019_PRESENCES-VOYAGEUSES_1-1536x1024.jpg 1536w, https:\/\/www.fraclorraine.org\/wp-content\/uploads\/2022\/08\/EXPO_2019_PRESENCES-VOYAGEUSES_1-2048x1365.jpg 2048w\" sizes=\"auto, (max-width: 1024px) 100vw, 1024px\" \/><figcaption class=\"wp-element-caption\">Sister Corita Kent, <em>E Eye Love You \/ Third Eye \/ Yellow Submarine<\/em>, 1969. Exhibition view <em>Pr\u00e9sences Voyageuses<\/em>, 49 Nord 6 Est &#8211; Frac Lorraine, Metz (FR), 2019. Photo: Fred Dott <\/figcaption><\/figure>\n\n\n\n<figure class=\"wp-block-image size-large\"><img loading=\"lazy\" decoding=\"async\" width=\"1024\" height=\"683\" src=\"https:\/\/www.fraclorraine.org\/wp-content\/uploads\/2022\/08\/EXPO_2019_PRESENCES-VOYAGEUSES_7-1024x683.jpg\" alt=\"\" class=\"wp-image-555\" srcset=\"https:\/\/www.fraclorraine.org\/wp-content\/uploads\/2022\/08\/EXPO_2019_PRESENCES-VOYAGEUSES_7-1024x683.jpg 1024w, https:\/\/www.fraclorraine.org\/wp-content\/uploads\/2022\/08\/EXPO_2019_PRESENCES-VOYAGEUSES_7-300x200.jpg 300w, https:\/\/www.fraclorraine.org\/wp-content\/uploads\/2022\/08\/EXPO_2019_PRESENCES-VOYAGEUSES_7-768x512.jpg 768w, https:\/\/www.fraclorraine.org\/wp-content\/uploads\/2022\/08\/EXPO_2019_PRESENCES-VOYAGEUSES_7-1536x1024.jpg 1536w, https:\/\/www.fraclorraine.org\/wp-content\/uploads\/2022\/08\/EXPO_2019_PRESENCES-VOYAGEUSES_7-2048x1365.jpg 2048w\" sizes=\"auto, (max-width: 1024px) 100vw, 1024px\" \/><figcaption class=\"wp-element-caption\">Willie Cole, <em>The Elegba Principle<\/em>, 1997. Exhibition view <em>Pr\u00e9sences Voyageuses<\/em>, 49 Nord 6 Est &#8211; Frac Lorraine, Metz (FR), 2019. \u00a9 W. Cole. Photo: Fred Dott <\/figcaption><\/figure>\n<\/div>\n\n\n\n<div class=\"wp-block-column is-layout-flow wp-block-column-is-layout-flow\">\n<p>This exhibition reveals the circulation of a selection of works from the 49 Nord 6 Est collection, retracing their trajectories and displaying a plurality of approaches. Some of the photographs, silkscreens, videos, sculptures, and installations showcased here are emblematic and have been exhibited around the world; others, more discreet, have been displayed less frequently. Certain works bear the traces of a journey (<strong>Beier &amp; Lund<\/strong>) or trigger an active circulation (<strong>Cole<\/strong>). Others examine the conditions under which bodies occupy space within the private (<strong>Br\u0103tescu, Guilleminot<\/strong>) or the public realm (<strong>brouwn, Fraser, Rosenfeld<\/strong>), thus searching zones of freedom in the face of political, institutional, or administrative restrictions. Few artists foreground the distance between an artwork and the memory it left behind (<strong>Kolbowski<\/strong>), or between the image and its description (<strong>Koljonen<\/strong>). Sometimes, the image itself is termed \u201ca travelling image\u201d, as Hito Steyerl says while describing the portrait of Andrea Wolf, her childhood friend, which no longer merely represents a person, but has become an emblem of the Kurdish resistance. <\/p>\n\n\n\n<p>From Athens to Forbach and Neufch\u00e2teau, to San Francisco, the works in this collection have confronted a wide range of sensibilities over the past 30 years. Their display introduces historical events that reveal their production context as well as features short texts written for the occasion of other exhibitions. These multiple readings were written in German, English, Arabic, Greek, French, Japanese, or Romanian. Incomprehensible to some, the texts will be crystal clear to others. Just like them, artworks elicit various connections with the visitors and give rise to changing readings, which, in turn, get woven into the fabric of their histories.<\/p>\n<\/div>\n<\/div>\n","protected":false,"raw":"<!-- wp:columns -->\n<div class=\"wp-block-columns\"><!-- wp:column -->\n<div class=\"wp-block-column\"><!-- wp:paragraph -->\n<p>\u25cf Featuring works from the 49 Nord 6 Est collection by Nina Beier &amp; Marie Lund, Geta Br\u0103tescu, stanley brouwn, Willie Cole, Winfred Evers, Andrea Fraser, Marie-Ange Guilleminot, Sister Corita Kent, Silvia Kolbowski, Tanja Koljonen, Claire Pentecost, Lotty Rosenfeld, Hito Steyerl, Ian Wilson<\/p>\n<!-- \/wp:paragraph -->\n\n<!-- wp:paragraph -->\n<p>Exhibited in libraries, schools, or private residencies, as well as in art centers, museums, and at biennales, the works in the 49 Nord 6 Est collection each have their own journey. Each new presentation is an occasion to provide an insight into a different facet of the artwork.<\/p>\n<!-- \/wp:paragraph --><\/div>\n<!-- \/wp:column -->\n\n<!-- wp:column -->\n<div class=\"wp-block-column\"><!-- wp:image {\"id\":556,\"sizeSlug\":\"large\",\"linkDestination\":\"none\"} -->\n<figure class=\"wp-block-image size-large\"><img src=\"https:\/\/www.fraclorraine.org\/wp-content\/uploads\/2022\/08\/EXPO_2019_PRESENCES-VOYAGEUSES_8-1024x683.jpg\" alt=\"\" class=\"wp-image-556\"\/><figcaption class=\"wp-element-caption\">Claire Pentecost, <em>Proposal for a New American Agriculture<\/em>, 2006. Exhibition view <em>Pr\u00e9sences Voyageuses<\/em>, 49 Nord 6 Est - Frac Lorraine, Metz (FR), 2019.  \u00a9 C. Pentecost. Photo: Fred Dott <\/figcaption><\/figure>\n<!-- \/wp:image --><\/div>\n<!-- \/wp:column --><\/div>\n<!-- \/wp:columns -->\n\n<!-- wp:gallery {\"ids\":[],\"shortCodeTransforms\":[],\"linkTo\":\"none\"} -->\n<figure class=\"wp-block-gallery has-nested-images columns-default is-cropped\"><!-- wp:image {\"id\":4110,\"sizeSlug\":\"large\",\"linkDestination\":\"none\"} -->\n<figure class=\"wp-block-image size-large\"><img src=\"https:\/\/www.fraclorraine.org\/wp-content\/uploads\/2022\/10\/EXPO_2019_PRESENCES-VOYAGEUSES_11-scaled.jpg\" alt=\"\" class=\"wp-image-4110\"\/><figcaption class=\"wp-element-caption\">Exhibition views&nbsp;<em>Pr\u00e9sences Voyageuses<\/em>, 49 Nord 6 Est - Frac Lorraine, Metz (FR), march-june 2019. Photos: Fred Dott<\/figcaption><\/figure>\n<!-- \/wp:image -->\n\n<!-- wp:image {\"id\":4129,\"sizeSlug\":\"large\",\"linkDestination\":\"none\"} -->\n<figure class=\"wp-block-image size-large\"><img src=\"https:\/\/www.fraclorraine.org\/wp-content\/uploads\/2022\/10\/EXPO_2019_PRESENCES-VOYAGEUSES_30-scaled.jpg\" alt=\"\" class=\"wp-image-4129\"\/><figcaption class=\"wp-element-caption\">Exhibition views&nbsp;<em>Pr\u00e9sences Voyageuses<\/em>, 49 Nord 6 Est - Frac Lorraine, Metz (FR), march-june 2019. Photos: Fred Dott<\/figcaption><\/figure>\n<!-- \/wp:image -->\n\n<!-- wp:image {\"id\":4130,\"sizeSlug\":\"large\",\"linkDestination\":\"none\"} -->\n<figure class=\"wp-block-image size-large\"><img src=\"https:\/\/www.fraclorraine.org\/wp-content\/uploads\/2022\/10\/EXPO_2019_PRESENCES-VOYAGEUSES_31-scaled.jpg\" alt=\"\" class=\"wp-image-4130\"\/><figcaption class=\"wp-element-caption\">Exhibition views&nbsp;<em>Pr\u00e9sences Voyageuses<\/em>, 49 Nord 6 Est - Frac Lorraine, Metz (FR), march-june 2019. Photos: Fred Dott<\/figcaption><\/figure>\n<!-- \/wp:image -->\n\n<!-- wp:image {\"id\":4118,\"sizeSlug\":\"large\",\"linkDestination\":\"none\"} -->\n<figure class=\"wp-block-image size-large\"><img src=\"https:\/\/www.fraclorraine.org\/wp-content\/uploads\/2022\/10\/EXPO_2019_PRESENCES-VOYAGEUSES_19-scaled.jpg\" alt=\"\" class=\"wp-image-4118\"\/><figcaption class=\"wp-element-caption\">Exhibition views&nbsp;<em>Pr\u00e9sences Voyageuses<\/em>, 49 Nord 6 Est - Frac Lorraine, Metz (FR), march-june 2019. Photos: Fred Dott<\/figcaption><\/figure>\n<!-- \/wp:image -->\n\n<!-- wp:image {\"id\":550,\"sizeSlug\":\"large\",\"linkDestination\":\"none\"} -->\n<figure class=\"wp-block-image size-large\"><img src=\"https:\/\/www.fraclorraine.org\/wp-content\/uploads\/2022\/08\/EXPO_2019_PRESENCES-VOYAGEUSES_2-scaled.jpg\" alt=\"\" class=\"wp-image-550\"\/><figcaption class=\"wp-element-caption\">Exhibition views&nbsp;<em>Pr\u00e9sences Voyageuses<\/em>, 49 Nord 6 Est - Frac Lorraine, Metz (FR), march-june 2019. Photos: Fred Dott<\/figcaption><\/figure>\n<!-- \/wp:image -->\n\n<!-- wp:image {\"id\":4112,\"sizeSlug\":\"large\",\"linkDestination\":\"none\"} -->\n<figure class=\"wp-block-image size-large\"><img src=\"https:\/\/www.fraclorraine.org\/wp-content\/uploads\/2022\/10\/EXPO_2019_PRESENCES-VOYAGEUSES_13-scaled.jpg\" alt=\"\" class=\"wp-image-4112\"\/><figcaption class=\"wp-element-caption\">Exhibition views&nbsp;<em>Pr\u00e9sences Voyageuses<\/em>, 49 Nord 6 Est - Frac Lorraine, Metz (FR), march-june 2019. Photos: Fred Dott<\/figcaption><\/figure>\n<!-- \/wp:image -->\n\n<!-- wp:image {\"id\":4128,\"sizeSlug\":\"large\",\"linkDestination\":\"none\"} -->\n<figure class=\"wp-block-image size-large\"><img src=\"https:\/\/www.fraclorraine.org\/wp-content\/uploads\/2022\/10\/EXPO_2019_PRESENCES-VOYAGEUSES_29-scaled.jpg\" alt=\"\" class=\"wp-image-4128\"\/><figcaption class=\"wp-element-caption\">Exhibition views&nbsp;<em>Pr\u00e9sences Voyageuses<\/em>, 49 Nord 6 Est - Frac Lorraine, Metz (FR), march-june 2019. Photos: Fred Dott<\/figcaption><\/figure>\n<!-- \/wp:image -->\n\n<!-- wp:image {\"id\":552,\"sizeSlug\":\"large\",\"linkDestination\":\"none\"} -->\n<figure class=\"wp-block-image size-large\"><img src=\"https:\/\/www.fraclorraine.org\/wp-content\/uploads\/2022\/08\/EXPO_2019_PRESENCES-VOYAGEUSES_4-scaled.jpg\" alt=\"\" class=\"wp-image-552\"\/><figcaption class=\"wp-element-caption\">Exhibition views&nbsp;<em>Pr\u00e9sences Voyageuses<\/em>, 49 Nord 6 Est - Frac Lorraine, Metz (FR), march-june 2019. Photos: Fred Dott<\/figcaption><\/figure>\n<!-- \/wp:image -->\n\n<!-- wp:image {\"id\":4126,\"sizeSlug\":\"large\",\"linkDestination\":\"none\"} -->\n<figure class=\"wp-block-image size-large\"><img src=\"https:\/\/www.fraclorraine.org\/wp-content\/uploads\/2022\/10\/EXPO_2019_PRESENCES-VOYAGEUSES_27-scaled.jpg\" alt=\"\" class=\"wp-image-4126\"\/><figcaption class=\"wp-element-caption\">Exhibition views&nbsp;<em>Pr\u00e9sences Voyageuses<\/em>, 49 Nord 6 Est - Frac Lorraine, Metz (FR), march-june 2019. Photos: Fred Dott<\/figcaption><\/figure>\n<!-- \/wp:image -->\n\n<!-- wp:image {\"id\":4117,\"sizeSlug\":\"large\",\"linkDestination\":\"none\"} -->\n<figure class=\"wp-block-image size-large\"><img src=\"https:\/\/www.fraclorraine.org\/wp-content\/uploads\/2022\/10\/EXPO_2019_PRESENCES-VOYAGEUSES_18-scaled.jpg\" alt=\"\" class=\"wp-image-4117\"\/><figcaption class=\"wp-element-caption\">Exhibition views&nbsp;<em>Pr\u00e9sences Voyageuses<\/em>, 49 Nord 6 Est - Frac Lorraine, Metz (FR), march-june 2019. Photos: Fred Dott<\/figcaption><\/figure>\n<!-- \/wp:image -->\n\n<!-- wp:image {\"id\":4127,\"sizeSlug\":\"large\",\"linkDestination\":\"none\"} -->\n<figure class=\"wp-block-image size-large\"><img src=\"https:\/\/www.fraclorraine.org\/wp-content\/uploads\/2022\/10\/EXPO_2019_PRESENCES-VOYAGEUSES_28-scaled.jpg\" alt=\"\" class=\"wp-image-4127\"\/><figcaption class=\"wp-element-caption\">Exhibition views&nbsp;<em>Pr\u00e9sences Voyageuses<\/em>, 49 Nord 6 Est - Frac Lorraine, Metz (FR), march-june 2019. Photos: Fred Dott<\/figcaption><\/figure>\n<!-- \/wp:image -->\n\n<!-- wp:image {\"id\":553,\"sizeSlug\":\"large\",\"linkDestination\":\"none\"} -->\n<figure class=\"wp-block-image size-large\"><img src=\"https:\/\/www.fraclorraine.org\/wp-content\/uploads\/2022\/08\/EXPO_2019_PRESENCES-VOYAGEUSES_5-scaled.jpg\" alt=\"\" class=\"wp-image-553\"\/><figcaption class=\"wp-element-caption\">Exhibition views&nbsp;<em>Pr\u00e9sences Voyageuses<\/em>, 49 Nord 6 Est - Frac Lorraine, Metz (FR), march-june 2019. Photos: Fred Dott<\/figcaption><\/figure>\n<!-- \/wp:image -->\n\n<!-- wp:image {\"id\":4115,\"sizeSlug\":\"large\",\"linkDestination\":\"none\"} -->\n<figure class=\"wp-block-image size-large\"><img src=\"https:\/\/www.fraclorraine.org\/wp-content\/uploads\/2022\/10\/EXPO_2019_PRESENCES-VOYAGEUSES_16-scaled.jpg\" alt=\"\" class=\"wp-image-4115\"\/><figcaption class=\"wp-element-caption\">Exhibition views&nbsp;<em>Pr\u00e9sences Voyageuses<\/em>, 49 Nord 6 Est - Frac Lorraine, Metz (FR), march-june 2019. Photos: Fred Dott<\/figcaption><\/figure>\n<!-- \/wp:image -->\n\n<!-- wp:image {\"id\":4116,\"sizeSlug\":\"large\",\"linkDestination\":\"none\"} -->\n<figure class=\"wp-block-image size-large\"><img src=\"https:\/\/www.fraclorraine.org\/wp-content\/uploads\/2022\/10\/EXPO_2019_PRESENCES-VOYAGEUSES_17-scaled.jpg\" alt=\"\" class=\"wp-image-4116\"\/><figcaption class=\"wp-element-caption\">Exhibition views&nbsp;<em>Pr\u00e9sences Voyageuses<\/em>, 49 Nord 6 Est - Frac Lorraine, Metz (FR), march-june 2019. Photos: Fred Dott<\/figcaption><\/figure>\n<!-- \/wp:image -->\n\n<!-- wp:image {\"id\":4125,\"sizeSlug\":\"large\",\"linkDestination\":\"none\"} -->\n<figure class=\"wp-block-image size-large\"><img src=\"https:\/\/www.fraclorraine.org\/wp-content\/uploads\/2022\/10\/EXPO_2019_PRESENCES-VOYAGEUSES_26-scaled.jpg\" alt=\"\" class=\"wp-image-4125\"\/><figcaption class=\"wp-element-caption\">Exhibition views&nbsp;<em>Pr\u00e9sences Voyageuses<\/em>, 49 Nord 6 Est - Frac Lorraine, Metz (FR), march-june 2019. Photos: Fred Dott<\/figcaption><\/figure>\n<!-- \/wp:image -->\n\n<!-- wp:image {\"id\":554,\"sizeSlug\":\"large\",\"linkDestination\":\"none\"} -->\n<figure class=\"wp-block-image size-large\"><img src=\"https:\/\/www.fraclorraine.org\/wp-content\/uploads\/2022\/08\/EXPO_2019_PRESENCES-VOYAGEUSES_6-scaled.jpg\" alt=\"\" class=\"wp-image-554\"\/><figcaption class=\"wp-element-caption\">Exhibition views&nbsp;<em>Pr\u00e9sences Voyageuses<\/em>, 49 Nord 6 Est - Frac Lorraine, Metz (FR), march-june 2019. Photos: Fred Dott<\/figcaption><\/figure>\n<!-- \/wp:image -->\n\n<!-- wp:image {\"id\":4122,\"sizeSlug\":\"large\",\"linkDestination\":\"none\"} -->\n<figure class=\"wp-block-image size-large\"><img src=\"https:\/\/www.fraclorraine.org\/wp-content\/uploads\/2022\/10\/EXPO_2019_PRESENCES-VOYAGEUSES_23-scaled.jpg\" alt=\"\" class=\"wp-image-4122\"\/><figcaption class=\"wp-element-caption\">Exhibition views&nbsp;<em>Pr\u00e9sences Voyageuses<\/em>, 49 Nord 6 Est - Frac Lorraine, Metz (FR), march-june 2019. Photos: Fred Dott<\/figcaption><\/figure>\n<!-- \/wp:image -->\n\n<!-- wp:image {\"id\":4121,\"sizeSlug\":\"large\",\"linkDestination\":\"none\"} -->\n<figure class=\"wp-block-image size-large\"><img src=\"https:\/\/www.fraclorraine.org\/wp-content\/uploads\/2022\/10\/EXPO_2019_PRESENCES-VOYAGEUSES_22-scaled.jpg\" alt=\"\" class=\"wp-image-4121\"\/><figcaption class=\"wp-element-caption\">Exhibition views&nbsp;<em>Pr\u00e9sences Voyageuses<\/em>, 49 Nord 6 Est - Frac Lorraine, Metz (FR), march-june 2019. Photos: Fred Dott<\/figcaption><\/figure>\n<!-- \/wp:image -->\n\n<!-- wp:image {\"id\":4120,\"sizeSlug\":\"large\",\"linkDestination\":\"none\"} -->\n<figure class=\"wp-block-image size-large\"><img src=\"https:\/\/www.fraclorraine.org\/wp-content\/uploads\/2022\/10\/EXPO_2019_PRESENCES-VOYAGEUSES_21-scaled.jpg\" alt=\"\" class=\"wp-image-4120\"\/><figcaption class=\"wp-element-caption\">Exhibition views&nbsp;<em>Pr\u00e9sences Voyageuses<\/em>, 49 Nord 6 Est - Frac Lorraine, Metz (FR), march-june 2019. Photos: Fred Dott<\/figcaption><\/figure>\n<!-- \/wp:image -->\n\n<!-- wp:image {\"id\":4113,\"sizeSlug\":\"large\",\"linkDestination\":\"none\"} -->\n<figure class=\"wp-block-image size-large\"><img src=\"https:\/\/www.fraclorraine.org\/wp-content\/uploads\/2022\/10\/EXPO_2019_PRESENCES-VOYAGEUSES_14-scaled.jpg\" alt=\"\" class=\"wp-image-4113\"\/><figcaption class=\"wp-element-caption\">Exhibition views&nbsp;<em>Pr\u00e9sences Voyageuses<\/em>, 49 Nord 6 Est - Frac Lorraine, Metz (FR), march-june 2019. Photos: Fred Dott<\/figcaption><\/figure>\n<!-- \/wp:image -->\n\n<!-- wp:image {\"id\":4114,\"sizeSlug\":\"large\",\"linkDestination\":\"none\"} -->\n<figure class=\"wp-block-image size-large\"><img src=\"https:\/\/www.fraclorraine.org\/wp-content\/uploads\/2022\/10\/EXPO_2019_PRESENCES-VOYAGEUSES_15-scaled.jpg\" alt=\"\" class=\"wp-image-4114\"\/><figcaption class=\"wp-element-caption\">Exhibition views&nbsp;<em>Pr\u00e9sences Voyageuses<\/em>, 49 Nord 6 Est - Frac Lorraine, Metz (FR), march-june 2019. Photos: Fred Dott<\/figcaption><\/figure>\n<!-- \/wp:image -->\n\n<!-- wp:image {\"id\":4119,\"sizeSlug\":\"large\",\"linkDestination\":\"none\"} -->\n<figure class=\"wp-block-image size-large\"><img src=\"https:\/\/www.fraclorraine.org\/wp-content\/uploads\/2022\/10\/EXPO_2019_PRESENCES-VOYAGEUSES_20-scaled.jpg\" alt=\"\" class=\"wp-image-4119\"\/><figcaption class=\"wp-element-caption\">Exhibition views&nbsp;<em>Pr\u00e9sences Voyageuses<\/em>, 49 Nord 6 Est - Frac Lorraine, Metz (FR), march-june 2019. Photos: Fred Dott<\/figcaption><\/figure>\n<!-- \/wp:image -->\n\n<!-- wp:image {\"id\":4124,\"sizeSlug\":\"large\",\"linkDestination\":\"none\"} -->\n<figure class=\"wp-block-image size-large\"><img src=\"https:\/\/www.fraclorraine.org\/wp-content\/uploads\/2022\/10\/EXPO_2019_PRESENCES-VOYAGEUSES_25-scaled.jpg\" alt=\"\" class=\"wp-image-4124\"\/><figcaption class=\"wp-element-caption\">Exhibition views&nbsp;<em>Pr\u00e9sences Voyageuses<\/em>, 49 Nord 6 Est - Frac Lorraine, Metz (FR), march-june 2019. Photos: Fred Dott<\/figcaption><\/figure>\n<!-- \/wp:image -->\n\n<!-- wp:image {\"id\":4123,\"sizeSlug\":\"large\",\"linkDestination\":\"none\"} -->\n<figure class=\"wp-block-image size-large\"><img src=\"https:\/\/www.fraclorraine.org\/wp-content\/uploads\/2022\/10\/EXPO_2019_PRESENCES-VOYAGEUSES_24-scaled.jpg\" alt=\"\" class=\"wp-image-4123\"\/><figcaption class=\"wp-element-caption\">Exhibition views&nbsp;<em>Pr\u00e9sences Voyageuses<\/em>, 49 Nord 6 Est - Frac Lorraine, Metz (FR), march-june 2019. Photos: Fred Dott<\/figcaption><\/figure>\n<!-- \/wp:image --><\/figure>\n<!-- \/wp:gallery -->\n\n<!-- wp:columns -->\n<div class=\"wp-block-columns\"><!-- wp:column -->\n<div class=\"wp-block-column\"><!-- wp:image {\"id\":549,\"sizeSlug\":\"large\",\"linkDestination\":\"none\"} -->\n<figure class=\"wp-block-image size-large\"><img src=\"https:\/\/www.fraclorraine.org\/wp-content\/uploads\/2022\/08\/EXPO_2019_PRESENCES-VOYAGEUSES_1-1024x683.jpg\" alt=\"\" class=\"wp-image-549\"\/><figcaption class=\"wp-element-caption\">Sister Corita Kent, <em>E Eye Love You \/ Third Eye \/ Yellow Submarine<\/em>, 1969. Exhibition view <em>Pr\u00e9sences Voyageuses<\/em>, 49 Nord 6 Est - Frac Lorraine, Metz (FR), 2019. Photo: Fred Dott <\/figcaption><\/figure>\n<!-- \/wp:image -->\n\n<!-- wp:image {\"id\":555,\"sizeSlug\":\"large\",\"linkDestination\":\"none\"} -->\n<figure class=\"wp-block-image size-large\"><img src=\"https:\/\/www.fraclorraine.org\/wp-content\/uploads\/2022\/08\/EXPO_2019_PRESENCES-VOYAGEUSES_7-1024x683.jpg\" alt=\"\" class=\"wp-image-555\"\/><figcaption class=\"wp-element-caption\">Willie Cole, <em>The Elegba Principle<\/em>, 1997. Exhibition view <em>Pr\u00e9sences Voyageuses<\/em>, 49 Nord 6 Est - Frac Lorraine, Metz (FR), 2019. \u00a9 W. Cole. Photo: Fred Dott <\/figcaption><\/figure>\n<!-- \/wp:image --><\/div>\n<!-- \/wp:column -->\n\n<!-- wp:column -->\n<div class=\"wp-block-column\"><!-- wp:paragraph -->\n<p>This exhibition reveals the circulation of a selection of works from the 49 Nord 6 Est collection, retracing their trajectories and displaying a plurality of approaches. Some of the photographs, silkscreens, videos, sculptures, and installations showcased here are emblematic and have been exhibited around the world; others, more discreet, have been displayed less frequently. Certain works bear the traces of a journey (<strong>Beier &amp; Lund<\/strong>) or trigger an active circulation (<strong>Cole<\/strong>). Others examine the conditions under which bodies occupy space within the private (<strong>Br\u0103tescu, Guilleminot<\/strong>) or the public realm (<strong>brouwn, Fraser, Rosenfeld<\/strong>), thus searching zones of freedom in the face of political, institutional, or administrative restrictions. Few artists foreground the distance between an artwork and the memory it left behind (<strong>Kolbowski<\/strong>), or between the image and its description (<strong>Koljonen<\/strong>). Sometimes, the image itself is termed \u201ca travelling image\u201d, as Hito Steyerl says while describing the portrait of Andrea Wolf, her childhood friend, which no longer merely represents a person, but has become an emblem of the Kurdish resistance. <\/p>\n<!-- \/wp:paragraph -->\n\n<!-- wp:paragraph -->\n<p>From Athens to Forbach and Neufch\u00e2teau, to San Francisco, the works in this collection have confronted a wide range of sensibilities over the past 30 years. Their display introduces historical events that reveal their production context as well as features short texts written for the occasion of other exhibitions. These multiple readings were written in German, English, Arabic, Greek, French, Japanese, or Romanian. Incomprehensible to some, the texts will be crystal clear to others. Just like them, artworks elicit various connections with the visitors and give rise to changing readings, which, in turn, get woven into the fabric of their histories.<\/p>\n<!-- \/wp:paragraph --><\/div>\n<!-- \/wp:column --><\/div>\n<!-- \/wp:columns -->"},"template":"","meta":{"inline_featured_image":false,"_fr_post_content":"<!-- wp:columns -->\n<div class=\"wp-block-columns\"><!-- wp:column -->\n<div class=\"wp-block-column\"><!-- wp:paragraph -->\n<p>\u25cf Exposition de groupe autour d\u2019\u0153uvres de la collection du 49 Nord 6 Est \u2013 Frac Lorraine avec Nina Beier &amp; Marie Lund, Geta Br\u0103tescu, stanley brouwn, Willie Cole, Winfred Evers, Andrea Fraser, Marie-Ange Guilleminot, Sister Corita Kent, Silvia Kolbowski, Tanja Koljonen, Claire Pentecost, Lotty Rosenfeld, Hito Steyerl, Ian Wilson<\/p>\n<!-- \/wp:paragraph -->\n\n<!-- wp:paragraph -->\n<p>D\u2019Ath\u00e8nes \u00e0 Forbach et Neufch\u00e2teau en passant par San Francisco, les \u0153uvres de la collection du 49 Nord 6 Est ont rencontr\u00e9 des sensibilit\u00e9s vari\u00e9es au cours des 30 derni\u00e8res ann\u00e9es. Ensemble, elles donnent forme \u00e0 une exposition o\u00f9 l\u2019ailleurs est ici, sans hi\u00e9rarchie d\u2019importance entre les lieux, les oeuvres et les lectures que nous en faisons.<\/p>\n<!-- \/wp:paragraph --><\/div>\n<!-- \/wp:column -->\n\n<!-- wp:column -->\n<div class=\"wp-block-column\"><!-- wp:image {\"id\":556,\"sizeSlug\":\"large\",\"linkDestination\":\"none\"} -->\n<figure class=\"wp-block-image size-large\"><img src=\"https:\/\/www.fraclorraine.org\/wp-content\/uploads\/2022\/08\/EXPO_2019_PRESENCES-VOYAGEUSES_8-1024x683.jpg\" alt=\"\" class=\"wp-image-556\"\/><figcaption class=\"wp-element-caption\">Claire Pentecost, <em>Proposal for a New American Agriculture<\/em>, 2006. Vue de l\u2019exposition <em>Pr\u00e9sences Voyageuses<\/em>, 49 Nord 6 Est - Frac Lorraine, Metz (FR), 2019.  \u00a9 C. Pentecost. Photo : Fred Dott <\/figcaption><\/figure>\n<!-- \/wp:image --><\/div>\n<!-- \/wp:column --><\/div>\n<!-- \/wp:columns -->\n\n<!-- wp:gallery {\"linkTo\":\"none\"} -->\n<figure class=\"wp-block-gallery has-nested-images columns-default is-cropped\"><!-- wp:image {\"id\":4110,\"sizeSlug\":\"large\",\"linkDestination\":\"none\"} -->\n<figure class=\"wp-block-image size-large\"><img src=\"https:\/\/www.fraclorraine.org\/wp-content\/uploads\/2022\/10\/EXPO_2019_PRESENCES-VOYAGEUSES_11-scaled.jpg\" alt=\"\" class=\"wp-image-4110\"\/><figcaption class=\"wp-element-caption\">Vues de l\u2019exposition <em>Pr\u00e9sences Voyageuses<\/em>, 49 Nord 6 Est - Frac Lorraine, Metz (FR), mars-juin 2019. Photos : Fred Dott <\/figcaption><\/figure>\n<!-- \/wp:image -->\n\n<!-- wp:image {\"id\":4129,\"sizeSlug\":\"large\",\"linkDestination\":\"none\"} -->\n<figure class=\"wp-block-image size-large\"><img src=\"https:\/\/www.fraclorraine.org\/wp-content\/uploads\/2022\/10\/EXPO_2019_PRESENCES-VOYAGEUSES_30-scaled.jpg\" alt=\"\" class=\"wp-image-4129\"\/><figcaption class=\"wp-element-caption\">Vues de l\u2019exposition <em>Pr\u00e9sences Voyageuses<\/em>, 49 Nord 6 Est - Frac Lorraine, Metz (FR), mars-juin 2019. Photos : Fred Dott <\/figcaption><\/figure>\n<!-- \/wp:image -->\n\n<!-- wp:image {\"id\":4130,\"sizeSlug\":\"large\",\"linkDestination\":\"none\"} -->\n<figure class=\"wp-block-image size-large\"><img src=\"https:\/\/www.fraclorraine.org\/wp-content\/uploads\/2022\/10\/EXPO_2019_PRESENCES-VOYAGEUSES_31-scaled.jpg\" alt=\"\" class=\"wp-image-4130\"\/><figcaption class=\"wp-element-caption\">Vues de l\u2019exposition <em>Pr\u00e9sences Voyageuses<\/em>, 49 Nord 6 Est - Frac Lorraine, Metz (FR), mars-juin 2019. Photos : Fred Dott <\/figcaption><\/figure>\n<!-- \/wp:image -->\n\n<!-- wp:image {\"id\":4118,\"sizeSlug\":\"large\",\"linkDestination\":\"none\"} -->\n<figure class=\"wp-block-image size-large\"><img src=\"https:\/\/www.fraclorraine.org\/wp-content\/uploads\/2022\/10\/EXPO_2019_PRESENCES-VOYAGEUSES_19-scaled.jpg\" alt=\"\" class=\"wp-image-4118\"\/><figcaption class=\"wp-element-caption\">Vues de l\u2019exposition <em>Pr\u00e9sences Voyageuses<\/em>, 49 Nord 6 Est - Frac Lorraine, Metz (FR), mars-juin 2019. Photos : Fred Dott <\/figcaption><\/figure>\n<!-- \/wp:image -->\n\n<!-- wp:image {\"id\":550,\"sizeSlug\":\"large\",\"linkDestination\":\"none\"} -->\n<figure class=\"wp-block-image size-large\"><img src=\"https:\/\/www.fraclorraine.org\/wp-content\/uploads\/2022\/08\/EXPO_2019_PRESENCES-VOYAGEUSES_2-scaled.jpg\" alt=\"\" class=\"wp-image-550\"\/><figcaption class=\"wp-element-caption\">Vues de l\u2019exposition <em>Pr\u00e9sences Voyageuses<\/em>, 49 Nord 6 Est - Frac Lorraine, Metz (FR), mars-juin 2019. Photos : Fred Dott <\/figcaption><\/figure>\n<!-- \/wp:image -->\n\n<!-- wp:image {\"id\":4112,\"sizeSlug\":\"large\",\"linkDestination\":\"none\"} -->\n<figure class=\"wp-block-image size-large\"><img src=\"https:\/\/www.fraclorraine.org\/wp-content\/uploads\/2022\/10\/EXPO_2019_PRESENCES-VOYAGEUSES_13-scaled.jpg\" alt=\"\" class=\"wp-image-4112\"\/><figcaption class=\"wp-element-caption\">Vues de l\u2019exposition <em>Pr\u00e9sences Voyageuses<\/em>, 49 Nord 6 Est - Frac Lorraine, Metz (FR), mars-juin 2019. Photos : Fred Dott <\/figcaption><\/figure>\n<!-- \/wp:image -->\n\n<!-- wp:image {\"id\":4128,\"sizeSlug\":\"large\",\"linkDestination\":\"none\"} -->\n<figure class=\"wp-block-image size-large\"><img src=\"https:\/\/www.fraclorraine.org\/wp-content\/uploads\/2022\/10\/EXPO_2019_PRESENCES-VOYAGEUSES_29-scaled.jpg\" alt=\"\" class=\"wp-image-4128\"\/><figcaption class=\"wp-element-caption\">Vues de l\u2019exposition <em>Pr\u00e9sences Voyageuses<\/em>, 49 Nord 6 Est - Frac Lorraine, Metz (FR), mars-juin 2019. Photos : Fred Dott <\/figcaption><\/figure>\n<!-- \/wp:image -->\n\n<!-- wp:image {\"id\":552,\"sizeSlug\":\"large\",\"linkDestination\":\"none\"} -->\n<figure class=\"wp-block-image size-large\"><img src=\"https:\/\/www.fraclorraine.org\/wp-content\/uploads\/2022\/08\/EXPO_2019_PRESENCES-VOYAGEUSES_4-scaled.jpg\" alt=\"\" class=\"wp-image-552\"\/><figcaption class=\"wp-element-caption\">Vues de l\u2019exposition <em>Pr\u00e9sences Voyageuses<\/em>, 49 Nord 6 Est - Frac Lorraine, Metz (FR), mars-juin 2019. Photos : Fred Dott <\/figcaption><\/figure>\n<!-- \/wp:image -->\n\n<!-- wp:image {\"id\":4126,\"sizeSlug\":\"large\",\"linkDestination\":\"none\"} -->\n<figure class=\"wp-block-image size-large\"><img src=\"https:\/\/www.fraclorraine.org\/wp-content\/uploads\/2022\/10\/EXPO_2019_PRESENCES-VOYAGEUSES_27-scaled.jpg\" alt=\"\" class=\"wp-image-4126\"\/><figcaption class=\"wp-element-caption\">Vues de l\u2019exposition <em>Pr\u00e9sences Voyageuses<\/em>, 49 Nord 6 Est - Frac Lorraine, Metz (FR), mars-juin 2019. Photos : Fred Dott <\/figcaption><\/figure>\n<!-- \/wp:image -->\n\n<!-- wp:image {\"id\":4117,\"sizeSlug\":\"large\",\"linkDestination\":\"none\"} -->\n<figure class=\"wp-block-image size-large\"><img src=\"https:\/\/www.fraclorraine.org\/wp-content\/uploads\/2022\/10\/EXPO_2019_PRESENCES-VOYAGEUSES_18-scaled.jpg\" alt=\"\" class=\"wp-image-4117\"\/><figcaption class=\"wp-element-caption\">Vues de l\u2019exposition <em>Pr\u00e9sences Voyageuses<\/em>, 49 Nord 6 Est - Frac Lorraine, Metz (FR), mars-juin 2019. Photos : Fred Dott <\/figcaption><\/figure>\n<!-- \/wp:image -->\n\n<!-- wp:image {\"id\":4127,\"sizeSlug\":\"large\",\"linkDestination\":\"none\"} -->\n<figure class=\"wp-block-image size-large\"><img src=\"https:\/\/www.fraclorraine.org\/wp-content\/uploads\/2022\/10\/EXPO_2019_PRESENCES-VOYAGEUSES_28-scaled.jpg\" alt=\"\" class=\"wp-image-4127\"\/><figcaption class=\"wp-element-caption\">Vues de l\u2019exposition <em>Pr\u00e9sences Voyageuses<\/em>, 49 Nord 6 Est - Frac Lorraine, Metz (FR), mars-juin 2019. Photos : Fred Dott <\/figcaption><\/figure>\n<!-- \/wp:image -->\n\n<!-- wp:image {\"id\":553,\"sizeSlug\":\"large\",\"linkDestination\":\"none\"} -->\n<figure class=\"wp-block-image size-large\"><img src=\"https:\/\/www.fraclorraine.org\/wp-content\/uploads\/2022\/08\/EXPO_2019_PRESENCES-VOYAGEUSES_5-scaled.jpg\" alt=\"\" class=\"wp-image-553\"\/><figcaption class=\"wp-element-caption\">Vues de l\u2019exposition <em>Pr\u00e9sences Voyageuses<\/em>, 49 Nord 6 Est - Frac Lorraine, Metz (FR), mars-juin 2019. Photos : Fred Dott <\/figcaption><\/figure>\n<!-- \/wp:image -->\n\n<!-- wp:image {\"id\":4115,\"sizeSlug\":\"large\",\"linkDestination\":\"none\"} -->\n<figure class=\"wp-block-image size-large\"><img src=\"https:\/\/www.fraclorraine.org\/wp-content\/uploads\/2022\/10\/EXPO_2019_PRESENCES-VOYAGEUSES_16-scaled.jpg\" alt=\"\" class=\"wp-image-4115\"\/><figcaption class=\"wp-element-caption\">Vues de l\u2019exposition <em>Pr\u00e9sences Voyageuses<\/em>, 49 Nord 6 Est - Frac Lorraine, Metz (FR), mars-juin 2019. Photos : Fred Dott <\/figcaption><\/figure>\n<!-- \/wp:image -->\n\n<!-- wp:image {\"id\":4116,\"sizeSlug\":\"large\",\"linkDestination\":\"none\"} -->\n<figure class=\"wp-block-image size-large\"><img src=\"https:\/\/www.fraclorraine.org\/wp-content\/uploads\/2022\/10\/EXPO_2019_PRESENCES-VOYAGEUSES_17-scaled.jpg\" alt=\"\" class=\"wp-image-4116\"\/><figcaption class=\"wp-element-caption\">Vues de l\u2019exposition <em>Pr\u00e9sences Voyageuses<\/em>, 49 Nord 6 Est - Frac Lorraine, Metz (FR), mars-juin 2019. Photos : Fred Dott <\/figcaption><\/figure>\n<!-- \/wp:image -->\n\n<!-- wp:image {\"id\":4125,\"sizeSlug\":\"large\",\"linkDestination\":\"none\"} -->\n<figure class=\"wp-block-image size-large\"><img src=\"https:\/\/www.fraclorraine.org\/wp-content\/uploads\/2022\/10\/EXPO_2019_PRESENCES-VOYAGEUSES_26-scaled.jpg\" alt=\"\" class=\"wp-image-4125\"\/><figcaption class=\"wp-element-caption\">Vues de l\u2019exposition <em>Pr\u00e9sences Voyageuses<\/em>, 49 Nord 6 Est - Frac Lorraine, Metz (FR), mars-juin 2019. Photos : Fred Dott <\/figcaption><\/figure>\n<!-- \/wp:image -->\n\n<!-- wp:image {\"id\":554,\"sizeSlug\":\"large\",\"linkDestination\":\"none\"} -->\n<figure class=\"wp-block-image size-large\"><img src=\"https:\/\/www.fraclorraine.org\/wp-content\/uploads\/2022\/08\/EXPO_2019_PRESENCES-VOYAGEUSES_6-scaled.jpg\" alt=\"\" class=\"wp-image-554\"\/><figcaption class=\"wp-element-caption\">Vues de l\u2019exposition <em>Pr\u00e9sences Voyageuses<\/em>, 49 Nord 6 Est - Frac Lorraine, Metz (FR), mars-juin 2019. Photos : Fred Dott <\/figcaption><\/figure>\n<!-- \/wp:image -->\n\n<!-- wp:image {\"id\":4122,\"sizeSlug\":\"large\",\"linkDestination\":\"none\"} -->\n<figure class=\"wp-block-image size-large\"><img src=\"https:\/\/www.fraclorraine.org\/wp-content\/uploads\/2022\/10\/EXPO_2019_PRESENCES-VOYAGEUSES_23-scaled.jpg\" alt=\"\" class=\"wp-image-4122\"\/><figcaption class=\"wp-element-caption\">Vues de l\u2019exposition <em>Pr\u00e9sences Voyageuses<\/em>, 49 Nord 6 Est - Frac Lorraine, Metz (FR), mars-juin 2019. Photos : Fred Dott <\/figcaption><\/figure>\n<!-- \/wp:image -->\n\n<!-- wp:image {\"id\":4121,\"sizeSlug\":\"large\",\"linkDestination\":\"none\"} -->\n<figure class=\"wp-block-image size-large\"><img src=\"https:\/\/www.fraclorraine.org\/wp-content\/uploads\/2022\/10\/EXPO_2019_PRESENCES-VOYAGEUSES_22-scaled.jpg\" alt=\"\" class=\"wp-image-4121\"\/><figcaption class=\"wp-element-caption\">Vues de l\u2019exposition <em>Pr\u00e9sences Voyageuses<\/em>, 49 Nord 6 Est - Frac Lorraine, Metz (FR), mars-juin 2019. Photos : Fred Dott <\/figcaption><\/figure>\n<!-- \/wp:image -->\n\n<!-- wp:image {\"id\":4120,\"sizeSlug\":\"large\",\"linkDestination\":\"none\"} -->\n<figure class=\"wp-block-image size-large\"><img src=\"https:\/\/www.fraclorraine.org\/wp-content\/uploads\/2022\/10\/EXPO_2019_PRESENCES-VOYAGEUSES_21-scaled.jpg\" alt=\"\" class=\"wp-image-4120\"\/><figcaption class=\"wp-element-caption\">Vues de l\u2019exposition <em>Pr\u00e9sences Voyageuses<\/em>, 49 Nord 6 Est - Frac Lorraine, Metz (FR), mars-juin 2019. Photos : Fred Dott <\/figcaption><\/figure>\n<!-- \/wp:image -->\n\n<!-- wp:image {\"id\":4113,\"sizeSlug\":\"large\",\"linkDestination\":\"none\"} -->\n<figure class=\"wp-block-image size-large\"><img src=\"https:\/\/www.fraclorraine.org\/wp-content\/uploads\/2022\/10\/EXPO_2019_PRESENCES-VOYAGEUSES_14-scaled.jpg\" alt=\"\" class=\"wp-image-4113\"\/><figcaption class=\"wp-element-caption\">Vues de l\u2019exposition <em>Pr\u00e9sences Voyageuses<\/em>, 49 Nord 6 Est - Frac Lorraine, Metz (FR), mars-juin 2019. Photos : Fred Dott <\/figcaption><\/figure>\n<!-- \/wp:image -->\n\n<!-- wp:image {\"id\":4114,\"sizeSlug\":\"large\",\"linkDestination\":\"none\"} -->\n<figure class=\"wp-block-image size-large\"><img src=\"https:\/\/www.fraclorraine.org\/wp-content\/uploads\/2022\/10\/EXPO_2019_PRESENCES-VOYAGEUSES_15-scaled.jpg\" alt=\"\" class=\"wp-image-4114\"\/><figcaption class=\"wp-element-caption\">Vues de l\u2019exposition <em>Pr\u00e9sences Voyageuses<\/em>, 49 Nord 6 Est - Frac Lorraine, Metz (FR), mars-juin 2019. Photos : Fred Dott <\/figcaption><\/figure>\n<!-- \/wp:image -->\n\n<!-- wp:image {\"id\":4119,\"sizeSlug\":\"large\",\"linkDestination\":\"none\"} -->\n<figure class=\"wp-block-image size-large\"><img src=\"https:\/\/www.fraclorraine.org\/wp-content\/uploads\/2022\/10\/EXPO_2019_PRESENCES-VOYAGEUSES_20-scaled.jpg\" alt=\"\" class=\"wp-image-4119\"\/><figcaption class=\"wp-element-caption\">Vues de l\u2019exposition <em>Pr\u00e9sences Voyageuses<\/em>, 49 Nord 6 Est - Frac Lorraine, Metz (FR), mars-juin 2019. Photos : Fred Dott <\/figcaption><\/figure>\n<!-- \/wp:image -->\n\n<!-- wp:image {\"id\":4124,\"sizeSlug\":\"large\",\"linkDestination\":\"none\"} -->\n<figure class=\"wp-block-image size-large\"><img src=\"https:\/\/www.fraclorraine.org\/wp-content\/uploads\/2022\/10\/EXPO_2019_PRESENCES-VOYAGEUSES_25-scaled.jpg\" alt=\"\" class=\"wp-image-4124\"\/><figcaption class=\"wp-element-caption\">Vues de l\u2019exposition <em>Pr\u00e9sences Voyageuses<\/em>, 49 Nord 6 Est - Frac Lorraine, Metz (FR), mars-juin 2019. Photos : Fred Dott <\/figcaption><\/figure>\n<!-- \/wp:image -->\n\n<!-- wp:image {\"id\":4123,\"sizeSlug\":\"large\",\"linkDestination\":\"none\"} -->\n<figure class=\"wp-block-image size-large\"><img src=\"https:\/\/www.fraclorraine.org\/wp-content\/uploads\/2022\/10\/EXPO_2019_PRESENCES-VOYAGEUSES_24-scaled.jpg\" alt=\"\" class=\"wp-image-4123\"\/><figcaption class=\"wp-element-caption\">Vues de l\u2019exposition <em>Pr\u00e9sences Voyageuses<\/em>, 49 Nord 6 Est - Frac Lorraine, Metz (FR), mars-juin 2019. Photos : Fred Dott <\/figcaption><\/figure>\n<!-- \/wp:image --><\/figure>\n<!-- \/wp:gallery -->\n\n<!-- wp:columns -->\n<div class=\"wp-block-columns\"><!-- wp:column -->\n<div class=\"wp-block-column\"><!-- wp:image {\"id\":549,\"sizeSlug\":\"large\",\"linkDestination\":\"none\"} -->\n<figure class=\"wp-block-image size-large\"><img src=\"https:\/\/www.fraclorraine.org\/wp-content\/uploads\/2022\/08\/EXPO_2019_PRESENCES-VOYAGEUSES_1-1024x683.jpg\" alt=\"\" class=\"wp-image-549\"\/><figcaption class=\"wp-element-caption\">Sister Corita Kent, <em>E Eye Love You \/ Third Eye \/ Yellow Submarine<\/em>, 1969. Vue de l\u2019exposition <em>Pr\u00e9sences Voyageuses<\/em>, 49 Nord 6 Est - Frac Lorraine, Metz (FR), 2019. Photo : Fred Dott <\/figcaption><\/figure>\n<!-- \/wp:image -->\n\n<!-- wp:image {\"id\":555,\"sizeSlug\":\"large\",\"linkDestination\":\"none\"} -->\n<figure class=\"wp-block-image size-large\"><img src=\"https:\/\/www.fraclorraine.org\/wp-content\/uploads\/2022\/08\/EXPO_2019_PRESENCES-VOYAGEUSES_7-1024x683.jpg\" alt=\"\" class=\"wp-image-555\"\/><figcaption class=\"wp-element-caption\">Willie Cole, <em>The Elegba Principle<\/em>, 1997. Vue de l\u2019exposition <em>Pr\u00e9sences Voyageuses<\/em>, 49 Nord 6 Est - Frac Lorraine, Metz (FR), 2019. \u00a9 W. Cole. Photo : Fred Dott <\/figcaption><\/figure>\n<!-- \/wp:image -->\n\n<!-- wp:image {\"id\":551,\"sizeSlug\":\"large\",\"linkDestination\":\"none\"} -->\n<figure class=\"wp-block-image size-large\"><img src=\"https:\/\/www.fraclorraine.org\/wp-content\/uploads\/2022\/08\/EXPO_2019_PRESENCES-VOYAGEUSES_3-1024x683.jpg\" alt=\"\" class=\"wp-image-551\"\/><figcaption class=\"wp-element-caption\">Silvia Kolbowski, <em>An Inadequate History of Conceptual Art<\/em>, 1998-99. Vue de l\u2019exposition <em>Pr\u00e9sences Voyageuses<\/em>, 49 Nord 6 Est - Frac Lorraine, Metz (FR), 2019. \u00a9 Silvia Kolbowski, Photo : Fred Dott <\/figcaption><\/figure>\n<!-- \/wp:image --><\/div>\n<!-- \/wp:column -->\n\n<!-- wp:column -->\n<div class=\"wp-block-column\"><!-- wp:paragraph -->\n<p>Initialement constitu\u00e9e dans le but d\u2019\u00eatre pr\u00e9sent\u00e9e \u00e0 travers la Lorraine, la collection du 49 Nord 6 Est a vu ses contours \u00e9voluer. Au fil des ann\u00e9es, les acquisitions se sont fait le reflet de champs artistiques sp\u00e9cifiques. Les pr\u00eats se sont multipli\u00e9s au-del\u00e0 de la g\u00e9ographie initiale, et la r\u00e9gion elle-m\u00eame s\u2019est agrandie. Dans ce contexte nouveau, o\u00f9 les circulations ont \u00e9volu\u00e9, l\u2019exposition propose un instantan\u00e9 des parcours suivis par une s\u00e9lection d\u2019\u0153uvres de la collection.<\/p>\n<!-- \/wp:paragraph -->\n\n<!-- wp:paragraph -->\n<p>Expos\u00e9es dans des m\u00e9diath\u00e8ques, \u00e9tablissements scolaires ou appartements, mais aussi des centres d\u2019art, cin\u00e9math\u00e8ques et biennales, ces \u0153uvres ont toutes un parcours distinct. De leur contexte de production, ancr\u00e9 dans un contexte politique historique, aux lieux o\u00f9 elles ont \u00e9t\u00e9 pr\u00e9sent\u00e9es, ces formes ont travers\u00e9 les ann\u00e9es et les subjectivit\u00e9s.<\/p>\n<!-- \/wp:paragraph -->\n\n<!-- wp:paragraph -->\n<p>Les photographies, s\u00e9rigraphies, vid\u00e9os, sculptures et installations propos\u00e9es ici sont, pour certaines, embl\u00e9matiques et ont \u00e9t\u00e9 pr\u00e9sent\u00e9es \u00e0 travers le monde. D\u2019autres, plus discr\u00e8tes, ont \u00e9t\u00e9 vues moins souvent. Quelques-unes mat\u00e9rialisent la trace d\u2019un d\u00e9placement dans l\u2019espace (<strong>Beier &amp; Lund<\/strong>) ou proposent une d\u00e9ambulation active (<strong>Cole<\/strong>). Certaines interrogent les conditions du d\u00e9placement du corps dans l\u2019espace priv\u00e9 (<strong>Bratescu, Guilleminot<\/strong>) ou dans l\u2019espace public (<strong>brouwn, Fraser, Rosenfeld<\/strong>), recherchant ainsi des sph\u00e8res de libert\u00e9 face aux restrictions administratives, institutionnelles ou politiques. Quelques artistes mettent en \u00e9vidence la distance entre une \u0153uvre et le souvenir qu\u2019elle a laiss\u00e9 (<strong>Kolbowski<\/strong>), entre l\u2019image et sa description (<strong>Koljonen<\/strong>). D\u2019autres fois encore, c\u2019est l\u2019image qui est qualifi\u00e9e de \u00ab voyageuse \u00bb, comme le dit <strong>Hito Steyerl<\/strong> \u00e0 propos du portrait d\u2019Andrea Wolf, amie d\u2019enfance, qui ne repr\u00e9sente plus seulement une personne, mais aussi un embl\u00e8me de la r\u00e9sistance Kurde.<\/p>\n<!-- \/wp:paragraph -->\n\n<!-- wp:paragraph -->\n<p>Cette exposition d\u00e9voile finalement la circulation d\u2019une s\u00e9lection d\u2019\u0153uvres, leurs trajectoires et la pluralit\u00e9 des regards qu\u2019elles r\u00e9v\u00e8lent. Par le biais d\u2019extraits de communiqu\u00e9s de presse ou de catalogues, textes pour le visiteur ou cartels, ces multiples approches , rassembl\u00e9es dans les espaces du Frac, soulignent la diversit\u00e9 des rapports \u00e0 l\u2019art et le processus de r\u00e9\u00e9criture de leur histoire qu\u2019occasionne chaque pr\u00e9sentation. En effet, chacune d\u2019entre elle est l\u2019occasion, pour les lieux qui les accueillent, de porter sur ces pr\u00e9sences voyageuses un regard nouveau. Accumul\u00e9s au fil des ans, ces textes ont \u00e9t\u00e9 formul\u00e9s en allemand, anglais, basque, grec, fran\u00e7ais, japonais ou roumain. Incompr\u00e9hensibles pour certain.e.s, ils \u00e9voquent un ailleurs peu connu, sugg\u00e8rent des sensibilit\u00e9s ignor\u00e9es et des savoir teint\u00e9s d\u2019exp\u00e9riences que nous n\u2019avons pas faites.<\/p>\n<!-- \/wp:paragraph --><\/div>\n<!-- \/wp:column --><\/div>\n<!-- \/wp:columns -->","_fr_post_name":"presences-voyageuses","_fr_post_excerpt":"","_fr_post_title":"Pr\u00e9sences Voyageuses","_en_post_content":"<!-- wp:columns -->\n<div class=\"wp-block-columns\"><!-- wp:column -->\n<div class=\"wp-block-column\"><!-- wp:paragraph -->\n<p>\u25cf Featuring works from the 49 Nord 6 Est collection by Nina Beier &amp; Marie Lund, Geta Br\u0103tescu, stanley brouwn, Willie Cole, Winfred Evers, Andrea Fraser, Marie-Ange Guilleminot, Sister Corita Kent, Silvia Kolbowski, Tanja Koljonen, Claire Pentecost, Lotty Rosenfeld, Hito Steyerl, Ian Wilson<\/p>\n<!-- \/wp:paragraph -->\n\n<!-- wp:paragraph -->\n<p>Exhibited in libraries, schools, or private residencies, as well as in art centers, museums, and at biennales, the works in the 49 Nord 6 Est collection each have their own journey. Each new presentation is an occasion to provide an insight into a different facet of the artwork.<\/p>\n<!-- \/wp:paragraph --><\/div>\n<!-- \/wp:column -->\n\n<!-- wp:column -->\n<div class=\"wp-block-column\"><!-- wp:image {\"id\":556,\"sizeSlug\":\"large\",\"linkDestination\":\"none\"} -->\n<figure class=\"wp-block-image size-large\"><img src=\"https:\/\/www.fraclorraine.org\/wp-content\/uploads\/2022\/08\/EXPO_2019_PRESENCES-VOYAGEUSES_8-1024x683.jpg\" alt=\"\" class=\"wp-image-556\"\/><figcaption class=\"wp-element-caption\">Claire Pentecost, <em>Proposal for a New American Agriculture<\/em>, 2006. Exhibition view <em>Pr\u00e9sences Voyageuses<\/em>, 49 Nord 6 Est - Frac Lorraine, Metz (FR), 2019.  \u00a9 C. Pentecost. Photo: Fred Dott <\/figcaption><\/figure>\n<!-- \/wp:image --><\/div>\n<!-- \/wp:column --><\/div>\n<!-- \/wp:columns -->\n\n<!-- wp:gallery {\"ids\":[],\"shortCodeTransforms\":[],\"linkTo\":\"none\"} -->\n<figure class=\"wp-block-gallery has-nested-images columns-default is-cropped\"><!-- wp:image {\"id\":4110,\"sizeSlug\":\"large\",\"linkDestination\":\"none\"} -->\n<figure class=\"wp-block-image size-large\"><img src=\"https:\/\/www.fraclorraine.org\/wp-content\/uploads\/2022\/10\/EXPO_2019_PRESENCES-VOYAGEUSES_11-scaled.jpg\" alt=\"\" class=\"wp-image-4110\"\/><figcaption class=\"wp-element-caption\">Exhibition views&nbsp;<em>Pr\u00e9sences Voyageuses<\/em>, 49 Nord 6 Est - Frac Lorraine, Metz (FR), march-june 2019. Photos: Fred Dott<\/figcaption><\/figure>\n<!-- \/wp:image -->\n\n<!-- wp:image {\"id\":4129,\"sizeSlug\":\"large\",\"linkDestination\":\"none\"} -->\n<figure class=\"wp-block-image size-large\"><img src=\"https:\/\/www.fraclorraine.org\/wp-content\/uploads\/2022\/10\/EXPO_2019_PRESENCES-VOYAGEUSES_30-scaled.jpg\" alt=\"\" class=\"wp-image-4129\"\/><figcaption class=\"wp-element-caption\">Exhibition views&nbsp;<em>Pr\u00e9sences Voyageuses<\/em>, 49 Nord 6 Est - Frac Lorraine, Metz (FR), march-june 2019. Photos: Fred Dott<\/figcaption><\/figure>\n<!-- \/wp:image -->\n\n<!-- wp:image {\"id\":4130,\"sizeSlug\":\"large\",\"linkDestination\":\"none\"} -->\n<figure class=\"wp-block-image size-large\"><img src=\"https:\/\/www.fraclorraine.org\/wp-content\/uploads\/2022\/10\/EXPO_2019_PRESENCES-VOYAGEUSES_31-scaled.jpg\" alt=\"\" class=\"wp-image-4130\"\/><figcaption class=\"wp-element-caption\">Exhibition views&nbsp;<em>Pr\u00e9sences Voyageuses<\/em>, 49 Nord 6 Est - Frac Lorraine, Metz (FR), march-june 2019. Photos: Fred Dott<\/figcaption><\/figure>\n<!-- \/wp:image -->\n\n<!-- wp:image {\"id\":4118,\"sizeSlug\":\"large\",\"linkDestination\":\"none\"} -->\n<figure class=\"wp-block-image size-large\"><img src=\"https:\/\/www.fraclorraine.org\/wp-content\/uploads\/2022\/10\/EXPO_2019_PRESENCES-VOYAGEUSES_19-scaled.jpg\" alt=\"\" class=\"wp-image-4118\"\/><figcaption class=\"wp-element-caption\">Exhibition views&nbsp;<em>Pr\u00e9sences Voyageuses<\/em>, 49 Nord 6 Est - Frac Lorraine, Metz (FR), march-june 2019. Photos: Fred Dott<\/figcaption><\/figure>\n<!-- \/wp:image -->\n\n<!-- wp:image {\"id\":550,\"sizeSlug\":\"large\",\"linkDestination\":\"none\"} -->\n<figure class=\"wp-block-image size-large\"><img src=\"https:\/\/www.fraclorraine.org\/wp-content\/uploads\/2022\/08\/EXPO_2019_PRESENCES-VOYAGEUSES_2-scaled.jpg\" alt=\"\" class=\"wp-image-550\"\/><figcaption class=\"wp-element-caption\">Exhibition views&nbsp;<em>Pr\u00e9sences Voyageuses<\/em>, 49 Nord 6 Est - Frac Lorraine, Metz (FR), march-june 2019. Photos: Fred Dott<\/figcaption><\/figure>\n<!-- \/wp:image -->\n\n<!-- wp:image {\"id\":4112,\"sizeSlug\":\"large\",\"linkDestination\":\"none\"} -->\n<figure class=\"wp-block-image size-large\"><img src=\"https:\/\/www.fraclorraine.org\/wp-content\/uploads\/2022\/10\/EXPO_2019_PRESENCES-VOYAGEUSES_13-scaled.jpg\" alt=\"\" class=\"wp-image-4112\"\/><figcaption class=\"wp-element-caption\">Exhibition views&nbsp;<em>Pr\u00e9sences Voyageuses<\/em>, 49 Nord 6 Est - Frac Lorraine, Metz (FR), march-june 2019. Photos: Fred Dott<\/figcaption><\/figure>\n<!-- \/wp:image -->\n\n<!-- wp:image {\"id\":4128,\"sizeSlug\":\"large\",\"linkDestination\":\"none\"} -->\n<figure class=\"wp-block-image size-large\"><img src=\"https:\/\/www.fraclorraine.org\/wp-content\/uploads\/2022\/10\/EXPO_2019_PRESENCES-VOYAGEUSES_29-scaled.jpg\" alt=\"\" class=\"wp-image-4128\"\/><figcaption class=\"wp-element-caption\">Exhibition views&nbsp;<em>Pr\u00e9sences Voyageuses<\/em>, 49 Nord 6 Est - Frac Lorraine, Metz (FR), march-june 2019. Photos: Fred Dott<\/figcaption><\/figure>\n<!-- \/wp:image -->\n\n<!-- wp:image {\"id\":552,\"sizeSlug\":\"large\",\"linkDestination\":\"none\"} -->\n<figure class=\"wp-block-image size-large\"><img src=\"https:\/\/www.fraclorraine.org\/wp-content\/uploads\/2022\/08\/EXPO_2019_PRESENCES-VOYAGEUSES_4-scaled.jpg\" alt=\"\" class=\"wp-image-552\"\/><figcaption class=\"wp-element-caption\">Exhibition views&nbsp;<em>Pr\u00e9sences Voyageuses<\/em>, 49 Nord 6 Est - Frac Lorraine, Metz (FR), march-june 2019. Photos: Fred Dott<\/figcaption><\/figure>\n<!-- \/wp:image -->\n\n<!-- wp:image {\"id\":4126,\"sizeSlug\":\"large\",\"linkDestination\":\"none\"} -->\n<figure class=\"wp-block-image size-large\"><img src=\"https:\/\/www.fraclorraine.org\/wp-content\/uploads\/2022\/10\/EXPO_2019_PRESENCES-VOYAGEUSES_27-scaled.jpg\" alt=\"\" class=\"wp-image-4126\"\/><figcaption class=\"wp-element-caption\">Exhibition views&nbsp;<em>Pr\u00e9sences Voyageuses<\/em>, 49 Nord 6 Est - Frac Lorraine, Metz (FR), march-june 2019. Photos: Fred Dott<\/figcaption><\/figure>\n<!-- \/wp:image -->\n\n<!-- wp:image {\"id\":4117,\"sizeSlug\":\"large\",\"linkDestination\":\"none\"} -->\n<figure class=\"wp-block-image size-large\"><img src=\"https:\/\/www.fraclorraine.org\/wp-content\/uploads\/2022\/10\/EXPO_2019_PRESENCES-VOYAGEUSES_18-scaled.jpg\" alt=\"\" class=\"wp-image-4117\"\/><figcaption class=\"wp-element-caption\">Exhibition views&nbsp;<em>Pr\u00e9sences Voyageuses<\/em>, 49 Nord 6 Est - Frac Lorraine, Metz (FR), march-june 2019. Photos: Fred Dott<\/figcaption><\/figure>\n<!-- \/wp:image -->\n\n<!-- wp:image {\"id\":4127,\"sizeSlug\":\"large\",\"linkDestination\":\"none\"} -->\n<figure class=\"wp-block-image size-large\"><img src=\"https:\/\/www.fraclorraine.org\/wp-content\/uploads\/2022\/10\/EXPO_2019_PRESENCES-VOYAGEUSES_28-scaled.jpg\" alt=\"\" class=\"wp-image-4127\"\/><figcaption class=\"wp-element-caption\">Exhibition views&nbsp;<em>Pr\u00e9sences Voyageuses<\/em>, 49 Nord 6 Est - Frac Lorraine, Metz (FR), march-june 2019. Photos: Fred Dott<\/figcaption><\/figure>\n<!-- \/wp:image -->\n\n<!-- wp:image {\"id\":553,\"sizeSlug\":\"large\",\"linkDestination\":\"none\"} -->\n<figure class=\"wp-block-image size-large\"><img src=\"https:\/\/www.fraclorraine.org\/wp-content\/uploads\/2022\/08\/EXPO_2019_PRESENCES-VOYAGEUSES_5-scaled.jpg\" alt=\"\" class=\"wp-image-553\"\/><figcaption class=\"wp-element-caption\">Exhibition views&nbsp;<em>Pr\u00e9sences Voyageuses<\/em>, 49 Nord 6 Est - Frac Lorraine, Metz (FR), march-june 2019. Photos: Fred Dott<\/figcaption><\/figure>\n<!-- \/wp:image -->\n\n<!-- wp:image {\"id\":4115,\"sizeSlug\":\"large\",\"linkDestination\":\"none\"} -->\n<figure class=\"wp-block-image size-large\"><img src=\"https:\/\/www.fraclorraine.org\/wp-content\/uploads\/2022\/10\/EXPO_2019_PRESENCES-VOYAGEUSES_16-scaled.jpg\" alt=\"\" class=\"wp-image-4115\"\/><figcaption class=\"wp-element-caption\">Exhibition views&nbsp;<em>Pr\u00e9sences Voyageuses<\/em>, 49 Nord 6 Est - Frac Lorraine, Metz (FR), march-june 2019. Photos: Fred Dott<\/figcaption><\/figure>\n<!-- \/wp:image -->\n\n<!-- wp:image {\"id\":4116,\"sizeSlug\":\"large\",\"linkDestination\":\"none\"} -->\n<figure class=\"wp-block-image size-large\"><img src=\"https:\/\/www.fraclorraine.org\/wp-content\/uploads\/2022\/10\/EXPO_2019_PRESENCES-VOYAGEUSES_17-scaled.jpg\" alt=\"\" class=\"wp-image-4116\"\/><figcaption class=\"wp-element-caption\">Exhibition views&nbsp;<em>Pr\u00e9sences Voyageuses<\/em>, 49 Nord 6 Est - Frac Lorraine, Metz (FR), march-june 2019. Photos: Fred Dott<\/figcaption><\/figure>\n<!-- \/wp:image -->\n\n<!-- wp:image {\"id\":4125,\"sizeSlug\":\"large\",\"linkDestination\":\"none\"} -->\n<figure class=\"wp-block-image size-large\"><img src=\"https:\/\/www.fraclorraine.org\/wp-content\/uploads\/2022\/10\/EXPO_2019_PRESENCES-VOYAGEUSES_26-scaled.jpg\" alt=\"\" class=\"wp-image-4125\"\/><figcaption class=\"wp-element-caption\">Exhibition views&nbsp;<em>Pr\u00e9sences Voyageuses<\/em>, 49 Nord 6 Est - Frac Lorraine, Metz (FR), march-june 2019. Photos: Fred Dott<\/figcaption><\/figure>\n<!-- \/wp:image -->\n\n<!-- wp:image {\"id\":554,\"sizeSlug\":\"large\",\"linkDestination\":\"none\"} -->\n<figure class=\"wp-block-image size-large\"><img src=\"https:\/\/www.fraclorraine.org\/wp-content\/uploads\/2022\/08\/EXPO_2019_PRESENCES-VOYAGEUSES_6-scaled.jpg\" alt=\"\" class=\"wp-image-554\"\/><figcaption class=\"wp-element-caption\">Exhibition views&nbsp;<em>Pr\u00e9sences Voyageuses<\/em>, 49 Nord 6 Est - Frac Lorraine, Metz (FR), march-june 2019. Photos: Fred Dott<\/figcaption><\/figure>\n<!-- \/wp:image -->\n\n<!-- wp:image {\"id\":4122,\"sizeSlug\":\"large\",\"linkDestination\":\"none\"} -->\n<figure class=\"wp-block-image size-large\"><img src=\"https:\/\/www.fraclorraine.org\/wp-content\/uploads\/2022\/10\/EXPO_2019_PRESENCES-VOYAGEUSES_23-scaled.jpg\" alt=\"\" class=\"wp-image-4122\"\/><figcaption class=\"wp-element-caption\">Exhibition views&nbsp;<em>Pr\u00e9sences Voyageuses<\/em>, 49 Nord 6 Est - Frac Lorraine, Metz (FR), march-june 2019. Photos: Fred Dott<\/figcaption><\/figure>\n<!-- \/wp:image -->\n\n<!-- wp:image {\"id\":4121,\"sizeSlug\":\"large\",\"linkDestination\":\"none\"} -->\n<figure class=\"wp-block-image size-large\"><img src=\"https:\/\/www.fraclorraine.org\/wp-content\/uploads\/2022\/10\/EXPO_2019_PRESENCES-VOYAGEUSES_22-scaled.jpg\" alt=\"\" class=\"wp-image-4121\"\/><figcaption class=\"wp-element-caption\">Exhibition views&nbsp;<em>Pr\u00e9sences Voyageuses<\/em>, 49 Nord 6 Est - Frac Lorraine, Metz (FR), march-june 2019. Photos: Fred Dott<\/figcaption><\/figure>\n<!-- \/wp:image -->\n\n<!-- wp:image {\"id\":4120,\"sizeSlug\":\"large\",\"linkDestination\":\"none\"} -->\n<figure class=\"wp-block-image size-large\"><img src=\"https:\/\/www.fraclorraine.org\/wp-content\/uploads\/2022\/10\/EXPO_2019_PRESENCES-VOYAGEUSES_21-scaled.jpg\" alt=\"\" class=\"wp-image-4120\"\/><figcaption class=\"wp-element-caption\">Exhibition views&nbsp;<em>Pr\u00e9sences Voyageuses<\/em>, 49 Nord 6 Est - Frac Lorraine, Metz (FR), march-june 2019. Photos: Fred Dott<\/figcaption><\/figure>\n<!-- \/wp:image -->\n\n<!-- wp:image {\"id\":4113,\"sizeSlug\":\"large\",\"linkDestination\":\"none\"} -->\n<figure class=\"wp-block-image size-large\"><img src=\"https:\/\/www.fraclorraine.org\/wp-content\/uploads\/2022\/10\/EXPO_2019_PRESENCES-VOYAGEUSES_14-scaled.jpg\" alt=\"\" class=\"wp-image-4113\"\/><figcaption class=\"wp-element-caption\">Exhibition views&nbsp;<em>Pr\u00e9sences Voyageuses<\/em>, 49 Nord 6 Est - Frac Lorraine, Metz (FR), march-june 2019. Photos: Fred Dott<\/figcaption><\/figure>\n<!-- \/wp:image -->\n\n<!-- wp:image {\"id\":4114,\"sizeSlug\":\"large\",\"linkDestination\":\"none\"} -->\n<figure class=\"wp-block-image size-large\"><img src=\"https:\/\/www.fraclorraine.org\/wp-content\/uploads\/2022\/10\/EXPO_2019_PRESENCES-VOYAGEUSES_15-scaled.jpg\" alt=\"\" class=\"wp-image-4114\"\/><figcaption class=\"wp-element-caption\">Exhibition views&nbsp;<em>Pr\u00e9sences Voyageuses<\/em>, 49 Nord 6 Est - Frac Lorraine, Metz (FR), march-june 2019. Photos: Fred Dott<\/figcaption><\/figure>\n<!-- \/wp:image -->\n\n<!-- wp:image {\"id\":4119,\"sizeSlug\":\"large\",\"linkDestination\":\"none\"} -->\n<figure class=\"wp-block-image size-large\"><img src=\"https:\/\/www.fraclorraine.org\/wp-content\/uploads\/2022\/10\/EXPO_2019_PRESENCES-VOYAGEUSES_20-scaled.jpg\" alt=\"\" class=\"wp-image-4119\"\/><figcaption class=\"wp-element-caption\">Exhibition views&nbsp;<em>Pr\u00e9sences Voyageuses<\/em>, 49 Nord 6 Est - Frac Lorraine, Metz (FR), march-june 2019. Photos: Fred Dott<\/figcaption><\/figure>\n<!-- \/wp:image -->\n\n<!-- wp:image {\"id\":4124,\"sizeSlug\":\"large\",\"linkDestination\":\"none\"} -->\n<figure class=\"wp-block-image size-large\"><img src=\"https:\/\/www.fraclorraine.org\/wp-content\/uploads\/2022\/10\/EXPO_2019_PRESENCES-VOYAGEUSES_25-scaled.jpg\" alt=\"\" class=\"wp-image-4124\"\/><figcaption class=\"wp-element-caption\">Exhibition views&nbsp;<em>Pr\u00e9sences Voyageuses<\/em>, 49 Nord 6 Est - Frac Lorraine, Metz (FR), march-june 2019. Photos: Fred Dott<\/figcaption><\/figure>\n<!-- \/wp:image -->\n\n<!-- wp:image {\"id\":4123,\"sizeSlug\":\"large\",\"linkDestination\":\"none\"} -->\n<figure class=\"wp-block-image size-large\"><img src=\"https:\/\/www.fraclorraine.org\/wp-content\/uploads\/2022\/10\/EXPO_2019_PRESENCES-VOYAGEUSES_24-scaled.jpg\" alt=\"\" class=\"wp-image-4123\"\/><figcaption class=\"wp-element-caption\">Exhibition views&nbsp;<em>Pr\u00e9sences Voyageuses<\/em>, 49 Nord 6 Est - Frac Lorraine, Metz (FR), march-june 2019. Photos: Fred Dott<\/figcaption><\/figure>\n<!-- \/wp:image --><\/figure>\n<!-- \/wp:gallery -->\n\n<!-- wp:columns -->\n<div class=\"wp-block-columns\"><!-- wp:column -->\n<div class=\"wp-block-column\"><!-- wp:image {\"id\":549,\"sizeSlug\":\"large\",\"linkDestination\":\"none\"} -->\n<figure class=\"wp-block-image size-large\"><img src=\"https:\/\/www.fraclorraine.org\/wp-content\/uploads\/2022\/08\/EXPO_2019_PRESENCES-VOYAGEUSES_1-1024x683.jpg\" alt=\"\" class=\"wp-image-549\"\/><figcaption class=\"wp-element-caption\">Sister Corita Kent, <em>E Eye Love You \/ Third Eye \/ Yellow Submarine<\/em>, 1969. Exhibition view <em>Pr\u00e9sences Voyageuses<\/em>, 49 Nord 6 Est - Frac Lorraine, Metz (FR), 2019. Photo: Fred Dott <\/figcaption><\/figure>\n<!-- \/wp:image -->\n\n<!-- wp:image {\"id\":555,\"sizeSlug\":\"large\",\"linkDestination\":\"none\"} -->\n<figure class=\"wp-block-image size-large\"><img src=\"https:\/\/www.fraclorraine.org\/wp-content\/uploads\/2022\/08\/EXPO_2019_PRESENCES-VOYAGEUSES_7-1024x683.jpg\" alt=\"\" class=\"wp-image-555\"\/><figcaption class=\"wp-element-caption\">Willie Cole, <em>The Elegba Principle<\/em>, 1997. Exhibition view <em>Pr\u00e9sences Voyageuses<\/em>, 49 Nord 6 Est - Frac Lorraine, Metz (FR), 2019. \u00a9 W. Cole. Photo: Fred Dott <\/figcaption><\/figure>\n<!-- \/wp:image --><\/div>\n<!-- \/wp:column -->\n\n<!-- wp:column -->\n<div class=\"wp-block-column\"><!-- wp:paragraph -->\n<p>This exhibition reveals the circulation of a selection of works from the 49 Nord 6 Est collection, retracing their trajectories and displaying a plurality of approaches. Some of the photographs, silkscreens, videos, sculptures, and installations showcased here are emblematic and have been exhibited around the world; others, more discreet, have been displayed less frequently. Certain works bear the traces of a journey (<strong>Beier &amp; Lund<\/strong>) or trigger an active circulation (<strong>Cole<\/strong>). Others examine the conditions under which bodies occupy space within the private (<strong>Br\u0103tescu, Guilleminot<\/strong>) or the public realm (<strong>brouwn, Fraser, Rosenfeld<\/strong>), thus searching zones of freedom in the face of political, institutional, or administrative restrictions. Few artists foreground the distance between an artwork and the memory it left behind (<strong>Kolbowski<\/strong>), or between the image and its description (<strong>Koljonen<\/strong>). Sometimes, the image itself is termed \u201ca travelling image\u201d, as Hito Steyerl says while describing the portrait of Andrea Wolf, her childhood friend, which no longer merely represents a person, but has become an emblem of the Kurdish resistance. <\/p>\n<!-- \/wp:paragraph -->\n\n<!-- wp:paragraph -->\n<p>From Athens to Forbach and Neufch\u00e2teau, to San Francisco, the works in this collection have confronted a wide range of sensibilities over the past 30 years. Their display introduces historical events that reveal their production context as well as features short texts written for the occasion of other exhibitions. These multiple readings were written in German, English, Arabic, Greek, French, Japanese, or Romanian. Incomprehensible to some, the texts will be crystal clear to others. Just like them, artworks elicit various connections with the visitors and give rise to changing readings, which, in turn, get woven into the fabric of their histories.<\/p>\n<!-- \/wp:paragraph --><\/div>\n<!-- \/wp:column --><\/div>\n<!-- \/wp:columns -->","_en_post_name":"","_en_post_excerpt":"","_en_post_title":"Pr\u00e9sences Voyageuses","edit_language":"en"},"tags":[7],"event-type":[30],"saison":[50],"lieu":[371],"class_list":["post-548","exhibition","type-exhibition","status-publish","hentry","tag-exposition"],"excerpt":{"raw":"","rendered":""},"_links":{"self":[{"href":"https:\/\/www.fraclorraine.org\/en\/wp-json\/wp\/v2\/exhibition\/548","targetHints":{"allow":["GET"]}}],"collection":[{"href":"https:\/\/www.fraclorraine.org\/en\/wp-json\/wp\/v2\/exhibition"}],"about":[{"href":"https:\/\/www.fraclorraine.org\/en\/wp-json\/wp\/v2\/types\/exhibition"}],"wp:attachment":[{"href":"https:\/\/www.fraclorraine.org\/en\/wp-json\/wp\/v2\/media?parent=548"}],"wp:term":[{"taxonomy":"post_tag","embeddable":true,"href":"https:\/\/www.fraclorraine.org\/en\/wp-json\/wp\/v2\/tags?post=548"},{"taxonomy":"event-type","embeddable":true,"href":"https:\/\/www.fraclorraine.org\/en\/wp-json\/wp\/v2\/event-type?post=548"},{"taxonomy":"saison","embeddable":true,"href":"https:\/\/www.fraclorraine.org\/en\/wp-json\/wp\/v2\/saison?post=548"},{"taxonomy":"lieu","embeddable":true,"href":"https:\/\/www.fraclorraine.org\/en\/wp-json\/wp\/v2\/lieu?post=548"}],"curies":[{"name":"wp","href":"https:\/\/api.w.org\/{rel}","templated":true}]}}