{"id":559,"date":"2022-08-31T09:49:58","date_gmt":"2022-08-31T09:49:58","guid":{"rendered":"https:\/\/www.fraclorraine.org\/nouveausite2021\/?post_type=exhibition&#038;p=559"},"modified":"2023-01-12T15:52:53","modified_gmt":"2023-01-12T15:52:53","slug":"","status":"publish","type":"exhibition","link":"https:\/\/www.fraclorraine.org\/en\/exhibition\/degres-est-silvi-simon\/","title":{"rendered":"Degr\u00e9s Est : Silvi Simon","raw":"Degr\u00e9s Est : Silvi Simon"},"content":{"rendered":"\n<div class=\"wp-block-columns is-layout-flex wp-container-core-columns-is-layout-9d6595d7 wp-block-columns-is-layout-flex\">\n<div class=\"wp-block-column is-layout-flow wp-block-column-is-layout-flow\">\n<p>\u25cf Degr\u00e9s Est launches a series of events produced in collaboration with FRAC Alsace and FRAC Champagne-Ardenne focus on artists with ties to the Grand Est Region<\/p>\n\n\n\n<hr class=\"wp-block-separator has-alpha-channel-opacity\"\/>\n\n\n\n<p>49 Nord 6 Est invites you to discover the work of an artist connected to the region, selected in turns by FRAC Alsace, FRAC Champagne-Ardenne, and 49 Nord 6 Est \u2013 FRAC Lorraine. At the heart of this vast territory informed by a wide range of sensibilities, Degr\u00e9s Est draws on a plurality of viewpoints to highlight the diversity of current artistic practices.<\/p>\n\n\n\n<p>The inaugural exhibition will showcase the work of Silvi Simon, an artist invited by Felizitas Diering, director of FRAC Alsace. A catalog produced for the occasion will launch a series of publications devoted to the Degr\u00e9s Est projects.<\/p>\n<\/div>\n\n\n\n<div class=\"wp-block-column is-layout-flow wp-block-column-is-layout-flow\">\n<figure class=\"wp-block-image size-large\"><img loading=\"lazy\" decoding=\"async\" width=\"1024\" height=\"683\" src=\"https:\/\/www.fraclorraine.org\/wp-content\/uploads\/2022\/08\/DEGRES-EST_2019_SIMON_1-1024x683.jpg\" alt=\"\" class=\"wp-image-561\" srcset=\"https:\/\/www.fraclorraine.org\/wp-content\/uploads\/2022\/08\/DEGRES-EST_2019_SIMON_1-1024x683.jpg 1024w, https:\/\/www.fraclorraine.org\/wp-content\/uploads\/2022\/08\/DEGRES-EST_2019_SIMON_1-300x200.jpg 300w, https:\/\/www.fraclorraine.org\/wp-content\/uploads\/2022\/08\/DEGRES-EST_2019_SIMON_1-768x512.jpg 768w, https:\/\/www.fraclorraine.org\/wp-content\/uploads\/2022\/08\/DEGRES-EST_2019_SIMON_1-1536x1024.jpg 1536w, https:\/\/www.fraclorraine.org\/wp-content\/uploads\/2022\/08\/DEGRES-EST_2019_SIMON_1-2048x1365.jpg 2048w\" sizes=\"auto, (max-width: 1024px) 100vw, 1024px\" \/><figcaption class=\"wp-element-caption\">Exhibition view <em>Degr\u00e9s Est: Silvi Simon<\/em>, 49 Nord 6 Est &#8211; Frac Lorraine, Metz (FR), 2019. Photo: Fred Dott  <\/figcaption><\/figure>\n<\/div>\n<\/div>\n\n\n\n<figure class=\"wp-block-gallery has-nested-images columns-default is-cropped wp-block-gallery-2 is-layout-flex wp-block-gallery-is-layout-flex\">\n<figure class=\"wp-block-image size-large\"><img loading=\"lazy\" decoding=\"async\" width=\"2560\" height=\"1707\" data-id=\"564\" src=\"https:\/\/www.fraclorraine.org\/wp-content\/uploads\/2022\/08\/DEGRES-EST_2019_SIMON_4-scaled.jpg\" alt=\"\" class=\"wp-image-564\" srcset=\"https:\/\/www.fraclorraine.org\/wp-content\/uploads\/2022\/08\/DEGRES-EST_2019_SIMON_4-scaled.jpg 2560w, https:\/\/www.fraclorraine.org\/wp-content\/uploads\/2022\/08\/DEGRES-EST_2019_SIMON_4-300x200.jpg 300w, https:\/\/www.fraclorraine.org\/wp-content\/uploads\/2022\/08\/DEGRES-EST_2019_SIMON_4-1024x683.jpg 1024w, https:\/\/www.fraclorraine.org\/wp-content\/uploads\/2022\/08\/DEGRES-EST_2019_SIMON_4-768x512.jpg 768w, https:\/\/www.fraclorraine.org\/wp-content\/uploads\/2022\/08\/DEGRES-EST_2019_SIMON_4-1536x1024.jpg 1536w, https:\/\/www.fraclorraine.org\/wp-content\/uploads\/2022\/08\/DEGRES-EST_2019_SIMON_4-2048x1365.jpg 2048w\" sizes=\"auto, (max-width: 2560px) 100vw, 2560px\" \/><figcaption class=\"wp-element-caption\">Exhibition views <em>Degr\u00e9s Est: Silvi Simon<\/em>, 49 Nord 6 Est &#8211; Frac Lorraine, Metz (FR), 2019. Photos: Fred Dott  <\/figcaption><\/figure>\n\n\n\n<figure class=\"wp-block-image size-large\"><img loading=\"lazy\" decoding=\"async\" width=\"2560\" height=\"1707\" data-id=\"563\" src=\"https:\/\/www.fraclorraine.org\/wp-content\/uploads\/2022\/08\/DEGRES-EST_2019_SIMON_3-scaled.jpg\" alt=\"\" class=\"wp-image-563\" srcset=\"https:\/\/www.fraclorraine.org\/wp-content\/uploads\/2022\/08\/DEGRES-EST_2019_SIMON_3-scaled.jpg 2560w, https:\/\/www.fraclorraine.org\/wp-content\/uploads\/2022\/08\/DEGRES-EST_2019_SIMON_3-300x200.jpg 300w, https:\/\/www.fraclorraine.org\/wp-content\/uploads\/2022\/08\/DEGRES-EST_2019_SIMON_3-1024x683.jpg 1024w, https:\/\/www.fraclorraine.org\/wp-content\/uploads\/2022\/08\/DEGRES-EST_2019_SIMON_3-768x512.jpg 768w, https:\/\/www.fraclorraine.org\/wp-content\/uploads\/2022\/08\/DEGRES-EST_2019_SIMON_3-1536x1024.jpg 1536w, https:\/\/www.fraclorraine.org\/wp-content\/uploads\/2022\/08\/DEGRES-EST_2019_SIMON_3-2048x1365.jpg 2048w\" sizes=\"auto, (max-width: 2560px) 100vw, 2560px\" \/><figcaption class=\"wp-element-caption\">Exhibition views <em>Degr\u00e9s Est: Silvi Simon<\/em>, 49 Nord 6 Est &#8211; Frac Lorraine, Metz (FR), 2019. Photos: Fred Dott  <\/figcaption><\/figure>\n\n\n\n<figure class=\"wp-block-image size-large\"><img loading=\"lazy\" decoding=\"async\" width=\"2560\" height=\"1707\" data-id=\"561\" src=\"https:\/\/www.fraclorraine.org\/wp-content\/uploads\/2022\/08\/DEGRES-EST_2019_SIMON_1-scaled.jpg\" alt=\"\" class=\"wp-image-561\" srcset=\"https:\/\/www.fraclorraine.org\/wp-content\/uploads\/2022\/08\/DEGRES-EST_2019_SIMON_1-scaled.jpg 2560w, https:\/\/www.fraclorraine.org\/wp-content\/uploads\/2022\/08\/DEGRES-EST_2019_SIMON_1-300x200.jpg 300w, https:\/\/www.fraclorraine.org\/wp-content\/uploads\/2022\/08\/DEGRES-EST_2019_SIMON_1-1024x683.jpg 1024w, https:\/\/www.fraclorraine.org\/wp-content\/uploads\/2022\/08\/DEGRES-EST_2019_SIMON_1-768x512.jpg 768w, https:\/\/www.fraclorraine.org\/wp-content\/uploads\/2022\/08\/DEGRES-EST_2019_SIMON_1-1536x1024.jpg 1536w, https:\/\/www.fraclorraine.org\/wp-content\/uploads\/2022\/08\/DEGRES-EST_2019_SIMON_1-2048x1365.jpg 2048w\" sizes=\"auto, (max-width: 2560px) 100vw, 2560px\" \/><figcaption class=\"wp-element-caption\">Exhibition views <em>Degr\u00e9s Est: Silvi Simon<\/em>, 49 Nord 6 Est &#8211; Frac Lorraine, Metz (FR), 2019. Photos: Fred Dott  <\/figcaption><\/figure>\n<\/figure>\n","protected":false,"raw":"<!-- wp:columns -->\n<div class=\"wp-block-columns\"><!-- wp:column -->\n<div class=\"wp-block-column\"><!-- wp:paragraph -->\n<p>\u25cf Degr\u00e9s Est launches a series of events produced in collaboration with FRAC Alsace and FRAC Champagne-Ardenne focus on artists with ties to the Grand Est Region<\/p>\n<!-- \/wp:paragraph -->\n\n<!-- wp:separator -->\n<hr class=\"wp-block-separator has-alpha-channel-opacity\"\/>\n<!-- \/wp:separator -->\n\n<!-- wp:paragraph -->\n<p>49 Nord 6 Est invites you to discover the work of an artist connected to the region, selected in turns by FRAC Alsace, FRAC Champagne-Ardenne, and 49 Nord 6 Est \u2013 FRAC Lorraine. At the heart of this vast territory informed by a wide range of sensibilities, Degr\u00e9s Est draws on a plurality of viewpoints to highlight the diversity of current artistic practices.<\/p>\n<!-- \/wp:paragraph -->\n\n<!-- wp:paragraph -->\n<p>The inaugural exhibition will showcase the work of Silvi Simon, an artist invited by Felizitas Diering, director of FRAC Alsace. A catalog produced for the occasion will launch a series of publications devoted to the Degr\u00e9s Est projects.<\/p>\n<!-- \/wp:paragraph --><\/div>\n<!-- \/wp:column -->\n\n<!-- wp:column -->\n<div class=\"wp-block-column\"><!-- wp:image {\"id\":561,\"sizeSlug\":\"large\",\"linkDestination\":\"none\"} -->\n<figure class=\"wp-block-image size-large\"><img src=\"https:\/\/www.fraclorraine.org\/wp-content\/uploads\/2022\/08\/DEGRES-EST_2019_SIMON_1-1024x683.jpg\" alt=\"\" class=\"wp-image-561\"\/><figcaption class=\"wp-element-caption\">Exhibition view <em>Degr\u00e9s Est: Silvi Simon<\/em>, 49 Nord 6 Est - Frac Lorraine, Metz (FR), 2019. Photo: Fred Dott  <\/figcaption><\/figure>\n<!-- \/wp:image --><\/div>\n<!-- \/wp:column --><\/div>\n<!-- \/wp:columns -->\n\n<!-- wp:gallery {\"linkTo\":\"none\"} -->\n<figure class=\"wp-block-gallery has-nested-images columns-default is-cropped\"><!-- wp:image {\"id\":564,\"sizeSlug\":\"large\",\"linkDestination\":\"none\"} -->\n<figure class=\"wp-block-image size-large\"><img src=\"https:\/\/www.fraclorraine.org\/wp-content\/uploads\/2022\/08\/DEGRES-EST_2019_SIMON_4-scaled.jpg\" alt=\"\" class=\"wp-image-564\"\/><figcaption class=\"wp-element-caption\">Exhibition views <em>Degr\u00e9s Est: Silvi Simon<\/em>, 49 Nord 6 Est - Frac Lorraine, Metz (FR), 2019. Photos: Fred Dott  <\/figcaption><\/figure>\n<!-- \/wp:image -->\n\n<!-- wp:image {\"id\":563,\"sizeSlug\":\"large\",\"linkDestination\":\"none\"} -->\n<figure class=\"wp-block-image size-large\"><img src=\"https:\/\/www.fraclorraine.org\/wp-content\/uploads\/2022\/08\/DEGRES-EST_2019_SIMON_3-scaled.jpg\" alt=\"\" class=\"wp-image-563\"\/><figcaption class=\"wp-element-caption\">Exhibition views <em>Degr\u00e9s Est: Silvi Simon<\/em>, 49 Nord 6 Est - Frac Lorraine, Metz (FR), 2019. Photos: Fred Dott  <\/figcaption><\/figure>\n<!-- \/wp:image -->\n\n<!-- wp:image {\"id\":561,\"sizeSlug\":\"large\",\"linkDestination\":\"none\"} -->\n<figure class=\"wp-block-image size-large\"><img src=\"https:\/\/www.fraclorraine.org\/wp-content\/uploads\/2022\/08\/DEGRES-EST_2019_SIMON_1-scaled.jpg\" alt=\"\" class=\"wp-image-561\"\/><figcaption class=\"wp-element-caption\">Exhibition views <em>Degr\u00e9s Est: Silvi Simon<\/em>, 49 Nord 6 Est - Frac Lorraine, Metz (FR), 2019. Photos: Fred Dott  <\/figcaption><\/figure>\n<!-- \/wp:image --><\/figure>\n<!-- \/wp:gallery -->"},"template":"","meta":{"inline_featured_image":false,"_fr_post_content":"<!-- wp:columns -->\n<div class=\"wp-block-columns\"><!-- wp:column -->\n<div class=\"wp-block-column\"><!-- wp:paragraph -->\n<p>\u25cf La proposition de <a href=\"https:\/\/vimeo.com\/silvisimon\" target=\"_blank\" rel=\"noreferrer noopener\">Silvi Simon<\/a> enrichit la programmation de l\u2019espace prospectif Degr\u00e9s Est, centr\u00e9 sur les artistes li\u00e9s au territoire du Grand Est. Activ\u00e9 par des propositions des trois&nbsp;FRAC&nbsp;du Grand Est, il introduit \u00e0 la diversit\u00e9 des pratiques artistiques actuelles, et souligne l\u2019engagement du Frac \u00e0 faire appara\u00eetre la pluralit\u00e9 au sein de la cr\u00e9ation contemporaine.<\/p>\n<!-- \/wp:paragraph -->\n\n<!-- wp:paragraph -->\n<p>Les trois Frac du Grand Est travaillent d\u00e9sormais en r\u00e9seau. De cette nouvelle configuration est n\u00e9 le d\u00e9sir partag\u00e9 de s\u2019engager pour les artistes du territoire et de concevoir des projets avec ces acteurs essentiels de l\u2019\u00e9cosyst\u00e8me artistique, dont nous faisons partie.<\/p>\n<!-- \/wp:paragraph --><\/div>\n<!-- \/wp:column -->\n\n<!-- wp:column -->\n<div class=\"wp-block-column\"><!-- wp:image {\"id\":561,\"sizeSlug\":\"large\",\"linkDestination\":\"none\"} -->\n<figure class=\"wp-block-image size-large\"><img src=\"https:\/\/www.fraclorraine.org\/wp-content\/uploads\/2022\/08\/DEGRES-EST_2019_SIMON_1-1024x683.jpg\" alt=\"\" class=\"wp-image-561\"\/><figcaption class=\"wp-element-caption\">Vue de l\u2019exposition <em>Degr\u00e9s Est : Silvi Simon<\/em>, 49 Nord 6 Est - Frac Lorraine, Metz (FR), 2019. Photo : Fred Dott   <\/figcaption><\/figure>\n<!-- \/wp:image --><\/div>\n<!-- \/wp:column --><\/div>\n<!-- \/wp:columns -->\n\n<!-- wp:gallery {\"linkTo\":\"none\"} -->\n<figure class=\"wp-block-gallery has-nested-images columns-default is-cropped\"><!-- wp:image {\"id\":563,\"sizeSlug\":\"large\",\"linkDestination\":\"none\"} -->\n<figure class=\"wp-block-image size-large\"><img src=\"https:\/\/www.fraclorraine.org\/wp-content\/uploads\/2022\/08\/DEGRES-EST_2019_SIMON_3-scaled.jpg\" alt=\"\" class=\"wp-image-563\"\/><figcaption class=\"wp-element-caption\">Vues de l\u2019exposition <em>Degr\u00e9s Est : Silvi Simon<\/em>, 49 Nord 6 Est - Frac Lorraine, Metz (FR), 2019. Photos : Fred Dott   <\/figcaption><\/figure>\n<!-- \/wp:image -->\n\n<!-- wp:image {\"id\":562,\"sizeSlug\":\"large\",\"linkDestination\":\"none\"} -->\n<figure class=\"wp-block-image size-large\"><img src=\"https:\/\/www.fraclorraine.org\/wp-content\/uploads\/2022\/08\/DEGRES-EST_2019_SIMON_2-scaled.jpg\" alt=\"\" class=\"wp-image-562\"\/><figcaption class=\"wp-element-caption\">Vues de l\u2019exposition <em>Degr\u00e9s Est : Silvi Simon<\/em>, 49 Nord 6 Est - Frac Lorraine, Metz (FR), 2019. Photos : Fred Dott   <\/figcaption><\/figure>\n<!-- \/wp:image --><\/figure>\n<!-- \/wp:gallery -->\n\n<!-- wp:columns -->\n<div class=\"wp-block-columns\"><!-- wp:column -->\n<div class=\"wp-block-column\"><!-- wp:image {\"id\":564,\"sizeSlug\":\"large\",\"linkDestination\":\"none\"} -->\n<figure class=\"wp-block-image size-large\"><img src=\"https:\/\/www.fraclorraine.org\/wp-content\/uploads\/2022\/08\/DEGRES-EST_2019_SIMON_4-1024x683.jpg\" alt=\"\" class=\"wp-image-564\"\/><figcaption class=\"wp-element-caption\">Vue de l\u2019exposition <em>Degr\u00e9s Est : Silvi Simon<\/em>, 49 Nord 6 Est - Frac Lorraine, Metz (FR), 2019. Photo : Fred Dott   <\/figcaption><\/figure>\n<!-- \/wp:image --><\/div>\n<!-- \/wp:column -->\n\n<!-- wp:column -->\n<div class=\"wp-block-column\"><!-- wp:paragraph -->\n<p>Dans cette dynamique, le 49 Nord 6 Est d\u00e9die une salle \u00e0 la cr\u00e9ation artistique issue du Grand Est et invite \u00e0 d\u00e9couvrir le travail d\u2019un ou une artiste li\u00e9.e \u00e0 la r\u00e9gion Grand Est sur proposition, en alternance, du Frac Alsace, du Frac Champagne-Ardenne et du 49 Nord 6 Est \u2014 Frac Lorraine. Au sein de ce vaste territoire, habit\u00e9 par de multiples sensibilit\u00e9s, le projet Degr\u00e9s Est s\u2019appuie sur une pluralit\u00e9 de points de vue pour t\u00e9moigner de la diversit\u00e9 des pratiques artistiques actuelles.<\/p>\n<!-- \/wp:paragraph -->\n\n<!-- wp:paragraph -->\n<p>La pr\u00e9sentation du travail de Silvi Simon inaugure cet espace, sur une proposition de Felizitas Diering, directrice du Frac Alsace.<br>Une \u00e9dition sera r\u00e9alis\u00e9e \u00e0 l\u2019occasion, initiant une s\u00e9rie de publications d\u00e9di\u00e9es aux projets Degr\u00e9s Est.<\/p>\n<!-- \/wp:paragraph --><\/div>\n<!-- \/wp:column --><\/div>\n<!-- \/wp:columns -->\n\n<!-- wp:heading {\"level\":3} -->\n<h3><\/h3>\n<!-- \/wp:heading -->\n\n<!-- wp:paragraph -->\n<p>N\u00e9e en 1970 \u00e0 Livry-Gargan (Seine-Saint-Denis), Silvi Simon vit et travaille \u00e0 Strasbourg. Apr\u00e8s une formation en arts plastiques \u00e0 l\u2019Universit\u00e9 des sciences humaines de Strasbourg, elle \u00e9tudie le cin\u00e9ma d\u2019animation \u00e0 l\u2019\u00c9cole nationale sup\u00e9rieure des arts visuels de La Cambre \u00e0 Bruxelles. Parall\u00e8lement, elle suit des formations aux Ateliers&nbsp;MTK, laboratoire cin\u00e9matographique artisanal situ\u00e9 \u00e0 Grenoble. En 1991, elle co-fonde le collectif Burstscratch \u00e0 Strasbourg, qui oeuvre pour la cr\u00e9ation et la diffusion du cin\u00e9ma exp\u00e9rimental sur pellicule argentique. Ses derni\u00e8res expositions personnelles ont eu lieu \u00e0 la galerie Sit Down (Paris) au&nbsp;CEAAC&nbsp;et \u00e0 la Galerie Yves Iffrig (Strasbourg).<\/p>\n<!-- \/wp:paragraph -->\n\n<!-- wp:paragraph -->\n<p>L\u2019artiste explore les sp\u00e9cificit\u00e9s mat\u00e9rielles d\u2019images produites m\u00e9caniquement, exp\u00e9rimentant directement avec les bains chimiques et l\u2019\u00e9mulsion photosensible. Plus qu\u2019\u00e0 leur capacit\u00e9 de repr\u00e9sentation, elle s\u2019int\u00e9resse \u00e0 leur substance et aux ph\u00e9nom\u00e8nes inattendus qu\u2019elles peuvent faire appara\u00eetre. Sa recherche sur la mat\u00e9rialit\u00e9 de l\u2019image s\u2019appuie sur les exp\u00e9riences de la photographie exp\u00e9rimentale, mais aussi sur celles du cin\u00e9ma \u00e9largi. Jouant sur l\u2019\u00e9cart entre point fixe et mouvement, entre nature et observateur, elle produit des installations lumineuses immersives dont le centre reste insaisissable.<\/p>\n<!-- \/wp:paragraph -->","_fr_post_name":"degres-est-silvi-simon","_fr_post_excerpt":"","_fr_post_title":"Degr\u00e9s Est : Silvi Simon","_en_post_content":"<!-- wp:columns -->\n<div class=\"wp-block-columns\"><!-- wp:column -->\n<div class=\"wp-block-column\"><!-- wp:paragraph -->\n<p>\u25cf Degr\u00e9s Est launches a series of events produced in collaboration with FRAC Alsace and FRAC Champagne-Ardenne focus on artists with ties to the Grand Est Region<\/p>\n<!-- \/wp:paragraph -->\n\n<!-- wp:separator -->\n<hr class=\"wp-block-separator has-alpha-channel-opacity\"\/>\n<!-- \/wp:separator -->\n\n<!-- wp:paragraph -->\n<p>49 Nord 6 Est invites you to discover the work of an artist connected to the region, selected in turns by FRAC Alsace, FRAC Champagne-Ardenne, and 49 Nord 6 Est \u2013 FRAC Lorraine. At the heart of this vast territory informed by a wide range of sensibilities, Degr\u00e9s Est draws on a plurality of viewpoints to highlight the diversity of current artistic practices.<\/p>\n<!-- \/wp:paragraph -->\n\n<!-- wp:paragraph -->\n<p>The inaugural exhibition will showcase the work of Silvi Simon, an artist invited by Felizitas Diering, director of FRAC Alsace. A catalog produced for the occasion will launch a series of publications devoted to the Degr\u00e9s Est projects.<\/p>\n<!-- \/wp:paragraph --><\/div>\n<!-- \/wp:column -->\n\n<!-- wp:column -->\n<div class=\"wp-block-column\"><!-- wp:image {\"id\":561,\"sizeSlug\":\"large\",\"linkDestination\":\"none\"} -->\n<figure class=\"wp-block-image size-large\"><img src=\"https:\/\/www.fraclorraine.org\/wp-content\/uploads\/2022\/08\/DEGRES-EST_2019_SIMON_1-1024x683.jpg\" alt=\"\" class=\"wp-image-561\"\/><figcaption class=\"wp-element-caption\">Exhibition view <em>Degr\u00e9s Est: Silvi Simon<\/em>, 49 Nord 6 Est - Frac Lorraine, Metz (FR), 2019. Photo: Fred Dott  <\/figcaption><\/figure>\n<!-- \/wp:image --><\/div>\n<!-- \/wp:column --><\/div>\n<!-- \/wp:columns -->\n\n<!-- wp:gallery {\"linkTo\":\"none\"} -->\n<figure class=\"wp-block-gallery has-nested-images columns-default is-cropped\"><!-- wp:image {\"id\":564,\"sizeSlug\":\"large\",\"linkDestination\":\"none\"} -->\n<figure class=\"wp-block-image size-large\"><img src=\"https:\/\/www.fraclorraine.org\/wp-content\/uploads\/2022\/08\/DEGRES-EST_2019_SIMON_4-scaled.jpg\" alt=\"\" class=\"wp-image-564\"\/><figcaption class=\"wp-element-caption\">Exhibition views <em>Degr\u00e9s Est: Silvi Simon<\/em>, 49 Nord 6 Est - Frac Lorraine, Metz (FR), 2019. Photos: Fred Dott  <\/figcaption><\/figure>\n<!-- \/wp:image -->\n\n<!-- wp:image {\"id\":563,\"sizeSlug\":\"large\",\"linkDestination\":\"none\"} -->\n<figure class=\"wp-block-image size-large\"><img src=\"https:\/\/www.fraclorraine.org\/wp-content\/uploads\/2022\/08\/DEGRES-EST_2019_SIMON_3-scaled.jpg\" alt=\"\" class=\"wp-image-563\"\/><figcaption class=\"wp-element-caption\">Exhibition views <em>Degr\u00e9s Est: Silvi Simon<\/em>, 49 Nord 6 Est - Frac Lorraine, Metz (FR), 2019. Photos: Fred Dott  <\/figcaption><\/figure>\n<!-- \/wp:image -->\n\n<!-- wp:image {\"id\":561,\"sizeSlug\":\"large\",\"linkDestination\":\"none\"} -->\n<figure class=\"wp-block-image size-large\"><img src=\"https:\/\/www.fraclorraine.org\/wp-content\/uploads\/2022\/08\/DEGRES-EST_2019_SIMON_1-scaled.jpg\" alt=\"\" class=\"wp-image-561\"\/><figcaption class=\"wp-element-caption\">Exhibition views <em>Degr\u00e9s Est: Silvi Simon<\/em>, 49 Nord 6 Est - Frac Lorraine, Metz (FR), 2019. Photos: Fred Dott  <\/figcaption><\/figure>\n<!-- \/wp:image --><\/figure>\n<!-- \/wp:gallery -->","_en_post_name":"","_en_post_excerpt":"","_en_post_title":"Degr\u00e9s Est : Silvi Simon","edit_language":"en"},"tags":[33,7],"event-type":[30],"saison":[50],"lieu":[371],"class_list":["post-559","exhibition","type-exhibition","status-publish","hentry","tag-degres-est","tag-exposition"],"excerpt":{"raw":"","rendered":""},"_links":{"self":[{"href":"https:\/\/www.fraclorraine.org\/en\/wp-json\/wp\/v2\/exhibition\/559","targetHints":{"allow":["GET"]}}],"collection":[{"href":"https:\/\/www.fraclorraine.org\/en\/wp-json\/wp\/v2\/exhibition"}],"about":[{"href":"https:\/\/www.fraclorraine.org\/en\/wp-json\/wp\/v2\/types\/exhibition"}],"wp:attachment":[{"href":"https:\/\/www.fraclorraine.org\/en\/wp-json\/wp\/v2\/media?parent=559"}],"wp:term":[{"taxonomy":"post_tag","embeddable":true,"href":"https:\/\/www.fraclorraine.org\/en\/wp-json\/wp\/v2\/tags?post=559"},{"taxonomy":"event-type","embeddable":true,"href":"https:\/\/www.fraclorraine.org\/en\/wp-json\/wp\/v2\/event-type?post=559"},{"taxonomy":"saison","embeddable":true,"href":"https:\/\/www.fraclorraine.org\/en\/wp-json\/wp\/v2\/saison?post=559"},{"taxonomy":"lieu","embeddable":true,"href":"https:\/\/www.fraclorraine.org\/en\/wp-json\/wp\/v2\/lieu?post=559"}],"curies":[{"name":"wp","href":"https:\/\/api.w.org\/{rel}","templated":true}]}}