{"id":652,"date":"2022-08-31T13:51:02","date_gmt":"2022-08-31T13:51:02","guid":{"rendered":"https:\/\/www.fraclorraine.org\/nouveausite2021\/?post_type=exhibition&#038;p=652"},"modified":"2023-01-12T13:04:01","modified_gmt":"2023-01-12T13:04:01","slug":"","status":"publish","type":"exhibition","link":"https:\/\/www.fraclorraine.org\/en\/exhibition\/martin-beck-dans-un-second-temps\/","title":{"rendered":"Martin Beck. Dans un second temps","raw":"Martin Beck. Dans un second temps"},"content":{"rendered":"\n<div class=\"wp-block-columns is-layout-flex wp-container-core-columns-is-layout-9d6595d7 wp-block-columns-is-layout-flex\">\n<div class=\"wp-block-column is-layout-flow wp-block-column-is-layout-flow\">\n<p>\u25cf Unfolding as a composition, this exhibition features recent works by the Austrian artist Martin Beck who, at 49 Nord 6 Est\u2013FRAC Lorraine, presents his first major show in France.<\/p>\n\n\n\n<p>Works on paper, photographs, sculptures, and videos\u2026 the artist chooses his medium depending on the subject matter addressed. <em>Flowers<\/em>, for example, consists of sets of photographs that document the arrangement of a so-called Dutch flower bouquet. The images reveal both the methodical work of a florist and the fragility of the material she handles. Gestures and forms are gathered in altogether 36 different constellations that do not follow a sequential order.<\/p>\n<\/div>\n\n\n\n<div class=\"wp-block-column is-layout-flow wp-block-column-is-layout-flow\">\n<figure class=\"wp-block-image size-large\"><img loading=\"lazy\" decoding=\"async\" width=\"1024\" height=\"683\" src=\"https:\/\/www.fraclorraine.org\/wp-content\/uploads\/2022\/08\/EXPO_2018_BECK_2-1024x683.jpg\" alt=\"\" class=\"wp-image-657\" srcset=\"https:\/\/www.fraclorraine.org\/wp-content\/uploads\/2022\/08\/EXPO_2018_BECK_2-1024x683.jpg 1024w, https:\/\/www.fraclorraine.org\/wp-content\/uploads\/2022\/08\/EXPO_2018_BECK_2-300x200.jpg 300w, https:\/\/www.fraclorraine.org\/wp-content\/uploads\/2022\/08\/EXPO_2018_BECK_2-768x512.jpg 768w, https:\/\/www.fraclorraine.org\/wp-content\/uploads\/2022\/08\/EXPO_2018_BECK_2-1536x1024.jpg 1536w, https:\/\/www.fraclorraine.org\/wp-content\/uploads\/2022\/08\/EXPO_2018_BECK_2-2048x1365.jpg 2048w\" sizes=\"auto, (max-width: 1024px) 100vw, 1024px\" \/><figcaption class=\"wp-element-caption\">Exhibition view <em>Martin Beck. Dans un second temps<\/em>, 49 Nord 6 Est &#8211; Frac Lorraine, juil-oct 2018, Metz, FR. Photo: Fred Dott<\/figcaption><\/figure>\n<\/div>\n<\/div>\n\n\n\n<figure class=\"wp-block-gallery has-nested-images columns-default is-cropped wp-block-gallery-2 is-layout-flex wp-block-gallery-is-layout-flex\">\n<figure class=\"wp-block-image size-large\"><img loading=\"lazy\" decoding=\"async\" width=\"2560\" height=\"1707\" data-id=\"4074\" src=\"https:\/\/www.fraclorraine.org\/wp-content\/uploads\/2022\/10\/EXPO_2018_BECK_17-scaled.jpg\" alt=\"\" class=\"wp-image-4074\" srcset=\"https:\/\/www.fraclorraine.org\/wp-content\/uploads\/2022\/10\/EXPO_2018_BECK_17-scaled.jpg 2560w, https:\/\/www.fraclorraine.org\/wp-content\/uploads\/2022\/10\/EXPO_2018_BECK_17-300x200.jpg 300w, https:\/\/www.fraclorraine.org\/wp-content\/uploads\/2022\/10\/EXPO_2018_BECK_17-1024x683.jpg 1024w, https:\/\/www.fraclorraine.org\/wp-content\/uploads\/2022\/10\/EXPO_2018_BECK_17-768x512.jpg 768w, https:\/\/www.fraclorraine.org\/wp-content\/uploads\/2022\/10\/EXPO_2018_BECK_17-1536x1024.jpg 1536w, https:\/\/www.fraclorraine.org\/wp-content\/uploads\/2022\/10\/EXPO_2018_BECK_17-2048x1365.jpg 2048w\" sizes=\"auto, (max-width: 2560px) 100vw, 2560px\" \/><figcaption class=\"wp-element-caption\">Exhibition views, <em>Martin Beck. Dans un second temps<\/em>, 49 Nord 6 Est &#8211; Frac Lorraine, jul-oct 2018, Metz, FR. Photos: Fred Dott<\/figcaption><\/figure>\n\n\n\n<figure class=\"wp-block-image size-large\"><img loading=\"lazy\" decoding=\"async\" width=\"2560\" height=\"1707\" data-id=\"4075\" src=\"https:\/\/www.fraclorraine.org\/wp-content\/uploads\/2022\/10\/EXPO_2018_BECK_18-scaled.jpg\" alt=\"\" class=\"wp-image-4075\" srcset=\"https:\/\/www.fraclorraine.org\/wp-content\/uploads\/2022\/10\/EXPO_2018_BECK_18-scaled.jpg 2560w, https:\/\/www.fraclorraine.org\/wp-content\/uploads\/2022\/10\/EXPO_2018_BECK_18-300x200.jpg 300w, https:\/\/www.fraclorraine.org\/wp-content\/uploads\/2022\/10\/EXPO_2018_BECK_18-1024x683.jpg 1024w, https:\/\/www.fraclorraine.org\/wp-content\/uploads\/2022\/10\/EXPO_2018_BECK_18-768x512.jpg 768w, https:\/\/www.fraclorraine.org\/wp-content\/uploads\/2022\/10\/EXPO_2018_BECK_18-1536x1024.jpg 1536w, https:\/\/www.fraclorraine.org\/wp-content\/uploads\/2022\/10\/EXPO_2018_BECK_18-2048x1365.jpg 2048w\" sizes=\"auto, (max-width: 2560px) 100vw, 2560px\" \/><figcaption class=\"wp-element-caption\">Exhibition views, <em>Martin Beck. Dans un second temps<\/em>, 49 Nord 6 Est &#8211; Frac Lorraine, jul-oct 2018, Metz, FR. Photos: Fred Dott<\/figcaption><\/figure>\n\n\n\n<figure class=\"wp-block-image size-large\"><img loading=\"lazy\" decoding=\"async\" width=\"2560\" height=\"1707\" data-id=\"4076\" src=\"https:\/\/www.fraclorraine.org\/wp-content\/uploads\/2022\/10\/EXPO_2018_BECK_19-scaled.jpg\" alt=\"\" class=\"wp-image-4076\" srcset=\"https:\/\/www.fraclorraine.org\/wp-content\/uploads\/2022\/10\/EXPO_2018_BECK_19-scaled.jpg 2560w, https:\/\/www.fraclorraine.org\/wp-content\/uploads\/2022\/10\/EXPO_2018_BECK_19-300x200.jpg 300w, https:\/\/www.fraclorraine.org\/wp-content\/uploads\/2022\/10\/EXPO_2018_BECK_19-1024x683.jpg 1024w, https:\/\/www.fraclorraine.org\/wp-content\/uploads\/2022\/10\/EXPO_2018_BECK_19-768x512.jpg 768w, https:\/\/www.fraclorraine.org\/wp-content\/uploads\/2022\/10\/EXPO_2018_BECK_19-1536x1024.jpg 1536w, https:\/\/www.fraclorraine.org\/wp-content\/uploads\/2022\/10\/EXPO_2018_BECK_19-2048x1365.jpg 2048w\" sizes=\"auto, (max-width: 2560px) 100vw, 2560px\" \/><figcaption class=\"wp-element-caption\">Exhibition views, <em>Martin Beck. Dans un second temps<\/em>, 49 Nord 6 Est &#8211; Frac Lorraine, jul-oct 2018, Metz, FR. Photos: Fred Dott<\/figcaption><\/figure>\n\n\n\n<figure class=\"wp-block-image size-large\"><img loading=\"lazy\" decoding=\"async\" width=\"2560\" height=\"1707\" data-id=\"748\" src=\"https:\/\/www.fraclorraine.org\/wp-content\/uploads\/2022\/09\/INDEX_BECK_1_COLLECTION_2018-scaled.jpg\" alt=\"\" class=\"wp-image-748\" srcset=\"https:\/\/www.fraclorraine.org\/wp-content\/uploads\/2022\/09\/INDEX_BECK_1_COLLECTION_2018-scaled.jpg 2560w, https:\/\/www.fraclorraine.org\/wp-content\/uploads\/2022\/09\/INDEX_BECK_1_COLLECTION_2018-300x200.jpg 300w, https:\/\/www.fraclorraine.org\/wp-content\/uploads\/2022\/09\/INDEX_BECK_1_COLLECTION_2018-1024x683.jpg 1024w, https:\/\/www.fraclorraine.org\/wp-content\/uploads\/2022\/09\/INDEX_BECK_1_COLLECTION_2018-768x512.jpg 768w, https:\/\/www.fraclorraine.org\/wp-content\/uploads\/2022\/09\/INDEX_BECK_1_COLLECTION_2018-1536x1024.jpg 1536w, https:\/\/www.fraclorraine.org\/wp-content\/uploads\/2022\/09\/INDEX_BECK_1_COLLECTION_2018-2048x1365.jpg 2048w\" sizes=\"auto, (max-width: 2560px) 100vw, 2560px\" \/><figcaption class=\"wp-element-caption\">Exhibition views, <em>Martin Beck. Dans un second temps<\/em>, 49 Nord 6 Est &#8211; Frac Lorraine, jul-oct 2018, Metz, FR. Photos: Fred Dott<\/figcaption><\/figure>\n\n\n\n<figure class=\"wp-block-image size-large\"><img loading=\"lazy\" decoding=\"async\" width=\"2560\" height=\"1707\" data-id=\"4079\" src=\"https:\/\/www.fraclorraine.org\/wp-content\/uploads\/2022\/10\/EXPO_2018_BECK_22-scaled.jpg\" alt=\"\" class=\"wp-image-4079\" srcset=\"https:\/\/www.fraclorraine.org\/wp-content\/uploads\/2022\/10\/EXPO_2018_BECK_22-scaled.jpg 2560w, https:\/\/www.fraclorraine.org\/wp-content\/uploads\/2022\/10\/EXPO_2018_BECK_22-300x200.jpg 300w, https:\/\/www.fraclorraine.org\/wp-content\/uploads\/2022\/10\/EXPO_2018_BECK_22-1024x683.jpg 1024w, https:\/\/www.fraclorraine.org\/wp-content\/uploads\/2022\/10\/EXPO_2018_BECK_22-768x512.jpg 768w, https:\/\/www.fraclorraine.org\/wp-content\/uploads\/2022\/10\/EXPO_2018_BECK_22-1536x1024.jpg 1536w, https:\/\/www.fraclorraine.org\/wp-content\/uploads\/2022\/10\/EXPO_2018_BECK_22-2048x1365.jpg 2048w\" sizes=\"auto, (max-width: 2560px) 100vw, 2560px\" \/><figcaption class=\"wp-element-caption\">Exhibition views, <em>Martin Beck. Dans un second temps<\/em>, 49 Nord 6 Est &#8211; Frac Lorraine, jul-oct 2018, Metz, FR. Photos: Fred Dott<\/figcaption><\/figure>\n\n\n\n<figure class=\"wp-block-image size-large\"><img loading=\"lazy\" decoding=\"async\" width=\"2560\" height=\"1707\" data-id=\"749\" src=\"https:\/\/www.fraclorraine.org\/wp-content\/uploads\/2022\/09\/INDEX_BECK_2_COLLECTION_2018-scaled.jpg\" alt=\"\" class=\"wp-image-749\" srcset=\"https:\/\/www.fraclorraine.org\/wp-content\/uploads\/2022\/09\/INDEX_BECK_2_COLLECTION_2018-scaled.jpg 2560w, https:\/\/www.fraclorraine.org\/wp-content\/uploads\/2022\/09\/INDEX_BECK_2_COLLECTION_2018-300x200.jpg 300w, https:\/\/www.fraclorraine.org\/wp-content\/uploads\/2022\/09\/INDEX_BECK_2_COLLECTION_2018-1024x683.jpg 1024w, https:\/\/www.fraclorraine.org\/wp-content\/uploads\/2022\/09\/INDEX_BECK_2_COLLECTION_2018-768x512.jpg 768w, https:\/\/www.fraclorraine.org\/wp-content\/uploads\/2022\/09\/INDEX_BECK_2_COLLECTION_2018-1536x1024.jpg 1536w, https:\/\/www.fraclorraine.org\/wp-content\/uploads\/2022\/09\/INDEX_BECK_2_COLLECTION_2018-2048x1365.jpg 2048w\" sizes=\"auto, (max-width: 2560px) 100vw, 2560px\" \/><figcaption class=\"wp-element-caption\">Exhibition views, <em>Martin Beck. Dans un second temps<\/em>, 49 Nord 6 Est &#8211; Frac Lorraine, jul-oct 2018, Metz, FR. Photos: Fred Dott<\/figcaption><\/figure>\n\n\n\n<figure class=\"wp-block-image size-large\"><img loading=\"lazy\" decoding=\"async\" width=\"2560\" height=\"1707\" data-id=\"4073\" src=\"https:\/\/www.fraclorraine.org\/wp-content\/uploads\/2022\/10\/EXPO_2018_BECK_16-scaled.jpg\" alt=\"\" class=\"wp-image-4073\" srcset=\"https:\/\/www.fraclorraine.org\/wp-content\/uploads\/2022\/10\/EXPO_2018_BECK_16-scaled.jpg 2560w, https:\/\/www.fraclorraine.org\/wp-content\/uploads\/2022\/10\/EXPO_2018_BECK_16-300x200.jpg 300w, https:\/\/www.fraclorraine.org\/wp-content\/uploads\/2022\/10\/EXPO_2018_BECK_16-1024x683.jpg 1024w, https:\/\/www.fraclorraine.org\/wp-content\/uploads\/2022\/10\/EXPO_2018_BECK_16-768x512.jpg 768w, https:\/\/www.fraclorraine.org\/wp-content\/uploads\/2022\/10\/EXPO_2018_BECK_16-1536x1024.jpg 1536w, https:\/\/www.fraclorraine.org\/wp-content\/uploads\/2022\/10\/EXPO_2018_BECK_16-2048x1365.jpg 2048w\" sizes=\"auto, (max-width: 2560px) 100vw, 2560px\" \/><figcaption class=\"wp-element-caption\">Exhibition views, <em>Martin Beck. Dans un second temps<\/em>, 49 Nord 6 Est &#8211; Frac Lorraine, jul-oct 2018, Metz, FR. Photos: Fred Dott<\/figcaption><\/figure>\n\n\n\n<figure class=\"wp-block-image size-large\"><img loading=\"lazy\" decoding=\"async\" width=\"2560\" height=\"1707\" data-id=\"750\" src=\"https:\/\/www.fraclorraine.org\/wp-content\/uploads\/2022\/09\/INDEX_BECK_3_COLLECTION_2018-scaled.jpg\" alt=\"\" class=\"wp-image-750\" srcset=\"https:\/\/www.fraclorraine.org\/wp-content\/uploads\/2022\/09\/INDEX_BECK_3_COLLECTION_2018-scaled.jpg 2560w, https:\/\/www.fraclorraine.org\/wp-content\/uploads\/2022\/09\/INDEX_BECK_3_COLLECTION_2018-300x200.jpg 300w, https:\/\/www.fraclorraine.org\/wp-content\/uploads\/2022\/09\/INDEX_BECK_3_COLLECTION_2018-1024x683.jpg 1024w, https:\/\/www.fraclorraine.org\/wp-content\/uploads\/2022\/09\/INDEX_BECK_3_COLLECTION_2018-768x512.jpg 768w, https:\/\/www.fraclorraine.org\/wp-content\/uploads\/2022\/09\/INDEX_BECK_3_COLLECTION_2018-1536x1024.jpg 1536w, https:\/\/www.fraclorraine.org\/wp-content\/uploads\/2022\/09\/INDEX_BECK_3_COLLECTION_2018-2048x1365.jpg 2048w\" sizes=\"auto, (max-width: 2560px) 100vw, 2560px\" \/><figcaption class=\"wp-element-caption\">Exhibition views, <em>Martin Beck. Dans un second temps<\/em>, 49 Nord 6 Est &#8211; Frac Lorraine, jul-oct 2018, Metz, FR. Photos: Fred Dott<\/figcaption><\/figure>\n\n\n\n<figure class=\"wp-block-image size-large\"><img loading=\"lazy\" decoding=\"async\" width=\"2560\" height=\"1707\" data-id=\"4077\" src=\"https:\/\/www.fraclorraine.org\/wp-content\/uploads\/2022\/10\/EXPO_2018_BECK_20-scaled.jpg\" alt=\"\" class=\"wp-image-4077\" srcset=\"https:\/\/www.fraclorraine.org\/wp-content\/uploads\/2022\/10\/EXPO_2018_BECK_20-scaled.jpg 2560w, https:\/\/www.fraclorraine.org\/wp-content\/uploads\/2022\/10\/EXPO_2018_BECK_20-300x200.jpg 300w, https:\/\/www.fraclorraine.org\/wp-content\/uploads\/2022\/10\/EXPO_2018_BECK_20-1024x683.jpg 1024w, https:\/\/www.fraclorraine.org\/wp-content\/uploads\/2022\/10\/EXPO_2018_BECK_20-768x512.jpg 768w, https:\/\/www.fraclorraine.org\/wp-content\/uploads\/2022\/10\/EXPO_2018_BECK_20-1536x1024.jpg 1536w, https:\/\/www.fraclorraine.org\/wp-content\/uploads\/2022\/10\/EXPO_2018_BECK_20-2048x1365.jpg 2048w\" sizes=\"auto, (max-width: 2560px) 100vw, 2560px\" \/><figcaption class=\"wp-element-caption\">Exhibition views, <em>Martin Beck. Dans un second temps<\/em>, 49 Nord 6 Est &#8211; Frac Lorraine, jul-oct 2018, Metz, FR. Photos: Fred Dott<\/figcaption><\/figure>\n\n\n\n<figure class=\"wp-block-image size-large\"><img loading=\"lazy\" decoding=\"async\" width=\"2560\" height=\"1707\" data-id=\"660\" src=\"https:\/\/www.fraclorraine.org\/wp-content\/uploads\/2022\/08\/EXPO_2018_BECK_5-scaled.jpg\" alt=\"\" class=\"wp-image-660\" srcset=\"https:\/\/www.fraclorraine.org\/wp-content\/uploads\/2022\/08\/EXPO_2018_BECK_5-scaled.jpg 2560w, https:\/\/www.fraclorraine.org\/wp-content\/uploads\/2022\/08\/EXPO_2018_BECK_5-300x200.jpg 300w, https:\/\/www.fraclorraine.org\/wp-content\/uploads\/2022\/08\/EXPO_2018_BECK_5-1024x683.jpg 1024w, https:\/\/www.fraclorraine.org\/wp-content\/uploads\/2022\/08\/EXPO_2018_BECK_5-768x512.jpg 768w, https:\/\/www.fraclorraine.org\/wp-content\/uploads\/2022\/08\/EXPO_2018_BECK_5-1536x1024.jpg 1536w, https:\/\/www.fraclorraine.org\/wp-content\/uploads\/2022\/08\/EXPO_2018_BECK_5-2048x1365.jpg 2048w\" sizes=\"auto, (max-width: 2560px) 100vw, 2560px\" \/><figcaption class=\"wp-element-caption\">Exhibition views, <em>Martin Beck. Dans un second temps<\/em>, 49 Nord 6 Est &#8211; Frac Lorraine, jul-oct 2018, Metz, FR. Photos: Fred Dott<\/figcaption><\/figure>\n\n\n\n<figure class=\"wp-block-image size-large\"><img loading=\"lazy\" decoding=\"async\" width=\"2560\" height=\"1707\" data-id=\"751\" src=\"https:\/\/www.fraclorraine.org\/wp-content\/uploads\/2022\/09\/INDEX_BECK_4_EXPO-scaled.jpg\" alt=\"\" class=\"wp-image-751\" srcset=\"https:\/\/www.fraclorraine.org\/wp-content\/uploads\/2022\/09\/INDEX_BECK_4_EXPO-scaled.jpg 2560w, https:\/\/www.fraclorraine.org\/wp-content\/uploads\/2022\/09\/INDEX_BECK_4_EXPO-300x200.jpg 300w, https:\/\/www.fraclorraine.org\/wp-content\/uploads\/2022\/09\/INDEX_BECK_4_EXPO-1024x683.jpg 1024w, https:\/\/www.fraclorraine.org\/wp-content\/uploads\/2022\/09\/INDEX_BECK_4_EXPO-768x512.jpg 768w, https:\/\/www.fraclorraine.org\/wp-content\/uploads\/2022\/09\/INDEX_BECK_4_EXPO-1536x1024.jpg 1536w, https:\/\/www.fraclorraine.org\/wp-content\/uploads\/2022\/09\/INDEX_BECK_4_EXPO-2048x1365.jpg 2048w\" sizes=\"auto, (max-width: 2560px) 100vw, 2560px\" \/><figcaption class=\"wp-element-caption\">Exhibition views, <em>Martin Beck. Dans un second temps<\/em>, 49 Nord 6 Est &#8211; Frac Lorraine, jul-oct 2018, Metz, FR. Photos: Fred Dott<\/figcaption><\/figure>\n\n\n\n<figure class=\"wp-block-image size-large\"><img loading=\"lazy\" decoding=\"async\" width=\"2560\" height=\"1707\" data-id=\"4081\" src=\"https:\/\/www.fraclorraine.org\/wp-content\/uploads\/2022\/10\/EXPO_2018_BECK_24-scaled.jpg\" alt=\"\" class=\"wp-image-4081\" srcset=\"https:\/\/www.fraclorraine.org\/wp-content\/uploads\/2022\/10\/EXPO_2018_BECK_24-scaled.jpg 2560w, https:\/\/www.fraclorraine.org\/wp-content\/uploads\/2022\/10\/EXPO_2018_BECK_24-300x200.jpg 300w, https:\/\/www.fraclorraine.org\/wp-content\/uploads\/2022\/10\/EXPO_2018_BECK_24-1024x683.jpg 1024w, https:\/\/www.fraclorraine.org\/wp-content\/uploads\/2022\/10\/EXPO_2018_BECK_24-768x512.jpg 768w, https:\/\/www.fraclorraine.org\/wp-content\/uploads\/2022\/10\/EXPO_2018_BECK_24-1536x1024.jpg 1536w, https:\/\/www.fraclorraine.org\/wp-content\/uploads\/2022\/10\/EXPO_2018_BECK_24-2048x1365.jpg 2048w\" sizes=\"auto, (max-width: 2560px) 100vw, 2560px\" \/><figcaption class=\"wp-element-caption\">Exhibition views, <em>Martin Beck. Dans un second temps<\/em>, 49 Nord 6 Est &#8211; Frac Lorraine, jul-oct 2018, Metz, FR. Photos: Fred Dott<\/figcaption><\/figure>\n\n\n\n<figure class=\"wp-block-image size-large\"><img loading=\"lazy\" decoding=\"async\" width=\"2560\" height=\"1707\" data-id=\"664\" src=\"https:\/\/www.fraclorraine.org\/wp-content\/uploads\/2022\/08\/EXPO_2018_BECK_9-scaled.jpg\" alt=\"\" class=\"wp-image-664\" srcset=\"https:\/\/www.fraclorraine.org\/wp-content\/uploads\/2022\/08\/EXPO_2018_BECK_9-scaled.jpg 2560w, https:\/\/www.fraclorraine.org\/wp-content\/uploads\/2022\/08\/EXPO_2018_BECK_9-300x200.jpg 300w, https:\/\/www.fraclorraine.org\/wp-content\/uploads\/2022\/08\/EXPO_2018_BECK_9-1024x683.jpg 1024w, https:\/\/www.fraclorraine.org\/wp-content\/uploads\/2022\/08\/EXPO_2018_BECK_9-768x512.jpg 768w, https:\/\/www.fraclorraine.org\/wp-content\/uploads\/2022\/08\/EXPO_2018_BECK_9-1536x1024.jpg 1536w, https:\/\/www.fraclorraine.org\/wp-content\/uploads\/2022\/08\/EXPO_2018_BECK_9-2048x1365.jpg 2048w\" sizes=\"auto, (max-width: 2560px) 100vw, 2560px\" \/><figcaption class=\"wp-element-caption\">Exhibition views, <em>Martin Beck. Dans un second temps<\/em>, 49 Nord 6 Est &#8211; Frac Lorraine, jul-oct 2018, Metz, FR. Photos: Fred Dott<\/figcaption><\/figure>\n\n\n\n<figure class=\"wp-block-image size-large\"><img loading=\"lazy\" decoding=\"async\" width=\"2560\" height=\"1707\" data-id=\"663\" src=\"https:\/\/www.fraclorraine.org\/wp-content\/uploads\/2022\/08\/EXPO_2018_BECK_8-scaled.jpg\" alt=\"\" class=\"wp-image-663\" srcset=\"https:\/\/www.fraclorraine.org\/wp-content\/uploads\/2022\/08\/EXPO_2018_BECK_8-scaled.jpg 2560w, https:\/\/www.fraclorraine.org\/wp-content\/uploads\/2022\/08\/EXPO_2018_BECK_8-300x200.jpg 300w, https:\/\/www.fraclorraine.org\/wp-content\/uploads\/2022\/08\/EXPO_2018_BECK_8-1024x683.jpg 1024w, https:\/\/www.fraclorraine.org\/wp-content\/uploads\/2022\/08\/EXPO_2018_BECK_8-768x512.jpg 768w, https:\/\/www.fraclorraine.org\/wp-content\/uploads\/2022\/08\/EXPO_2018_BECK_8-1536x1024.jpg 1536w, https:\/\/www.fraclorraine.org\/wp-content\/uploads\/2022\/08\/EXPO_2018_BECK_8-2048x1365.jpg 2048w\" sizes=\"auto, (max-width: 2560px) 100vw, 2560px\" \/><figcaption class=\"wp-element-caption\">Exhibition views, <em>Martin Beck. Dans un second temps<\/em>, 49 Nord 6 Est &#8211; Frac Lorraine, jul-oct 2018, Metz, FR. Photos: Fred Dott<\/figcaption><\/figure>\n\n\n\n<figure class=\"wp-block-image size-large\"><img loading=\"lazy\" decoding=\"async\" width=\"2560\" height=\"1707\" data-id=\"665\" src=\"https:\/\/www.fraclorraine.org\/wp-content\/uploads\/2022\/08\/EXPO_2018_BECK_10-scaled.jpg\" alt=\"\" class=\"wp-image-665\" srcset=\"https:\/\/www.fraclorraine.org\/wp-content\/uploads\/2022\/08\/EXPO_2018_BECK_10-scaled.jpg 2560w, https:\/\/www.fraclorraine.org\/wp-content\/uploads\/2022\/08\/EXPO_2018_BECK_10-300x200.jpg 300w, https:\/\/www.fraclorraine.org\/wp-content\/uploads\/2022\/08\/EXPO_2018_BECK_10-1024x683.jpg 1024w, https:\/\/www.fraclorraine.org\/wp-content\/uploads\/2022\/08\/EXPO_2018_BECK_10-768x512.jpg 768w, https:\/\/www.fraclorraine.org\/wp-content\/uploads\/2022\/08\/EXPO_2018_BECK_10-1536x1024.jpg 1536w, https:\/\/www.fraclorraine.org\/wp-content\/uploads\/2022\/08\/EXPO_2018_BECK_10-2048x1365.jpg 2048w\" sizes=\"auto, (max-width: 2560px) 100vw, 2560px\" \/><figcaption class=\"wp-element-caption\">Exhibition views, <em>Martin Beck. Dans un second temps<\/em>, 49 Nord 6 Est &#8211; Frac Lorraine, jul-oct 2018, Metz, FR. Photos: Fred Dott<\/figcaption><\/figure>\n\n\n\n<figure class=\"wp-block-image size-large\"><img loading=\"lazy\" decoding=\"async\" width=\"2560\" height=\"1707\" data-id=\"666\" src=\"https:\/\/www.fraclorraine.org\/wp-content\/uploads\/2022\/08\/EXPO_2018_BECK_11-scaled.jpg\" alt=\"\" class=\"wp-image-666\" srcset=\"https:\/\/www.fraclorraine.org\/wp-content\/uploads\/2022\/08\/EXPO_2018_BECK_11-scaled.jpg 2560w, https:\/\/www.fraclorraine.org\/wp-content\/uploads\/2022\/08\/EXPO_2018_BECK_11-300x200.jpg 300w, https:\/\/www.fraclorraine.org\/wp-content\/uploads\/2022\/08\/EXPO_2018_BECK_11-1024x683.jpg 1024w, https:\/\/www.fraclorraine.org\/wp-content\/uploads\/2022\/08\/EXPO_2018_BECK_11-768x512.jpg 768w, https:\/\/www.fraclorraine.org\/wp-content\/uploads\/2022\/08\/EXPO_2018_BECK_11-1536x1024.jpg 1536w, https:\/\/www.fraclorraine.org\/wp-content\/uploads\/2022\/08\/EXPO_2018_BECK_11-2048x1365.jpg 2048w\" sizes=\"auto, (max-width: 2560px) 100vw, 2560px\" \/><figcaption class=\"wp-element-caption\">Exhibition views, <em>Martin Beck. Dans un second temps<\/em>, 49 Nord 6 Est &#8211; Frac Lorraine, jul-oct 2018, Metz, FR. Photos: Fred Dott<\/figcaption><\/figure>\n\n\n\n<figure class=\"wp-block-image size-large\"><img loading=\"lazy\" decoding=\"async\" width=\"2560\" height=\"1707\" data-id=\"662\" src=\"https:\/\/www.fraclorraine.org\/wp-content\/uploads\/2022\/08\/EXPO_2018_BECK_7-scaled.jpg\" alt=\"\" class=\"wp-image-662\" srcset=\"https:\/\/www.fraclorraine.org\/wp-content\/uploads\/2022\/08\/EXPO_2018_BECK_7-scaled.jpg 2560w, https:\/\/www.fraclorraine.org\/wp-content\/uploads\/2022\/08\/EXPO_2018_BECK_7-300x200.jpg 300w, https:\/\/www.fraclorraine.org\/wp-content\/uploads\/2022\/08\/EXPO_2018_BECK_7-1024x683.jpg 1024w, https:\/\/www.fraclorraine.org\/wp-content\/uploads\/2022\/08\/EXPO_2018_BECK_7-768x512.jpg 768w, https:\/\/www.fraclorraine.org\/wp-content\/uploads\/2022\/08\/EXPO_2018_BECK_7-1536x1024.jpg 1536w, https:\/\/www.fraclorraine.org\/wp-content\/uploads\/2022\/08\/EXPO_2018_BECK_7-2048x1365.jpg 2048w\" sizes=\"auto, (max-width: 2560px) 100vw, 2560px\" \/><figcaption class=\"wp-element-caption\">Exhibition views, <em>Martin Beck. Dans un second temps<\/em>, 49 Nord 6 Est &#8211; Frac Lorraine, jul-oct 2018, Metz, FR. Photos: Fred Dott<\/figcaption><\/figure>\n\n\n\n<figure class=\"wp-block-image size-large\"><img loading=\"lazy\" decoding=\"async\" width=\"2560\" height=\"1707\" data-id=\"661\" src=\"https:\/\/www.fraclorraine.org\/wp-content\/uploads\/2022\/08\/EXPO_2018_BECK_6-scaled.jpg\" alt=\"\" class=\"wp-image-661\" srcset=\"https:\/\/www.fraclorraine.org\/wp-content\/uploads\/2022\/08\/EXPO_2018_BECK_6-scaled.jpg 2560w, https:\/\/www.fraclorraine.org\/wp-content\/uploads\/2022\/08\/EXPO_2018_BECK_6-300x200.jpg 300w, https:\/\/www.fraclorraine.org\/wp-content\/uploads\/2022\/08\/EXPO_2018_BECK_6-1024x683.jpg 1024w, https:\/\/www.fraclorraine.org\/wp-content\/uploads\/2022\/08\/EXPO_2018_BECK_6-768x512.jpg 768w, https:\/\/www.fraclorraine.org\/wp-content\/uploads\/2022\/08\/EXPO_2018_BECK_6-1536x1024.jpg 1536w, https:\/\/www.fraclorraine.org\/wp-content\/uploads\/2022\/08\/EXPO_2018_BECK_6-2048x1365.jpg 2048w\" sizes=\"auto, (max-width: 2560px) 100vw, 2560px\" \/><figcaption class=\"wp-element-caption\">Exhibition views, <em>Martin Beck. Dans un second temps<\/em>, 49 Nord 6 Est &#8211; Frac Lorraine, jul-oct 2018, Metz, FR. Photos: Fred Dott<\/figcaption><\/figure>\n\n\n\n<figure class=\"wp-block-image size-large\"><img loading=\"lazy\" decoding=\"async\" width=\"2560\" height=\"1707\" data-id=\"752\" src=\"https:\/\/www.fraclorraine.org\/wp-content\/uploads\/2022\/09\/INDEX_BECK_5_EXPO-scaled.jpg\" alt=\"\" class=\"wp-image-752\" srcset=\"https:\/\/www.fraclorraine.org\/wp-content\/uploads\/2022\/09\/INDEX_BECK_5_EXPO-scaled.jpg 2560w, https:\/\/www.fraclorraine.org\/wp-content\/uploads\/2022\/09\/INDEX_BECK_5_EXPO-300x200.jpg 300w, https:\/\/www.fraclorraine.org\/wp-content\/uploads\/2022\/09\/INDEX_BECK_5_EXPO-1024x683.jpg 1024w, https:\/\/www.fraclorraine.org\/wp-content\/uploads\/2022\/09\/INDEX_BECK_5_EXPO-768x512.jpg 768w, https:\/\/www.fraclorraine.org\/wp-content\/uploads\/2022\/09\/INDEX_BECK_5_EXPO-1536x1024.jpg 1536w, https:\/\/www.fraclorraine.org\/wp-content\/uploads\/2022\/09\/INDEX_BECK_5_EXPO-2048x1365.jpg 2048w\" sizes=\"auto, (max-width: 2560px) 100vw, 2560px\" \/><figcaption class=\"wp-element-caption\">Exhibition views, <em>Martin Beck. Dans un second temps<\/em>, 49 Nord 6 Est &#8211; Frac Lorraine, jul-oct 2018, Metz, FR. Photos: Fred Dott<\/figcaption><\/figure>\n\n\n\n<figure class=\"wp-block-image size-large\"><img loading=\"lazy\" decoding=\"async\" width=\"2560\" height=\"1707\" data-id=\"4080\" src=\"https:\/\/www.fraclorraine.org\/wp-content\/uploads\/2022\/10\/EXPO_2018_BECK_23-scaled.jpg\" alt=\"\" class=\"wp-image-4080\" srcset=\"https:\/\/www.fraclorraine.org\/wp-content\/uploads\/2022\/10\/EXPO_2018_BECK_23-scaled.jpg 2560w, https:\/\/www.fraclorraine.org\/wp-content\/uploads\/2022\/10\/EXPO_2018_BECK_23-300x200.jpg 300w, https:\/\/www.fraclorraine.org\/wp-content\/uploads\/2022\/10\/EXPO_2018_BECK_23-1024x683.jpg 1024w, https:\/\/www.fraclorraine.org\/wp-content\/uploads\/2022\/10\/EXPO_2018_BECK_23-768x512.jpg 768w, https:\/\/www.fraclorraine.org\/wp-content\/uploads\/2022\/10\/EXPO_2018_BECK_23-1536x1024.jpg 1536w, https:\/\/www.fraclorraine.org\/wp-content\/uploads\/2022\/10\/EXPO_2018_BECK_23-2048x1365.jpg 2048w\" sizes=\"auto, (max-width: 2560px) 100vw, 2560px\" \/><figcaption class=\"wp-element-caption\">Exhibition views, <em>Martin Beck. Dans un second temps<\/em>, 49 Nord 6 Est &#8211; Frac Lorraine, jul-oct 2018, Metz, FR. Photos: Fred Dott<\/figcaption><\/figure>\n\n\n\n<figure class=\"wp-block-image size-large\"><img loading=\"lazy\" decoding=\"async\" width=\"2560\" height=\"1707\" data-id=\"667\" src=\"https:\/\/www.fraclorraine.org\/wp-content\/uploads\/2022\/08\/EXPO_2018_BECK_12-scaled.jpg\" alt=\"\" class=\"wp-image-667\" srcset=\"https:\/\/www.fraclorraine.org\/wp-content\/uploads\/2022\/08\/EXPO_2018_BECK_12-scaled.jpg 2560w, https:\/\/www.fraclorraine.org\/wp-content\/uploads\/2022\/08\/EXPO_2018_BECK_12-300x200.jpg 300w, https:\/\/www.fraclorraine.org\/wp-content\/uploads\/2022\/08\/EXPO_2018_BECK_12-1024x683.jpg 1024w, https:\/\/www.fraclorraine.org\/wp-content\/uploads\/2022\/08\/EXPO_2018_BECK_12-768x512.jpg 768w, https:\/\/www.fraclorraine.org\/wp-content\/uploads\/2022\/08\/EXPO_2018_BECK_12-1536x1024.jpg 1536w, https:\/\/www.fraclorraine.org\/wp-content\/uploads\/2022\/08\/EXPO_2018_BECK_12-2048x1365.jpg 2048w\" sizes=\"auto, (max-width: 2560px) 100vw, 2560px\" \/><figcaption class=\"wp-element-caption\">Exhibition views, <em>Martin Beck. Dans un second temps<\/em>, 49 Nord 6 Est &#8211; Frac Lorraine, jul-oct 2018, Metz, FR. Photos: Fred Dott<\/figcaption><\/figure>\n\n\n\n<figure class=\"wp-block-image size-large\"><img loading=\"lazy\" decoding=\"async\" width=\"2560\" height=\"1707\" data-id=\"4083\" src=\"https:\/\/www.fraclorraine.org\/wp-content\/uploads\/2022\/10\/EXPO_2018_BECK_26-scaled.jpg\" alt=\"\" class=\"wp-image-4083\" srcset=\"https:\/\/www.fraclorraine.org\/wp-content\/uploads\/2022\/10\/EXPO_2018_BECK_26-scaled.jpg 2560w, https:\/\/www.fraclorraine.org\/wp-content\/uploads\/2022\/10\/EXPO_2018_BECK_26-300x200.jpg 300w, https:\/\/www.fraclorraine.org\/wp-content\/uploads\/2022\/10\/EXPO_2018_BECK_26-1024x683.jpg 1024w, https:\/\/www.fraclorraine.org\/wp-content\/uploads\/2022\/10\/EXPO_2018_BECK_26-768x512.jpg 768w, https:\/\/www.fraclorraine.org\/wp-content\/uploads\/2022\/10\/EXPO_2018_BECK_26-1536x1024.jpg 1536w, https:\/\/www.fraclorraine.org\/wp-content\/uploads\/2022\/10\/EXPO_2018_BECK_26-2048x1365.jpg 2048w\" sizes=\"auto, (max-width: 2560px) 100vw, 2560px\" \/><figcaption class=\"wp-element-caption\">Exhibition views, <em>Martin Beck. Dans un second temps<\/em>, 49 Nord 6 Est &#8211; Frac Lorraine, jul-oct 2018, Metz, FR. Photos: Fred Dott<\/figcaption><\/figure>\n\n\n\n<figure class=\"wp-block-image size-large\"><img loading=\"lazy\" decoding=\"async\" width=\"2560\" height=\"1707\" data-id=\"670\" src=\"https:\/\/www.fraclorraine.org\/wp-content\/uploads\/2022\/08\/EXPO_2018_BECK_15-scaled.jpg\" alt=\"\" class=\"wp-image-670\" srcset=\"https:\/\/www.fraclorraine.org\/wp-content\/uploads\/2022\/08\/EXPO_2018_BECK_15-scaled.jpg 2560w, https:\/\/www.fraclorraine.org\/wp-content\/uploads\/2022\/08\/EXPO_2018_BECK_15-300x200.jpg 300w, https:\/\/www.fraclorraine.org\/wp-content\/uploads\/2022\/08\/EXPO_2018_BECK_15-1024x683.jpg 1024w, https:\/\/www.fraclorraine.org\/wp-content\/uploads\/2022\/08\/EXPO_2018_BECK_15-768x512.jpg 768w, https:\/\/www.fraclorraine.org\/wp-content\/uploads\/2022\/08\/EXPO_2018_BECK_15-1536x1024.jpg 1536w, https:\/\/www.fraclorraine.org\/wp-content\/uploads\/2022\/08\/EXPO_2018_BECK_15-2048x1365.jpg 2048w\" sizes=\"auto, (max-width: 2560px) 100vw, 2560px\" \/><figcaption class=\"wp-element-caption\">Exhibition views, <em>Martin Beck. Dans un second temps<\/em>, 49 Nord 6 Est &#8211; Frac Lorraine, jul-oct 2018, Metz, FR. Photos: Fred Dott<\/figcaption><\/figure>\n\n\n\n<figure class=\"wp-block-image size-large\"><img loading=\"lazy\" decoding=\"async\" width=\"2560\" height=\"1707\" data-id=\"669\" src=\"https:\/\/www.fraclorraine.org\/wp-content\/uploads\/2022\/08\/EXPO_2018_BECK_14-scaled.jpg\" alt=\"\" class=\"wp-image-669\" srcset=\"https:\/\/www.fraclorraine.org\/wp-content\/uploads\/2022\/08\/EXPO_2018_BECK_14-scaled.jpg 2560w, https:\/\/www.fraclorraine.org\/wp-content\/uploads\/2022\/08\/EXPO_2018_BECK_14-300x200.jpg 300w, https:\/\/www.fraclorraine.org\/wp-content\/uploads\/2022\/08\/EXPO_2018_BECK_14-1024x683.jpg 1024w, https:\/\/www.fraclorraine.org\/wp-content\/uploads\/2022\/08\/EXPO_2018_BECK_14-768x512.jpg 768w, https:\/\/www.fraclorraine.org\/wp-content\/uploads\/2022\/08\/EXPO_2018_BECK_14-1536x1024.jpg 1536w, https:\/\/www.fraclorraine.org\/wp-content\/uploads\/2022\/08\/EXPO_2018_BECK_14-2048x1365.jpg 2048w\" sizes=\"auto, (max-width: 2560px) 100vw, 2560px\" \/><figcaption class=\"wp-element-caption\">Exhibition views, <em>Martin Beck. Dans un second temps<\/em>, 49 Nord 6 Est &#8211; Frac Lorraine, jul-oct 2018, Metz, FR. Photos: Fred Dott<\/figcaption><\/figure>\n\n\n\n<figure class=\"wp-block-image size-large\"><img loading=\"lazy\" decoding=\"async\" width=\"2560\" height=\"1707\" data-id=\"668\" src=\"https:\/\/www.fraclorraine.org\/wp-content\/uploads\/2022\/08\/EXPO_2018_BECK_13-scaled.jpg\" alt=\"\" class=\"wp-image-668\" srcset=\"https:\/\/www.fraclorraine.org\/wp-content\/uploads\/2022\/08\/EXPO_2018_BECK_13-scaled.jpg 2560w, https:\/\/www.fraclorraine.org\/wp-content\/uploads\/2022\/08\/EXPO_2018_BECK_13-300x200.jpg 300w, https:\/\/www.fraclorraine.org\/wp-content\/uploads\/2022\/08\/EXPO_2018_BECK_13-1024x683.jpg 1024w, https:\/\/www.fraclorraine.org\/wp-content\/uploads\/2022\/08\/EXPO_2018_BECK_13-768x512.jpg 768w, https:\/\/www.fraclorraine.org\/wp-content\/uploads\/2022\/08\/EXPO_2018_BECK_13-1536x1024.jpg 1536w, https:\/\/www.fraclorraine.org\/wp-content\/uploads\/2022\/08\/EXPO_2018_BECK_13-2048x1365.jpg 2048w\" sizes=\"auto, (max-width: 2560px) 100vw, 2560px\" \/><figcaption class=\"wp-element-caption\">Exhibition views, <em>Martin Beck. Dans un second temps<\/em>, 49 Nord 6 Est &#8211; Frac Lorraine, jul-oct 2018, Metz, FR. Photos: Fred Dott<\/figcaption><\/figure>\n\n\n\n<figure class=\"wp-block-image size-large\"><img loading=\"lazy\" decoding=\"async\" width=\"2560\" height=\"1707\" data-id=\"4082\" src=\"https:\/\/www.fraclorraine.org\/wp-content\/uploads\/2022\/10\/EXPO_2018_BECK_25-scaled.jpg\" alt=\"\" class=\"wp-image-4082\" srcset=\"https:\/\/www.fraclorraine.org\/wp-content\/uploads\/2022\/10\/EXPO_2018_BECK_25-scaled.jpg 2560w, https:\/\/www.fraclorraine.org\/wp-content\/uploads\/2022\/10\/EXPO_2018_BECK_25-300x200.jpg 300w, https:\/\/www.fraclorraine.org\/wp-content\/uploads\/2022\/10\/EXPO_2018_BECK_25-1024x683.jpg 1024w, https:\/\/www.fraclorraine.org\/wp-content\/uploads\/2022\/10\/EXPO_2018_BECK_25-768x512.jpg 768w, https:\/\/www.fraclorraine.org\/wp-content\/uploads\/2022\/10\/EXPO_2018_BECK_25-1536x1024.jpg 1536w, https:\/\/www.fraclorraine.org\/wp-content\/uploads\/2022\/10\/EXPO_2018_BECK_25-2048x1365.jpg 2048w\" sizes=\"auto, (max-width: 2560px) 100vw, 2560px\" \/><figcaption class=\"wp-element-caption\">Exhibition views, <em>Martin Beck. Dans un second temps<\/em>, 49 Nord 6 Est &#8211; Frac Lorraine, jul-oct 2018, Metz, FR. Photos: Fred Dott<\/figcaption><\/figure>\n<\/figure>\n\n\n\n<div class=\"wp-block-columns is-layout-flex wp-container-core-columns-is-layout-9d6595d7 wp-block-columns-is-layout-flex\">\n<div class=\"wp-block-column is-layout-flow wp-block-column-is-layout-flow\">\n<figure class=\"wp-block-image size-large\"><img loading=\"lazy\" decoding=\"async\" width=\"1024\" height=\"742\" src=\"https:\/\/www.fraclorraine.org\/wp-content\/uploads\/2022\/09\/PROG_2018_JUILLET-OCTOBRE_IKEBANA_1-1024x742.jpg\" alt=\"\" class=\"wp-image-896\" srcset=\"https:\/\/www.fraclorraine.org\/wp-content\/uploads\/2022\/09\/PROG_2018_JUILLET-OCTOBRE_IKEBANA_1-1024x742.jpg 1024w, https:\/\/www.fraclorraine.org\/wp-content\/uploads\/2022\/09\/PROG_2018_JUILLET-OCTOBRE_IKEBANA_1-300x217.jpg 300w, https:\/\/www.fraclorraine.org\/wp-content\/uploads\/2022\/09\/PROG_2018_JUILLET-OCTOBRE_IKEBANA_1-768x557.jpg 768w, https:\/\/www.fraclorraine.org\/wp-content\/uploads\/2022\/09\/PROG_2018_JUILLET-OCTOBRE_IKEBANA_1-1536x1113.jpg 1536w, https:\/\/www.fraclorraine.org\/wp-content\/uploads\/2022\/09\/PROG_2018_JUILLET-OCTOBRE_IKEBANA_1-2048x1484.jpg 2048w\" sizes=\"auto, (max-width: 1024px) 100vw, 1024px\" \/><figcaption class=\"wp-element-caption\">\u00a9 Martin Beck<\/figcaption><\/figure>\n\n\n\n<figure class=\"wp-block-image size-large\"><img loading=\"lazy\" decoding=\"async\" width=\"1024\" height=\"683\" src=\"https:\/\/www.fraclorraine.org\/wp-content\/uploads\/2022\/09\/PROG_2018_JUILLET-OCTOBRE_LAST-NIGHT_1-1024x683.jpg\" alt=\"\" class=\"wp-image-886\" srcset=\"https:\/\/www.fraclorraine.org\/wp-content\/uploads\/2022\/09\/PROG_2018_JUILLET-OCTOBRE_LAST-NIGHT_1-1024x683.jpg 1024w, https:\/\/www.fraclorraine.org\/wp-content\/uploads\/2022\/09\/PROG_2018_JUILLET-OCTOBRE_LAST-NIGHT_1-300x200.jpg 300w, https:\/\/www.fraclorraine.org\/wp-content\/uploads\/2022\/09\/PROG_2018_JUILLET-OCTOBRE_LAST-NIGHT_1-768x512.jpg 768w, https:\/\/www.fraclorraine.org\/wp-content\/uploads\/2022\/09\/PROG_2018_JUILLET-OCTOBRE_LAST-NIGHT_1-1536x1024.jpg 1536w, https:\/\/www.fraclorraine.org\/wp-content\/uploads\/2022\/09\/PROG_2018_JUILLET-OCTOBRE_LAST-NIGHT_1-2048x1365.jpg 2048w\" sizes=\"auto, (max-width: 1024px) 100vw, 1024px\" \/><figcaption class=\"wp-element-caption\"><em>Last Night<\/em>, 2016 \u00a9 Martin Beck &amp; 47 Canal, New York<\/figcaption><\/figure>\n<\/div>\n\n\n\n<div class=\"wp-block-column is-layout-flow wp-block-column-is-layout-flow\">\n<p>Temporality is an essential component of Beck\u2019s work (born in 1963, lives in New York and Vienna, where he teaches). The research supporting the making of his works often spreads over several years before it culminates in a physical manifestation\u2014the first element of <em>Last Night<\/em> took four years to develop\u2014or is a part of continuous long-term effort\u2014in recent years Beck produced one US letter-size document a day for certain durations, completing each year a new stage of working forwards, a diary-type art work.<\/p>\n\n\n\n<p>In this exhibition, the geological time of conglomerates\u2014sedimentary, instable rocks made up of various clasts that have remained separated despite the passage of millennia\u2014runs alongside regular time, such as the artist\u2019s everyday work, or ephemeral time, such as the music played at the last seminal Loft party at 99 Prince Street in New York in 1984, which brought together diverse communities, revisited in a film that follows its total thirteen-and-half hour duration. <em>Dans un second temps<\/em> brings together, in the space of the exhibition, constellations of objects created as artworks or by natural forces and informed by reflections on communities, forces of labor, or social dynamics. The artists extracts forms from histories and narratives related to countercultures\u2014shaped by gatherings, of people, natural elements, or objects\u2014to reassess them in light of the present. At&nbsp;FRAC&nbsp;Lorraine, composition is used as a tool to reorganize these social and spatial structures as well as the accompanying hierarchies, be they visual, economic, or community-related.<\/p>\n<\/div>\n<\/div>\n","protected":false,"raw":"<!-- wp:columns -->\n<div class=\"wp-block-columns\"><!-- wp:column -->\n<div class=\"wp-block-column\"><!-- wp:paragraph -->\n<p>\u25cf Unfolding as a composition, this exhibition features recent works by the Austrian artist Martin Beck who, at 49 Nord 6 Est\u2013FRAC Lorraine, presents his first major show in France.<\/p>\n<!-- \/wp:paragraph -->\n\n<!-- wp:paragraph -->\n<p>Works on paper, photographs, sculptures, and videos\u2026 the artist chooses his medium depending on the subject matter addressed. <em>Flowers<\/em>, for example, consists of sets of photographs that document the arrangement of a so-called Dutch flower bouquet. The images reveal both the methodical work of a florist and the fragility of the material she handles. Gestures and forms are gathered in altogether 36 different constellations that do not follow a sequential order.<\/p>\n<!-- \/wp:paragraph --><\/div>\n<!-- \/wp:column -->\n\n<!-- wp:column -->\n<div class=\"wp-block-column\"><!-- wp:image {\"id\":657,\"sizeSlug\":\"large\",\"linkDestination\":\"none\"} -->\n<figure class=\"wp-block-image size-large\"><img src=\"https:\/\/www.fraclorraine.org\/wp-content\/uploads\/2022\/08\/EXPO_2018_BECK_2-1024x683.jpg\" alt=\"\" class=\"wp-image-657\"\/><figcaption class=\"wp-element-caption\">Exhibition view <em>Martin Beck. Dans un second temps<\/em>, 49 Nord 6 Est - Frac Lorraine, juil-oct 2018, Metz, FR. Photo: Fred Dott<\/figcaption><\/figure>\n<!-- \/wp:image --><\/div>\n<!-- \/wp:column --><\/div>\n<!-- \/wp:columns -->\n\n<!-- wp:gallery {\"ids\":[],\"shortCodeTransforms\":[],\"linkTo\":\"none\"} -->\n<figure class=\"wp-block-gallery has-nested-images columns-default is-cropped\"><!-- wp:image {\"id\":4074,\"sizeSlug\":\"large\",\"linkDestination\":\"none\"} -->\n<figure class=\"wp-block-image size-large\"><img src=\"https:\/\/www.fraclorraine.org\/wp-content\/uploads\/2022\/10\/EXPO_2018_BECK_17-scaled.jpg\" alt=\"\" class=\"wp-image-4074\"\/><figcaption class=\"wp-element-caption\">Exhibition views, <em>Martin Beck. Dans un second temps<\/em>, 49 Nord 6 Est - Frac Lorraine, jul-oct 2018, Metz, FR. Photos: Fred Dott<\/figcaption><\/figure>\n<!-- \/wp:image -->\n\n<!-- wp:image {\"id\":4075,\"sizeSlug\":\"large\",\"linkDestination\":\"none\"} -->\n<figure class=\"wp-block-image size-large\"><img src=\"https:\/\/www.fraclorraine.org\/wp-content\/uploads\/2022\/10\/EXPO_2018_BECK_18-scaled.jpg\" alt=\"\" class=\"wp-image-4075\"\/><figcaption class=\"wp-element-caption\">Exhibition views, <em>Martin Beck. Dans un second temps<\/em>, 49 Nord 6 Est - Frac Lorraine, jul-oct 2018, Metz, FR. Photos: Fred Dott<\/figcaption><\/figure>\n<!-- \/wp:image -->\n\n<!-- wp:image {\"id\":4076,\"sizeSlug\":\"large\",\"linkDestination\":\"none\"} -->\n<figure class=\"wp-block-image size-large\"><img src=\"https:\/\/www.fraclorraine.org\/wp-content\/uploads\/2022\/10\/EXPO_2018_BECK_19-scaled.jpg\" alt=\"\" class=\"wp-image-4076\"\/><figcaption class=\"wp-element-caption\">Exhibition views, <em>Martin Beck. Dans un second temps<\/em>, 49 Nord 6 Est - Frac Lorraine, jul-oct 2018, Metz, FR. Photos: Fred Dott<\/figcaption><\/figure>\n<!-- \/wp:image -->\n\n<!-- wp:image {\"id\":748,\"sizeSlug\":\"large\",\"linkDestination\":\"none\"} -->\n<figure class=\"wp-block-image size-large\"><img src=\"https:\/\/www.fraclorraine.org\/wp-content\/uploads\/2022\/09\/INDEX_BECK_1_COLLECTION_2018-scaled.jpg\" alt=\"\" class=\"wp-image-748\"\/><figcaption class=\"wp-element-caption\">Exhibition views, <em>Martin Beck. Dans un second temps<\/em>, 49 Nord 6 Est - Frac Lorraine, jul-oct 2018, Metz, FR. Photos: Fred Dott<\/figcaption><\/figure>\n<!-- \/wp:image -->\n\n<!-- wp:image {\"id\":4079,\"sizeSlug\":\"large\",\"linkDestination\":\"none\"} -->\n<figure class=\"wp-block-image size-large\"><img src=\"https:\/\/www.fraclorraine.org\/wp-content\/uploads\/2022\/10\/EXPO_2018_BECK_22-scaled.jpg\" alt=\"\" class=\"wp-image-4079\"\/><figcaption class=\"wp-element-caption\">Exhibition views, <em>Martin Beck. Dans un second temps<\/em>, 49 Nord 6 Est - Frac Lorraine, jul-oct 2018, Metz, FR. Photos: Fred Dott<\/figcaption><\/figure>\n<!-- \/wp:image -->\n\n<!-- wp:image {\"id\":749,\"sizeSlug\":\"large\",\"linkDestination\":\"none\"} -->\n<figure class=\"wp-block-image size-large\"><img src=\"https:\/\/www.fraclorraine.org\/wp-content\/uploads\/2022\/09\/INDEX_BECK_2_COLLECTION_2018-scaled.jpg\" alt=\"\" class=\"wp-image-749\"\/><figcaption class=\"wp-element-caption\">Exhibition views, <em>Martin Beck. Dans un second temps<\/em>, 49 Nord 6 Est - Frac Lorraine, jul-oct 2018, Metz, FR. Photos: Fred Dott<\/figcaption><\/figure>\n<!-- \/wp:image -->\n\n<!-- wp:image {\"id\":4073,\"sizeSlug\":\"large\",\"linkDestination\":\"none\"} -->\n<figure class=\"wp-block-image size-large\"><img src=\"https:\/\/www.fraclorraine.org\/wp-content\/uploads\/2022\/10\/EXPO_2018_BECK_16-scaled.jpg\" alt=\"\" class=\"wp-image-4073\"\/><figcaption class=\"wp-element-caption\">Exhibition views, <em>Martin Beck. Dans un second temps<\/em>, 49 Nord 6 Est - Frac Lorraine, jul-oct 2018, Metz, FR. Photos: Fred Dott<\/figcaption><\/figure>\n<!-- \/wp:image -->\n\n<!-- wp:image {\"id\":750,\"sizeSlug\":\"large\",\"linkDestination\":\"none\"} -->\n<figure class=\"wp-block-image size-large\"><img src=\"https:\/\/www.fraclorraine.org\/wp-content\/uploads\/2022\/09\/INDEX_BECK_3_COLLECTION_2018-scaled.jpg\" alt=\"\" class=\"wp-image-750\"\/><figcaption class=\"wp-element-caption\">Exhibition views, <em>Martin Beck. Dans un second temps<\/em>, 49 Nord 6 Est - Frac Lorraine, jul-oct 2018, Metz, FR. Photos: Fred Dott<\/figcaption><\/figure>\n<!-- \/wp:image -->\n\n<!-- wp:image {\"id\":4077,\"sizeSlug\":\"large\",\"linkDestination\":\"none\"} -->\n<figure class=\"wp-block-image size-large\"><img src=\"https:\/\/www.fraclorraine.org\/wp-content\/uploads\/2022\/10\/EXPO_2018_BECK_20-scaled.jpg\" alt=\"\" class=\"wp-image-4077\"\/><figcaption class=\"wp-element-caption\">Exhibition views, <em>Martin Beck. Dans un second temps<\/em>, 49 Nord 6 Est - Frac Lorraine, jul-oct 2018, Metz, FR. Photos: Fred Dott<\/figcaption><\/figure>\n<!-- \/wp:image -->\n\n<!-- wp:image {\"id\":660,\"sizeSlug\":\"large\",\"linkDestination\":\"none\"} -->\n<figure class=\"wp-block-image size-large\"><img src=\"https:\/\/www.fraclorraine.org\/wp-content\/uploads\/2022\/08\/EXPO_2018_BECK_5-scaled.jpg\" alt=\"\" class=\"wp-image-660\"\/><figcaption class=\"wp-element-caption\">Exhibition views, <em>Martin Beck. Dans un second temps<\/em>, 49 Nord 6 Est - Frac Lorraine, jul-oct 2018, Metz, FR. Photos: Fred Dott<\/figcaption><\/figure>\n<!-- \/wp:image -->\n\n<!-- wp:image {\"id\":751,\"sizeSlug\":\"large\",\"linkDestination\":\"none\"} -->\n<figure class=\"wp-block-image size-large\"><img src=\"https:\/\/www.fraclorraine.org\/wp-content\/uploads\/2022\/09\/INDEX_BECK_4_EXPO-scaled.jpg\" alt=\"\" class=\"wp-image-751\"\/><figcaption class=\"wp-element-caption\">Exhibition views, <em>Martin Beck. Dans un second temps<\/em>, 49 Nord 6 Est - Frac Lorraine, jul-oct 2018, Metz, FR. Photos: Fred Dott<\/figcaption><\/figure>\n<!-- \/wp:image -->\n\n<!-- wp:image {\"id\":4081,\"sizeSlug\":\"large\",\"linkDestination\":\"none\"} -->\n<figure class=\"wp-block-image size-large\"><img src=\"https:\/\/www.fraclorraine.org\/wp-content\/uploads\/2022\/10\/EXPO_2018_BECK_24-scaled.jpg\" alt=\"\" class=\"wp-image-4081\"\/><figcaption class=\"wp-element-caption\">Exhibition views, <em>Martin Beck. Dans un second temps<\/em>, 49 Nord 6 Est - Frac Lorraine, jul-oct 2018, Metz, FR. Photos: Fred Dott<\/figcaption><\/figure>\n<!-- \/wp:image -->\n\n<!-- wp:image {\"id\":664,\"sizeSlug\":\"large\",\"linkDestination\":\"none\"} -->\n<figure class=\"wp-block-image size-large\"><img src=\"https:\/\/www.fraclorraine.org\/wp-content\/uploads\/2022\/08\/EXPO_2018_BECK_9-scaled.jpg\" alt=\"\" class=\"wp-image-664\"\/><figcaption class=\"wp-element-caption\">Exhibition views, <em>Martin Beck. Dans un second temps<\/em>, 49 Nord 6 Est - Frac Lorraine, jul-oct 2018, Metz, FR. Photos: Fred Dott<\/figcaption><\/figure>\n<!-- \/wp:image -->\n\n<!-- wp:image {\"id\":663,\"sizeSlug\":\"large\",\"linkDestination\":\"none\"} -->\n<figure class=\"wp-block-image size-large\"><img src=\"https:\/\/www.fraclorraine.org\/wp-content\/uploads\/2022\/08\/EXPO_2018_BECK_8-scaled.jpg\" alt=\"\" class=\"wp-image-663\"\/><figcaption class=\"wp-element-caption\">Exhibition views, <em>Martin Beck. Dans un second temps<\/em>, 49 Nord 6 Est - Frac Lorraine, jul-oct 2018, Metz, FR. Photos: Fred Dott<\/figcaption><\/figure>\n<!-- \/wp:image -->\n\n<!-- wp:image {\"id\":665,\"sizeSlug\":\"large\",\"linkDestination\":\"none\"} -->\n<figure class=\"wp-block-image size-large\"><img src=\"https:\/\/www.fraclorraine.org\/wp-content\/uploads\/2022\/08\/EXPO_2018_BECK_10-scaled.jpg\" alt=\"\" class=\"wp-image-665\"\/><figcaption class=\"wp-element-caption\">Exhibition views, <em>Martin Beck. Dans un second temps<\/em>, 49 Nord 6 Est - Frac Lorraine, jul-oct 2018, Metz, FR. Photos: Fred Dott<\/figcaption><\/figure>\n<!-- \/wp:image -->\n\n<!-- wp:image {\"id\":666,\"sizeSlug\":\"large\",\"linkDestination\":\"none\"} -->\n<figure class=\"wp-block-image size-large\"><img src=\"https:\/\/www.fraclorraine.org\/wp-content\/uploads\/2022\/08\/EXPO_2018_BECK_11-scaled.jpg\" alt=\"\" class=\"wp-image-666\"\/><figcaption class=\"wp-element-caption\">Exhibition views, <em>Martin Beck. Dans un second temps<\/em>, 49 Nord 6 Est - Frac Lorraine, jul-oct 2018, Metz, FR. Photos: Fred Dott<\/figcaption><\/figure>\n<!-- \/wp:image -->\n\n<!-- wp:image {\"id\":662,\"sizeSlug\":\"large\",\"linkDestination\":\"none\"} -->\n<figure class=\"wp-block-image size-large\"><img src=\"https:\/\/www.fraclorraine.org\/wp-content\/uploads\/2022\/08\/EXPO_2018_BECK_7-scaled.jpg\" alt=\"\" class=\"wp-image-662\"\/><figcaption class=\"wp-element-caption\">Exhibition views, <em>Martin Beck. Dans un second temps<\/em>, 49 Nord 6 Est - Frac Lorraine, jul-oct 2018, Metz, FR. Photos: Fred Dott<\/figcaption><\/figure>\n<!-- \/wp:image -->\n\n<!-- wp:image {\"id\":661,\"sizeSlug\":\"large\",\"linkDestination\":\"none\"} -->\n<figure class=\"wp-block-image size-large\"><img src=\"https:\/\/www.fraclorraine.org\/wp-content\/uploads\/2022\/08\/EXPO_2018_BECK_6-scaled.jpg\" alt=\"\" class=\"wp-image-661\"\/><figcaption class=\"wp-element-caption\">Exhibition views, <em>Martin Beck. Dans un second temps<\/em>, 49 Nord 6 Est - Frac Lorraine, jul-oct 2018, Metz, FR. Photos: Fred Dott<\/figcaption><\/figure>\n<!-- \/wp:image -->\n\n<!-- wp:image {\"id\":752,\"sizeSlug\":\"large\",\"linkDestination\":\"none\"} -->\n<figure class=\"wp-block-image size-large\"><img src=\"https:\/\/www.fraclorraine.org\/wp-content\/uploads\/2022\/09\/INDEX_BECK_5_EXPO-scaled.jpg\" alt=\"\" class=\"wp-image-752\"\/><figcaption class=\"wp-element-caption\">Exhibition views, <em>Martin Beck. Dans un second temps<\/em>, 49 Nord 6 Est - Frac Lorraine, jul-oct 2018, Metz, FR. Photos: Fred Dott<\/figcaption><\/figure>\n<!-- \/wp:image -->\n\n<!-- wp:image {\"id\":4080,\"sizeSlug\":\"large\",\"linkDestination\":\"none\"} -->\n<figure class=\"wp-block-image size-large\"><img src=\"https:\/\/www.fraclorraine.org\/wp-content\/uploads\/2022\/10\/EXPO_2018_BECK_23-scaled.jpg\" alt=\"\" class=\"wp-image-4080\"\/><figcaption class=\"wp-element-caption\">Exhibition views, <em>Martin Beck. Dans un second temps<\/em>, 49 Nord 6 Est - Frac Lorraine, jul-oct 2018, Metz, FR. Photos: Fred Dott<\/figcaption><\/figure>\n<!-- \/wp:image -->\n\n<!-- wp:image {\"id\":667,\"sizeSlug\":\"large\",\"linkDestination\":\"none\"} -->\n<figure class=\"wp-block-image size-large\"><img src=\"https:\/\/www.fraclorraine.org\/wp-content\/uploads\/2022\/08\/EXPO_2018_BECK_12-scaled.jpg\" alt=\"\" class=\"wp-image-667\"\/><figcaption class=\"wp-element-caption\">Exhibition views, <em>Martin Beck. Dans un second temps<\/em>, 49 Nord 6 Est - Frac Lorraine, jul-oct 2018, Metz, FR. Photos: Fred Dott<\/figcaption><\/figure>\n<!-- \/wp:image -->\n\n<!-- wp:image {\"id\":4083,\"sizeSlug\":\"large\",\"linkDestination\":\"none\"} -->\n<figure class=\"wp-block-image size-large\"><img src=\"https:\/\/www.fraclorraine.org\/wp-content\/uploads\/2022\/10\/EXPO_2018_BECK_26-scaled.jpg\" alt=\"\" class=\"wp-image-4083\"\/><figcaption class=\"wp-element-caption\">Exhibition views, <em>Martin Beck. Dans un second temps<\/em>, 49 Nord 6 Est - Frac Lorraine, jul-oct 2018, Metz, FR. Photos: Fred Dott<\/figcaption><\/figure>\n<!-- \/wp:image -->\n\n<!-- wp:image {\"id\":670,\"sizeSlug\":\"large\",\"linkDestination\":\"none\"} -->\n<figure class=\"wp-block-image size-large\"><img src=\"https:\/\/www.fraclorraine.org\/wp-content\/uploads\/2022\/08\/EXPO_2018_BECK_15-scaled.jpg\" alt=\"\" class=\"wp-image-670\"\/><figcaption class=\"wp-element-caption\">Exhibition views, <em>Martin Beck. Dans un second temps<\/em>, 49 Nord 6 Est - Frac Lorraine, jul-oct 2018, Metz, FR. Photos: Fred Dott<\/figcaption><\/figure>\n<!-- \/wp:image -->\n\n<!-- wp:image {\"id\":669,\"sizeSlug\":\"large\",\"linkDestination\":\"none\"} -->\n<figure class=\"wp-block-image size-large\"><img src=\"https:\/\/www.fraclorraine.org\/wp-content\/uploads\/2022\/08\/EXPO_2018_BECK_14-scaled.jpg\" alt=\"\" class=\"wp-image-669\"\/><figcaption class=\"wp-element-caption\">Exhibition views, <em>Martin Beck. Dans un second temps<\/em>, 49 Nord 6 Est - Frac Lorraine, jul-oct 2018, Metz, FR. Photos: Fred Dott<\/figcaption><\/figure>\n<!-- \/wp:image -->\n\n<!-- wp:image {\"id\":668,\"sizeSlug\":\"large\",\"linkDestination\":\"none\"} -->\n<figure class=\"wp-block-image size-large\"><img src=\"https:\/\/www.fraclorraine.org\/wp-content\/uploads\/2022\/08\/EXPO_2018_BECK_13-scaled.jpg\" alt=\"\" class=\"wp-image-668\"\/><figcaption class=\"wp-element-caption\">Exhibition views, <em>Martin Beck. Dans un second temps<\/em>, 49 Nord 6 Est - Frac Lorraine, jul-oct 2018, Metz, FR. Photos: Fred Dott<\/figcaption><\/figure>\n<!-- \/wp:image -->\n\n<!-- wp:image {\"id\":4082,\"sizeSlug\":\"large\",\"linkDestination\":\"none\"} -->\n<figure class=\"wp-block-image size-large\"><img src=\"https:\/\/www.fraclorraine.org\/wp-content\/uploads\/2022\/10\/EXPO_2018_BECK_25-scaled.jpg\" alt=\"\" class=\"wp-image-4082\"\/><figcaption class=\"wp-element-caption\">Exhibition views, <em>Martin Beck. Dans un second temps<\/em>, 49 Nord 6 Est - Frac Lorraine, jul-oct 2018, Metz, FR. Photos: Fred Dott<\/figcaption><\/figure>\n<!-- \/wp:image --><\/figure>\n<!-- \/wp:gallery -->\n\n<!-- wp:columns -->\n<div class=\"wp-block-columns\"><!-- wp:column -->\n<div class=\"wp-block-column\"><!-- wp:image {\"id\":896,\"sizeSlug\":\"large\",\"linkDestination\":\"none\"} -->\n<figure class=\"wp-block-image size-large\"><img src=\"https:\/\/www.fraclorraine.org\/wp-content\/uploads\/2022\/09\/PROG_2018_JUILLET-OCTOBRE_IKEBANA_1-1024x742.jpg\" alt=\"\" class=\"wp-image-896\"\/><figcaption class=\"wp-element-caption\">\u00a9 Martin Beck<\/figcaption><\/figure>\n<!-- \/wp:image -->\n\n<!-- wp:image {\"id\":886,\"sizeSlug\":\"large\",\"linkDestination\":\"none\"} -->\n<figure class=\"wp-block-image size-large\"><img src=\"https:\/\/www.fraclorraine.org\/wp-content\/uploads\/2022\/09\/PROG_2018_JUILLET-OCTOBRE_LAST-NIGHT_1-1024x683.jpg\" alt=\"\" class=\"wp-image-886\"\/><figcaption class=\"wp-element-caption\"><em>Last Night<\/em>, 2016 \u00a9 Martin Beck &amp; 47 Canal, New York<\/figcaption><\/figure>\n<!-- \/wp:image --><\/div>\n<!-- \/wp:column -->\n\n<!-- wp:column -->\n<div class=\"wp-block-column\"><!-- wp:paragraph -->\n<p>Temporality is an essential component of Beck\u2019s work (born in 1963, lives in New York and Vienna, where he teaches). The research supporting the making of his works often spreads over several years before it culminates in a physical manifestation\u2014the first element of <em>Last Night<\/em> took four years to develop\u2014or is a part of continuous long-term effort\u2014in recent years Beck produced one US letter-size document a day for certain durations, completing each year a new stage of working forwards, a diary-type art work.<\/p>\n<!-- \/wp:paragraph -->\n\n<!-- wp:paragraph -->\n<p>In this exhibition, the geological time of conglomerates\u2014sedimentary, instable rocks made up of various clasts that have remained separated despite the passage of millennia\u2014runs alongside regular time, such as the artist\u2019s everyday work, or ephemeral time, such as the music played at the last seminal Loft party at 99 Prince Street in New York in 1984, which brought together diverse communities, revisited in a film that follows its total thirteen-and-half hour duration. <em>Dans un second temps<\/em> brings together, in the space of the exhibition, constellations of objects created as artworks or by natural forces and informed by reflections on communities, forces of labor, or social dynamics. The artists extracts forms from histories and narratives related to countercultures\u2014shaped by gatherings, of people, natural elements, or objects\u2014to reassess them in light of the present. At&nbsp;FRAC&nbsp;Lorraine, composition is used as a tool to reorganize these social and spatial structures as well as the accompanying hierarchies, be they visual, economic, or community-related.<\/p>\n<!-- \/wp:paragraph --><\/div>\n<!-- \/wp:column --><\/div>\n<!-- \/wp:columns -->"},"template":"","meta":{"inline_featured_image":false,"_fr_post_content":"<!-- wp:columns -->\n<div class=\"wp-block-columns\"><!-- wp:column -->\n<div class=\"wp-block-column\"><!-- wp:paragraph -->\n<p>\u25cf Pens\u00e9e comme une composition, cette exposition pr\u00e9sente des \u0153uvres r\u00e9centes de l\u2019artiste autrichien Martin Beck. Au 49 Nord 6 Est \u2014 Frac Lorraine, il r\u00e9alise son premier projet d\u2019envergure en France. <\/p>\n<!-- \/wp:paragraph -->\n\n<!-- wp:paragraph -->\n<p>\u0152uvres sur papier, photographies, sculptures, vid\u00e9os\u2026 l\u2019artiste choisit son m\u00e9dium en fonction du sujet trait\u00e9.&nbsp;<\/p>\n<!-- \/wp:paragraph -->\n\n<!-- wp:paragraph -->\n<p><em>Flowers<\/em>, par exemple, est constitu\u00e9 de photographies qui documentent la composition d\u2019un bouquet de fleurs. Les images r\u00e9v\u00e8lent \u00e0 la fois le travail m\u00e9thodique d\u2019une fleuriste et la fragilit\u00e9 des \u00e9l\u00e9ments qu\u2019elle manie. Gestes et formes y sont regroup\u00e9s dans 36 s\u00e9ries diff\u00e9rentes qui ne suivent pas un ordre cons\u00e9cutif.<\/p>\n<!-- \/wp:paragraph --><\/div>\n<!-- \/wp:column -->\n\n<!-- wp:column -->\n<div class=\"wp-block-column\"><!-- wp:image {\"id\":657,\"sizeSlug\":\"large\",\"linkDestination\":\"none\"} -->\n<figure class=\"wp-block-image size-large\"><img src=\"https:\/\/www.fraclorraine.org\/wp-content\/uploads\/2022\/08\/EXPO_2018_BECK_2-1024x683.jpg\" alt=\"\" class=\"wp-image-657\"\/><figcaption class=\"wp-element-caption\">Vue de l\u2019exposition <em>Martin Beck. Dans un second temps<\/em>, 49 Nord 6 Est - Frac Lorraine, juil-oct 2018, Metz, FR. Photo : Fred Dott<\/figcaption><\/figure>\n<!-- \/wp:image --><\/div>\n<!-- \/wp:column --><\/div>\n<!-- \/wp:columns -->\n\n<!-- wp:gallery {\"ids\":[],\"shortCodeTransforms\":[],\"linkTo\":\"none\"} -->\n<figure class=\"wp-block-gallery has-nested-images columns-default is-cropped\"><!-- wp:image {\"id\":4074,\"sizeSlug\":\"large\",\"linkDestination\":\"none\"} -->\n<figure class=\"wp-block-image size-large\"><img src=\"https:\/\/www.fraclorraine.org\/wp-content\/uploads\/2022\/10\/EXPO_2018_BECK_17-scaled.jpg\" alt=\"\" class=\"wp-image-4074\"\/><figcaption class=\"wp-element-caption\">Vues de l\u2019exposition <em>Martin Beck. Dans un second temps<\/em>, 49 Nord 6 Est - Frac Lorraine, juil-oct 2018, Metz, FR. Photos : Fred Dott<\/figcaption><\/figure>\n<!-- \/wp:image -->\n\n<!-- wp:image {\"id\":4075,\"sizeSlug\":\"large\",\"linkDestination\":\"none\"} -->\n<figure class=\"wp-block-image size-large\"><img src=\"https:\/\/www.fraclorraine.org\/wp-content\/uploads\/2022\/10\/EXPO_2018_BECK_18-scaled.jpg\" alt=\"\" class=\"wp-image-4075\"\/><figcaption class=\"wp-element-caption\">Vues de l\u2019exposition <em>Martin Beck. Dans un second temps<\/em>, 49 Nord 6 Est - Frac Lorraine, juil-oct 2018, Metz, FR. Photos : Fred Dott<\/figcaption><\/figure>\n<!-- \/wp:image -->\n\n<!-- wp:image {\"id\":4076,\"sizeSlug\":\"large\",\"linkDestination\":\"none\"} -->\n<figure class=\"wp-block-image size-large\"><img src=\"https:\/\/www.fraclorraine.org\/wp-content\/uploads\/2022\/10\/EXPO_2018_BECK_19-scaled.jpg\" alt=\"\" class=\"wp-image-4076\"\/><figcaption class=\"wp-element-caption\">Vues de l\u2019exposition <em>Martin Beck. Dans un second temps<\/em>, 49 Nord 6 Est - Frac Lorraine, juil-oct 2018, Metz, FR. Photos : Fred Dott<\/figcaption><\/figure>\n<!-- \/wp:image -->\n\n<!-- wp:image {\"id\":748,\"sizeSlug\":\"large\",\"linkDestination\":\"none\"} -->\n<figure class=\"wp-block-image size-large\"><img src=\"https:\/\/www.fraclorraine.org\/wp-content\/uploads\/2022\/09\/INDEX_BECK_1_COLLECTION_2018-scaled.jpg\" alt=\"\" class=\"wp-image-748\"\/><figcaption class=\"wp-element-caption\">Vues de l\u2019exposition <em>Martin Beck. Dans un second temps<\/em>, 49 Nord 6 Est - Frac Lorraine, juil-oct 2018, Metz, FR. Photos : Fred Dott<\/figcaption><\/figure>\n<!-- \/wp:image -->\n\n<!-- wp:image {\"id\":4079,\"sizeSlug\":\"large\",\"linkDestination\":\"none\"} -->\n<figure class=\"wp-block-image size-large\"><img src=\"https:\/\/www.fraclorraine.org\/wp-content\/uploads\/2022\/10\/EXPO_2018_BECK_22-scaled.jpg\" alt=\"\" class=\"wp-image-4079\"\/><figcaption class=\"wp-element-caption\">Vues de l\u2019exposition <em>Martin Beck. Dans un second temps<\/em>, 49 Nord 6 Est - Frac Lorraine, juil-oct 2018, Metz, FR. Photos : Fred Dott<\/figcaption><\/figure>\n<!-- \/wp:image -->\n\n<!-- wp:image {\"id\":749,\"sizeSlug\":\"large\",\"linkDestination\":\"none\"} -->\n<figure class=\"wp-block-image size-large\"><img src=\"https:\/\/www.fraclorraine.org\/wp-content\/uploads\/2022\/09\/INDEX_BECK_2_COLLECTION_2018-scaled.jpg\" alt=\"\" class=\"wp-image-749\"\/><figcaption class=\"wp-element-caption\">Vues de l\u2019exposition <em>Martin Beck. Dans un second temps<\/em>, 49 Nord 6 Est - Frac Lorraine, juil-oct 2018, Metz, FR. Photos : Fred Dott<\/figcaption><\/figure>\n<!-- \/wp:image -->\n\n<!-- wp:image {\"id\":4073,\"sizeSlug\":\"large\",\"linkDestination\":\"none\"} -->\n<figure class=\"wp-block-image size-large\"><img src=\"https:\/\/www.fraclorraine.org\/wp-content\/uploads\/2022\/10\/EXPO_2018_BECK_16-scaled.jpg\" alt=\"\" class=\"wp-image-4073\"\/><figcaption class=\"wp-element-caption\">Vues de l\u2019exposition <em>Martin Beck. Dans un second temps<\/em>, 49 Nord 6 Est - Frac Lorraine, juil-oct 2018, Metz, FR. Photos : Fred Dott<\/figcaption><\/figure>\n<!-- \/wp:image -->\n\n<!-- wp:image {\"id\":750,\"sizeSlug\":\"large\",\"linkDestination\":\"none\"} -->\n<figure class=\"wp-block-image size-large\"><img src=\"https:\/\/www.fraclorraine.org\/wp-content\/uploads\/2022\/09\/INDEX_BECK_3_COLLECTION_2018-scaled.jpg\" alt=\"\" class=\"wp-image-750\"\/><figcaption class=\"wp-element-caption\">Vues de l\u2019exposition <em>Martin Beck. Dans un second temps<\/em>, 49 Nord 6 Est - Frac Lorraine, juil-oct 2018, Metz, FR. Photos : Fred Dott<\/figcaption><\/figure>\n<!-- \/wp:image -->\n\n<!-- wp:image {\"id\":4077,\"sizeSlug\":\"large\",\"linkDestination\":\"none\"} -->\n<figure class=\"wp-block-image size-large\"><img src=\"https:\/\/www.fraclorraine.org\/wp-content\/uploads\/2022\/10\/EXPO_2018_BECK_20-scaled.jpg\" alt=\"\" class=\"wp-image-4077\"\/><figcaption class=\"wp-element-caption\">Vues de l\u2019exposition <em>Martin Beck. Dans un second temps<\/em>, 49 Nord 6 Est - Frac Lorraine, juil-oct 2018, Metz, FR. Photos : Fred Dott<\/figcaption><\/figure>\n<!-- \/wp:image -->\n\n<!-- wp:image {\"id\":660,\"sizeSlug\":\"large\",\"linkDestination\":\"none\"} -->\n<figure class=\"wp-block-image size-large\"><img src=\"https:\/\/www.fraclorraine.org\/wp-content\/uploads\/2022\/08\/EXPO_2018_BECK_5-scaled.jpg\" alt=\"\" class=\"wp-image-660\"\/><figcaption class=\"wp-element-caption\">Vues de l\u2019exposition <em>Martin Beck. Dans un second temps<\/em>, 49 Nord 6 Est - Frac Lorraine, juil-oct 2018, Metz, FR. Photos : Fred Dott<\/figcaption><\/figure>\n<!-- \/wp:image -->\n\n<!-- wp:image {\"id\":751,\"sizeSlug\":\"large\",\"linkDestination\":\"none\"} -->\n<figure class=\"wp-block-image size-large\"><img src=\"https:\/\/www.fraclorraine.org\/wp-content\/uploads\/2022\/09\/INDEX_BECK_4_EXPO-scaled.jpg\" alt=\"\" class=\"wp-image-751\"\/><figcaption class=\"wp-element-caption\">Vues de l\u2019exposition <em>Martin Beck. Dans un second temps<\/em>, 49 Nord 6 Est - Frac Lorraine, juil-oct 2018, Metz, FR. Photos : Fred Dott<\/figcaption><\/figure>\n<!-- \/wp:image -->\n\n<!-- wp:image {\"id\":4081,\"sizeSlug\":\"large\",\"linkDestination\":\"none\"} -->\n<figure class=\"wp-block-image size-large\"><img src=\"https:\/\/www.fraclorraine.org\/wp-content\/uploads\/2022\/10\/EXPO_2018_BECK_24-scaled.jpg\" alt=\"\" class=\"wp-image-4081\"\/><figcaption class=\"wp-element-caption\">Vues de l\u2019exposition <em>Martin Beck. Dans un second temps<\/em>, 49 Nord 6 Est - Frac Lorraine, juil-oct 2018, Metz, FR. Photos : Fred Dott<\/figcaption><\/figure>\n<!-- \/wp:image -->\n\n<!-- wp:image {\"id\":664,\"sizeSlug\":\"large\",\"linkDestination\":\"none\"} -->\n<figure class=\"wp-block-image size-large\"><img src=\"https:\/\/www.fraclorraine.org\/wp-content\/uploads\/2022\/08\/EXPO_2018_BECK_9-scaled.jpg\" alt=\"\" class=\"wp-image-664\"\/><figcaption class=\"wp-element-caption\">Vues de l\u2019exposition <em>Martin Beck. Dans un second temps<\/em>, 49 Nord 6 Est - Frac Lorraine, juil-oct 2018, Metz, FR. Photos : Fred Dott<\/figcaption><\/figure>\n<!-- \/wp:image -->\n\n<!-- wp:image {\"id\":663,\"sizeSlug\":\"large\",\"linkDestination\":\"none\"} -->\n<figure class=\"wp-block-image size-large\"><img src=\"https:\/\/www.fraclorraine.org\/wp-content\/uploads\/2022\/08\/EXPO_2018_BECK_8-scaled.jpg\" alt=\"\" class=\"wp-image-663\"\/><figcaption class=\"wp-element-caption\">Vues de l\u2019exposition <em>Martin Beck. Dans un second temps<\/em>, 49 Nord 6 Est - Frac Lorraine, juil-oct 2018, Metz, FR. Photos : Fred Dott<\/figcaption><\/figure>\n<!-- \/wp:image -->\n\n<!-- wp:image {\"id\":665,\"sizeSlug\":\"large\",\"linkDestination\":\"none\"} -->\n<figure class=\"wp-block-image size-large\"><img src=\"https:\/\/www.fraclorraine.org\/wp-content\/uploads\/2022\/08\/EXPO_2018_BECK_10-scaled.jpg\" alt=\"\" class=\"wp-image-665\"\/><figcaption class=\"wp-element-caption\">Vues de l\u2019exposition <em>Martin Beck. Dans un second temps<\/em>, 49 Nord 6 Est - Frac Lorraine, juil-oct 2018, Metz, FR. Photos : Fred Dott<\/figcaption><\/figure>\n<!-- \/wp:image -->\n\n<!-- wp:image {\"id\":666,\"sizeSlug\":\"large\",\"linkDestination\":\"none\"} -->\n<figure class=\"wp-block-image size-large\"><img src=\"https:\/\/www.fraclorraine.org\/wp-content\/uploads\/2022\/08\/EXPO_2018_BECK_11-scaled.jpg\" alt=\"\" class=\"wp-image-666\"\/><figcaption class=\"wp-element-caption\">Vues de l\u2019exposition <em>Martin Beck. Dans un second temps<\/em>, 49 Nord 6 Est - Frac Lorraine, juil-oct 2018, Metz, FR. Photos : Fred Dott<\/figcaption><\/figure>\n<!-- \/wp:image -->\n\n<!-- wp:image {\"id\":662,\"sizeSlug\":\"large\",\"linkDestination\":\"none\"} -->\n<figure class=\"wp-block-image size-large\"><img src=\"https:\/\/www.fraclorraine.org\/wp-content\/uploads\/2022\/08\/EXPO_2018_BECK_7-scaled.jpg\" alt=\"\" class=\"wp-image-662\"\/><figcaption class=\"wp-element-caption\">Vues de l\u2019exposition <em>Martin Beck. Dans un second temps<\/em>, 49 Nord 6 Est - Frac Lorraine, juil-oct 2018, Metz, FR. Photos : Fred Dott<\/figcaption><\/figure>\n<!-- \/wp:image -->\n\n<!-- wp:image {\"id\":661,\"sizeSlug\":\"large\",\"linkDestination\":\"none\"} -->\n<figure class=\"wp-block-image size-large\"><img src=\"https:\/\/www.fraclorraine.org\/wp-content\/uploads\/2022\/08\/EXPO_2018_BECK_6-scaled.jpg\" alt=\"\" class=\"wp-image-661\"\/><figcaption class=\"wp-element-caption\">Vues de l\u2019exposition <em>Martin Beck. Dans un second temps<\/em>, 49 Nord 6 Est - Frac Lorraine, juil-oct 2018, Metz, FR. Photos : Fred Dott<\/figcaption><\/figure>\n<!-- \/wp:image -->\n\n<!-- wp:image {\"id\":752,\"sizeSlug\":\"large\",\"linkDestination\":\"none\"} -->\n<figure class=\"wp-block-image size-large\"><img src=\"https:\/\/www.fraclorraine.org\/wp-content\/uploads\/2022\/09\/INDEX_BECK_5_EXPO-scaled.jpg\" alt=\"\" class=\"wp-image-752\"\/><figcaption class=\"wp-element-caption\">Vues de l\u2019exposition <em>Martin Beck. Dans un second temps<\/em>, 49 Nord 6 Est - Frac Lorraine, juil-oct 2018, Metz, FR. Photos : Fred Dott<\/figcaption><\/figure>\n<!-- \/wp:image -->\n\n<!-- wp:image {\"id\":4080,\"sizeSlug\":\"large\",\"linkDestination\":\"none\"} -->\n<figure class=\"wp-block-image size-large\"><img src=\"https:\/\/www.fraclorraine.org\/wp-content\/uploads\/2022\/10\/EXPO_2018_BECK_23-scaled.jpg\" alt=\"\" class=\"wp-image-4080\"\/><figcaption class=\"wp-element-caption\">Vues de l\u2019exposition <em>Martin Beck. Dans un second temps<\/em>, 49 Nord 6 Est - Frac Lorraine, juil-oct 2018, Metz, FR. Photos : Fred Dott<\/figcaption><\/figure>\n<!-- \/wp:image -->\n\n<!-- wp:image {\"id\":667,\"sizeSlug\":\"large\",\"linkDestination\":\"none\"} -->\n<figure class=\"wp-block-image size-large\"><img src=\"https:\/\/www.fraclorraine.org\/wp-content\/uploads\/2022\/08\/EXPO_2018_BECK_12-scaled.jpg\" alt=\"\" class=\"wp-image-667\"\/><figcaption class=\"wp-element-caption\">Vues de l\u2019exposition <em>Martin Beck. Dans un second temps<\/em>, 49 Nord 6 Est - Frac Lorraine, juil-oct 2018, Metz, FR. Photos : Fred Dott<\/figcaption><\/figure>\n<!-- \/wp:image -->\n\n<!-- wp:image {\"id\":4083,\"sizeSlug\":\"large\",\"linkDestination\":\"none\"} -->\n<figure class=\"wp-block-image size-large\"><img src=\"https:\/\/www.fraclorraine.org\/wp-content\/uploads\/2022\/10\/EXPO_2018_BECK_26-scaled.jpg\" alt=\"\" class=\"wp-image-4083\"\/><figcaption class=\"wp-element-caption\">Vues de l\u2019exposition <em>Martin Beck. Dans un second temps<\/em>, 49 Nord 6 Est - Frac Lorraine, juil-oct 2018, Metz, FR. Photos : Fred Dott<\/figcaption><\/figure>\n<!-- \/wp:image -->\n\n<!-- wp:image {\"id\":670,\"sizeSlug\":\"large\",\"linkDestination\":\"none\"} -->\n<figure class=\"wp-block-image size-large\"><img src=\"https:\/\/www.fraclorraine.org\/wp-content\/uploads\/2022\/08\/EXPO_2018_BECK_15-scaled.jpg\" alt=\"\" class=\"wp-image-670\"\/><figcaption class=\"wp-element-caption\">Vues de l\u2019exposition <em>Martin Beck. Dans un second temps<\/em>, 49 Nord 6 Est - Frac Lorraine, juil-oct 2018, Metz, FR. Photos : Fred Dott<\/figcaption><\/figure>\n<!-- \/wp:image -->\n\n<!-- wp:image {\"id\":669,\"sizeSlug\":\"large\",\"linkDestination\":\"none\"} -->\n<figure class=\"wp-block-image size-large\"><img src=\"https:\/\/www.fraclorraine.org\/wp-content\/uploads\/2022\/08\/EXPO_2018_BECK_14-scaled.jpg\" alt=\"\" class=\"wp-image-669\"\/><figcaption class=\"wp-element-caption\">Vues de l\u2019exposition <em>Martin Beck. Dans un second temps<\/em>, 49 Nord 6 Est - Frac Lorraine, juil-oct 2018, Metz, FR. Photos : Fred Dott<\/figcaption><\/figure>\n<!-- \/wp:image -->\n\n<!-- wp:image {\"id\":668,\"sizeSlug\":\"large\",\"linkDestination\":\"none\"} -->\n<figure class=\"wp-block-image size-large\"><img src=\"https:\/\/www.fraclorraine.org\/wp-content\/uploads\/2022\/08\/EXPO_2018_BECK_13-scaled.jpg\" alt=\"\" class=\"wp-image-668\"\/><figcaption class=\"wp-element-caption\">Vues de l\u2019exposition <em>Martin Beck. Dans un second temps<\/em>, 49 Nord 6 Est - Frac Lorraine, juil-oct 2018, Metz, FR. Photos : Fred Dott<\/figcaption><\/figure>\n<!-- \/wp:image -->\n\n<!-- wp:image {\"id\":4082,\"sizeSlug\":\"large\",\"linkDestination\":\"none\"} -->\n<figure class=\"wp-block-image size-large\"><img src=\"https:\/\/www.fraclorraine.org\/wp-content\/uploads\/2022\/10\/EXPO_2018_BECK_25-scaled.jpg\" alt=\"\" class=\"wp-image-4082\"\/><figcaption class=\"wp-element-caption\">Vues de l\u2019exposition <em>Martin Beck. Dans un second temps<\/em>, 49 Nord 6 Est - Frac Lorraine, juil-oct 2018, Metz, FR. Photos : Fred Dott<\/figcaption><\/figure>\n<!-- \/wp:image --><\/figure>\n<!-- \/wp:gallery -->\n\n<!-- wp:columns -->\n<div class=\"wp-block-columns\"><!-- wp:column -->\n<div class=\"wp-block-column\"><!-- wp:image {\"id\":896,\"sizeSlug\":\"large\",\"linkDestination\":\"none\"} -->\n<figure class=\"wp-block-image size-large\"><img src=\"https:\/\/www.fraclorraine.org\/wp-content\/uploads\/2022\/09\/PROG_2018_JUILLET-OCTOBRE_IKEBANA_1-1024x742.jpg\" alt=\"\" class=\"wp-image-896\"\/><figcaption class=\"wp-element-caption\">\u00a9 Martin Beck<\/figcaption><\/figure>\n<!-- \/wp:image -->\n\n<!-- wp:image {\"id\":886,\"sizeSlug\":\"large\",\"linkDestination\":\"none\"} -->\n<figure class=\"wp-block-image size-large\"><img src=\"https:\/\/www.fraclorraine.org\/wp-content\/uploads\/2022\/09\/PROG_2018_JUILLET-OCTOBRE_LAST-NIGHT_1-1024x683.jpg\" alt=\"\" class=\"wp-image-886\"\/><figcaption class=\"wp-element-caption\"><em>Last Night<\/em>, 2016 \u00a9 Martin Beck &amp; 47 Canal, New York<\/figcaption><\/figure>\n<!-- \/wp:image --><\/div>\n<!-- \/wp:column -->\n\n<!-- wp:column -->\n<div class=\"wp-block-column\"><!-- wp:paragraph -->\n<p>La temporalit\u00e9 est une composante essentielle du travail de Martin Beck (n\u00e9 en 1963, vit et travaille entre New York et Vienne o\u00f9 il enseigne). Il d\u00e9veloppe parfois ses recherches sur plusieurs ann\u00e9es pour aboutir \u00e0 une \u0153uvre \u2014 4 ans pour que les premiers \u00e9l\u00e9ments du projet&nbsp;<em>Last Night<\/em>&nbsp;se mat\u00e9rialisent \u2014 ou encore s\u2019impose un rythme de travail r\u00e9gulier \u00e0 long terme \u2014 depuis 2016, sur des p\u00e9riodes donn\u00e9es, il produit un feuillet de format \u00abUS letter \u00bb par jour, donnant naissance chaque ann\u00e9e \u00e0 une nouvelle \u00e9tape de working forwards, \u0153uvre proche d\u2019un journal de bord.<\/p>\n<!-- \/wp:paragraph -->\n\n<!-- wp:paragraph -->\n<p>Dans cette exposition, le temps g\u00e9ologique des conglom\u00e9rats \u2014 roches s\u00e9dimentaires instables dont les \u00e9l\u00e9ments ne se sont jamais m\u00e9lang\u00e9s au cours des mill\u00e9naires \u2014 c\u00f4toie celui, r\u00e9gulier, du travail quotidien de l\u2019artiste ou encore celui, \u00e9ph\u00e9m\u00e8re, de l\u2019ultime f\u00eate ayant eu lieu au Loft \u00e0 New York en 1984. La musique jou\u00e9e lors de la derni\u00e8re de ces soir\u00e9es, rassemblant des communaut\u00e9s diverses et dont l\u2019influence sera fondamentale, est restitu\u00e9e dans l\u2019int\u00e9gralit\u00e9 de sa dur\u00e9e lors d\u2019un film de plus de 13 heures.<\/p>\n<!-- \/wp:paragraph -->\n\n<!-- wp:paragraph -->\n<p><em>Dans un second temps<\/em>&nbsp;rassemble dans l\u2019espace d\u2019exposition une s\u00e9lection d\u2019\u0153uvres de Martin Beck qui s\u2019inspirent des dynamiques sociales, des processus de travail et des r\u00e9cits li\u00e9s \u00e0 la contre-culture, tout en faisant r\u00e9f\u00e9rence \u00e0 leur impact historique. Au Frac Lorraine, la composition est utilis\u00e9e comme un outil pour r\u00e9organiser les structures sociales et spatiales, ainsi que les hi\u00e9rarchies qui les accompagnent, qu\u2019elles soient visuelles, \u00e9conomiques ou communautaires.<\/p>\n<!-- \/wp:paragraph --><\/div>\n<!-- \/wp:column --><\/div>\n<!-- \/wp:columns -->","_fr_post_name":"martin-beck-dans-un-second-temps","_fr_post_excerpt":"","_fr_post_title":"Martin Beck. Dans un second temps","_en_post_content":"<!-- wp:columns -->\n<div class=\"wp-block-columns\"><!-- wp:column -->\n<div class=\"wp-block-column\"><!-- wp:paragraph -->\n<p>\u25cf Unfolding as a composition, this exhibition features recent works by the Austrian artist Martin Beck who, at 49 Nord 6 Est\u2013FRAC Lorraine, presents his first major show in France.<\/p>\n<!-- \/wp:paragraph -->\n\n<!-- wp:paragraph -->\n<p>Works on paper, photographs, sculptures, and videos\u2026 the artist chooses his medium depending on the subject matter addressed. <em>Flowers<\/em>, for example, consists of sets of photographs that document the arrangement of a so-called Dutch flower bouquet. The images reveal both the methodical work of a florist and the fragility of the material she handles. Gestures and forms are gathered in altogether 36 different constellations that do not follow a sequential order.<\/p>\n<!-- \/wp:paragraph --><\/div>\n<!-- \/wp:column -->\n\n<!-- wp:column -->\n<div class=\"wp-block-column\"><!-- wp:image {\"id\":657,\"sizeSlug\":\"large\",\"linkDestination\":\"none\"} -->\n<figure class=\"wp-block-image size-large\"><img src=\"https:\/\/www.fraclorraine.org\/wp-content\/uploads\/2022\/08\/EXPO_2018_BECK_2-1024x683.jpg\" alt=\"\" class=\"wp-image-657\"\/><figcaption class=\"wp-element-caption\">Exhibition view <em>Martin Beck. Dans un second temps<\/em>, 49 Nord 6 Est - Frac Lorraine, juil-oct 2018, Metz, FR. Photo: Fred Dott<\/figcaption><\/figure>\n<!-- \/wp:image --><\/div>\n<!-- \/wp:column --><\/div>\n<!-- \/wp:columns -->\n\n<!-- wp:gallery {\"ids\":[],\"shortCodeTransforms\":[],\"linkTo\":\"none\"} -->\n<figure class=\"wp-block-gallery has-nested-images columns-default is-cropped\"><!-- wp:image {\"id\":4074,\"sizeSlug\":\"large\",\"linkDestination\":\"none\"} -->\n<figure class=\"wp-block-image size-large\"><img src=\"https:\/\/www.fraclorraine.org\/wp-content\/uploads\/2022\/10\/EXPO_2018_BECK_17-scaled.jpg\" alt=\"\" class=\"wp-image-4074\"\/><figcaption class=\"wp-element-caption\">Exhibition views, <em>Martin Beck. Dans un second temps<\/em>, 49 Nord 6 Est - Frac Lorraine, jul-oct 2018, Metz, FR. Photos: Fred Dott<\/figcaption><\/figure>\n<!-- \/wp:image -->\n\n<!-- wp:image {\"id\":4075,\"sizeSlug\":\"large\",\"linkDestination\":\"none\"} -->\n<figure class=\"wp-block-image size-large\"><img src=\"https:\/\/www.fraclorraine.org\/wp-content\/uploads\/2022\/10\/EXPO_2018_BECK_18-scaled.jpg\" alt=\"\" class=\"wp-image-4075\"\/><figcaption class=\"wp-element-caption\">Exhibition views, <em>Martin Beck. Dans un second temps<\/em>, 49 Nord 6 Est - Frac Lorraine, jul-oct 2018, Metz, FR. Photos: Fred Dott<\/figcaption><\/figure>\n<!-- \/wp:image -->\n\n<!-- wp:image {\"id\":4076,\"sizeSlug\":\"large\",\"linkDestination\":\"none\"} -->\n<figure class=\"wp-block-image size-large\"><img src=\"https:\/\/www.fraclorraine.org\/wp-content\/uploads\/2022\/10\/EXPO_2018_BECK_19-scaled.jpg\" alt=\"\" class=\"wp-image-4076\"\/><figcaption class=\"wp-element-caption\">Exhibition views, <em>Martin Beck. Dans un second temps<\/em>, 49 Nord 6 Est - Frac Lorraine, jul-oct 2018, Metz, FR. Photos: Fred Dott<\/figcaption><\/figure>\n<!-- \/wp:image -->\n\n<!-- wp:image {\"id\":748,\"sizeSlug\":\"large\",\"linkDestination\":\"none\"} -->\n<figure class=\"wp-block-image size-large\"><img src=\"https:\/\/www.fraclorraine.org\/wp-content\/uploads\/2022\/09\/INDEX_BECK_1_COLLECTION_2018-scaled.jpg\" alt=\"\" class=\"wp-image-748\"\/><figcaption class=\"wp-element-caption\">Exhibition views, <em>Martin Beck. Dans un second temps<\/em>, 49 Nord 6 Est - Frac Lorraine, jul-oct 2018, Metz, FR. Photos: Fred Dott<\/figcaption><\/figure>\n<!-- \/wp:image -->\n\n<!-- wp:image {\"id\":4079,\"sizeSlug\":\"large\",\"linkDestination\":\"none\"} -->\n<figure class=\"wp-block-image size-large\"><img src=\"https:\/\/www.fraclorraine.org\/wp-content\/uploads\/2022\/10\/EXPO_2018_BECK_22-scaled.jpg\" alt=\"\" class=\"wp-image-4079\"\/><figcaption class=\"wp-element-caption\">Exhibition views, <em>Martin Beck. Dans un second temps<\/em>, 49 Nord 6 Est - Frac Lorraine, jul-oct 2018, Metz, FR. Photos: Fred Dott<\/figcaption><\/figure>\n<!-- \/wp:image -->\n\n<!-- wp:image {\"id\":749,\"sizeSlug\":\"large\",\"linkDestination\":\"none\"} -->\n<figure class=\"wp-block-image size-large\"><img src=\"https:\/\/www.fraclorraine.org\/wp-content\/uploads\/2022\/09\/INDEX_BECK_2_COLLECTION_2018-scaled.jpg\" alt=\"\" class=\"wp-image-749\"\/><figcaption class=\"wp-element-caption\">Exhibition views, <em>Martin Beck. Dans un second temps<\/em>, 49 Nord 6 Est - Frac Lorraine, jul-oct 2018, Metz, FR. Photos: Fred Dott<\/figcaption><\/figure>\n<!-- \/wp:image -->\n\n<!-- wp:image {\"id\":4073,\"sizeSlug\":\"large\",\"linkDestination\":\"none\"} -->\n<figure class=\"wp-block-image size-large\"><img src=\"https:\/\/www.fraclorraine.org\/wp-content\/uploads\/2022\/10\/EXPO_2018_BECK_16-scaled.jpg\" alt=\"\" class=\"wp-image-4073\"\/><figcaption class=\"wp-element-caption\">Exhibition views, <em>Martin Beck. Dans un second temps<\/em>, 49 Nord 6 Est - Frac Lorraine, jul-oct 2018, Metz, FR. Photos: Fred Dott<\/figcaption><\/figure>\n<!-- \/wp:image -->\n\n<!-- wp:image {\"id\":750,\"sizeSlug\":\"large\",\"linkDestination\":\"none\"} -->\n<figure class=\"wp-block-image size-large\"><img src=\"https:\/\/www.fraclorraine.org\/wp-content\/uploads\/2022\/09\/INDEX_BECK_3_COLLECTION_2018-scaled.jpg\" alt=\"\" class=\"wp-image-750\"\/><figcaption class=\"wp-element-caption\">Exhibition views, <em>Martin Beck. Dans un second temps<\/em>, 49 Nord 6 Est - Frac Lorraine, jul-oct 2018, Metz, FR. Photos: Fred Dott<\/figcaption><\/figure>\n<!-- \/wp:image -->\n\n<!-- wp:image {\"id\":4077,\"sizeSlug\":\"large\",\"linkDestination\":\"none\"} -->\n<figure class=\"wp-block-image size-large\"><img src=\"https:\/\/www.fraclorraine.org\/wp-content\/uploads\/2022\/10\/EXPO_2018_BECK_20-scaled.jpg\" alt=\"\" class=\"wp-image-4077\"\/><figcaption class=\"wp-element-caption\">Exhibition views, <em>Martin Beck. Dans un second temps<\/em>, 49 Nord 6 Est - Frac Lorraine, jul-oct 2018, Metz, FR. Photos: Fred Dott<\/figcaption><\/figure>\n<!-- \/wp:image -->\n\n<!-- wp:image {\"id\":660,\"sizeSlug\":\"large\",\"linkDestination\":\"none\"} -->\n<figure class=\"wp-block-image size-large\"><img src=\"https:\/\/www.fraclorraine.org\/wp-content\/uploads\/2022\/08\/EXPO_2018_BECK_5-scaled.jpg\" alt=\"\" class=\"wp-image-660\"\/><figcaption class=\"wp-element-caption\">Exhibition views, <em>Martin Beck. Dans un second temps<\/em>, 49 Nord 6 Est - Frac Lorraine, jul-oct 2018, Metz, FR. Photos: Fred Dott<\/figcaption><\/figure>\n<!-- \/wp:image -->\n\n<!-- wp:image {\"id\":751,\"sizeSlug\":\"large\",\"linkDestination\":\"none\"} -->\n<figure class=\"wp-block-image size-large\"><img src=\"https:\/\/www.fraclorraine.org\/wp-content\/uploads\/2022\/09\/INDEX_BECK_4_EXPO-scaled.jpg\" alt=\"\" class=\"wp-image-751\"\/><figcaption class=\"wp-element-caption\">Exhibition views, <em>Martin Beck. Dans un second temps<\/em>, 49 Nord 6 Est - Frac Lorraine, jul-oct 2018, Metz, FR. Photos: Fred Dott<\/figcaption><\/figure>\n<!-- \/wp:image -->\n\n<!-- wp:image {\"id\":4081,\"sizeSlug\":\"large\",\"linkDestination\":\"none\"} -->\n<figure class=\"wp-block-image size-large\"><img src=\"https:\/\/www.fraclorraine.org\/wp-content\/uploads\/2022\/10\/EXPO_2018_BECK_24-scaled.jpg\" alt=\"\" class=\"wp-image-4081\"\/><figcaption class=\"wp-element-caption\">Exhibition views, <em>Martin Beck. Dans un second temps<\/em>, 49 Nord 6 Est - Frac Lorraine, jul-oct 2018, Metz, FR. Photos: Fred Dott<\/figcaption><\/figure>\n<!-- \/wp:image -->\n\n<!-- wp:image {\"id\":664,\"sizeSlug\":\"large\",\"linkDestination\":\"none\"} -->\n<figure class=\"wp-block-image size-large\"><img src=\"https:\/\/www.fraclorraine.org\/wp-content\/uploads\/2022\/08\/EXPO_2018_BECK_9-scaled.jpg\" alt=\"\" class=\"wp-image-664\"\/><figcaption class=\"wp-element-caption\">Exhibition views, <em>Martin Beck. Dans un second temps<\/em>, 49 Nord 6 Est - Frac Lorraine, jul-oct 2018, Metz, FR. Photos: Fred Dott<\/figcaption><\/figure>\n<!-- \/wp:image -->\n\n<!-- wp:image {\"id\":663,\"sizeSlug\":\"large\",\"linkDestination\":\"none\"} -->\n<figure class=\"wp-block-image size-large\"><img src=\"https:\/\/www.fraclorraine.org\/wp-content\/uploads\/2022\/08\/EXPO_2018_BECK_8-scaled.jpg\" alt=\"\" class=\"wp-image-663\"\/><figcaption class=\"wp-element-caption\">Exhibition views, <em>Martin Beck. Dans un second temps<\/em>, 49 Nord 6 Est - Frac Lorraine, jul-oct 2018, Metz, FR. Photos: Fred Dott<\/figcaption><\/figure>\n<!-- \/wp:image -->\n\n<!-- wp:image {\"id\":665,\"sizeSlug\":\"large\",\"linkDestination\":\"none\"} -->\n<figure class=\"wp-block-image size-large\"><img src=\"https:\/\/www.fraclorraine.org\/wp-content\/uploads\/2022\/08\/EXPO_2018_BECK_10-scaled.jpg\" alt=\"\" class=\"wp-image-665\"\/><figcaption class=\"wp-element-caption\">Exhibition views, <em>Martin Beck. Dans un second temps<\/em>, 49 Nord 6 Est - Frac Lorraine, jul-oct 2018, Metz, FR. Photos: Fred Dott<\/figcaption><\/figure>\n<!-- \/wp:image -->\n\n<!-- wp:image {\"id\":666,\"sizeSlug\":\"large\",\"linkDestination\":\"none\"} -->\n<figure class=\"wp-block-image size-large\"><img src=\"https:\/\/www.fraclorraine.org\/wp-content\/uploads\/2022\/08\/EXPO_2018_BECK_11-scaled.jpg\" alt=\"\" class=\"wp-image-666\"\/><figcaption class=\"wp-element-caption\">Exhibition views, <em>Martin Beck. Dans un second temps<\/em>, 49 Nord 6 Est - Frac Lorraine, jul-oct 2018, Metz, FR. Photos: Fred Dott<\/figcaption><\/figure>\n<!-- \/wp:image -->\n\n<!-- wp:image {\"id\":662,\"sizeSlug\":\"large\",\"linkDestination\":\"none\"} -->\n<figure class=\"wp-block-image size-large\"><img src=\"https:\/\/www.fraclorraine.org\/wp-content\/uploads\/2022\/08\/EXPO_2018_BECK_7-scaled.jpg\" alt=\"\" class=\"wp-image-662\"\/><figcaption class=\"wp-element-caption\">Exhibition views, <em>Martin Beck. Dans un second temps<\/em>, 49 Nord 6 Est - Frac Lorraine, jul-oct 2018, Metz, FR. Photos: Fred Dott<\/figcaption><\/figure>\n<!-- \/wp:image -->\n\n<!-- wp:image {\"id\":661,\"sizeSlug\":\"large\",\"linkDestination\":\"none\"} -->\n<figure class=\"wp-block-image size-large\"><img src=\"https:\/\/www.fraclorraine.org\/wp-content\/uploads\/2022\/08\/EXPO_2018_BECK_6-scaled.jpg\" alt=\"\" class=\"wp-image-661\"\/><figcaption class=\"wp-element-caption\">Exhibition views, <em>Martin Beck. Dans un second temps<\/em>, 49 Nord 6 Est - Frac Lorraine, jul-oct 2018, Metz, FR. Photos: Fred Dott<\/figcaption><\/figure>\n<!-- \/wp:image -->\n\n<!-- wp:image {\"id\":752,\"sizeSlug\":\"large\",\"linkDestination\":\"none\"} -->\n<figure class=\"wp-block-image size-large\"><img src=\"https:\/\/www.fraclorraine.org\/wp-content\/uploads\/2022\/09\/INDEX_BECK_5_EXPO-scaled.jpg\" alt=\"\" class=\"wp-image-752\"\/><figcaption class=\"wp-element-caption\">Exhibition views, <em>Martin Beck. Dans un second temps<\/em>, 49 Nord 6 Est - Frac Lorraine, jul-oct 2018, Metz, FR. Photos: Fred Dott<\/figcaption><\/figure>\n<!-- \/wp:image -->\n\n<!-- wp:image {\"id\":4080,\"sizeSlug\":\"large\",\"linkDestination\":\"none\"} -->\n<figure class=\"wp-block-image size-large\"><img src=\"https:\/\/www.fraclorraine.org\/wp-content\/uploads\/2022\/10\/EXPO_2018_BECK_23-scaled.jpg\" alt=\"\" class=\"wp-image-4080\"\/><figcaption class=\"wp-element-caption\">Exhibition views, <em>Martin Beck. Dans un second temps<\/em>, 49 Nord 6 Est - Frac Lorraine, jul-oct 2018, Metz, FR. Photos: Fred Dott<\/figcaption><\/figure>\n<!-- \/wp:image -->\n\n<!-- wp:image {\"id\":667,\"sizeSlug\":\"large\",\"linkDestination\":\"none\"} -->\n<figure class=\"wp-block-image size-large\"><img src=\"https:\/\/www.fraclorraine.org\/wp-content\/uploads\/2022\/08\/EXPO_2018_BECK_12-scaled.jpg\" alt=\"\" class=\"wp-image-667\"\/><figcaption class=\"wp-element-caption\">Exhibition views, <em>Martin Beck. Dans un second temps<\/em>, 49 Nord 6 Est - Frac Lorraine, jul-oct 2018, Metz, FR. Photos: Fred Dott<\/figcaption><\/figure>\n<!-- \/wp:image -->\n\n<!-- wp:image {\"id\":4083,\"sizeSlug\":\"large\",\"linkDestination\":\"none\"} -->\n<figure class=\"wp-block-image size-large\"><img src=\"https:\/\/www.fraclorraine.org\/wp-content\/uploads\/2022\/10\/EXPO_2018_BECK_26-scaled.jpg\" alt=\"\" class=\"wp-image-4083\"\/><figcaption class=\"wp-element-caption\">Exhibition views, <em>Martin Beck. Dans un second temps<\/em>, 49 Nord 6 Est - Frac Lorraine, jul-oct 2018, Metz, FR. Photos: Fred Dott<\/figcaption><\/figure>\n<!-- \/wp:image -->\n\n<!-- wp:image {\"id\":670,\"sizeSlug\":\"large\",\"linkDestination\":\"none\"} -->\n<figure class=\"wp-block-image size-large\"><img src=\"https:\/\/www.fraclorraine.org\/wp-content\/uploads\/2022\/08\/EXPO_2018_BECK_15-scaled.jpg\" alt=\"\" class=\"wp-image-670\"\/><figcaption class=\"wp-element-caption\">Exhibition views, <em>Martin Beck. Dans un second temps<\/em>, 49 Nord 6 Est - Frac Lorraine, jul-oct 2018, Metz, FR. Photos: Fred Dott<\/figcaption><\/figure>\n<!-- \/wp:image -->\n\n<!-- wp:image {\"id\":669,\"sizeSlug\":\"large\",\"linkDestination\":\"none\"} -->\n<figure class=\"wp-block-image size-large\"><img src=\"https:\/\/www.fraclorraine.org\/wp-content\/uploads\/2022\/08\/EXPO_2018_BECK_14-scaled.jpg\" alt=\"\" class=\"wp-image-669\"\/><figcaption class=\"wp-element-caption\">Exhibition views, <em>Martin Beck. Dans un second temps<\/em>, 49 Nord 6 Est - Frac Lorraine, jul-oct 2018, Metz, FR. Photos: Fred Dott<\/figcaption><\/figure>\n<!-- \/wp:image -->\n\n<!-- wp:image {\"id\":668,\"sizeSlug\":\"large\",\"linkDestination\":\"none\"} -->\n<figure class=\"wp-block-image size-large\"><img src=\"https:\/\/www.fraclorraine.org\/wp-content\/uploads\/2022\/08\/EXPO_2018_BECK_13-scaled.jpg\" alt=\"\" class=\"wp-image-668\"\/><figcaption class=\"wp-element-caption\">Exhibition views, <em>Martin Beck. Dans un second temps<\/em>, 49 Nord 6 Est - Frac Lorraine, jul-oct 2018, Metz, FR. Photos: Fred Dott<\/figcaption><\/figure>\n<!-- \/wp:image -->\n\n<!-- wp:image {\"id\":4082,\"sizeSlug\":\"large\",\"linkDestination\":\"none\"} -->\n<figure class=\"wp-block-image size-large\"><img src=\"https:\/\/www.fraclorraine.org\/wp-content\/uploads\/2022\/10\/EXPO_2018_BECK_25-scaled.jpg\" alt=\"\" class=\"wp-image-4082\"\/><figcaption class=\"wp-element-caption\">Exhibition views, <em>Martin Beck. Dans un second temps<\/em>, 49 Nord 6 Est - Frac Lorraine, jul-oct 2018, Metz, FR. Photos: Fred Dott<\/figcaption><\/figure>\n<!-- \/wp:image --><\/figure>\n<!-- \/wp:gallery -->\n\n<!-- wp:columns -->\n<div class=\"wp-block-columns\"><!-- wp:column -->\n<div class=\"wp-block-column\"><!-- wp:image {\"id\":896,\"sizeSlug\":\"large\",\"linkDestination\":\"none\"} -->\n<figure class=\"wp-block-image size-large\"><img src=\"https:\/\/www.fraclorraine.org\/wp-content\/uploads\/2022\/09\/PROG_2018_JUILLET-OCTOBRE_IKEBANA_1-1024x742.jpg\" alt=\"\" class=\"wp-image-896\"\/><figcaption class=\"wp-element-caption\">\u00a9 Martin Beck<\/figcaption><\/figure>\n<!-- \/wp:image -->\n\n<!-- wp:image {\"id\":886,\"sizeSlug\":\"large\",\"linkDestination\":\"none\"} -->\n<figure class=\"wp-block-image size-large\"><img src=\"https:\/\/www.fraclorraine.org\/wp-content\/uploads\/2022\/09\/PROG_2018_JUILLET-OCTOBRE_LAST-NIGHT_1-1024x683.jpg\" alt=\"\" class=\"wp-image-886\"\/><figcaption class=\"wp-element-caption\"><em>Last Night<\/em>, 2016 \u00a9 Martin Beck &amp; 47 Canal, New York<\/figcaption><\/figure>\n<!-- \/wp:image --><\/div>\n<!-- \/wp:column -->\n\n<!-- wp:column -->\n<div class=\"wp-block-column\"><!-- wp:paragraph -->\n<p>Temporality is an essential component of Beck\u2019s work (born in 1963, lives in New York and Vienna, where he teaches). The research supporting the making of his works often spreads over several years before it culminates in a physical manifestation\u2014the first element of <em>Last Night<\/em> took four years to develop\u2014or is a part of continuous long-term effort\u2014in recent years Beck produced one US letter-size document a day for certain durations, completing each year a new stage of working forwards, a diary-type art work.<\/p>\n<!-- \/wp:paragraph -->\n\n<!-- wp:paragraph -->\n<p>In this exhibition, the geological time of conglomerates\u2014sedimentary, instable rocks made up of various clasts that have remained separated despite the passage of millennia\u2014runs alongside regular time, such as the artist\u2019s everyday work, or ephemeral time, such as the music played at the last seminal Loft party at 99 Prince Street in New York in 1984, which brought together diverse communities, revisited in a film that follows its total thirteen-and-half hour duration. <em>Dans un second temps<\/em> brings together, in the space of the exhibition, constellations of objects created as artworks or by natural forces and informed by reflections on communities, forces of labor, or social dynamics. The artists extracts forms from histories and narratives related to countercultures\u2014shaped by gatherings, of people, natural elements, or objects\u2014to reassess them in light of the present. At&nbsp;FRAC&nbsp;Lorraine, composition is used as a tool to reorganize these social and spatial structures as well as the accompanying hierarchies, be they visual, economic, or community-related.<\/p>\n<!-- \/wp:paragraph --><\/div>\n<!-- \/wp:column --><\/div>\n<!-- \/wp:columns -->","_en_post_name":"","_en_post_excerpt":"","_en_post_title":"Martin Beck. Dans un second temps","edit_language":"en"},"tags":[7],"event-type":[30],"saison":[78],"lieu":[371],"class_list":["post-652","exhibition","type-exhibition","status-publish","hentry","tag-exposition"],"excerpt":{"raw":"","rendered":""},"_links":{"self":[{"href":"https:\/\/www.fraclorraine.org\/en\/wp-json\/wp\/v2\/exhibition\/652","targetHints":{"allow":["GET"]}}],"collection":[{"href":"https:\/\/www.fraclorraine.org\/en\/wp-json\/wp\/v2\/exhibition"}],"about":[{"href":"https:\/\/www.fraclorraine.org\/en\/wp-json\/wp\/v2\/types\/exhibition"}],"wp:attachment":[{"href":"https:\/\/www.fraclorraine.org\/en\/wp-json\/wp\/v2\/media?parent=652"}],"wp:term":[{"taxonomy":"post_tag","embeddable":true,"href":"https:\/\/www.fraclorraine.org\/en\/wp-json\/wp\/v2\/tags?post=652"},{"taxonomy":"event-type","embeddable":true,"href":"https:\/\/www.fraclorraine.org\/en\/wp-json\/wp\/v2\/event-type?post=652"},{"taxonomy":"saison","embeddable":true,"href":"https:\/\/www.fraclorraine.org\/en\/wp-json\/wp\/v2\/saison?post=652"},{"taxonomy":"lieu","embeddable":true,"href":"https:\/\/www.fraclorraine.org\/en\/wp-json\/wp\/v2\/lieu?post=652"}],"curies":[{"name":"wp","href":"https:\/\/api.w.org\/{rel}","templated":true}]}}