{"id":6536,"date":"2023-01-11T13:40:52","date_gmt":"2023-01-11T13:40:52","guid":{"rendered":"https:\/\/www.fraclorraine.org\/nouveausite2021\/?post_type=exhibition&#038;p=6536"},"modified":"2025-01-20T18:50:53","modified_gmt":"2025-01-20T17:50:53","slug":"","status":"publish","type":"exhibition","link":"https:\/\/www.fraclorraine.org\/en\/exhibition\/pippa-garner-adelhyd-van-bender-claire-pentecost\/","title":{"rendered":"Pippa Garner, Adelhyd van Bender, Claire Pentecost","raw":"Pippa Garner, Adelhyd van Bender, Claire Pentecost"},"content":{"rendered":"\n<div class=\"wp-block-columns is-layout-flex wp-container-core-columns-is-layout-9d6595d7 wp-block-columns-is-layout-flex\">\n<div class=\"wp-block-column is-layout-flow wp-block-column-is-layout-flow\">\n<p>\u25cf What do a departure from binary thinking, the search for an atomic secret, and a decaying work of art have in common? <br><br>All three take contradictory demands and desires propagated by society as starting points to rethink the relationship between the human body and its environment: an ecology of relationships we must reinvent.<br><br>Three artists\u2019 individual presentations coexist within the premises of 49 Nord 6 Est on this exceptional occasion.<\/p>\n\n\n\n<p><\/p>\n<\/div>\n\n\n\n<div class=\"wp-block-column is-layout-flow wp-block-column-is-layout-flow\">\n<figure class=\"wp-block-image size-large\"><img loading=\"lazy\" decoding=\"async\" width=\"1024\" height=\"676\" src=\"https:\/\/www.fraclorraine.org\/wp-content\/uploads\/2023\/01\/EXPO_2023_PIPA_PENTECOST__BENDER_3-1024x676.jpg\" alt=\"\" class=\"wp-image-6527\" srcset=\"https:\/\/www.fraclorraine.org\/wp-content\/uploads\/2023\/01\/EXPO_2023_PIPA_PENTECOST__BENDER_3-1024x676.jpg 1024w, https:\/\/www.fraclorraine.org\/wp-content\/uploads\/2023\/01\/EXPO_2023_PIPA_PENTECOST__BENDER_3-300x198.jpg 300w, https:\/\/www.fraclorraine.org\/wp-content\/uploads\/2023\/01\/EXPO_2023_PIPA_PENTECOST__BENDER_3-768x507.jpg 768w, https:\/\/www.fraclorraine.org\/wp-content\/uploads\/2023\/01\/EXPO_2023_PIPA_PENTECOST__BENDER_3-1536x1014.jpg 1536w, https:\/\/www.fraclorraine.org\/wp-content\/uploads\/2023\/01\/EXPO_2023_PIPA_PENTECOST__BENDER_3-2048x1353.jpg 2048w\" sizes=\"auto, (max-width: 1024px) 100vw, 1024px\" \/><figcaption class=\"wp-element-caption\">Pippa Garner, courtesy the artist and STARS Gallery<\/figcaption><\/figure>\n<\/div>\n<\/div>\n\n\n\n<figure class=\"wp-block-gallery has-nested-images columns-default is-cropped wp-block-gallery-2 is-layout-flex wp-block-gallery-is-layout-flex\">\n<figure class=\"wp-block-image size-large\"><img loading=\"lazy\" decoding=\"async\" width=\"1024\" height=\"768\" data-id=\"7433\" src=\"https:\/\/www.fraclorraine.org\/wp-content\/uploads\/2023\/01\/1_PIPPA_GARNER-1024x768.jpg\" alt=\"\" class=\"wp-image-7433\" srcset=\"https:\/\/www.fraclorraine.org\/wp-content\/uploads\/2023\/01\/1_PIPPA_GARNER-1024x768.jpg 1024w, https:\/\/www.fraclorraine.org\/wp-content\/uploads\/2023\/01\/1_PIPPA_GARNER-300x225.jpg 300w, https:\/\/www.fraclorraine.org\/wp-content\/uploads\/2023\/01\/1_PIPPA_GARNER-768x576.jpg 768w, https:\/\/www.fraclorraine.org\/wp-content\/uploads\/2023\/01\/1_PIPPA_GARNER-1536x1152.jpg 1536w, https:\/\/www.fraclorraine.org\/wp-content\/uploads\/2023\/01\/1_PIPPA_GARNER-2048x1536.jpg 2048w\" sizes=\"auto, (max-width: 1024px) 100vw, 1024px\" \/><figcaption class=\"wp-element-caption\">Pippa Garner, vue d\u2019exposition au 49 Nord 6 Est \u2013 Frac Lorraine, Metz,\nf\u00e9vrier \u2013 ao\u00fbt 2023,  photo Fred Dott\ncourtesy de l\u2019artiste et STARS Gallery, Hollywood\n<\/figcaption><\/figure>\n\n\n\n<figure class=\"wp-block-image size-large\"><img loading=\"lazy\" decoding=\"async\" width=\"1024\" height=\"768\" data-id=\"7434\" src=\"https:\/\/www.fraclorraine.org\/wp-content\/uploads\/2023\/01\/2_PIPPA_GARNER-1024x768.jpg\" alt=\"\" class=\"wp-image-7434\" srcset=\"https:\/\/www.fraclorraine.org\/wp-content\/uploads\/2023\/01\/2_PIPPA_GARNER-1024x768.jpg 1024w, https:\/\/www.fraclorraine.org\/wp-content\/uploads\/2023\/01\/2_PIPPA_GARNER-300x225.jpg 300w, https:\/\/www.fraclorraine.org\/wp-content\/uploads\/2023\/01\/2_PIPPA_GARNER-768x576.jpg 768w, https:\/\/www.fraclorraine.org\/wp-content\/uploads\/2023\/01\/2_PIPPA_GARNER-1536x1152.jpg 1536w, https:\/\/www.fraclorraine.org\/wp-content\/uploads\/2023\/01\/2_PIPPA_GARNER-2048x1536.jpg 2048w\" sizes=\"auto, (max-width: 1024px) 100vw, 1024px\" \/><figcaption class=\"wp-element-caption\">Pippa Garner, vue d\u2019exposition au 49 Nord 6 Est \u2013 Frac Lorraine, Metz,\nf\u00e9vrier \u2013 ao\u00fbt 2023,  photo Fred Dott\ncourtesy de l\u2019artiste et STARS Gallery, Hollywood\n<\/figcaption><\/figure>\n\n\n\n<figure class=\"wp-block-image size-large\"><img loading=\"lazy\" decoding=\"async\" width=\"1024\" height=\"768\" data-id=\"7440\" src=\"https:\/\/www.fraclorraine.org\/wp-content\/uploads\/2023\/01\/10_PIPPA_GARNER-1024x768.jpg\" alt=\"\" class=\"wp-image-7440\" srcset=\"https:\/\/www.fraclorraine.org\/wp-content\/uploads\/2023\/01\/10_PIPPA_GARNER-1024x768.jpg 1024w, https:\/\/www.fraclorraine.org\/wp-content\/uploads\/2023\/01\/10_PIPPA_GARNER-300x225.jpg 300w, https:\/\/www.fraclorraine.org\/wp-content\/uploads\/2023\/01\/10_PIPPA_GARNER-768x576.jpg 768w, https:\/\/www.fraclorraine.org\/wp-content\/uploads\/2023\/01\/10_PIPPA_GARNER-1536x1152.jpg 1536w, https:\/\/www.fraclorraine.org\/wp-content\/uploads\/2023\/01\/10_PIPPA_GARNER-2048x1536.jpg 2048w\" sizes=\"auto, (max-width: 1024px) 100vw, 1024px\" \/><figcaption class=\"wp-element-caption\">Pippa Garner, vue d\u2019exposition au 49 Nord 6 Est \u2013 Frac Lorraine, Metz,\nf\u00e9vrier \u2013 ao\u00fbt 2023,  photo Fred Dott\ncourtesy de l\u2019artiste et STARS Gallery, Hollywood\n<\/figcaption><\/figure>\n\n\n\n<figure class=\"wp-block-image size-large\"><img loading=\"lazy\" decoding=\"async\" width=\"1024\" height=\"768\" data-id=\"7435\" src=\"https:\/\/www.fraclorraine.org\/wp-content\/uploads\/2023\/01\/4_PIPPA_GARNER-1024x768.jpg\" alt=\"\" class=\"wp-image-7435\" srcset=\"https:\/\/www.fraclorraine.org\/wp-content\/uploads\/2023\/01\/4_PIPPA_GARNER-1024x768.jpg 1024w, https:\/\/www.fraclorraine.org\/wp-content\/uploads\/2023\/01\/4_PIPPA_GARNER-300x225.jpg 300w, https:\/\/www.fraclorraine.org\/wp-content\/uploads\/2023\/01\/4_PIPPA_GARNER-768x576.jpg 768w, https:\/\/www.fraclorraine.org\/wp-content\/uploads\/2023\/01\/4_PIPPA_GARNER-1536x1152.jpg 1536w, https:\/\/www.fraclorraine.org\/wp-content\/uploads\/2023\/01\/4_PIPPA_GARNER-2048x1536.jpg 2048w\" sizes=\"auto, (max-width: 1024px) 100vw, 1024px\" \/><figcaption class=\"wp-element-caption\">Pippa Garner, vue d\u2019exposition au 49 Nord 6 Est \u2013 Frac Lorraine, Metz,\nf\u00e9vrier \u2013 ao\u00fbt 2023,  photo Fred Dott\ncourtesy de l\u2019artiste et STARS Gallery, Hollywood\n<\/figcaption><\/figure>\n\n\n\n<figure class=\"wp-block-image size-large\"><img loading=\"lazy\" decoding=\"async\" width=\"1024\" height=\"768\" data-id=\"7439\" src=\"https:\/\/www.fraclorraine.org\/wp-content\/uploads\/2023\/01\/9_PIPPA_GARNER-1024x768.jpg\" alt=\"\" class=\"wp-image-7439\" srcset=\"https:\/\/www.fraclorraine.org\/wp-content\/uploads\/2023\/01\/9_PIPPA_GARNER-1024x768.jpg 1024w, https:\/\/www.fraclorraine.org\/wp-content\/uploads\/2023\/01\/9_PIPPA_GARNER-300x225.jpg 300w, https:\/\/www.fraclorraine.org\/wp-content\/uploads\/2023\/01\/9_PIPPA_GARNER-768x576.jpg 768w, https:\/\/www.fraclorraine.org\/wp-content\/uploads\/2023\/01\/9_PIPPA_GARNER-1536x1152.jpg 1536w, https:\/\/www.fraclorraine.org\/wp-content\/uploads\/2023\/01\/9_PIPPA_GARNER-2048x1536.jpg 2048w\" sizes=\"auto, (max-width: 1024px) 100vw, 1024px\" \/><figcaption class=\"wp-element-caption\">Pippa Garner, vue d\u2019exposition au 49 Nord 6 Est \u2013 Frac Lorraine, Metz,\nf\u00e9vrier \u2013 ao\u00fbt 2023,  photo Fred Dott\ncourtesy de l\u2019artiste et STARS Gallery, Hollywood\n<\/figcaption><\/figure>\n\n\n\n<figure class=\"wp-block-image size-large\"><img loading=\"lazy\" decoding=\"async\" width=\"1024\" height=\"768\" data-id=\"7441\" src=\"https:\/\/www.fraclorraine.org\/wp-content\/uploads\/2023\/01\/11_PIPPA_GARNER-1024x768.jpg\" alt=\"\" class=\"wp-image-7441\" srcset=\"https:\/\/www.fraclorraine.org\/wp-content\/uploads\/2023\/01\/11_PIPPA_GARNER-1024x768.jpg 1024w, https:\/\/www.fraclorraine.org\/wp-content\/uploads\/2023\/01\/11_PIPPA_GARNER-300x225.jpg 300w, https:\/\/www.fraclorraine.org\/wp-content\/uploads\/2023\/01\/11_PIPPA_GARNER-768x576.jpg 768w, https:\/\/www.fraclorraine.org\/wp-content\/uploads\/2023\/01\/11_PIPPA_GARNER-1536x1152.jpg 1536w, https:\/\/www.fraclorraine.org\/wp-content\/uploads\/2023\/01\/11_PIPPA_GARNER-2048x1536.jpg 2048w\" sizes=\"auto, (max-width: 1024px) 100vw, 1024px\" \/><figcaption class=\"wp-element-caption\">Pippa Garner, vue d\u2019exposition au 49 Nord 6 Est \u2013 Frac Lorraine, Metz,\nf\u00e9vrier \u2013 ao\u00fbt 2023,  photo Fred Dott\ncourtesy de l\u2019artiste et STARS Gallery, Hollywood\n<\/figcaption><\/figure>\n\n\n\n<figure class=\"wp-block-image size-large\"><img loading=\"lazy\" decoding=\"async\" width=\"1024\" height=\"768\" data-id=\"7436\" src=\"https:\/\/www.fraclorraine.org\/wp-content\/uploads\/2023\/01\/5_PIPPA_GARNER-1024x768.jpg\" alt=\"\" class=\"wp-image-7436\" srcset=\"https:\/\/www.fraclorraine.org\/wp-content\/uploads\/2023\/01\/5_PIPPA_GARNER-1024x768.jpg 1024w, https:\/\/www.fraclorraine.org\/wp-content\/uploads\/2023\/01\/5_PIPPA_GARNER-300x225.jpg 300w, https:\/\/www.fraclorraine.org\/wp-content\/uploads\/2023\/01\/5_PIPPA_GARNER-768x576.jpg 768w, https:\/\/www.fraclorraine.org\/wp-content\/uploads\/2023\/01\/5_PIPPA_GARNER-1536x1152.jpg 1536w, https:\/\/www.fraclorraine.org\/wp-content\/uploads\/2023\/01\/5_PIPPA_GARNER-2048x1536.jpg 2048w\" sizes=\"auto, (max-width: 1024px) 100vw, 1024px\" \/><figcaption class=\"wp-element-caption\">Pippa Garner, vue d\u2019exposition au 49 Nord 6 Est \u2013 Frac Lorraine, Metz,\nf\u00e9vrier \u2013 ao\u00fbt 2023,  photo Fred Dott\ncourtesy de l\u2019artiste et STARS Gallery, Hollywood\n<\/figcaption><\/figure>\n\n\n\n<figure class=\"wp-block-image size-large\"><img loading=\"lazy\" decoding=\"async\" width=\"1024\" height=\"768\" data-id=\"7443\" src=\"https:\/\/www.fraclorraine.org\/wp-content\/uploads\/2023\/01\/13_PIPPA_GARNER-1024x768.jpg\" alt=\"\" class=\"wp-image-7443\" srcset=\"https:\/\/www.fraclorraine.org\/wp-content\/uploads\/2023\/01\/13_PIPPA_GARNER-1024x768.jpg 1024w, https:\/\/www.fraclorraine.org\/wp-content\/uploads\/2023\/01\/13_PIPPA_GARNER-300x225.jpg 300w, https:\/\/www.fraclorraine.org\/wp-content\/uploads\/2023\/01\/13_PIPPA_GARNER-768x576.jpg 768w, https:\/\/www.fraclorraine.org\/wp-content\/uploads\/2023\/01\/13_PIPPA_GARNER-1536x1152.jpg 1536w, https:\/\/www.fraclorraine.org\/wp-content\/uploads\/2023\/01\/13_PIPPA_GARNER-2048x1536.jpg 2048w\" sizes=\"auto, (max-width: 1024px) 100vw, 1024px\" \/><figcaption class=\"wp-element-caption\">Pippa Garner, vue d\u2019exposition au 49 Nord 6 Est \u2013 Frac Lorraine, Metz,\nf\u00e9vrier \u2013 ao\u00fbt 2023,  photo Fred Dott\ncourtesy de l\u2019artiste et STARS Gallery, Hollywood<\/figcaption><\/figure>\n\n\n\n<figure class=\"wp-block-image size-large\"><img loading=\"lazy\" decoding=\"async\" width=\"1024\" height=\"768\" data-id=\"7442\" src=\"https:\/\/www.fraclorraine.org\/wp-content\/uploads\/2023\/01\/12_PIPPA_GARNER-1024x768.jpg\" alt=\"\" class=\"wp-image-7442\" srcset=\"https:\/\/www.fraclorraine.org\/wp-content\/uploads\/2023\/01\/12_PIPPA_GARNER-1024x768.jpg 1024w, https:\/\/www.fraclorraine.org\/wp-content\/uploads\/2023\/01\/12_PIPPA_GARNER-300x225.jpg 300w, https:\/\/www.fraclorraine.org\/wp-content\/uploads\/2023\/01\/12_PIPPA_GARNER-768x576.jpg 768w, https:\/\/www.fraclorraine.org\/wp-content\/uploads\/2023\/01\/12_PIPPA_GARNER-1536x1152.jpg 1536w, https:\/\/www.fraclorraine.org\/wp-content\/uploads\/2023\/01\/12_PIPPA_GARNER-2048x1536.jpg 2048w\" sizes=\"auto, (max-width: 1024px) 100vw, 1024px\" \/><figcaption class=\"wp-element-caption\">Pippa Garner, vue d\u2019exposition au 49 Nord 6 Est \u2013 Frac Lorraine, Metz,\nf\u00e9vrier \u2013 ao\u00fbt 2023,  photo Fred Dott\ncourtesy de l\u2019artiste et STARS Gallery, Hollywood\n<\/figcaption><\/figure>\n\n\n\n<figure class=\"wp-block-image size-large\"><img loading=\"lazy\" decoding=\"async\" width=\"1024\" height=\"768\" data-id=\"7438\" src=\"https:\/\/www.fraclorraine.org\/wp-content\/uploads\/2023\/01\/7_PIPPA_GARNER-1024x768.jpg\" alt=\"\" class=\"wp-image-7438\" srcset=\"https:\/\/www.fraclorraine.org\/wp-content\/uploads\/2023\/01\/7_PIPPA_GARNER-1024x768.jpg 1024w, https:\/\/www.fraclorraine.org\/wp-content\/uploads\/2023\/01\/7_PIPPA_GARNER-300x225.jpg 300w, https:\/\/www.fraclorraine.org\/wp-content\/uploads\/2023\/01\/7_PIPPA_GARNER-768x576.jpg 768w, https:\/\/www.fraclorraine.org\/wp-content\/uploads\/2023\/01\/7_PIPPA_GARNER-1536x1152.jpg 1536w, https:\/\/www.fraclorraine.org\/wp-content\/uploads\/2023\/01\/7_PIPPA_GARNER-2048x1536.jpg 2048w\" sizes=\"auto, (max-width: 1024px) 100vw, 1024px\" \/><figcaption class=\"wp-element-caption\">Pippa Garner, vue d\u2019exposition au 49 Nord 6 Est \u2013 Frac Lorraine, Metz,\nf\u00e9vrier \u2013 ao\u00fbt 2023,  photo Fred Dott\ncourtesy de l\u2019artiste et STARS Gallery, Hollywood\n<\/figcaption><\/figure>\n\n\n\n<figure class=\"wp-block-image size-large\"><img loading=\"lazy\" decoding=\"async\" width=\"1024\" height=\"768\" data-id=\"7437\" src=\"https:\/\/www.fraclorraine.org\/wp-content\/uploads\/2023\/01\/6_PIPPA_GARNER-1024x768.jpg\" alt=\"\" class=\"wp-image-7437\" srcset=\"https:\/\/www.fraclorraine.org\/wp-content\/uploads\/2023\/01\/6_PIPPA_GARNER-1024x768.jpg 1024w, https:\/\/www.fraclorraine.org\/wp-content\/uploads\/2023\/01\/6_PIPPA_GARNER-300x225.jpg 300w, https:\/\/www.fraclorraine.org\/wp-content\/uploads\/2023\/01\/6_PIPPA_GARNER-768x576.jpg 768w, https:\/\/www.fraclorraine.org\/wp-content\/uploads\/2023\/01\/6_PIPPA_GARNER-1536x1152.jpg 1536w, https:\/\/www.fraclorraine.org\/wp-content\/uploads\/2023\/01\/6_PIPPA_GARNER-2048x1536.jpg 2048w\" sizes=\"auto, (max-width: 1024px) 100vw, 1024px\" \/><figcaption class=\"wp-element-caption\">Pippa Garner, vue d\u2019exposition au 49 Nord 6 Est \u2013 Frac Lorraine, Metz,\nf\u00e9vrier \u2013 ao\u00fbt 2023,  photo Fred Dott\ncourtesy de l\u2019artiste et STARS Gallery, Hollywood\n<\/figcaption><\/figure>\n\n\n\n<figure class=\"wp-block-image size-large\"><img loading=\"lazy\" decoding=\"async\" width=\"1024\" height=\"768\" data-id=\"7432\" src=\"https:\/\/www.fraclorraine.org\/wp-content\/uploads\/2023\/01\/1_CLAIRE_PENTECOST-1024x768.jpg\" alt=\"\" class=\"wp-image-7432\" srcset=\"https:\/\/www.fraclorraine.org\/wp-content\/uploads\/2023\/01\/1_CLAIRE_PENTECOST-1024x768.jpg 1024w, https:\/\/www.fraclorraine.org\/wp-content\/uploads\/2023\/01\/1_CLAIRE_PENTECOST-300x225.jpg 300w, https:\/\/www.fraclorraine.org\/wp-content\/uploads\/2023\/01\/1_CLAIRE_PENTECOST-768x576.jpg 768w, https:\/\/www.fraclorraine.org\/wp-content\/uploads\/2023\/01\/1_CLAIRE_PENTECOST-1536x1152.jpg 1536w, https:\/\/www.fraclorraine.org\/wp-content\/uploads\/2023\/01\/1_CLAIRE_PENTECOST-2048x1536.jpg 2048w\" sizes=\"auto, (max-width: 1024px) 100vw, 1024px\" \/><figcaption class=\"wp-element-caption\">Claire Pentecost, vue d\u2019exposition au 49 Nord 6 Est \u2013 Frac Lorraine, Metz,\nf\u00e9vrier \u2013 ao\u00fbt 2023,  photo Fred Dott<\/figcaption><\/figure>\n<\/figure>\n\n\n\n<div class=\"wp-block-columns is-layout-flex wp-container-core-columns-is-layout-9d6595d7 wp-block-columns-is-layout-flex\">\n<div class=\"wp-block-column is-layout-flow wp-block-column-is-layout-flow\">\n<p>Pippa Garner is an inventor, photographer, and performer. She diverts and redirects whatever she sees and whatever she uses, rejecting readymade categories \u2014 including those related to gender. Having embarked on a quest for an atomic formula potentially nested within his own body, Adelhyd van Bender stubbornly produced works on paper in an inquiry that blends an ecological threat and irrationality. As for Claire Pentecost, she has composted an American flag, initiating a process of degradation in which the soil feeds on a symbol. This fragile work from the Frac&#8217;s collection was studied for a year at the Institut National du Patrimoine; the accompanying research is presented alongside the piece, placing it in a new light.<\/p>\n\n\n\n<p>These works explore thresholds, at the junction between invention and rejection of consumer society (P. Garner), between body and chemical formula (A. van Bender), between earth and nation (C. Pentecost). All of them open unexpected perspectives. In a society based on the cult of innovation, they question with humor \u2014 and at times self-deprecation \u2014 the means at our disposal to build a future.<\/p>\n<\/div>\n\n\n\n<div class=\"wp-block-column is-layout-flow wp-block-column-is-layout-flow\">\n<figure class=\"wp-block-image size-large\"><img loading=\"lazy\" decoding=\"async\" width=\"1024\" height=\"768\" src=\"https:\/\/www.fraclorraine.org\/wp-content\/uploads\/2023\/01\/1_ADELHYD_VAN_BENDER-1024x768.jpg\" alt=\"\" class=\"wp-image-7431\" srcset=\"https:\/\/www.fraclorraine.org\/wp-content\/uploads\/2023\/01\/1_ADELHYD_VAN_BENDER-1024x768.jpg 1024w, https:\/\/www.fraclorraine.org\/wp-content\/uploads\/2023\/01\/1_ADELHYD_VAN_BENDER-300x225.jpg 300w, https:\/\/www.fraclorraine.org\/wp-content\/uploads\/2023\/01\/1_ADELHYD_VAN_BENDER-768x576.jpg 768w, https:\/\/www.fraclorraine.org\/wp-content\/uploads\/2023\/01\/1_ADELHYD_VAN_BENDER-1536x1152.jpg 1536w, https:\/\/www.fraclorraine.org\/wp-content\/uploads\/2023\/01\/1_ADELHYD_VAN_BENDER-2048x1536.jpg 2048w\" sizes=\"auto, (max-width: 1024px) 100vw, 1024px\" \/><figcaption class=\"wp-element-caption\">Adelhyd van Bender, vue d\u2019exposition au 49 Nord 6 Est \u2013 Frac Lorraine, Metz, photo: Fred Dott<br>courtesy Delmes &amp; Zander, Cologne<\/figcaption><\/figure>\n<\/div>\n<\/div>\n\n\n\n<div class=\"wp-block-columns is-layout-flex wp-container-core-columns-is-layout-9d6595d7 wp-block-columns-is-layout-flex\">\n<div class=\"wp-block-column is-layout-flow wp-block-column-is-layout-flow\">\n<h3 class=\"wp-block-heading\">Access<\/h3>\n\n\n\n<p>Free admission<br><br>Tue \u2013 Fr : 2 \u2013 6 p.m.<br>Sa \u2013 Sun : 11 a.m. \u2013 7 p.m.<\/p>\n\n\n\n<p>49 Nord 6 Est &#8211; Frac Lorraine<br>1 bis, rue des Trinitaires,<br>57000 Metz<\/p>\n\n\n\n<p>info@fraclorraine.org<br>0033 (3) 87 74 20 02<\/p>\n\n\n\n<p><\/p>\n<\/div>\n\n\n\n<div class=\"wp-block-column is-layout-flow wp-block-column-is-layout-flow\">\n<h3 class=\"wp-block-heading\">Infos <\/h3>\n\n\n\n<p>\u21b3 Opening 16 February 2022, 7.30 p.m.<\/p>\n<\/div>\n<\/div>\n","protected":false,"raw":"<!-- wp:columns -->\n<div class=\"wp-block-columns\"><!-- wp:column -->\n<div class=\"wp-block-column\"><!-- wp:paragraph -->\n<p>\u25cf What do a departure from binary thinking, the search for an atomic secret, and a decaying work of art have in common? <br><br>All three take contradictory demands and desires propagated by society as starting points to rethink the relationship between the human body and its environment: an ecology of relationships we must reinvent.<br><br>Three artists\u2019 individual presentations coexist within the premises of 49 Nord 6 Est on this exceptional occasion.<\/p>\n<!-- \/wp:paragraph -->\n\n<!-- wp:paragraph -->\n<p><\/p>\n<!-- \/wp:paragraph --><\/div>\n<!-- \/wp:column -->\n\n<!-- wp:column -->\n<div class=\"wp-block-column\"><!-- wp:image {\"id\":6527,\"sizeSlug\":\"large\",\"linkDestination\":\"none\"} -->\n<figure class=\"wp-block-image size-large\"><img src=\"https:\/\/www.fraclorraine.org\/wp-content\/uploads\/2023\/01\/EXPO_2023_PIPA_PENTECOST__BENDER_3-1024x676.jpg\" alt=\"\" class=\"wp-image-6527\"\/><figcaption class=\"wp-element-caption\">Pippa Garner, courtesy the artist and STARS Gallery<\/figcaption><\/figure>\n<!-- \/wp:image --><\/div>\n<!-- \/wp:column --><\/div>\n<!-- \/wp:columns -->\n\n<!-- wp:gallery {\"linkTo\":\"none\"} -->\n<figure class=\"wp-block-gallery has-nested-images columns-default is-cropped\"><!-- wp:image {\"id\":7433,\"sizeSlug\":\"large\",\"linkDestination\":\"none\"} -->\n<figure class=\"wp-block-image size-large\"><img src=\"https:\/\/www.fraclorraine.org\/wp-content\/uploads\/2023\/01\/1_PIPPA_GARNER-1024x768.jpg\" alt=\"\" class=\"wp-image-7433\"\/><figcaption class=\"wp-element-caption\">Pippa Garner, vue d\u2019exposition au 49 Nord 6 Est \u2013 Frac Lorraine, Metz,\nf\u00e9vrier \u2013 ao\u00fbt 2023,  photo Fred Dott\ncourtesy de l\u2019artiste et STARS Gallery, Hollywood\n<\/figcaption><\/figure>\n<!-- \/wp:image -->\n\n<!-- wp:image {\"id\":7434,\"sizeSlug\":\"large\",\"linkDestination\":\"none\"} -->\n<figure class=\"wp-block-image size-large\"><img src=\"https:\/\/www.fraclorraine.org\/wp-content\/uploads\/2023\/01\/2_PIPPA_GARNER-1024x768.jpg\" alt=\"\" class=\"wp-image-7434\"\/><figcaption class=\"wp-element-caption\">Pippa Garner, vue d\u2019exposition au 49 Nord 6 Est \u2013 Frac Lorraine, Metz,\nf\u00e9vrier \u2013 ao\u00fbt 2023,  photo Fred Dott\ncourtesy de l\u2019artiste et STARS Gallery, Hollywood\n<\/figcaption><\/figure>\n<!-- \/wp:image -->\n\n<!-- wp:image {\"id\":7440,\"sizeSlug\":\"large\",\"linkDestination\":\"none\"} -->\n<figure class=\"wp-block-image size-large\"><img src=\"https:\/\/www.fraclorraine.org\/wp-content\/uploads\/2023\/01\/10_PIPPA_GARNER-1024x768.jpg\" alt=\"\" class=\"wp-image-7440\"\/><figcaption class=\"wp-element-caption\">Pippa Garner, vue d\u2019exposition au 49 Nord 6 Est \u2013 Frac Lorraine, Metz,\nf\u00e9vrier \u2013 ao\u00fbt 2023,  photo Fred Dott\ncourtesy de l\u2019artiste et STARS Gallery, Hollywood\n<\/figcaption><\/figure>\n<!-- \/wp:image -->\n\n<!-- wp:image {\"id\":7435,\"sizeSlug\":\"large\",\"linkDestination\":\"none\"} -->\n<figure class=\"wp-block-image size-large\"><img src=\"https:\/\/www.fraclorraine.org\/wp-content\/uploads\/2023\/01\/4_PIPPA_GARNER-1024x768.jpg\" alt=\"\" class=\"wp-image-7435\"\/><figcaption class=\"wp-element-caption\">Pippa Garner, vue d\u2019exposition au 49 Nord 6 Est \u2013 Frac Lorraine, Metz,\nf\u00e9vrier \u2013 ao\u00fbt 2023,  photo Fred Dott\ncourtesy de l\u2019artiste et STARS Gallery, Hollywood\n<\/figcaption><\/figure>\n<!-- \/wp:image -->\n\n<!-- wp:image {\"id\":7439,\"sizeSlug\":\"large\",\"linkDestination\":\"none\"} -->\n<figure class=\"wp-block-image size-large\"><img src=\"https:\/\/www.fraclorraine.org\/wp-content\/uploads\/2023\/01\/9_PIPPA_GARNER-1024x768.jpg\" alt=\"\" class=\"wp-image-7439\"\/><figcaption class=\"wp-element-caption\">Pippa Garner, vue d\u2019exposition au 49 Nord 6 Est \u2013 Frac Lorraine, Metz,\nf\u00e9vrier \u2013 ao\u00fbt 2023,  photo Fred Dott\ncourtesy de l\u2019artiste et STARS Gallery, Hollywood\n<\/figcaption><\/figure>\n<!-- \/wp:image -->\n\n<!-- wp:image {\"id\":7441,\"sizeSlug\":\"large\",\"linkDestination\":\"none\"} -->\n<figure class=\"wp-block-image size-large\"><img src=\"https:\/\/www.fraclorraine.org\/wp-content\/uploads\/2023\/01\/11_PIPPA_GARNER-1024x768.jpg\" alt=\"\" class=\"wp-image-7441\"\/><figcaption class=\"wp-element-caption\">Pippa Garner, vue d\u2019exposition au 49 Nord 6 Est \u2013 Frac Lorraine, Metz,\nf\u00e9vrier \u2013 ao\u00fbt 2023,  photo Fred Dott\ncourtesy de l\u2019artiste et STARS Gallery, Hollywood\n<\/figcaption><\/figure>\n<!-- \/wp:image -->\n\n<!-- wp:image {\"id\":7436,\"sizeSlug\":\"large\",\"linkDestination\":\"none\"} -->\n<figure class=\"wp-block-image size-large\"><img src=\"https:\/\/www.fraclorraine.org\/wp-content\/uploads\/2023\/01\/5_PIPPA_GARNER-1024x768.jpg\" alt=\"\" class=\"wp-image-7436\"\/><figcaption class=\"wp-element-caption\">Pippa Garner, vue d\u2019exposition au 49 Nord 6 Est \u2013 Frac Lorraine, Metz,\nf\u00e9vrier \u2013 ao\u00fbt 2023,  photo Fred Dott\ncourtesy de l\u2019artiste et STARS Gallery, Hollywood\n<\/figcaption><\/figure>\n<!-- \/wp:image -->\n\n<!-- wp:image {\"id\":7443,\"sizeSlug\":\"large\",\"linkDestination\":\"none\"} -->\n<figure class=\"wp-block-image size-large\"><img src=\"https:\/\/www.fraclorraine.org\/wp-content\/uploads\/2023\/01\/13_PIPPA_GARNER-1024x768.jpg\" alt=\"\" class=\"wp-image-7443\"\/><figcaption class=\"wp-element-caption\">Pippa Garner, vue d\u2019exposition au 49 Nord 6 Est \u2013 Frac Lorraine, Metz,\nf\u00e9vrier \u2013 ao\u00fbt 2023,  photo Fred Dott\ncourtesy de l\u2019artiste et STARS Gallery, Hollywood<\/figcaption><\/figure>\n<!-- \/wp:image -->\n\n<!-- wp:image {\"id\":7442,\"sizeSlug\":\"large\",\"linkDestination\":\"none\"} -->\n<figure class=\"wp-block-image size-large\"><img src=\"https:\/\/www.fraclorraine.org\/wp-content\/uploads\/2023\/01\/12_PIPPA_GARNER-1024x768.jpg\" alt=\"\" class=\"wp-image-7442\"\/><figcaption class=\"wp-element-caption\">Pippa Garner, vue d\u2019exposition au 49 Nord 6 Est \u2013 Frac Lorraine, Metz,\nf\u00e9vrier \u2013 ao\u00fbt 2023,  photo Fred Dott\ncourtesy de l\u2019artiste et STARS Gallery, Hollywood\n<\/figcaption><\/figure>\n<!-- \/wp:image -->\n\n<!-- wp:image {\"id\":7438,\"sizeSlug\":\"large\",\"linkDestination\":\"none\"} -->\n<figure class=\"wp-block-image size-large\"><img src=\"https:\/\/www.fraclorraine.org\/wp-content\/uploads\/2023\/01\/7_PIPPA_GARNER-1024x768.jpg\" alt=\"\" class=\"wp-image-7438\"\/><figcaption class=\"wp-element-caption\">Pippa Garner, vue d\u2019exposition au 49 Nord 6 Est \u2013 Frac Lorraine, Metz,\nf\u00e9vrier \u2013 ao\u00fbt 2023,  photo Fred Dott\ncourtesy de l\u2019artiste et STARS Gallery, Hollywood\n<\/figcaption><\/figure>\n<!-- \/wp:image -->\n\n<!-- wp:image {\"id\":7437,\"sizeSlug\":\"large\",\"linkDestination\":\"none\"} -->\n<figure class=\"wp-block-image size-large\"><img src=\"https:\/\/www.fraclorraine.org\/wp-content\/uploads\/2023\/01\/6_PIPPA_GARNER-1024x768.jpg\" alt=\"\" class=\"wp-image-7437\"\/><figcaption class=\"wp-element-caption\">Pippa Garner, vue d\u2019exposition au 49 Nord 6 Est \u2013 Frac Lorraine, Metz,\nf\u00e9vrier \u2013 ao\u00fbt 2023,  photo Fred Dott\ncourtesy de l\u2019artiste et STARS Gallery, Hollywood\n<\/figcaption><\/figure>\n<!-- \/wp:image -->\n\n<!-- wp:image {\"id\":7432,\"sizeSlug\":\"large\",\"linkDestination\":\"none\"} -->\n<figure class=\"wp-block-image size-large\"><img src=\"https:\/\/www.fraclorraine.org\/wp-content\/uploads\/2023\/01\/1_CLAIRE_PENTECOST-1024x768.jpg\" alt=\"\" class=\"wp-image-7432\"\/><figcaption class=\"wp-element-caption\">Claire Pentecost, vue d\u2019exposition au 49 Nord 6 Est \u2013 Frac Lorraine, Metz,\nf\u00e9vrier \u2013 ao\u00fbt 2023,  photo Fred Dott<\/figcaption><\/figure>\n<!-- \/wp:image --><\/figure>\n<!-- \/wp:gallery -->\n\n<!-- wp:columns -->\n<div class=\"wp-block-columns\"><!-- wp:column -->\n<div class=\"wp-block-column\"><!-- wp:paragraph -->\n<p>Pippa Garner is an inventor, photographer, and performer. She diverts and redirects whatever she sees and whatever she uses, rejecting readymade categories \u2014 including those related to gender. Having embarked on a quest for an atomic formula potentially nested within his own body, Adelhyd van Bender stubbornly produced works on paper in an inquiry that blends an ecological threat and irrationality. As for Claire Pentecost, she has composted an American flag, initiating a process of degradation in which the soil feeds on a symbol. This fragile work from the Frac's collection was studied for a year at the Institut National du Patrimoine; the accompanying research is presented alongside the piece, placing it in a new light.<\/p>\n<!-- \/wp:paragraph -->\n\n<!-- wp:paragraph -->\n<p>These works explore thresholds, at the junction between invention and rejection of consumer society (P. Garner), between body and chemical formula (A. van Bender), between earth and nation (C. Pentecost). All of them open unexpected perspectives. In a society based on the cult of innovation, they question with humor \u2014 and at times self-deprecation \u2014 the means at our disposal to build a future.<\/p>\n<!-- \/wp:paragraph --><\/div>\n<!-- \/wp:column -->\n\n<!-- wp:column -->\n<div class=\"wp-block-column\"><!-- wp:image {\"id\":7431,\"sizeSlug\":\"large\",\"linkDestination\":\"none\"} -->\n<figure class=\"wp-block-image size-large\"><img src=\"https:\/\/www.fraclorraine.org\/wp-content\/uploads\/2023\/01\/1_ADELHYD_VAN_BENDER-1024x768.jpg\" alt=\"\" class=\"wp-image-7431\"\/><figcaption class=\"wp-element-caption\">Adelhyd van Bender, vue d\u2019exposition au 49 Nord 6 Est \u2013 Frac Lorraine, Metz, photo: Fred Dott<br>courtesy Delmes &amp; Zander, Cologne<\/figcaption><\/figure>\n<!-- \/wp:image --><\/div>\n<!-- \/wp:column --><\/div>\n<!-- \/wp:columns -->\n\n<!-- wp:columns -->\n<div class=\"wp-block-columns\"><!-- wp:column -->\n<div class=\"wp-block-column\"><!-- wp:heading {\"level\":3} -->\n<h3 class=\"wp-block-heading\">Access<\/h3>\n<!-- \/wp:heading -->\n\n<!-- wp:paragraph -->\n<p>Free admission<br><br>Tue \u2013 Fr : 2 \u2013 6 p.m.<br>Sa \u2013 Sun : 11 a.m. \u2013 7 p.m.<\/p>\n<!-- \/wp:paragraph -->\n\n<!-- wp:paragraph -->\n<p>49 Nord 6 Est - Frac Lorraine<br>1 bis, rue des Trinitaires,<br>57000 Metz<\/p>\n<!-- \/wp:paragraph -->\n\n<!-- wp:paragraph -->\n<p>info@fraclorraine.org<br>0033 (3) 87 74 20 02<\/p>\n<!-- \/wp:paragraph -->\n\n<!-- wp:paragraph -->\n<p><\/p>\n<!-- \/wp:paragraph --><\/div>\n<!-- \/wp:column -->\n\n<!-- wp:column -->\n<div class=\"wp-block-column\"><!-- wp:heading {\"level\":3} -->\n<h3 class=\"wp-block-heading\">Infos <\/h3>\n<!-- \/wp:heading -->\n\n<!-- wp:paragraph -->\n<p>\u21b3 Opening 16 February 2022, 7.30 p.m.<\/p>\n<!-- \/wp:paragraph --><\/div>\n<!-- \/wp:column --><\/div>\n<!-- \/wp:columns -->"},"template":"","meta":{"inline_featured_image":false,"_fr_post_content":"<!-- wp:columns -->\n<div class=\"wp-block-columns\"><!-- wp:column -->\n<div class=\"wp-block-column\"><!-- wp:paragraph -->\n<p>\u25cf Qu\u2019ont en commun une \u00e9mancipation de la pens\u00e9e binaire, la qu\u00eate d\u2019une formule atomique et une \u0153uvre d\u2019art en voie de d\u00e9composition ? <br><br>Ensemble, elles explorent des exigences et d\u00e9sirs contradictoires, transmis par la soci\u00e9t\u00e9, pour repenser la mani\u00e8re dont le corps humain se relie \u00e0 son environnement \u2013 une \u00e9cologie des relations \u00e0 r\u00e9inventer.<\/p>\n<!-- \/wp:paragraph -->\n\n<!-- wp:paragraph -->\n<p>Exceptionnellement au 49 Nord 6 Est, trois artistes cohabitent dans des pr\u00e9sentations individuelles. <\/p>\n<!-- \/wp:paragraph --><\/div>\n<!-- \/wp:column -->\n\n<!-- wp:column -->\n<div class=\"wp-block-column\"><!-- wp:image {\"id\":6527,\"sizeSlug\":\"large\",\"linkDestination\":\"none\"} -->\n<figure class=\"wp-block-image size-large\"><img src=\"https:\/\/www.fraclorraine.org\/wp-content\/uploads\/2023\/01\/EXPO_2023_PIPA_PENTECOST__BENDER_3-1024x676.jpg\" alt=\"\" class=\"wp-image-6527\"\/><figcaption class=\"wp-element-caption\">Pippa Garner, courtesy de l'artiste et STARS Gallery<\/figcaption><\/figure>\n<!-- \/wp:image --><\/div>\n<!-- \/wp:column --><\/div>\n<!-- \/wp:columns -->\n\n<!-- wp:gallery {\"linkTo\":\"none\"} -->\n<figure class=\"wp-block-gallery has-nested-images columns-default is-cropped\"><!-- wp:image {\"id\":7432,\"sizeSlug\":\"large\",\"linkDestination\":\"none\"} -->\n<figure class=\"wp-block-image size-large\"><img src=\"https:\/\/www.fraclorraine.org\/wp-content\/uploads\/2023\/01\/1_CLAIRE_PENTECOST-1024x768.jpg\" alt=\"\" class=\"wp-image-7432\"\/><figcaption class=\"wp-element-caption\">Claire Pentecost, vue d\u2019exposition au 49 Nord 6 Est \u2013 Frac Lorraine, Metz,\nf\u00e9vrier \u2013 ao\u00fbt 2023,  photo Fred Dott<\/figcaption><\/figure>\n<!-- \/wp:image -->\n\n<!-- wp:image {\"id\":7433,\"sizeSlug\":\"large\",\"linkDestination\":\"none\"} -->\n<figure class=\"wp-block-image size-large\"><img src=\"https:\/\/www.fraclorraine.org\/wp-content\/uploads\/2023\/01\/1_PIPPA_GARNER-1024x768.jpg\" alt=\"\" class=\"wp-image-7433\"\/><figcaption class=\"wp-element-caption\">Pippa Garner, vue d\u2019exposition au 49 Nord 6 Est \u2013 Frac Lorraine, Metz,\nf\u00e9vrier \u2013 ao\u00fbt 2023,  photo Fred Dott\ncourtesy de l\u2019artiste et STARS Gallery, Hollywood\n<\/figcaption><\/figure>\n<!-- \/wp:image -->\n\n<!-- wp:image {\"id\":7434,\"sizeSlug\":\"large\",\"linkDestination\":\"none\"} -->\n<figure class=\"wp-block-image size-large\"><img src=\"https:\/\/www.fraclorraine.org\/wp-content\/uploads\/2023\/01\/2_PIPPA_GARNER-1024x768.jpg\" alt=\"\" class=\"wp-image-7434\"\/><figcaption class=\"wp-element-caption\">Pippa Garner, vue d\u2019exposition au 49 Nord 6 Est \u2013 Frac Lorraine, Metz,\nf\u00e9vrier \u2013 ao\u00fbt 2023,  photo Fred Dott\ncourtesy de l\u2019artiste et STARS Gallery, Hollywood\n<\/figcaption><\/figure>\n<!-- \/wp:image -->\n\n<!-- wp:image {\"id\":7440,\"sizeSlug\":\"large\",\"linkDestination\":\"none\"} -->\n<figure class=\"wp-block-image size-large\"><img src=\"https:\/\/www.fraclorraine.org\/wp-content\/uploads\/2023\/01\/10_PIPPA_GARNER-1024x768.jpg\" alt=\"\" class=\"wp-image-7440\"\/><figcaption class=\"wp-element-caption\">Pippa Garner, vue d\u2019exposition au 49 Nord 6 Est \u2013 Frac Lorraine, Metz,\nf\u00e9vrier \u2013 ao\u00fbt 2023,  photo Fred Dott\ncourtesy de l\u2019artiste et STARS Gallery, Hollywood\n<\/figcaption><\/figure>\n<!-- \/wp:image -->\n\n<!-- wp:image {\"id\":7435,\"sizeSlug\":\"large\",\"linkDestination\":\"none\"} -->\n<figure class=\"wp-block-image size-large\"><img src=\"https:\/\/www.fraclorraine.org\/wp-content\/uploads\/2023\/01\/4_PIPPA_GARNER-1024x768.jpg\" alt=\"\" class=\"wp-image-7435\"\/><figcaption class=\"wp-element-caption\">Pippa Garner, vue d\u2019exposition au 49 Nord 6 Est \u2013 Frac Lorraine, Metz,\nf\u00e9vrier \u2013 ao\u00fbt 2023,  photo Fred Dott\ncourtesy de l\u2019artiste et STARS Gallery, Hollywood\n<\/figcaption><\/figure>\n<!-- \/wp:image -->\n\n<!-- wp:image {\"id\":7439,\"sizeSlug\":\"large\",\"linkDestination\":\"none\"} -->\n<figure class=\"wp-block-image size-large\"><img src=\"https:\/\/www.fraclorraine.org\/wp-content\/uploads\/2023\/01\/9_PIPPA_GARNER-1024x768.jpg\" alt=\"\" class=\"wp-image-7439\"\/><figcaption class=\"wp-element-caption\">Pippa Garner, vue d\u2019exposition au 49 Nord 6 Est \u2013 Frac Lorraine, Metz,\nf\u00e9vrier \u2013 ao\u00fbt 2023,  photo Fred Dott\ncourtesy de l\u2019artiste et STARS Gallery, Hollywood\n<\/figcaption><\/figure>\n<!-- \/wp:image -->\n\n<!-- wp:image {\"id\":7436,\"sizeSlug\":\"large\",\"linkDestination\":\"none\"} -->\n<figure class=\"wp-block-image size-large\"><img src=\"https:\/\/www.fraclorraine.org\/wp-content\/uploads\/2023\/01\/5_PIPPA_GARNER-1024x768.jpg\" alt=\"\" class=\"wp-image-7436\"\/><figcaption class=\"wp-element-caption\">Pippa Garner, vue d\u2019exposition au 49 Nord 6 Est \u2013 Frac Lorraine, Metz,\nf\u00e9vrier \u2013 ao\u00fbt 2023,  photo Fred Dott\ncourtesy de l\u2019artiste et STARS Gallery, Hollywood\n<\/figcaption><\/figure>\n<!-- \/wp:image -->\n\n<!-- wp:image {\"id\":7443,\"sizeSlug\":\"large\",\"linkDestination\":\"none\"} -->\n<figure class=\"wp-block-image size-large\"><img src=\"https:\/\/www.fraclorraine.org\/wp-content\/uploads\/2023\/01\/13_PIPPA_GARNER-1024x768.jpg\" alt=\"\" class=\"wp-image-7443\"\/><figcaption class=\"wp-element-caption\">Pippa Garner, vue d\u2019exposition au 49 Nord 6 Est \u2013 Frac Lorraine, Metz,\nf\u00e9vrier \u2013 ao\u00fbt 2023,  photo Fred Dott\ncourtesy de l\u2019artiste et STARS Gallery, Hollywood<\/figcaption><\/figure>\n<!-- \/wp:image -->\n\n<!-- wp:image {\"id\":7442,\"sizeSlug\":\"large\",\"linkDestination\":\"none\"} -->\n<figure class=\"wp-block-image size-large\"><img src=\"https:\/\/www.fraclorraine.org\/wp-content\/uploads\/2023\/01\/12_PIPPA_GARNER-1024x768.jpg\" alt=\"\" class=\"wp-image-7442\"\/><figcaption class=\"wp-element-caption\">Pippa Garner, vue d\u2019exposition au 49 Nord 6 Est \u2013 Frac Lorraine, Metz,\nf\u00e9vrier \u2013 ao\u00fbt 2023,  photo Fred Dott\ncourtesy de l\u2019artiste et STARS Gallery, Hollywood\n<\/figcaption><\/figure>\n<!-- \/wp:image -->\n\n<!-- wp:image {\"id\":7437,\"sizeSlug\":\"large\",\"linkDestination\":\"none\"} -->\n<figure class=\"wp-block-image size-large\"><img src=\"https:\/\/www.fraclorraine.org\/wp-content\/uploads\/2023\/01\/6_PIPPA_GARNER-1024x768.jpg\" alt=\"\" class=\"wp-image-7437\"\/><figcaption class=\"wp-element-caption\">Pippa Garner, vue d\u2019exposition au 49 Nord 6 Est \u2013 Frac Lorraine, Metz,\nf\u00e9vrier \u2013 ao\u00fbt 2023,  photo Fred Dott\ncourtesy de l\u2019artiste et STARS Gallery, Hollywood\n<\/figcaption><\/figure>\n<!-- \/wp:image -->\n\n<!-- wp:image {\"id\":7438,\"sizeSlug\":\"large\",\"linkDestination\":\"none\"} -->\n<figure class=\"wp-block-image size-large\"><img src=\"https:\/\/www.fraclorraine.org\/wp-content\/uploads\/2023\/01\/7_PIPPA_GARNER-1024x768.jpg\" alt=\"\" class=\"wp-image-7438\"\/><figcaption class=\"wp-element-caption\">Pippa Garner, vue d\u2019exposition au 49 Nord 6 Est \u2013 Frac Lorraine, Metz,\nf\u00e9vrier \u2013 ao\u00fbt 2023,  photo Fred Dott\ncourtesy de l\u2019artiste et STARS Gallery, Hollywood\n<\/figcaption><\/figure>\n<!-- \/wp:image -->\n\n<!-- wp:image {\"id\":7441,\"sizeSlug\":\"large\",\"linkDestination\":\"none\"} -->\n<figure class=\"wp-block-image size-large\"><img src=\"https:\/\/www.fraclorraine.org\/wp-content\/uploads\/2023\/01\/11_PIPPA_GARNER-1024x768.jpg\" alt=\"\" class=\"wp-image-7441\"\/><figcaption class=\"wp-element-caption\">Pippa Garner, vue d\u2019exposition au 49 Nord 6 Est \u2013 Frac Lorraine, Metz,\nf\u00e9vrier \u2013 ao\u00fbt 2023,  photo Fred Dott\ncourtesy de l\u2019artiste et STARS Gallery, Hollywood\n<\/figcaption><\/figure>\n<!-- \/wp:image --><\/figure>\n<!-- \/wp:gallery -->\n\n<!-- wp:columns -->\n<div class=\"wp-block-columns\"><!-- wp:column -->\n<div class=\"wp-block-column\"><!-- wp:paragraph -->\n<p>Pippa Garner est tour \u00e0 tour inventrice, photographe et performeuse. Elle d\u00e9tourne ce qu\u2019elle voit et ce qu\u2019elle utilise, en envoyant promener toutes les cat\u00e9gories, dont celles rattach\u00e9es au genre. Parti \u00e0 la recherche d\u2019une formule atomique qui aurait \u00e9t\u00e9 contenue dans son corps, Adelhyd van Bender a obstin\u00e9ment produit des \u0153uvres sur papier dans une qu\u00eate o\u00f9 se superposent menace \u00e9cologique et irrationnel. D\u00e9tournant un drapeau am\u00e9ricain par le compostage, Claire Pentecost initie un processus de d\u00e9gradation dans lequel un symbole nourrit le sol. \u0152uvre fragile de la collection du Frac, \u00e9tudi\u00e9e pendant un an \u00e0 l\u2019Institut National du Patrimoine, elle se d\u00e9voile sous un autre jour gr\u00e2ce \u00e0 la pr\u00e9sentation de ces recherches.<\/p>\n<!-- \/wp:paragraph -->\n\n<!-- wp:paragraph -->\n<p>Ces \u0153uvres explorent des seuils, \u00e0 la crois\u00e9e entre invention et rejet de la soci\u00e9t\u00e9 de consommation (P. Garner), \u00e0 la rencontre entre corps et formule chimique (A. van Bender), \u00e0 l\u2019intersection entre terre et nation (C. Pentecost) et ouvrent des perspectives inattendues. Dans une soci\u00e9t\u00e9 o\u00f9 l\u2019innovation semblait n\u00e9cessaire, il.elles interrogent, avec humour et parfois auto-d\u00e9rision, les moyens \u00e0 notre disposition pour nous projeter vers un futur \u00e0 construire. <br><br>\u21b3 \u00c0 l\u2019occasion de l\u2019exposition Pippa Garner au Kunstverein M\u00fcnchen, au 49 Nord 6 Est - Frac Lorraine et \u00e0 la Kunsthalle Z\u00fcrich, la premi\u00e8re publication consacr\u00e9e \u00e0 l'artiste sera publi\u00e9e \u00e0 l\u2019automne 2023.<\/p>\n<!-- \/wp:paragraph --><\/div>\n<!-- \/wp:column -->\n\n<!-- wp:column -->\n<div class=\"wp-block-column\"><!-- wp:image {\"id\":7431,\"sizeSlug\":\"large\",\"linkDestination\":\"none\"} -->\n<figure class=\"wp-block-image size-large\"><img src=\"https:\/\/www.fraclorraine.org\/wp-content\/uploads\/2023\/01\/1_ADELHYD_VAN_BENDER-1024x768.jpg\" alt=\"\" class=\"wp-image-7431\"\/><figcaption class=\"wp-element-caption\">Adelhyd van Bender, vue d\u2019exposition au 49 Nord 6 Est \u2013 Frac Lorraine, Metz, photo : Fred Dott<br>courtesy Delmes &amp; Zander, Cologne<\/figcaption><\/figure>\n<!-- \/wp:image --><\/div>\n<!-- \/wp:column --><\/div>\n<!-- \/wp:columns -->\n\n<!-- wp:columns -->\n<div class=\"wp-block-columns\"><!-- wp:column -->\n<div class=\"wp-block-column\"><!-- wp:heading {\"level\":3} -->\n<h3 class=\"wp-block-heading\">Acc\u00e8s<\/h3>\n<!-- \/wp:heading -->\n\n<!-- wp:paragraph -->\n<p>Entr\u00e9e gratuite<br><br>Ma \u2013 Ve : 14h \u00e0 18h<br>Sa \u2013 Di : 11h \u00e0 19h<\/p>\n<!-- \/wp:paragraph -->\n\n<!-- wp:paragraph -->\n<p>49 Nord 6 Est - Frac Lorraine<br>1 bis, rue des Trinitaires,<br>57000 Metz<\/p>\n<!-- \/wp:paragraph -->\n\n<!-- wp:paragraph -->\n<p>info@fraclorraine.org<br>0033 (3) 87 74 20 02<\/p>\n<!-- \/wp:paragraph -->\n\n<!-- wp:paragraph -->\n<p><\/p>\n<!-- \/wp:paragraph --><\/div>\n<!-- \/wp:column -->\n\n<!-- wp:column -->\n<div class=\"wp-block-column\"><!-- wp:heading {\"level\":3} -->\n<h3 class=\"wp-block-heading\">Infos pratiques<\/h3>\n<!-- \/wp:heading -->\n\n<!-- wp:paragraph -->\n<p>\u21b3Vernissage Jeudi 16.02.2022 \u00e0 19h30, entr\u00e9e libre<\/p>\n<!-- \/wp:paragraph -->\n\n<!-- wp:paragraph -->\n<p>\u21b3 Contenus de m\u00e9diation et \u00e9v\u00e8nements accessibles aux publics Sourds (sous-titrages, interpr\u00e9tariat LSF)<\/p>\n<!-- \/wp:paragraph -->\n\n<!-- wp:heading {\"level\":3} -->\n<h3 class=\"wp-block-heading\">Visites gratuites des expositions<\/h3>\n<!-- \/wp:heading -->\n\n<!-- wp:paragraph -->\n<p>\u21b3 Tous les dimanches \u00e0 16h<br>\u21b3 Visite des expositions interpr\u00e9t\u00e9e en LSF les dimanches 18.09, 9.10, 13.11, 4.12.22 et 8.01.23 \u00e0 15h. Sur r\u00e9servation, minimum 10 jours en avance<br>\u21b3 Visite jardin et patrimoine les samedis 10.09 et 1.10 \u00e0 16h<\/p>\n<!-- \/wp:paragraph --><\/div>\n<!-- \/wp:column --><\/div>\n<!-- \/wp:columns -->","_fr_post_name":"pippa-garner-adelhyd-van-bender-claire-pentecost","_fr_post_excerpt":"","_fr_post_title":"Pippa Garner, Adelhyd van Bender, Claire Pentecost","_en_post_content":"<!-- wp:columns -->\n<div class=\"wp-block-columns\"><!-- wp:column -->\n<div class=\"wp-block-column\"><!-- wp:paragraph -->\n<p>\u25cf What do a departure from binary thinking, the search for an atomic secret, and a decaying work of art have in common? <br><br>All three take contradictory demands and desires propagated by society as starting points to rethink the relationship between the human body and its environment: an ecology of relationships we must reinvent.<br><br>Three artists\u2019 individual presentations coexist within the premises of 49 Nord 6 Est on this exceptional occasion.<\/p>\n<!-- \/wp:paragraph -->\n\n<!-- wp:paragraph -->\n<p><\/p>\n<!-- \/wp:paragraph --><\/div>\n<!-- \/wp:column -->\n\n<!-- wp:column -->\n<div class=\"wp-block-column\"><!-- wp:image {\"id\":6527,\"sizeSlug\":\"large\",\"linkDestination\":\"none\"} -->\n<figure class=\"wp-block-image size-large\"><img src=\"https:\/\/www.fraclorraine.org\/wp-content\/uploads\/2023\/01\/EXPO_2023_PIPA_PENTECOST__BENDER_3-1024x676.jpg\" alt=\"\" class=\"wp-image-6527\"\/><figcaption class=\"wp-element-caption\">Pippa Garner, courtesy the artist and STARS Gallery<\/figcaption><\/figure>\n<!-- \/wp:image --><\/div>\n<!-- \/wp:column --><\/div>\n<!-- \/wp:columns -->\n\n<!-- wp:gallery {\"linkTo\":\"none\"} -->\n<figure class=\"wp-block-gallery has-nested-images columns-default is-cropped\"><!-- wp:image {\"id\":7433,\"sizeSlug\":\"large\",\"linkDestination\":\"none\"} -->\n<figure class=\"wp-block-image size-large\"><img src=\"https:\/\/www.fraclorraine.org\/wp-content\/uploads\/2023\/01\/1_PIPPA_GARNER-1024x768.jpg\" alt=\"\" class=\"wp-image-7433\"\/><figcaption class=\"wp-element-caption\">Pippa Garner, vue d\u2019exposition au 49 Nord 6 Est \u2013 Frac Lorraine, Metz,\nf\u00e9vrier \u2013 ao\u00fbt 2023,  photo Fred Dott\ncourtesy de l\u2019artiste et STARS Gallery, Hollywood\n<\/figcaption><\/figure>\n<!-- \/wp:image -->\n\n<!-- wp:image {\"id\":7434,\"sizeSlug\":\"large\",\"linkDestination\":\"none\"} -->\n<figure class=\"wp-block-image size-large\"><img src=\"https:\/\/www.fraclorraine.org\/wp-content\/uploads\/2023\/01\/2_PIPPA_GARNER-1024x768.jpg\" alt=\"\" class=\"wp-image-7434\"\/><figcaption class=\"wp-element-caption\">Pippa Garner, vue d\u2019exposition au 49 Nord 6 Est \u2013 Frac Lorraine, Metz,\nf\u00e9vrier \u2013 ao\u00fbt 2023,  photo Fred Dott\ncourtesy de l\u2019artiste et STARS Gallery, Hollywood\n<\/figcaption><\/figure>\n<!-- \/wp:image -->\n\n<!-- wp:image {\"id\":7440,\"sizeSlug\":\"large\",\"linkDestination\":\"none\"} -->\n<figure class=\"wp-block-image size-large\"><img src=\"https:\/\/www.fraclorraine.org\/wp-content\/uploads\/2023\/01\/10_PIPPA_GARNER-1024x768.jpg\" alt=\"\" class=\"wp-image-7440\"\/><figcaption class=\"wp-element-caption\">Pippa Garner, vue d\u2019exposition au 49 Nord 6 Est \u2013 Frac Lorraine, Metz,\nf\u00e9vrier \u2013 ao\u00fbt 2023,  photo Fred Dott\ncourtesy de l\u2019artiste et STARS Gallery, Hollywood\n<\/figcaption><\/figure>\n<!-- \/wp:image -->\n\n<!-- wp:image {\"id\":7435,\"sizeSlug\":\"large\",\"linkDestination\":\"none\"} -->\n<figure class=\"wp-block-image size-large\"><img src=\"https:\/\/www.fraclorraine.org\/wp-content\/uploads\/2023\/01\/4_PIPPA_GARNER-1024x768.jpg\" alt=\"\" class=\"wp-image-7435\"\/><figcaption class=\"wp-element-caption\">Pippa Garner, vue d\u2019exposition au 49 Nord 6 Est \u2013 Frac Lorraine, Metz,\nf\u00e9vrier \u2013 ao\u00fbt 2023,  photo Fred Dott\ncourtesy de l\u2019artiste et STARS Gallery, Hollywood\n<\/figcaption><\/figure>\n<!-- \/wp:image -->\n\n<!-- wp:image {\"id\":7439,\"sizeSlug\":\"large\",\"linkDestination\":\"none\"} -->\n<figure class=\"wp-block-image size-large\"><img src=\"https:\/\/www.fraclorraine.org\/wp-content\/uploads\/2023\/01\/9_PIPPA_GARNER-1024x768.jpg\" alt=\"\" class=\"wp-image-7439\"\/><figcaption class=\"wp-element-caption\">Pippa Garner, vue d\u2019exposition au 49 Nord 6 Est \u2013 Frac Lorraine, Metz,\nf\u00e9vrier \u2013 ao\u00fbt 2023,  photo Fred Dott\ncourtesy de l\u2019artiste et STARS Gallery, Hollywood\n<\/figcaption><\/figure>\n<!-- \/wp:image -->\n\n<!-- wp:image {\"id\":7441,\"sizeSlug\":\"large\",\"linkDestination\":\"none\"} -->\n<figure class=\"wp-block-image size-large\"><img src=\"https:\/\/www.fraclorraine.org\/wp-content\/uploads\/2023\/01\/11_PIPPA_GARNER-1024x768.jpg\" alt=\"\" class=\"wp-image-7441\"\/><figcaption class=\"wp-element-caption\">Pippa Garner, vue d\u2019exposition au 49 Nord 6 Est \u2013 Frac Lorraine, Metz,\nf\u00e9vrier \u2013 ao\u00fbt 2023,  photo Fred Dott\ncourtesy de l\u2019artiste et STARS Gallery, Hollywood\n<\/figcaption><\/figure>\n<!-- \/wp:image -->\n\n<!-- wp:image {\"id\":7436,\"sizeSlug\":\"large\",\"linkDestination\":\"none\"} -->\n<figure class=\"wp-block-image size-large\"><img src=\"https:\/\/www.fraclorraine.org\/wp-content\/uploads\/2023\/01\/5_PIPPA_GARNER-1024x768.jpg\" alt=\"\" class=\"wp-image-7436\"\/><figcaption class=\"wp-element-caption\">Pippa Garner, vue d\u2019exposition au 49 Nord 6 Est \u2013 Frac Lorraine, Metz,\nf\u00e9vrier \u2013 ao\u00fbt 2023,  photo Fred Dott\ncourtesy de l\u2019artiste et STARS Gallery, Hollywood\n<\/figcaption><\/figure>\n<!-- \/wp:image -->\n\n<!-- wp:image {\"id\":7443,\"sizeSlug\":\"large\",\"linkDestination\":\"none\"} -->\n<figure class=\"wp-block-image size-large\"><img src=\"https:\/\/www.fraclorraine.org\/wp-content\/uploads\/2023\/01\/13_PIPPA_GARNER-1024x768.jpg\" alt=\"\" class=\"wp-image-7443\"\/><figcaption class=\"wp-element-caption\">Pippa Garner, vue d\u2019exposition au 49 Nord 6 Est \u2013 Frac Lorraine, Metz,\nf\u00e9vrier \u2013 ao\u00fbt 2023,  photo Fred Dott\ncourtesy de l\u2019artiste et STARS Gallery, Hollywood<\/figcaption><\/figure>\n<!-- \/wp:image -->\n\n<!-- wp:image {\"id\":7442,\"sizeSlug\":\"large\",\"linkDestination\":\"none\"} -->\n<figure class=\"wp-block-image size-large\"><img src=\"https:\/\/www.fraclorraine.org\/wp-content\/uploads\/2023\/01\/12_PIPPA_GARNER-1024x768.jpg\" alt=\"\" class=\"wp-image-7442\"\/><figcaption class=\"wp-element-caption\">Pippa Garner, vue d\u2019exposition au 49 Nord 6 Est \u2013 Frac Lorraine, Metz,\nf\u00e9vrier \u2013 ao\u00fbt 2023,  photo Fred Dott\ncourtesy de l\u2019artiste et STARS Gallery, Hollywood\n<\/figcaption><\/figure>\n<!-- \/wp:image -->\n\n<!-- wp:image {\"id\":7438,\"sizeSlug\":\"large\",\"linkDestination\":\"none\"} -->\n<figure class=\"wp-block-image size-large\"><img src=\"https:\/\/www.fraclorraine.org\/wp-content\/uploads\/2023\/01\/7_PIPPA_GARNER-1024x768.jpg\" alt=\"\" class=\"wp-image-7438\"\/><figcaption class=\"wp-element-caption\">Pippa Garner, vue d\u2019exposition au 49 Nord 6 Est \u2013 Frac Lorraine, Metz,\nf\u00e9vrier \u2013 ao\u00fbt 2023,  photo Fred Dott\ncourtesy de l\u2019artiste et STARS Gallery, Hollywood\n<\/figcaption><\/figure>\n<!-- \/wp:image -->\n\n<!-- wp:image {\"id\":7437,\"sizeSlug\":\"large\",\"linkDestination\":\"none\"} -->\n<figure class=\"wp-block-image size-large\"><img src=\"https:\/\/www.fraclorraine.org\/wp-content\/uploads\/2023\/01\/6_PIPPA_GARNER-1024x768.jpg\" alt=\"\" class=\"wp-image-7437\"\/><figcaption class=\"wp-element-caption\">Pippa Garner, vue d\u2019exposition au 49 Nord 6 Est \u2013 Frac Lorraine, Metz,\nf\u00e9vrier \u2013 ao\u00fbt 2023,  photo Fred Dott\ncourtesy de l\u2019artiste et STARS Gallery, Hollywood\n<\/figcaption><\/figure>\n<!-- \/wp:image -->\n\n<!-- wp:image {\"id\":7432,\"sizeSlug\":\"large\",\"linkDestination\":\"none\"} -->\n<figure class=\"wp-block-image size-large\"><img src=\"https:\/\/www.fraclorraine.org\/wp-content\/uploads\/2023\/01\/1_CLAIRE_PENTECOST-1024x768.jpg\" alt=\"\" class=\"wp-image-7432\"\/><figcaption class=\"wp-element-caption\">Claire Pentecost, vue d\u2019exposition au 49 Nord 6 Est \u2013 Frac Lorraine, Metz,\nf\u00e9vrier \u2013 ao\u00fbt 2023,  photo Fred Dott<\/figcaption><\/figure>\n<!-- \/wp:image --><\/figure>\n<!-- \/wp:gallery -->\n\n<!-- wp:columns -->\n<div class=\"wp-block-columns\"><!-- wp:column -->\n<div class=\"wp-block-column\"><!-- wp:paragraph -->\n<p>Pippa Garner is an inventor, photographer, and performer. She diverts and redirects whatever she sees and whatever she uses, rejecting readymade categories \u2014 including those related to gender. Having embarked on a quest for an atomic formula potentially nested within his own body, Adelhyd van Bender stubbornly produced works on paper in an inquiry that blends an ecological threat and irrationality. As for Claire Pentecost, she has composted an American flag, initiating a process of degradation in which the soil feeds on a symbol. This fragile work from the Frac's collection was studied for a year at the Institut National du Patrimoine; the accompanying research is presented alongside the piece, placing it in a new light.<\/p>\n<!-- \/wp:paragraph -->\n\n<!-- wp:paragraph -->\n<p>These works explore thresholds, at the junction between invention and rejection of consumer society (P. Garner), between body and chemical formula (A. van Bender), between earth and nation (C. Pentecost). All of them open unexpected perspectives. In a society based on the cult of innovation, they question with humor \u2014 and at times self-deprecation \u2014 the means at our disposal to build a future.<\/p>\n<!-- \/wp:paragraph --><\/div>\n<!-- \/wp:column -->\n\n<!-- wp:column -->\n<div class=\"wp-block-column\"><!-- wp:image {\"id\":7431,\"sizeSlug\":\"large\",\"linkDestination\":\"none\"} -->\n<figure class=\"wp-block-image size-large\"><img src=\"https:\/\/www.fraclorraine.org\/wp-content\/uploads\/2023\/01\/1_ADELHYD_VAN_BENDER-1024x768.jpg\" alt=\"\" class=\"wp-image-7431\"\/><figcaption class=\"wp-element-caption\">Adelhyd van Bender, vue d\u2019exposition au 49 Nord 6 Est \u2013 Frac Lorraine, Metz, photo: Fred Dott<br>courtesy Delmes &amp; Zander, Cologne<\/figcaption><\/figure>\n<!-- \/wp:image --><\/div>\n<!-- \/wp:column --><\/div>\n<!-- \/wp:columns -->\n\n<!-- wp:columns -->\n<div class=\"wp-block-columns\"><!-- wp:column -->\n<div class=\"wp-block-column\"><!-- wp:heading {\"level\":3} -->\n<h3 class=\"wp-block-heading\">Access<\/h3>\n<!-- \/wp:heading -->\n\n<!-- wp:paragraph -->\n<p>Free admission<br><br>Tue \u2013 Fr : 2 \u2013 6 p.m.<br>Sa \u2013 Sun : 11 a.m. \u2013 7 p.m.<\/p>\n<!-- \/wp:paragraph -->\n\n<!-- wp:paragraph -->\n<p>49 Nord 6 Est - Frac Lorraine<br>1 bis, rue des Trinitaires,<br>57000 Metz<\/p>\n<!-- \/wp:paragraph -->\n\n<!-- wp:paragraph -->\n<p>info@fraclorraine.org<br>0033 (3) 87 74 20 02<\/p>\n<!-- \/wp:paragraph -->\n\n<!-- wp:paragraph -->\n<p><\/p>\n<!-- \/wp:paragraph --><\/div>\n<!-- \/wp:column -->\n\n<!-- wp:column -->\n<div class=\"wp-block-column\"><!-- wp:heading {\"level\":3} -->\n<h3 class=\"wp-block-heading\">Infos <\/h3>\n<!-- \/wp:heading -->\n\n<!-- wp:paragraph -->\n<p>\u21b3 Opening 16 February 2022, 7.30 p.m.<\/p>\n<!-- \/wp:paragraph --><\/div>\n<!-- \/wp:column --><\/div>\n<!-- \/wp:columns -->","_en_post_name":"","_en_post_excerpt":"","_en_post_title":"Pippa Garner, Adelhyd van Bender, Claire Pentecost","edit_language":"en"},"tags":[7],"event-type":[30],"saison":[378],"lieu":[371],"class_list":["post-6536","exhibition","type-exhibition","status-publish","hentry","tag-exposition"],"excerpt":{"raw":"","rendered":""},"_links":{"self":[{"href":"https:\/\/www.fraclorraine.org\/en\/wp-json\/wp\/v2\/exhibition\/6536","targetHints":{"allow":["GET"]}}],"collection":[{"href":"https:\/\/www.fraclorraine.org\/en\/wp-json\/wp\/v2\/exhibition"}],"about":[{"href":"https:\/\/www.fraclorraine.org\/en\/wp-json\/wp\/v2\/types\/exhibition"}],"wp:attachment":[{"href":"https:\/\/www.fraclorraine.org\/en\/wp-json\/wp\/v2\/media?parent=6536"}],"wp:term":[{"taxonomy":"post_tag","embeddable":true,"href":"https:\/\/www.fraclorraine.org\/en\/wp-json\/wp\/v2\/tags?post=6536"},{"taxonomy":"event-type","embeddable":true,"href":"https:\/\/www.fraclorraine.org\/en\/wp-json\/wp\/v2\/event-type?post=6536"},{"taxonomy":"saison","embeddable":true,"href":"https:\/\/www.fraclorraine.org\/en\/wp-json\/wp\/v2\/saison?post=6536"},{"taxonomy":"lieu","embeddable":true,"href":"https:\/\/www.fraclorraine.org\/en\/wp-json\/wp\/v2\/lieu?post=6536"}],"curies":[{"name":"wp","href":"https:\/\/api.w.org\/{rel}","templated":true}]}}