{"id":699,"date":"2022-08-31T15:17:46","date_gmt":"2022-08-31T15:17:46","guid":{"rendered":"https:\/\/www.fraclorraine.org\/nouveausite2021\/?post_type=exhibition&#038;p=699"},"modified":"2023-01-12T11:31:37","modified_gmt":"2023-01-12T11:31:37","slug":"","status":"publish","type":"exhibition","link":"https:\/\/www.fraclorraine.org\/en\/exhibition\/la-langue-verte-des-arbres\/","title":{"rendered":"","raw":""},"content":{"rendered":"","protected":false,"raw":""},"template":"","meta":{"inline_featured_image":false,"_fr_post_content":"<!-- wp:columns -->\n<div class=\"wp-block-columns\"><!-- wp:column -->\n<div class=\"wp-block-column\"><!-- wp:paragraph -->\n<p> \u25cf Avec des \u0153uvres de la collection du 49 Nord 6 Est \u2013 Frac Lorraine d'Amy Balkin, Ursula Biemann, Julie C. Fortier, Maria Laet, Susana Mejia, Katie Paterson<\/p>\n<!-- \/wp:paragraph -->\n\n<!-- wp:paragraph -->\n<p>Les artistes pr\u00e9sent\u00e9es dans <em>La Langue verte des arbres<\/em> se distinguent par l\u2019attention qu\u2019elles portent \u00e0 la for\u00eat. <\/p>\n<!-- \/wp:paragraph -->\n\n<!-- wp:paragraph -->\n<p>Les \u0153uvres \u00e9cologiques et politiques d\u2019Amy Balkin, Ursula Biemann et Katy Paterson questionnent les cons\u00e9quences des activit\u00e9s humaines sur l\u2019\u00e9volution des ressources naturelles et de la couche d\u2019ozone. Quant aux propositions po\u00e9tiques de Julie C. Fortier, Susana Mejia et Maria Laet, elles sont li\u00e9es \u00e0 la notion de \u00ab care \u00bb ou l\u2019id\u00e9e de \u00ab prendre soin \u00bb des arbres. Nous ne d\u00e9fendons pas la nature, nous sommes la nature qui se d\u00e9fend !<\/p>\n<!-- \/wp:paragraph -->\n\n<!-- wp:paragraph {\"fontSize\":\"small\"} -->\n<p class=\"has-small-font-size\">\u21b3 La M\u00e9diath\u00e8que Joseph Schaefer est g\u00e9r\u00e9e par la Communaut\u00e9 de Communes du Pays de Bitche et est \u00e9galement p\u00f4le d\u00e9partemental de lecture publique du D\u00e9partement de la Moselle.<\/p>\n<!-- \/wp:paragraph --><\/div>\n<!-- \/wp:column -->\n\n<!-- wp:column -->\n<div class=\"wp-block-column\"><!-- wp:image {\"id\":461,\"sizeSlug\":\"large\",\"linkDestination\":\"none\"} -->\n<figure class=\"wp-block-image size-large\"><img src=\"https:\/\/www.fraclorraine.org\/wp-content\/uploads\/2022\/08\/INDEX_LAET_2_COLLECTION-1024x576.jpg\" alt=\"\" class=\"wp-image-461\"\/><figcaption class=\"wp-element-caption\">Maria Laet, <em>Terra (Parque Lage)<\/em>, 2015 <br>Collection 49 Nord 6 Est - Frac Lorraine, Metz (FR) \u00a9 Maria Laet <\/figcaption><\/figure>\n<!-- \/wp:image --><\/div>\n<!-- \/wp:column --><\/div>\n<!-- \/wp:columns -->\n\n<!-- wp:paragraph -->\n<p><\/p>\n<!-- \/wp:paragraph -->","_fr_post_name":"la-langue-verte-des-arbres","_fr_post_excerpt":"","_fr_post_title":"La langue verte des arbres\ufffc","_en_post_content":"","_en_post_name":"","_en_post_excerpt":"","_en_post_title":"","edit_language":"en"},"tags":[7,41],"event-type":[42],"saison":[75],"lieu":[373],"class_list":["post-699","exhibition","type-exhibition","status-publish","hentry","tag-exposition","tag-hors-les-murs"],"excerpt":{"raw":"","rendered":""},"_links":{"self":[{"href":"https:\/\/www.fraclorraine.org\/en\/wp-json\/wp\/v2\/exhibition\/699","targetHints":{"allow":["GET"]}}],"collection":[{"href":"https:\/\/www.fraclorraine.org\/en\/wp-json\/wp\/v2\/exhibition"}],"about":[{"href":"https:\/\/www.fraclorraine.org\/en\/wp-json\/wp\/v2\/types\/exhibition"}],"wp:attachment":[{"href":"https:\/\/www.fraclorraine.org\/en\/wp-json\/wp\/v2\/media?parent=699"}],"wp:term":[{"taxonomy":"post_tag","embeddable":true,"href":"https:\/\/www.fraclorraine.org\/en\/wp-json\/wp\/v2\/tags?post=699"},{"taxonomy":"event-type","embeddable":true,"href":"https:\/\/www.fraclorraine.org\/en\/wp-json\/wp\/v2\/event-type?post=699"},{"taxonomy":"saison","embeddable":true,"href":"https:\/\/www.fraclorraine.org\/en\/wp-json\/wp\/v2\/saison?post=699"},{"taxonomy":"lieu","embeddable":true,"href":"https:\/\/www.fraclorraine.org\/en\/wp-json\/wp\/v2\/lieu?post=699"}],"curies":[{"name":"wp","href":"https:\/\/api.w.org\/{rel}","templated":true}]}}