{"id":755,"date":"2022-09-01T14:35:42","date_gmt":"2022-09-01T14:35:42","guid":{"rendered":"https:\/\/www.fraclorraine.org\/nouveausite2021\/?post_type=exhibition&#038;p=755"},"modified":"2023-01-12T15:36:17","modified_gmt":"2023-01-12T15:36:17","slug":"","status":"publish","type":"exhibition","link":"https:\/\/www.fraclorraine.org\/en\/exhibition\/resonance-resonanz\/","title":{"rendered":"","raw":""},"content":{"rendered":"","protected":false,"raw":""},"template":"","meta":{"inline_featured_image":false,"_fr_post_content":"<!-- wp:columns -->\n<div class=\"wp-block-columns\"><!-- wp:column -->\n<div class=\"wp-block-column\"><!-- wp:paragraph -->\n<p>\u25cf \u0152uvres de la collection du 49 Nord 6 Est \u2013 Frac Lorraine de Marta&nbsp;Caradec, Edith&nbsp;Dekyndt, Marco&nbsp;Godinho, Johanna&nbsp;Hadjithomas&nbsp;et Khalil&nbsp;Joreige, Jos\u00e9phine&nbsp;Kaeppelin, Maria&nbsp;Kourkouta, Angel&nbsp;Ribe. Artistes de la r\u00e9gion Grand Est invit\u00e9s : Marine Froeliger, Michel Jacquet<\/p>\n<!-- \/wp:paragraph -->\n\n<!-- wp:paragraph -->\n<p>Un drapeau anglais grav\u00e9 \u00e0 la M\u00e9diath\u00e8que, des noms de prisonniers espagnols et autrichiens marqu\u00e9s sur les murs \u00e0 la Citadelle.<\/p>\n<!-- \/wp:paragraph -->\n\n<!-- wp:paragraph -->\n<p>Ces inscriptions sont autant de t\u00e9moignages attestant des brassages culturels dans le Pays de Bitche. Au cours de l\u2019histoire, le territoire a \u00e9t\u00e9 marqu\u00e9 par les ph\u00e9nom\u00e8nes d\u2019\u00e9migration et d\u2019accueil de populations venues de Prusse, Malte, Angleterre, Espagne, Nouvelle-Cal\u00e9donie, Alg\u00e9rie, Tahiti, Turquie, Autriche\u2026 Aux c\u00f4t\u00e9s de documents historiques, l\u2019exposition pr\u00e9sente des oeuvres d\u2019artistes contemporains qui replacent ces ph\u00e9nom\u00e8nes de d\u00e9placements de personnes, de m\u00e9langes de langues et de cultures dans le contexte actuel.<\/p>\n<!-- \/wp:paragraph -->\n\n<!-- wp:paragraph {\"fontSize\":\"small\"} -->\n<p class=\"has-small-font-size\">\u21b3 En partenariat avec la section Litt\u00e9rature et Soci\u00e9t\u00e9 du Lyc\u00e9e Teyssier de Bitche (classe de C. Rimlinger et F. Vurpillot) et la Soci\u00e9t\u00e9 d\u2019histoire et d\u2019arch\u00e9ologie de la Lorraine \u2013 Section du Pays de Bitche (SHAL)<\/p>\n<!-- \/wp:paragraph --><\/div>\n<!-- \/wp:column -->\n\n<!-- wp:column -->\n<div class=\"wp-block-column\"><!-- wp:image {\"id\":757,\"sizeSlug\":\"large\",\"linkDestination\":\"none\"} -->\n<figure class=\"wp-block-image size-large\"><img src=\"https:\/\/www.fraclorraine.org\/wp-content\/uploads\/2022\/09\/INDEX_GODINHO_1B_COLLECTION-1024x768.jpg\" alt=\"\" class=\"wp-image-757\"\/><figcaption class=\"wp-element-caption\">Marco Godinho, <em>Forever Immigrant<\/em>,  2012\/2015. Collection 49 Nord 6 Est \u2013 Frac Lorraine, Metz (FR) <br><\/figcaption><\/figure>\n<!-- \/wp:image --><\/div>\n<!-- \/wp:column --><\/div>\n<!-- \/wp:columns -->","_fr_post_name":"resonance-resonanz","_fr_post_excerpt":"","_fr_post_title":"R\u00e9sonance \u2013 Resonanz","_en_post_content":"","_en_post_name":"","_en_post_excerpt":"","_en_post_title":"","edit_language":"en"},"tags":[7,41],"event-type":[42],"saison":[50],"lieu":[373],"class_list":["post-755","exhibition","type-exhibition","status-publish","hentry","tag-exposition","tag-hors-les-murs"],"excerpt":{"raw":"","rendered":""},"_links":{"self":[{"href":"https:\/\/www.fraclorraine.org\/en\/wp-json\/wp\/v2\/exhibition\/755","targetHints":{"allow":["GET"]}}],"collection":[{"href":"https:\/\/www.fraclorraine.org\/en\/wp-json\/wp\/v2\/exhibition"}],"about":[{"href":"https:\/\/www.fraclorraine.org\/en\/wp-json\/wp\/v2\/types\/exhibition"}],"wp:attachment":[{"href":"https:\/\/www.fraclorraine.org\/en\/wp-json\/wp\/v2\/media?parent=755"}],"wp:term":[{"taxonomy":"post_tag","embeddable":true,"href":"https:\/\/www.fraclorraine.org\/en\/wp-json\/wp\/v2\/tags?post=755"},{"taxonomy":"event-type","embeddable":true,"href":"https:\/\/www.fraclorraine.org\/en\/wp-json\/wp\/v2\/event-type?post=755"},{"taxonomy":"saison","embeddable":true,"href":"https:\/\/www.fraclorraine.org\/en\/wp-json\/wp\/v2\/saison?post=755"},{"taxonomy":"lieu","embeddable":true,"href":"https:\/\/www.fraclorraine.org\/en\/wp-json\/wp\/v2\/lieu?post=755"}],"curies":[{"name":"wp","href":"https:\/\/api.w.org\/{rel}","templated":true}]}}