{"id":765,"date":"2022-09-02T07:43:06","date_gmt":"2022-09-02T07:43:06","guid":{"rendered":"https:\/\/www.fraclorraine.org\/nouveausite2021\/?post_type=exhibition&#038;p=765"},"modified":"2023-01-12T15:36:51","modified_gmt":"2023-01-12T15:36:51","slug":"","status":"publish","type":"exhibition","link":"https:\/\/www.fraclorraine.org\/en\/exhibition\/messages-silencieux\/","title":{"rendered":"","raw":""},"content":{"rendered":"","protected":false,"raw":""},"template":"","meta":{"inline_featured_image":false,"_fr_post_content":"<!-- wp:columns -->\n<div class=\"wp-block-columns\"><!-- wp:column -->\n<div class=\"wp-block-column\"><!-- wp:paragraph -->\n<p>\u25cf Avec les \u0153uvres de Kader Attia, mounir fatmi, Marianne Mispela\u00ebre, Nathalie Rao, Laure Tixiers<\/p>\n<!-- \/wp:paragraph -->\n\n<!-- wp:paragraph -->\n<p>\u00c0 l\u2019occasion de la Pr\u00e9sidence fran\u00e7aise du Comit\u00e9 des Ministres du Conseil de l\u2019Europe, les trois Fonds r\u00e9gionaux d\u2019art contemporain (FRAC) de la R\u00e9gion Grand Est pr\u00e9sentent une exposition autour du th\u00e8me des Droits de l\u2019Homme \u00e0 partir d\u2019\u0153uvres de leurs trois collections<\/p>\n<!-- \/wp:paragraph -->\n\n<!-- wp:paragraph -->\n<p>Le projet souligne la fragilit\u00e9 des rapports humains et la sauvegarde n\u00e9cessaire des libert\u00e9s fondamentales dans un contexte marqu\u00e9 par la mont\u00e9e des extr\u00e9mismes et du populisme. Solidarit\u00e9s et droits de l\u2019Homme sont l\u2019objet de nombreux d\u00e9bats, qui ouvrent la possibilit\u00e9 de repenser les normes et m\u00e9canismes li\u00e9s \u00e0 l\u2019universalisme. <\/p>\n<!-- \/wp:paragraph -->\n\n<!-- wp:paragraph -->\n<p>La s\u00e9lection d\u2019\u0153uvres rompt d\u00e9lib\u00e9r\u00e9ment avec une pr\u00e9sentation th\u00e9matique classique, pour traduire visuellement la vuln\u00e9rabilit\u00e9 de ces droits, aujourd\u2019hui moins universels que sujets \u00e0 conditions, r\u00e9guli\u00e8rement malmen\u00e9s et dont leur signification reste soumise \u00e0 des r\u00e9interpr\u00e9tations libres.<\/p>\n<!-- \/wp:paragraph -->\n\n<!-- wp:paragraph -->\n<p>Parmi les trois collections, qui comprennent au total plus de 3000 \u0153uvres, la s\u00e9lection des trois directrices se concentre sur des gestes simples qui t\u00e9moignent de la difficult\u00e9 de faire entendre sa voix (Nathalie Rao), de la n\u00e9cessit\u00e9 de glisser occasionnellement dans l\u2019ombre pour continuer \u00e0 se d\u00e9placer librement (Kader Attia), du d\u00e9fi de l\u2019accumulation d\u2019informations (mounir fatmi), du lien entre violence, rationalisation et anonymisation (Laure Tixier) et du positionnement de l\u2019individu dans les actes collectifs et publics (Marianne Mispela\u00ebre). <\/p>\n<!-- \/wp:paragraph -->\n\n<!-- wp:paragraph -->\n<p>Ensemble, les \u0153uvres traitent des limites de la repr\u00e9sentabilit\u00e9 et de la lisibilit\u00e9 des droits fondamentaux de chacun, du silence et des gestes issus de leur effritement.<\/p>\n<!-- \/wp:paragraph --><\/div>\n<!-- \/wp:column -->\n\n<!-- wp:column -->\n<div class=\"wp-block-column\"><!-- wp:image {\"id\":766,\"sizeSlug\":\"large\",\"linkDestination\":\"none\"} -->\n<figure class=\"wp-block-image size-large\"><img src=\"https:\/\/www.fraclorraine.org\/wp-content\/uploads\/2022\/09\/HLM_2019_STRASBOURG_MESSAGES-SILENCIEUX_1-685x1024.jpg\" alt=\"\" class=\"wp-image-766\"\/><figcaption class=\"wp-element-caption\">\u00a9 Nathali Rao. Photo : droits r\u00e9serv\u00e9s<\/figcaption><\/figure>\n<!-- \/wp:image --><\/div>\n<!-- \/wp:column --><\/div>\n<!-- \/wp:columns -->","_fr_post_name":"messages-silencieux","_fr_post_excerpt":"","_fr_post_title":"Messages silencieux","_en_post_content":"","_en_post_name":"","_en_post_excerpt":"","_en_post_title":"","edit_language":"en"},"tags":[82,7,41],"event-type":[42],"saison":[47],"lieu":[373],"class_list":["post-765","exhibition","type-exhibition","status-publish","hentry","tag-3-frac-du-grand-est","tag-exposition","tag-hors-les-murs"],"excerpt":{"raw":"","rendered":""},"_links":{"self":[{"href":"https:\/\/www.fraclorraine.org\/en\/wp-json\/wp\/v2\/exhibition\/765","targetHints":{"allow":["GET"]}}],"collection":[{"href":"https:\/\/www.fraclorraine.org\/en\/wp-json\/wp\/v2\/exhibition"}],"about":[{"href":"https:\/\/www.fraclorraine.org\/en\/wp-json\/wp\/v2\/types\/exhibition"}],"wp:attachment":[{"href":"https:\/\/www.fraclorraine.org\/en\/wp-json\/wp\/v2\/media?parent=765"}],"wp:term":[{"taxonomy":"post_tag","embeddable":true,"href":"https:\/\/www.fraclorraine.org\/en\/wp-json\/wp\/v2\/tags?post=765"},{"taxonomy":"event-type","embeddable":true,"href":"https:\/\/www.fraclorraine.org\/en\/wp-json\/wp\/v2\/event-type?post=765"},{"taxonomy":"saison","embeddable":true,"href":"https:\/\/www.fraclorraine.org\/en\/wp-json\/wp\/v2\/saison?post=765"},{"taxonomy":"lieu","embeddable":true,"href":"https:\/\/www.fraclorraine.org\/en\/wp-json\/wp\/v2\/lieu?post=765"}],"curies":[{"name":"wp","href":"https:\/\/api.w.org\/{rel}","templated":true}]}}