{"id":767,"date":"2022-09-02T07:51:57","date_gmt":"2022-09-02T07:51:57","guid":{"rendered":"https:\/\/www.fraclorraine.org\/nouveausite2021\/?post_type=exhibition&#038;p=767"},"modified":"2023-01-12T15:37:19","modified_gmt":"2023-01-12T15:37:19","slug":"","status":"publish","type":"exhibition","link":"https:\/\/www.fraclorraine.org\/en\/exhibition\/de-a-a-zlettres-et-mots-dans-lart\/","title":{"rendered":"","raw":""},"content":{"rendered":"","protected":false,"raw":""},"template":"","meta":{"inline_featured_image":false,"_fr_post_content":"<!-- wp:columns -->\n<div class=\"wp-block-columns\"><!-- wp:column -->\n<div class=\"wp-block-column\"><!-- wp:paragraph -->\n<p>\u25cf Avec des \u0153uvres des collections des 3 Frac du Grand Est et de l\u2019ACB<\/p>\n<!-- \/wp:paragraph -->\n\n<!-- wp:paragraph -->\n<p>Lisons-nous un texte comme nous lisons une image ? L\u2019\u00e9criture et le dessin semblent avoir des destins m\u00eal\u00e9s\u2026<\/p>\n<!-- \/wp:paragraph -->\n\n<!-- wp:paragraph -->\n<p>\u00c0 travers des \u0153uvres emprunt\u00e9es aux trois Fracs du Grand Est et puis\u00e9es dans la collection de l\u2019ACB, cette exposition se veut \u00eatre un petit inventaire ludique qui explore les diff\u00e9rentes fa\u00e7ons dont la lettre, le mot, le texte apparaissent dans l\u2019art contemporain.<\/p>\n<!-- \/wp:paragraph --><\/div>\n<!-- \/wp:column -->\n\n<!-- wp:column -->\n<div class=\"wp-block-column\"><!-- wp:image {\"id\":757,\"sizeSlug\":\"large\",\"linkDestination\":\"none\"} -->\n<figure class=\"wp-block-image size-large\"><img src=\"https:\/\/www.fraclorraine.org\/wp-content\/uploads\/2022\/09\/INDEX_GODINHO_1B_COLLECTION-1024x768.jpg\" alt=\"\" class=\"wp-image-757\"\/><figcaption class=\"wp-element-caption\">Marco Godinho, <em>Forever Immigrant<\/em>,  2012\/2015. Collection 49 Nord 6 Est \u2013 Frac Lorraine, Metz (FR). Exposition T<em>ous les chemins m\u00e8nent \u00e0 Schengen<\/em>, 49 Nord 6 Est- Frac Lorraine, Metz, 2015. Photo : D. Pallas \u00a9 M. Godinho <\/figcaption><\/figure>\n<!-- \/wp:image --><\/div>\n<!-- \/wp:column --><\/div>\n<!-- \/wp:columns -->","_fr_post_name":"de-a-a-zlettres-et-mots-dans-lart","_fr_post_excerpt":"","_fr_post_title":"De A \u00e0 Z\u2026Lettres et mots dans l'art","_en_post_content":"","_en_post_name":"","_en_post_excerpt":"","_en_post_title":"","edit_language":"en"},"tags":[82,7,41],"event-type":[42],"saison":[47],"lieu":[373],"class_list":["post-767","exhibition","type-exhibition","status-publish","hentry","tag-3-frac-du-grand-est","tag-exposition","tag-hors-les-murs"],"excerpt":{"raw":"","rendered":""},"_links":{"self":[{"href":"https:\/\/www.fraclorraine.org\/en\/wp-json\/wp\/v2\/exhibition\/767","targetHints":{"allow":["GET"]}}],"collection":[{"href":"https:\/\/www.fraclorraine.org\/en\/wp-json\/wp\/v2\/exhibition"}],"about":[{"href":"https:\/\/www.fraclorraine.org\/en\/wp-json\/wp\/v2\/types\/exhibition"}],"wp:attachment":[{"href":"https:\/\/www.fraclorraine.org\/en\/wp-json\/wp\/v2\/media?parent=767"}],"wp:term":[{"taxonomy":"post_tag","embeddable":true,"href":"https:\/\/www.fraclorraine.org\/en\/wp-json\/wp\/v2\/tags?post=767"},{"taxonomy":"event-type","embeddable":true,"href":"https:\/\/www.fraclorraine.org\/en\/wp-json\/wp\/v2\/event-type?post=767"},{"taxonomy":"saison","embeddable":true,"href":"https:\/\/www.fraclorraine.org\/en\/wp-json\/wp\/v2\/saison?post=767"},{"taxonomy":"lieu","embeddable":true,"href":"https:\/\/www.fraclorraine.org\/en\/wp-json\/wp\/v2\/lieu?post=767"}],"curies":[{"name":"wp","href":"https:\/\/api.w.org\/{rel}","templated":true}]}}