{"id":831,"date":"2022-09-02T12:46:41","date_gmt":"2022-09-02T12:46:41","guid":{"rendered":"https:\/\/www.fraclorraine.org\/nouveausite2021\/?post_type=exhibition&#038;p=831"},"modified":"2023-01-12T15:27:09","modified_gmt":"2023-01-12T15:27:09","slug":"","status":"publish","type":"exhibition","link":"https:\/\/www.fraclorraine.org\/en\/exhibition\/on-fire\/","title":{"rendered":"","raw":""},"content":{"rendered":"","protected":false,"raw":""},"template":"","meta":{"inline_featured_image":false,"_fr_post_content":"<!-- wp:columns -->\n<div class=\"wp-block-columns\"><!-- wp:column -->\n<div class=\"wp-block-column\"><!-- wp:paragraph -->\n<p>\u25cf L\u2019exposition monographique<em>&nbsp;On Fire<\/em> !&nbsp;pr\u00e9sente des \u0153uvres de la collection du 49 Nord 6 Est \u2013 Frac Lorraine de Judy Chicago (n\u00e9e en 1939)<\/p>\n<!-- \/wp:paragraph -->\n\n<!-- wp:paragraph -->\n<p>Judy Chicago se positionne avec des \u0153uvres proches du minimalisme puis, \u00e0 partir de 1968, en travaillant avec des feux d\u2019artifices et des fus\u00e9es de couleur. <\/p>\n<!-- \/wp:paragraph -->\n\n<!-- wp:paragraph -->\n<p>Dans le milieu f\u00e9ministe, elle devient c\u00e9l\u00e8bre, en 1969, lorsqu\u2019elle cr\u00e9e le premier programme d\u2019art f\u00e9ministe \u00e0 l\u2019Universit\u00e9 d\u2019\u00c9tat de Californie \u00e0 Fresno (\u00c9tats-Unis). Aujourd\u2019hui, Judy Chicago est reconnue comme l\u2019une des fondatrices et figure majeures du mouvement f\u00e9ministe artistique aux \u00c9tats-Unis. <\/p>\n<!-- \/wp:paragraph -->\n\n<!-- wp:paragraph -->\n<p>Cette exposition fait partie d\u2019un cycle sur l\u2019\u00e9cof\u00e9minisme, qui met en relation la domination impos\u00e9e par les hommes sur la nature et sur les femmes. Cinq \u00e9tablissements scolaires vosgiens et meusiens se regroupent pour monter des expositions, en lien avec ce sujet, dans le courant de l\u2019ann\u00e9e scolaire 2021\u201322. Les \u0153uvres de ce cycle \u00e9voquent le d\u00e9sir d\u2019\u00e9mancipation des femmes, leur relation \u00e9troite avec la nature, la figure des sorci\u00e8res et des gu\u00e9risseuses, historiquement associ\u00e9es aux femmes.<\/p>\n<!-- \/wp:paragraph -->\n\n<!-- wp:paragraph -->\n<p><br><\/p>\n<!-- \/wp:paragraph --><\/div>\n<!-- \/wp:column -->\n\n<!-- wp:column -->\n<div class=\"wp-block-column\"><!-- wp:image {\"id\":832,\"sizeSlug\":\"full\",\"linkDestination\":\"none\"} -->\n<figure class=\"wp-block-image size-full\"><img src=\"https:\/\/www.fraclorraine.org\/wp-content\/uploads\/2022\/09\/HLM_2021_BAR-LE-DUC_ON-FIRE_1.jpg\" alt=\"\" class=\"wp-image-832\"\/><\/figure>\n<!-- \/wp:image --><\/div>\n<!-- \/wp:column --><\/div>\n<!-- \/wp:columns -->","_fr_post_name":"on-fire","_fr_post_excerpt":"","_fr_post_title":"On Fire !","_en_post_content":"","_en_post_name":"","_en_post_excerpt":"","_en_post_title":"","edit_language":"en"},"tags":[7,41],"event-type":[42],"saison":[45],"lieu":[373],"class_list":["post-831","exhibition","type-exhibition","status-publish","hentry","tag-exposition","tag-hors-les-murs"],"excerpt":{"raw":"","rendered":""},"_links":{"self":[{"href":"https:\/\/www.fraclorraine.org\/en\/wp-json\/wp\/v2\/exhibition\/831","targetHints":{"allow":["GET"]}}],"collection":[{"href":"https:\/\/www.fraclorraine.org\/en\/wp-json\/wp\/v2\/exhibition"}],"about":[{"href":"https:\/\/www.fraclorraine.org\/en\/wp-json\/wp\/v2\/types\/exhibition"}],"wp:attachment":[{"href":"https:\/\/www.fraclorraine.org\/en\/wp-json\/wp\/v2\/media?parent=831"}],"wp:term":[{"taxonomy":"post_tag","embeddable":true,"href":"https:\/\/www.fraclorraine.org\/en\/wp-json\/wp\/v2\/tags?post=831"},{"taxonomy":"event-type","embeddable":true,"href":"https:\/\/www.fraclorraine.org\/en\/wp-json\/wp\/v2\/event-type?post=831"},{"taxonomy":"saison","embeddable":true,"href":"https:\/\/www.fraclorraine.org\/en\/wp-json\/wp\/v2\/saison?post=831"},{"taxonomy":"lieu","embeddable":true,"href":"https:\/\/www.fraclorraine.org\/en\/wp-json\/wp\/v2\/lieu?post=831"}],"curies":[{"name":"wp","href":"https:\/\/api.w.org\/{rel}","templated":true}]}}