{"id":8328,"date":"2023-10-31T14:52:14","date_gmt":"2023-10-31T13:52:14","guid":{"rendered":"https:\/\/www.fraclorraine.org\/?post_type=exhibition&#038;p=8328"},"modified":"2024-10-18T15:08:54","modified_gmt":"2024-10-18T13:08:54","slug":"","status":"publish","type":"exhibition","link":"https:\/\/www.fraclorraine.org\/en\/exhibition\/be-aware-2\/","title":{"rendered":"","raw":""},"content":{"rendered":"\n<div class=\"wp-block-columns is-layout-flex wp-container-core-columns-is-layout-9d6595d7 wp-block-columns-is-layout-flex\">\n<div class=\"wp-block-column is-layout-flow wp-block-column-is-layout-flow\"><\/div>\n\n\n\n<div class=\"wp-block-column is-layout-flow wp-block-column-is-layout-flow\"><\/div>\n<\/div>\n","protected":false,"raw":"<!-- wp:columns -->\n<div class=\"wp-block-columns\"><!-- wp:column -->\n<div class=\"wp-block-column\"><\/div>\n<!-- \/wp:column -->\n\n<!-- wp:column -->\n<div class=\"wp-block-column\"><\/div>\n<!-- \/wp:column --><\/div>\n<!-- \/wp:columns -->"},"template":"","meta":{"inline_featured_image":false,"_fr_post_content":"<!-- wp:columns -->\n<div class=\"wp-block-columns\"><!-- wp:column -->\n<div class=\"wp-block-column\"><!-- wp:paragraph -->\n<p>\u25cf Une histoire des artistes femmes&nbsp;: itin\u00e9rance en r\u00e9gion Grand-Est<\/p>\n<!-- \/wp:paragraph -->\n\n<!-- wp:paragraph -->\n<p>Apr\u00e8s avoir \u00e9t\u00e9 pr\u00e9sent\u00e9 au 49 Nord 6 Est \u2013 Frac Lorraine, l\u2019exposition <em>BE AWARE&nbsp;: une histoire des artistes femmes<\/em>, pose ses modules en Meuse, dans l'espace d'exposition temporaire d'<a href=\"https:\/\/ecureypolesdavenir.com\/\">\u00c9curey P\u00f4les d\u2019Avenir<\/a>.<\/p>\n<!-- \/wp:paragraph -->\n\n<!-- wp:paragraph -->\n<p>Au moment de la cr\u00e9ation de l\u2019itin\u00e9rance en r\u00e9gion Grand Est de <em>Be AWARE<\/em>, \u00c9curey P\u00f4les d\u2019Avenir \u00e9tait une \u00e9vidence. Abbaye cistercienne, puis village-usine de fonderie, et \u00e0 pr\u00e9sent p\u00f4le pluridisciplinaire qui combine, entre autres, un centre d\u2019interpr\u00e9tation et un espace d\u2019exposition, la compagnie de th\u00e9\u00e2tre Azimuts et le Centre de Cr\u00e9ation Ouvert aux Arts en Campagne, une activit\u00e9 de mara\u00eechage et un centre de formation \u00e0 l\u2019\u00e9co r\u00e9novation, \u00c9curey P\u00f4les d\u2019Avenir est un lieu atypique et remarquable.<\/p>\n<!-- \/wp:paragraph -->\n\n<!-- wp:paragraph -->\n<p>\u00c9curey P\u00f4les d\u2019Avenir en tant qu\u2019association pr\u00f4ne l\u2019ouverture, la tol\u00e9rance, et le partage, tout autant de valeurs partag\u00e9es avec l\u2019association AWARE.<\/p>\n<!-- \/wp:paragraph -->\n\n<!-- wp:separator -->\n<hr class=\"wp-block-separator has-alpha-channel-opacity\"\/>\n<!-- \/wp:separator -->\n\n<!-- wp:heading {\"level\":6,\"style\":{\"typography\":{\"fontStyle\":\"normal\",\"fontWeight\":\"500\"}},\"fontSize\":\"medium\"} -->\n<h6 class=\"wp-block-heading has-medium-font-size\" style=\"font-style:normal;font-weight:500\"><em>BE AWARE&nbsp;: une histoire des artistes femmes<\/em>, sera visible au sein du <a href=\"https:\/\/www.villagedulivre54.fr\/\">Village du Livre de Fontenoy-la-Jo\u00fbte<\/a> (Meurthe-et-Moselle), du 16 novembre 2023 au 21 janvier 2024, dans deux librairies&nbsp;:<br>\u21b3 L\u2019\u00c9table aux livres sp\u00e9cialis\u00e9e dans la bande dessin\u00e9e<br>\u21b3 Le Lotus Bleu, bouquinerie g\u00e9n\u00e9raliste<\/h6>\n<!-- \/wp:heading -->\n\n<!-- wp:heading {\"level\":6,\"style\":{\"typography\":{\"fontStyle\":\"normal\",\"fontWeight\":\"500\"}},\"fontSize\":\"medium\"} -->\n<h6 class=\"wp-block-heading has-medium-font-size\" style=\"font-style:normal;font-weight:500\">En collaboration avec l\u2019association <a href=\"https:\/\/awarewomenartists.com\/\">AWARE<\/a> : Archives of Women Artists, Research and Exhibitions.<\/h6>\n<!-- \/wp:heading --><\/div>\n<!-- \/wp:column -->\n\n<!-- wp:column -->\n<div class=\"wp-block-column\"><!-- wp:image {\"id\":8329,\"sizeSlug\":\"large\",\"linkDestination\":\"none\"} -->\n<figure class=\"wp-block-image size-large\"><img src=\"https:\/\/www.fraclorraine.org\/wp-content\/uploads\/2023\/10\/IMG_7123-1024x819.jpg\" alt=\"\" class=\"wp-image-8329\"\/><figcaption class=\"wp-element-caption\">Exposition documentaire <em>Be Aware<\/em>, structure matali crasset<\/figcaption><\/figure>\n<!-- \/wp:image --><\/div>\n<!-- \/wp:column --><\/div>\n<!-- \/wp:columns -->","_fr_post_name":"be-aware-2","_fr_post_excerpt":"","_fr_post_title":"Be Aware","_en_post_content":"<!-- wp:columns -->\n<div class=\"wp-block-columns\"><!-- wp:column -->\n<div class=\"wp-block-column\"><\/div>\n<!-- \/wp:column -->\n\n<!-- wp:column -->\n<div class=\"wp-block-column\"><\/div>\n<!-- \/wp:column --><\/div>\n<!-- \/wp:columns -->","_en_post_name":"","_en_post_excerpt":"","_en_post_title":"","edit_language":"en"},"tags":[396,7],"event-type":[42,30],"saison":[397],"lieu":[373],"class_list":["post-8328","exhibition","type-exhibition","status-publish","hentry","tag-aware","tag-exposition"],"excerpt":{"raw":"","rendered":""},"_links":{"self":[{"href":"https:\/\/www.fraclorraine.org\/en\/wp-json\/wp\/v2\/exhibition\/8328","targetHints":{"allow":["GET"]}}],"collection":[{"href":"https:\/\/www.fraclorraine.org\/en\/wp-json\/wp\/v2\/exhibition"}],"about":[{"href":"https:\/\/www.fraclorraine.org\/en\/wp-json\/wp\/v2\/types\/exhibition"}],"wp:attachment":[{"href":"https:\/\/www.fraclorraine.org\/en\/wp-json\/wp\/v2\/media?parent=8328"}],"wp:term":[{"taxonomy":"post_tag","embeddable":true,"href":"https:\/\/www.fraclorraine.org\/en\/wp-json\/wp\/v2\/tags?post=8328"},{"taxonomy":"event-type","embeddable":true,"href":"https:\/\/www.fraclorraine.org\/en\/wp-json\/wp\/v2\/event-type?post=8328"},{"taxonomy":"saison","embeddable":true,"href":"https:\/\/www.fraclorraine.org\/en\/wp-json\/wp\/v2\/saison?post=8328"},{"taxonomy":"lieu","embeddable":true,"href":"https:\/\/www.fraclorraine.org\/en\/wp-json\/wp\/v2\/lieu?post=8328"}],"curies":[{"name":"wp","href":"https:\/\/api.w.org\/{rel}","templated":true}]}}