{"id":8456,"date":"2023-11-28T14:57:09","date_gmt":"2023-11-28T13:57:09","guid":{"rendered":"https:\/\/www.fraclorraine.org\/?post_type=exhibition&#038;p=8456"},"modified":"2024-10-18T15:07:40","modified_gmt":"2024-10-18T13:07:40","slug":"","status":"publish","type":"exhibition","link":"https:\/\/www.fraclorraine.org\/en\/exhibition\/be-aware-3\/","title":{"rendered":"","raw":""},"content":{"rendered":"\n<div class=\"wp-block-columns is-layout-flex wp-container-core-columns-is-layout-9d6595d7 wp-block-columns-is-layout-flex\">\n<div class=\"wp-block-column is-layout-flow wp-block-column-is-layout-flow\"><\/div>\n\n\n\n<div class=\"wp-block-column is-layout-flow wp-block-column-is-layout-flow\"><\/div>\n<\/div>\n","protected":false,"raw":"<!-- wp:columns -->\n<div class=\"wp-block-columns\"><!-- wp:column -->\n<div class=\"wp-block-column\"><\/div>\n<!-- \/wp:column -->\n\n<!-- wp:column -->\n<div class=\"wp-block-column\"><\/div>\n<!-- \/wp:column --><\/div>\n<!-- \/wp:columns -->"},"template":"","meta":{"inline_featured_image":false,"_fr_post_content":"<!-- wp:columns -->\n<div class=\"wp-block-columns\"><!-- wp:column -->\n<div class=\"wp-block-column\"><!-- wp:paragraph -->\n<p>\u25cf Une histoire des artistes femmes&nbsp;: itin\u00e9rance en r\u00e9gion Grand-Est<\/p>\n<!-- \/wp:paragraph -->\n\n<!-- wp:paragraph -->\n<p>Apr\u00e8s avoir \u00e9t\u00e9 pr\u00e9sent\u00e9 au 49 Nord 6 Est \u2013 Frac Lorraine, puis \u00e0 \u00c9curey P\u00f4les d\u2019Avenir <em>BE AWARE&nbsp;: une histoire des artistes femmes<\/em>, pose ses modules en Meurthe-et-Moselle, au <a href=\"https:\/\/www.villagedulivre54.fr\/\">Village du Livre<\/a> de Fontenoy-la-Jo\u00fbte.<\/p>\n<!-- \/wp:paragraph -->\n\n<!-- wp:paragraph -->\n<p>Inaugur\u00e9 en 1996 et port\u00e9 par l\u2019association Les Amis du Livre, le Village du Livre de Fontenoy-la-Jo\u00fbte d\u00e9nombre aujourd\u2019hui 10 bouquinistes, un calligraphe et un artisan install\u00e9s dans des fermes typiques restaur\u00e9es. Deux librairies accueilleront des modules de BE AWARE&nbsp;et proposeront une s\u00e9lection d\u2019ouvrages qui \u00e9tayera le propos de l\u2019exposition.<\/p>\n<!-- \/wp:paragraph -->\n\n<!-- wp:paragraph -->\n<p>BE AWARE&nbsp;: une histoire des artistes femmes, est visible au sein du Village du Livre de Fontenoy-la-Jo\u00fbte dans les librairies&nbsp;L\u2019\u00c9table aux livres et Le Lotus Bleu.<\/p>\n<!-- \/wp:paragraph -->\n\n<!-- wp:separator -->\n<hr class=\"wp-block-separator has-alpha-channel-opacity\"\/>\n<!-- \/wp:separator -->\n\n<!-- wp:heading {\"level\":6,\"style\":{\"typography\":{\"fontStyle\":\"normal\",\"fontWeight\":\"500\"}},\"fontSize\":\"medium\"} -->\n<h6 class=\"wp-block-heading has-medium-font-size\" style=\"font-style:normal;font-weight:500\">En collaboration avec l\u2019association <a href=\"https:\/\/awarewomenartists.com\/\">AWARE<\/a> : Archives of Women Artists, Research and Exhibitions.<\/h6>\n<!-- \/wp:heading --><\/div>\n<!-- \/wp:column -->\n\n<!-- wp:column -->\n<div class=\"wp-block-column\"><!-- wp:image {\"id\":8329,\"sizeSlug\":\"large\",\"linkDestination\":\"none\"} -->\n<figure class=\"wp-block-image size-large\"><img src=\"https:\/\/www.fraclorraine.org\/wp-content\/uploads\/2023\/10\/IMG_7123-1024x819.jpg\" alt=\"\" class=\"wp-image-8329\"\/><figcaption class=\"wp-element-caption\">Exposition documentaire <em>Be Aware<\/em>, structure matali crasset<\/figcaption><\/figure>\n<!-- \/wp:image --><\/div>\n<!-- \/wp:column --><\/div>\n<!-- \/wp:columns -->","_fr_post_name":"be-aware-3","_fr_post_excerpt":"","_fr_post_title":"Be Aware","_en_post_content":"<!-- wp:columns -->\n<div class=\"wp-block-columns\"><!-- wp:column -->\n<div class=\"wp-block-column\"><\/div>\n<!-- \/wp:column -->\n\n<!-- wp:column -->\n<div class=\"wp-block-column\"><\/div>\n<!-- \/wp:column --><\/div>\n<!-- \/wp:columns -->","_en_post_name":"","_en_post_excerpt":"","_en_post_title":"","edit_language":"en"},"tags":[396,7],"event-type":[42,30],"saison":[397],"lieu":[373],"class_list":["post-8456","exhibition","type-exhibition","status-publish","hentry","tag-aware","tag-exposition"],"excerpt":{"raw":"","rendered":""},"_links":{"self":[{"href":"https:\/\/www.fraclorraine.org\/en\/wp-json\/wp\/v2\/exhibition\/8456","targetHints":{"allow":["GET"]}}],"collection":[{"href":"https:\/\/www.fraclorraine.org\/en\/wp-json\/wp\/v2\/exhibition"}],"about":[{"href":"https:\/\/www.fraclorraine.org\/en\/wp-json\/wp\/v2\/types\/exhibition"}],"wp:attachment":[{"href":"https:\/\/www.fraclorraine.org\/en\/wp-json\/wp\/v2\/media?parent=8456"}],"wp:term":[{"taxonomy":"post_tag","embeddable":true,"href":"https:\/\/www.fraclorraine.org\/en\/wp-json\/wp\/v2\/tags?post=8456"},{"taxonomy":"event-type","embeddable":true,"href":"https:\/\/www.fraclorraine.org\/en\/wp-json\/wp\/v2\/event-type?post=8456"},{"taxonomy":"saison","embeddable":true,"href":"https:\/\/www.fraclorraine.org\/en\/wp-json\/wp\/v2\/saison?post=8456"},{"taxonomy":"lieu","embeddable":true,"href":"https:\/\/www.fraclorraine.org\/en\/wp-json\/wp\/v2\/lieu?post=8456"}],"curies":[{"name":"wp","href":"https:\/\/api.w.org\/{rel}","templated":true}]}}