{"id":8638,"date":"2024-03-18T11:03:07","date_gmt":"2024-03-18T10:03:07","guid":{"rendered":"https:\/\/www.fraclorraine.org\/?post_type=exhibition&#038;p=8638"},"modified":"2024-10-18T15:04:17","modified_gmt":"2024-10-18T13:04:17","slug":"","status":"publish","type":"exhibition","link":"https:\/\/www.fraclorraine.org\/en\/exhibition\/engage-es\/","title":{"rendered":"","raw":""},"content":{"rendered":"\n<div class=\"wp-block-columns is-layout-flex wp-container-core-columns-is-layout-9d6595d7 wp-block-columns-is-layout-flex\">\n<div class=\"wp-block-column is-layout-flow wp-block-column-is-layout-flow\"><\/div>\n\n\n\n<div class=\"wp-block-column is-layout-flow wp-block-column-is-layout-flow\"><\/div>\n<\/div>\n","protected":false,"raw":"<!-- wp:columns -->\n<div class=\"wp-block-columns\"><!-- wp:column -->\n<div class=\"wp-block-column\"><\/div>\n<!-- \/wp:column -->\n\n<!-- wp:column -->\n<div class=\"wp-block-column\"><\/div>\n<!-- \/wp:column --><\/div>\n<!-- \/wp:columns -->"},"template":"","meta":{"inline_featured_image":false,"_fr_post_content":"<!-- wp:columns -->\n<div class=\"wp-block-columns\"><!-- wp:column -->\n<div class=\"wp-block-column\"><!-- wp:paragraph -->\n<p>\u25cf Avec des \u0153uvres de la collection du 49 Nord 6 Est \u2013 Frac Lorraine des Guerrilla Girls, Marcia Kure, Marge Monko, Kathleen White, et Nil Yalter et Nicole Croiset<\/p>\n<!-- \/wp:paragraph -->\n\n<!-- wp:paragraph -->\n<p>F\u00e9minisme (nom masculin provenant du latin <em>femina<\/em>, femme) : courant de pens\u00e9e et mouvement politique, social et culturel qui \u0153uvre pour l\u2019\u00e9galit\u00e9 entre les hommes et les femmes.<\/p>\n<!-- \/wp:paragraph -->\n\n<!-- wp:paragraph -->\n<p>Cette d\u00e9finition du Larousse m\u00e9riterait d\u2019\u00eatre compl\u00e9t\u00e9e : le f\u00e9minisme est pluriel. Ses id\u00e9aux pr\u00f4nent l\u2019\u00e9galit\u00e9 entre les genres, mais aussi l\u2019\u00e9galit\u00e9 entre les cultures et diverses possibilit\u00e9s d\u2019affinit\u00e9s amoureuses.<\/p>\n<!-- \/wp:paragraph -->\n\n<!-- wp:paragraph -->\n<p>L\u2019exposition <em>Engag\u00e9.es ! <\/em>donne \u00e0 voir les prises de position d\u2019artistes femmes de la collection du Frac Lorraine qui se positionnent en faveur d\u2019une \u00e9quit\u00e9 universelle. R\u00e9solument f\u00e9ministes, elles utilisent la cr\u00e9ation pour d\u00e9noncer pacifiquement, et parfois radicalement, ce que nous voulons changer et les habitudes qui sont \u00e0 r\u00e9viser.<\/p>\n<!-- \/wp:paragraph -->\n\n<!-- wp:paragraph -->\n<p>Les Guerrilla Girls reprennent les codes de l\u2019affiche publicitaire pour mettre en avant le sexisme et le racisme en cours dans le monde de l\u2019art. Marcia Kure construit des portraits \u00e0 partir de st\u00e9r\u00e9otypes associ\u00e9s au genre et \u00e0 la couleur de peau. Kathleen White associe son portrait aux noms de personnes proches d\u00e9c\u00e9d\u00e9es du SIDA. Nil Yalter et Nicole Croiset donnent la parole aux femmes qui doivent \u00e0 la fois avoir un emploi et g\u00e9rer seule l\u2019organisation du foyer, tandis que Marge Monko met en sc\u00e8ne les d\u00e9saccords id\u00e9ologiques d\u2019un groupe de femmes.<\/p>\n<!-- \/wp:paragraph --><\/div>\n<!-- \/wp:column -->\n\n<!-- wp:column -->\n<div class=\"wp-block-column\"><!-- wp:image {\"id\":8663,\"sizeSlug\":\"full\",\"linkDestination\":\"none\"} -->\n<figure class=\"wp-block-image size-full\"><img src=\"https:\/\/www.fraclorraine.org\/wp-content\/uploads\/2024\/04\/White-Selft-Portrait.png\" alt=\"\" class=\"wp-image-8663\"\/><figcaption class=\"wp-element-caption\">Kathleen White, <em>Self Portrait<\/em>, Spirit, 1995 \u00a9 K. White, Sanchez-White archives, et Martos Gallery \/ photo Martos Gallery<\/figcaption><\/figure>\n<!-- \/wp:image --><\/div>\n<!-- \/wp:column --><\/div>\n<!-- \/wp:columns -->","_fr_post_name":"engage-es","_fr_post_excerpt":"","_fr_post_title":"Engag\u00e9.es !","_en_post_content":"<!-- wp:columns -->\n<div class=\"wp-block-columns\"><!-- wp:column -->\n<div class=\"wp-block-column\"><\/div>\n<!-- \/wp:column -->\n\n<!-- wp:column -->\n<div class=\"wp-block-column\"><\/div>\n<!-- \/wp:column --><\/div>\n<!-- \/wp:columns -->","_en_post_name":"","_en_post_excerpt":"","_en_post_title":"","edit_language":"en"},"tags":[7,41],"event-type":[42],"saison":[413],"lieu":[373],"class_list":["post-8638","exhibition","type-exhibition","status-publish","hentry","tag-exposition","tag-hors-les-murs"],"excerpt":{"raw":"","rendered":""},"_links":{"self":[{"href":"https:\/\/www.fraclorraine.org\/en\/wp-json\/wp\/v2\/exhibition\/8638","targetHints":{"allow":["GET"]}}],"collection":[{"href":"https:\/\/www.fraclorraine.org\/en\/wp-json\/wp\/v2\/exhibition"}],"about":[{"href":"https:\/\/www.fraclorraine.org\/en\/wp-json\/wp\/v2\/types\/exhibition"}],"wp:attachment":[{"href":"https:\/\/www.fraclorraine.org\/en\/wp-json\/wp\/v2\/media?parent=8638"}],"wp:term":[{"taxonomy":"post_tag","embeddable":true,"href":"https:\/\/www.fraclorraine.org\/en\/wp-json\/wp\/v2\/tags?post=8638"},{"taxonomy":"event-type","embeddable":true,"href":"https:\/\/www.fraclorraine.org\/en\/wp-json\/wp\/v2\/event-type?post=8638"},{"taxonomy":"saison","embeddable":true,"href":"https:\/\/www.fraclorraine.org\/en\/wp-json\/wp\/v2\/saison?post=8638"},{"taxonomy":"lieu","embeddable":true,"href":"https:\/\/www.fraclorraine.org\/en\/wp-json\/wp\/v2\/lieu?post=8638"}],"curies":[{"name":"wp","href":"https:\/\/api.w.org\/{rel}","templated":true}]}}