{"id":8907,"date":"2024-10-18T15:01:22","date_gmt":"2024-10-18T13:01:22","guid":{"rendered":"https:\/\/www.fraclorraine.org\/?post_type=exhibition&#038;p=8907"},"modified":"2024-11-07T18:00:19","modified_gmt":"2024-11-07T17:00:19","slug":"","status":"publish","type":"exhibition","link":"https:\/\/www.fraclorraine.org\/en\/exhibition\/sans-etape\/","title":{"rendered":"","raw":""},"content":{"rendered":"\n<div class=\"wp-block-columns is-layout-flex wp-container-core-columns-is-layout-9d6595d7 wp-block-columns-is-layout-flex\">\n<div class=\"wp-block-column is-layout-flow wp-block-column-is-layout-flow\"><\/div>\n\n\n\n<div class=\"wp-block-column is-layout-flow wp-block-column-is-layout-flow\"><\/div>\n<\/div>\n","protected":false,"raw":"<!-- wp:columns -->\n<div class=\"wp-block-columns\"><!-- wp:column -->\n<div class=\"wp-block-column\"><\/div>\n<!-- \/wp:column -->\n\n<!-- wp:column -->\n<div class=\"wp-block-column\"><\/div>\n<!-- \/wp:column --><\/div>\n<!-- \/wp:columns -->"},"template":"","meta":{"inline_featured_image":false,"_fr_post_content":"<!-- wp:columns -->\n<div class=\"wp-block-columns\"><!-- wp:column -->\n<div class=\"wp-block-column\"><!-- wp:paragraph -->\n<p>\u25cf Avec les \u0153uvres de la collection du 49 Nord 6 Est \u2013 Frac Lorraine de Clara Denidet, Maria Kourkouta, Ghita Skali et Nil Yalter, et du Frac Champagne-Ardenne de Ouassila Arras<\/p>\n<!-- \/wp:paragraph -->\n\n<!-- wp:paragraph -->\n<p>Franchir une fronti\u00e8re n\u2019est pas un acte anodin. Pour une personne forc\u00e9e \u00e0 quitter son pays, il s\u2019agit de quitter ses rep\u00e8res et trouver sa place dans une culture diff\u00e9rente. En parall\u00e8le, des normes et des contr\u00f4les cadrent et r\u00e9gulent les flux mondiaux de marchandises, qui n\u00e9anmoins circulent bien plus facilement. Mais une \u00e9conomie parall\u00e8le \u00e9chappe aux restrictions.<\/p>\n<!-- \/wp:paragraph -->\n\n<!-- wp:paragraph -->\n<p>Les \u0153uvres pr\u00e9sent\u00e9es d\u00e9ploient les effets des mouvements migratoires, qu\u2019il s\u2019agisse des personnes qui les accomplissent, de celles qui en sont les h\u00e9riti\u00e8res, ou encore de celles qui les observent.<\/p>\n<!-- \/wp:paragraph -->\n\n<!-- wp:paragraph -->\n<p>Clara Denidet interpr\u00e8te une strat\u00e9gie de dissimulation traditionnelle des objets de valeur par les populations nomades. Maria Kourkouta documente l\u2019entr\u00e9e de migrants en Mac\u00e9doine tandis que Nil Yalter rend hommage \u00e0 la communaut\u00e9 immigr\u00e9e turque en nous rappelant que&nbsp;vivre en exil est un apprentissage. Ghita Skali s\u2019empare des flux commerciaux en questionnant la provenance et l\u2019acheminement d\u2019une denr\u00e9e. Enfin, Ouassila Arras utilise la m\u00e9taphore du filet pour \u00e9voquer des liens historiques et intimes entre deux pays.<\/p>\n<!-- \/wp:paragraph -->\n\n<!-- wp:paragraph -->\n<p>--<\/p>\n<!-- \/wp:paragraph -->\n\n<!-- wp:paragraph -->\n<p>En lien avec le <a href=\"https:\/\/www.festival-fameck.com\/\" data-type=\"link\" data-id=\"https:\/\/www.festival-fameck.com\/\">Festival du film Arabe de Fameck Val de Fensch<\/a><\/p>\n<!-- \/wp:paragraph --><\/div>\n<!-- \/wp:column -->\n\n<!-- wp:column -->\n<div class=\"wp-block-column\"><!-- wp:image {\"id\":8878,\"sizeSlug\":\"large\",\"linkDestination\":\"none\"} -->\n<figure class=\"wp-block-image size-large\"><img src=\"https:\/\/www.fraclorraine.org\/wp-content\/uploads\/2024\/09\/Kourkouta-1-2-HD-1024x577.jpg\" alt=\"\" class=\"wp-image-8878\"\/><figcaption class=\"wp-element-caption\">Maria Kourkouta, <em>Idomeni, 14 mars 2016, Fronti\u00e8re gr\u00e9co-mac\u00e9donienne<\/em>, 2016. Collection 49 Nord 6 Est - Frac Lorraine \u00a9 Maria Kourkouta<\/figcaption><\/figure>\n<!-- \/wp:image --><\/div>\n<!-- \/wp:column --><\/div>\n<!-- \/wp:columns -->\n\n<!-- wp:paragraph -->\n<p><\/p>\n<!-- \/wp:paragraph -->","_fr_post_name":"sans-etape","_fr_post_excerpt":"","_fr_post_title":"Sans \u00e9tape","_en_post_content":"<!-- wp:columns -->\n<div class=\"wp-block-columns\"><!-- wp:column -->\n<div class=\"wp-block-column\"><\/div>\n<!-- \/wp:column -->\n\n<!-- wp:column -->\n<div class=\"wp-block-column\"><\/div>\n<!-- \/wp:column --><\/div>\n<!-- \/wp:columns -->","_en_post_name":"","_en_post_excerpt":"","_en_post_title":"","edit_language":"en"},"tags":[7,41],"event-type":[42],"saison":[425],"lieu":[373],"class_list":["post-8907","exhibition","type-exhibition","status-publish","hentry","tag-exposition","tag-hors-les-murs"],"excerpt":{"raw":"","rendered":""},"_links":{"self":[{"href":"https:\/\/www.fraclorraine.org\/en\/wp-json\/wp\/v2\/exhibition\/8907","targetHints":{"allow":["GET"]}}],"collection":[{"href":"https:\/\/www.fraclorraine.org\/en\/wp-json\/wp\/v2\/exhibition"}],"about":[{"href":"https:\/\/www.fraclorraine.org\/en\/wp-json\/wp\/v2\/types\/exhibition"}],"wp:attachment":[{"href":"https:\/\/www.fraclorraine.org\/en\/wp-json\/wp\/v2\/media?parent=8907"}],"wp:term":[{"taxonomy":"post_tag","embeddable":true,"href":"https:\/\/www.fraclorraine.org\/en\/wp-json\/wp\/v2\/tags?post=8907"},{"taxonomy":"event-type","embeddable":true,"href":"https:\/\/www.fraclorraine.org\/en\/wp-json\/wp\/v2\/event-type?post=8907"},{"taxonomy":"saison","embeddable":true,"href":"https:\/\/www.fraclorraine.org\/en\/wp-json\/wp\/v2\/saison?post=8907"},{"taxonomy":"lieu","embeddable":true,"href":"https:\/\/www.fraclorraine.org\/en\/wp-json\/wp\/v2\/lieu?post=8907"}],"curies":[{"name":"wp","href":"https:\/\/api.w.org\/{rel}","templated":true}]}}