{"id":9079,"date":"2025-03-13T15:05:03","date_gmt":"2025-03-13T14:05:03","guid":{"rendered":"https:\/\/www.fraclorraine.org\/?post_type=exhibition&#038;p=9079"},"modified":"2025-03-19T14:53:45","modified_gmt":"2025-03-19T13:53:45","slug":"","status":"publish","type":"exhibition","link":"https:\/\/www.fraclorraine.org\/en\/exhibition\/corps-mouvants\/","title":{"rendered":"","raw":""},"content":{"rendered":"","protected":false,"raw":""},"template":"","meta":{"inline_featured_image":false,"_fr_post_content":"<!-- wp:columns -->\n<div class=\"wp-block-columns\"><!-- wp:column -->\n<div class=\"wp-block-column\"><!-- wp:paragraph -->\n<p>\u25cf Avec les \u0153uvres de la collection du 49 Nord 6 Est \u2013 Frac Lorraine de Martha Ara\u00fajo, Marc Kokopeli, Zilla Leutenegger et Roman Opalka<\/p>\n<!-- \/wp:paragraph -->\n\n<!-- wp:paragraph -->\n<p>Les mouvements des corps sont une source d\u2019inspiration pour les artistes, \u00e0 la fois pour les formes qu\u2019ils cr\u00e9ent, leur signification et ce qu\u2019ils incarnent. Les gestes qui sont repris par les artistes ne sont pas neutres et peuvent \u00eatre des outils de revendication, des signaux d\u2019alerte, ou encore les t\u00e9moins d\u2019une action po\u00e9tique ou naturelle. Lorsque les artistes invitent les spectateurs \u00e0 se mettre en mouvement, un rapport plus direct et intime \u00e0 l\u2019\u0153uvre se cr\u00e9\u00e9. Les artistes rassembl\u00e9s ici nous invitent \u00e0 d\u00e9couvrir leurs \u0153uvres au-del\u00e0 de la vue.<\/p>\n<!-- \/wp:paragraph -->\n\n<!-- wp:paragraph -->\n<p>Martha Ara\u00fajo se sert du corps comme symbole d\u2019\u00e9mancipation politique. Zilla Leutenegger et Roman Opalka po\u00e9tisent des mouvements du quotidien plus ou moins volontaires. Enfin, Marc Kokopeli utilise l\u2019intelligence artificielle et des accessoires anatomiques pour plonger dans une situation qui trouble notre perception.<\/p>\n<!-- \/wp:paragraph --><\/div>\n<!-- \/wp:column -->\n\n<!-- wp:column -->\n<div class=\"wp-block-column\"><!-- wp:image {\"id\":9086,\"sizeSlug\":\"large\",\"linkDestination\":\"none\"} -->\n<figure class=\"wp-block-image size-large\"><img src=\"https:\/\/www.fraclorraine.org\/wp-content\/uploads\/2025\/03\/Marc-Kokopeli-Meeting-people-is-easy-2022-Edouard-Montassut-1024x683.jpeg\" alt=\"\" class=\"wp-image-9086\"\/><figcaption class=\"wp-element-caption\">Marc Kokopeli, <em>Meeting people is easy<\/em>, 2022. Collection 49 Nord 6 Est \u2013 Frac Lorraine. Photo Galerie Edouard Montassut \u00a9 Galerie Edouard Montassut<\/figcaption><\/figure>\n<!-- \/wp:image --><\/div>\n<!-- \/wp:column --><\/div>\n<!-- \/wp:columns -->","_fr_post_name":"corps-mouvants","_fr_post_excerpt":"","_fr_post_title":"Corps mouvants","_en_post_content":"","_en_post_name":"","_en_post_excerpt":"","_en_post_title":"","edit_language":"en"},"tags":[7,41],"event-type":[42],"saison":[433],"lieu":[373],"class_list":["post-9079","exhibition","type-exhibition","status-publish","hentry","tag-exposition","tag-hors-les-murs"],"excerpt":{"raw":"","rendered":""},"_links":{"self":[{"href":"https:\/\/www.fraclorraine.org\/en\/wp-json\/wp\/v2\/exhibition\/9079","targetHints":{"allow":["GET"]}}],"collection":[{"href":"https:\/\/www.fraclorraine.org\/en\/wp-json\/wp\/v2\/exhibition"}],"about":[{"href":"https:\/\/www.fraclorraine.org\/en\/wp-json\/wp\/v2\/types\/exhibition"}],"wp:attachment":[{"href":"https:\/\/www.fraclorraine.org\/en\/wp-json\/wp\/v2\/media?parent=9079"}],"wp:term":[{"taxonomy":"post_tag","embeddable":true,"href":"https:\/\/www.fraclorraine.org\/en\/wp-json\/wp\/v2\/tags?post=9079"},{"taxonomy":"event-type","embeddable":true,"href":"https:\/\/www.fraclorraine.org\/en\/wp-json\/wp\/v2\/event-type?post=9079"},{"taxonomy":"saison","embeddable":true,"href":"https:\/\/www.fraclorraine.org\/en\/wp-json\/wp\/v2\/saison?post=9079"},{"taxonomy":"lieu","embeddable":true,"href":"https:\/\/www.fraclorraine.org\/en\/wp-json\/wp\/v2\/lieu?post=9079"}],"curies":[{"name":"wp","href":"https:\/\/api.w.org\/{rel}","templated":true}]}}