{"id":9092,"date":"2025-03-13T15:24:52","date_gmt":"2025-03-13T14:24:52","guid":{"rendered":"https:\/\/www.fraclorraine.org\/?post_type=exhibition&#038;p=9092"},"modified":"2025-07-09T11:46:10","modified_gmt":"2025-07-09T09:46:10","slug":"","status":"publish","type":"exhibition","link":"https:\/\/www.fraclorraine.org\/en\/exhibition\/de-trame-et-de-chaine\/","title":{"rendered":"","raw":""},"content":{"rendered":"","protected":false,"raw":""},"template":"","meta":{"inline_featured_image":false,"_fr_post_content":"<!-- wp:columns -->\n<div class=\"wp-block-columns\"><!-- wp:column -->\n<div class=\"wp-block-column\"><!-- wp:paragraph -->\n<p>\u25cf Avec les \u0153uvres de la collection du 49 Nord 6 Est \u2013 Frac Lorraine d\u2019Irma Kalt, Teresa Murak, Emma Perrochon, Edward Pien et Takako Saito, ainsi que des \u0153uvres de Clemen Parrocchetti et des pi\u00e8ces des \u00e9tudiant.es en licence d\u2019arts plastiques de l\u2019Universit\u00e9 de Lorraine<\/p>\n<!-- \/wp:paragraph -->\n\n<!-- wp:paragraph -->\n<p>Comment les artistes et la jeune cr\u00e9ation s\u2019emparent-ils du m\u00e9dium textile ? Quels id\u00e9aux peuvent s\u2019incarner dans des assemblages de fibres ? Des \u0153uvres de la collection du Frac Lorraine, de Clemen Parrocchetti et des \u00e9tudiant.es en arts plastiques de l\u2019Universit\u00e9 de Lorraine sont expos\u00e9es en dialogue pour formuler une premi\u00e8re r\u00e9ponse \u00e0 ces questions.<\/p>\n<!-- \/wp:paragraph --><\/div>\n<!-- \/wp:column -->\n\n<!-- wp:column -->\n<div class=\"wp-block-column\"><!-- wp:image {\"id\":8998,\"sizeSlug\":\"large\",\"linkDestination\":\"none\"} -->\n<figure class=\"wp-block-image size-large\"><img src=\"https:\/\/www.fraclorraine.org\/wp-content\/uploads\/2024\/12\/32-1024x955.jpg\" alt=\"\" class=\"wp-image-8998\"\/><figcaption class=\"wp-element-caption\">Clemen Parrocchetti<\/figcaption><\/figure>\n<!-- \/wp:image --><\/div>\n<!-- \/wp:column --><\/div>\n<!-- \/wp:columns -->","_fr_post_name":"de-trame-et-de-chaine","_fr_post_excerpt":"","_fr_post_title":"De trame et de cha\u00eene","_en_post_content":"","_en_post_name":"","_en_post_excerpt":"","_en_post_title":"","edit_language":"en"},"tags":[7,41],"event-type":[42],"saison":[433],"lieu":[373],"class_list":["post-9092","exhibition","type-exhibition","status-publish","hentry","tag-exposition","tag-hors-les-murs"],"excerpt":{"raw":"","rendered":""},"_links":{"self":[{"href":"https:\/\/www.fraclorraine.org\/en\/wp-json\/wp\/v2\/exhibition\/9092","targetHints":{"allow":["GET"]}}],"collection":[{"href":"https:\/\/www.fraclorraine.org\/en\/wp-json\/wp\/v2\/exhibition"}],"about":[{"href":"https:\/\/www.fraclorraine.org\/en\/wp-json\/wp\/v2\/types\/exhibition"}],"wp:attachment":[{"href":"https:\/\/www.fraclorraine.org\/en\/wp-json\/wp\/v2\/media?parent=9092"}],"wp:term":[{"taxonomy":"post_tag","embeddable":true,"href":"https:\/\/www.fraclorraine.org\/en\/wp-json\/wp\/v2\/tags?post=9092"},{"taxonomy":"event-type","embeddable":true,"href":"https:\/\/www.fraclorraine.org\/en\/wp-json\/wp\/v2\/event-type?post=9092"},{"taxonomy":"saison","embeddable":true,"href":"https:\/\/www.fraclorraine.org\/en\/wp-json\/wp\/v2\/saison?post=9092"},{"taxonomy":"lieu","embeddable":true,"href":"https:\/\/www.fraclorraine.org\/en\/wp-json\/wp\/v2\/lieu?post=9092"}],"curies":[{"name":"wp","href":"https:\/\/api.w.org\/{rel}","templated":true}]}}