{"id":9190,"date":"2025-04-24T12:58:04","date_gmt":"2025-04-24T10:58:04","guid":{"rendered":"https:\/\/www.fraclorraine.org\/?post_type=exhibition&#038;p=9190"},"modified":"2025-05-15T16:08:53","modified_gmt":"2025-05-15T14:08:53","slug":"","status":"publish","type":"exhibition","link":"https:\/\/www.fraclorraine.org\/en\/exhibition\/filaments\/","title":{"rendered":"","raw":""},"content":{"rendered":"","protected":false,"raw":""},"template":"","meta":{"inline_featured_image":false,"_fr_post_content":"<!-- wp:columns -->\n<div class=\"wp-block-columns\"><!-- wp:column -->\n<div class=\"wp-block-column\"><!-- wp:paragraph -->\n<p>\u25cf Avec les habitant.es de Cirey-sur-Vezouze, l'artiste Morgane Britscher et des \u0153uvres d\u2019art du 49 Nord 6 Est \u2013 Frac Lorraine<\/p>\n<!-- \/wp:paragraph -->\n\n<!-- wp:paragraph -->\n<p>La Communaut\u00e9 de Communes, la commune de Cirey-sur-Vezouze&nbsp;et le Frac Lorraine proposent aux habitant.es de Cirey-sur-Vezouze (Meurthe-et-Moselle) une s\u00e9rie d\u2019ateliers culturels autour de leurs objets favoris.<\/p>\n<!-- \/wp:paragraph -->\n\n<!-- wp:paragraph -->\n<p>Nomm\u00e9 \u00ab&nbsp;Filaments&nbsp;\u00bb, ce programme se compose de&nbsp;plusieurs&nbsp;ateliers gratuits,&nbsp;du&nbsp;mardi 13 au&nbsp;jeudi 15&nbsp;mai. Ils&nbsp;seront&nbsp;men\u00e9s&nbsp;par l\u2019artiste mosellane Morgane&nbsp;Britscher. Lors de ces ateliers, les participants seront invit\u00e9s \u00e0 \u00e9changer autour d\u2019objets&nbsp;ou&nbsp;d\u2019images qui leur tiennent \u00e0&nbsp;c\u0153ur. Ces&nbsp;histoires&nbsp;serviront \u00e0 partager les souvenirs cach\u00e9s dans ces objets et de dialoguer sur ce que peut \u00eatre la \u00ab&nbsp;Culture&nbsp;\u00bb.<\/p>\n<!-- \/wp:paragraph -->\n\n<!-- wp:paragraph -->\n<p>D\u2019autres ateliers d\u00e9di\u00e9s aux coll\u00e9giennes et coll\u00e9giens et aux seniors de la R\u00e9sidence \u00c2ges et Vie et du Centre 3H, se d\u00e9rouleront dans la semaine.<\/p>\n<!-- \/wp:paragraph -->\n\n<!-- wp:paragraph -->\n<p>Une exposition \u00e0 la salle des f\u00eates de Cirey-sur-Vezouze&nbsp;aura lieu le&nbsp;week-end&nbsp;du&nbsp;17 et 18 mai, o\u00f9 les objets seront expos\u00e9s&nbsp;aux c\u00f4t\u00e9s&nbsp;d\u2019\u0153uvres d\u2019art du&nbsp;Frac Lorraine.&nbsp;Une ouverture festive de l\u2019exposition se tiendra vendredi 16 mai \u00e0 partir de 18h.<\/p>\n<!-- \/wp:paragraph -->\n\n<!-- wp:paragraph -->\n<p>--<\/p>\n<!-- \/wp:paragraph -->\n\n<!-- wp:paragraph -->\n<p>En partenariat entre le Contrat Territorial pour l\u2019\u00c9ducation Artistique et Culturelle (CTEAC) de la Communaut\u00e9 de Communes de Vezouze-en-Pi\u00e9mont, la Mairie de Cirey-sur-Vezouze, l\u2019Espace Service Jeunesse (ESJ) de la Haute Vezouze et le Fonds R\u00e9gional d\u2019Art Contemporain (FRAC) de Lorraine<\/p>\n<!-- \/wp:paragraph --><\/div>\n<!-- \/wp:column -->\n\n<!-- wp:column -->\n<div class=\"wp-block-column\"><!-- wp:image {\"id\":8739,\"sizeSlug\":\"large\",\"linkDestination\":\"none\"} -->\n<figure class=\"wp-block-image size-large\"><img src=\"https:\/\/www.fraclorraine.org\/wp-content\/uploads\/2024\/05\/Dajska-2-1-min-771x1024.jpg\" alt=\"\" class=\"wp-image-8739\"\/><figcaption class=\"wp-element-caption\">Emma DAJSKA, Map n\u00b011, 2010 \u00a9 droits r\u00e9serv\u00e9s. Collection Frac Lorraine, Metz<\/figcaption><\/figure>\n<!-- \/wp:image --><\/div>\n<!-- \/wp:column --><\/div>\n<!-- \/wp:columns -->","_fr_post_name":"filaments","_fr_post_excerpt":"","_fr_post_title":"Filaments","_en_post_content":"","_en_post_name":"","_en_post_excerpt":"","_en_post_title":"","edit_language":"en"},"tags":[169,7,41],"event-type":[42],"saison":[433],"lieu":[373],"class_list":["post-9190","exhibition","type-exhibition","status-publish","hentry","tag-atelier","tag-exposition","tag-hors-les-murs"],"excerpt":{"raw":"","rendered":""},"_links":{"self":[{"href":"https:\/\/www.fraclorraine.org\/en\/wp-json\/wp\/v2\/exhibition\/9190","targetHints":{"allow":["GET"]}}],"collection":[{"href":"https:\/\/www.fraclorraine.org\/en\/wp-json\/wp\/v2\/exhibition"}],"about":[{"href":"https:\/\/www.fraclorraine.org\/en\/wp-json\/wp\/v2\/types\/exhibition"}],"wp:attachment":[{"href":"https:\/\/www.fraclorraine.org\/en\/wp-json\/wp\/v2\/media?parent=9190"}],"wp:term":[{"taxonomy":"post_tag","embeddable":true,"href":"https:\/\/www.fraclorraine.org\/en\/wp-json\/wp\/v2\/tags?post=9190"},{"taxonomy":"event-type","embeddable":true,"href":"https:\/\/www.fraclorraine.org\/en\/wp-json\/wp\/v2\/event-type?post=9190"},{"taxonomy":"saison","embeddable":true,"href":"https:\/\/www.fraclorraine.org\/en\/wp-json\/wp\/v2\/saison?post=9190"},{"taxonomy":"lieu","embeddable":true,"href":"https:\/\/www.fraclorraine.org\/en\/wp-json\/wp\/v2\/lieu?post=9190"}],"curies":[{"name":"wp","href":"https:\/\/api.w.org\/{rel}","templated":true}]}}