{"id":9411,"date":"2025-08-26T12:50:54","date_gmt":"2025-08-26T10:50:54","guid":{"rendered":"https:\/\/www.fraclorraine.org\/?post_type=exhibition&#038;p=9411"},"modified":"2025-10-17T14:37:09","modified_gmt":"2025-10-17T12:37:09","slug":"","status":"publish","type":"exhibition","link":"https:\/\/www.fraclorraine.org\/en\/exhibition\/vivre-dans-le-presque\/","title":{"rendered":"","raw":""},"content":{"rendered":"","protected":false,"raw":""},"template":"","meta":{"inline_featured_image":false,"_fr_post_content":"<!-- wp:columns -->\n<div class=\"wp-block-columns\"><!-- wp:column -->\n<div class=\"wp-block-column\"><!-- wp:paragraph -->\n<p>\u25cf Seohyeon Kim est laur\u00e9ate du dispositif <em>Faire son chemin<\/em> port\u00e9 par l\u2019\u00c9SAL Metz et le Frac Lorraine. Son exposition <em>Vivre dans le presque<\/em> conclue une ann\u00e9e d\u2019accompagnement professionnel.<\/p>\n<!-- \/wp:paragraph -->\n\n<!-- wp:paragraph -->\n<p>Artiste plasticienne sp\u00e9cialis\u00e9e dans l\u2019installation, Seohyeon Kim fait de l\u2019espace d\u2019exposition un projecteur qui met en lumi\u00e8re les personnes marginalis\u00e9es et invisibilis\u00e9es&nbsp;: sans-abris, immigr\u00e9.es, communaut\u00e9 LGBTQUIA+. Plut\u00f4t que de porter un jugement sur ces protagonistes, son travail \u00e9claire des r\u00e9alit\u00e9s souvent ignor\u00e9es, et ravive l\u2019attention que nous leur portons. Elle ne pr\u00e9tend pas que \u00ab&nbsp;l\u2019art puisse changer la vie \u2014 mais en vivant \u00e0 la fronti\u00e8re entre les deux&nbsp;\u00bb, elle esp\u00e8re que \u00ab&nbsp;ses r\u00e9cits trouveront lumi\u00e8re et port\u00e9e au c\u0153ur de l\u2019espace d\u2019exposition&nbsp;\u00bb.<\/p>\n<!-- \/wp:paragraph -->\n\n<!-- wp:paragraph -->\n<p>Pour son exposition personnelle <em>Vivre dans le presque<\/em>, Seohyeon Kim pr\u00e9sentera notamment <em>Rat-volution fran\u00e7ais<\/em>, une s\u00e9rie qui d\u00e9tourne les clich\u00e9s de la soci\u00e9t\u00e9 fran\u00e7aise, mais aussi des \u0153uvres co-r\u00e9alis\u00e9es avec des personnes sans domicile, telles qu\u2019une pri\u00e8re expos\u00e9e dans une bo\u00eete-autel, ou encore des installations transformant leurs lieux de vie en annonces immobili\u00e8res.<\/p>\n<!-- \/wp:paragraph --><\/div>\n<!-- \/wp:column -->\n\n<!-- wp:column -->\n<div class=\"wp-block-column\"><!-- wp:image {\"id\":8771,\"sizeSlug\":\"large\",\"linkDestination\":\"none\"} -->\n<figure class=\"wp-block-image size-large\"><img src=\"https:\/\/www.fraclorraine.org\/wp-content\/uploads\/2024\/07\/seohyeon-kim-web-photo-Romain-Gamba-min-683x1024.png\" alt=\"\" class=\"wp-image-8771\"\/><figcaption class=\"wp-element-caption\">\u00a9 Seohyeon Kim - photo Romain Gamba<\/figcaption><\/figure>\n<!-- \/wp:image --><\/div>\n<!-- \/wp:column --><\/div>\n<!-- \/wp:columns -->","_fr_post_name":"vivre-dans-le-presque","_fr_post_excerpt":"","_fr_post_title":"Vivre dans le presque","_en_post_content":"","_en_post_name":"","_en_post_excerpt":"","_en_post_title":"","edit_language":"en"},"tags":[7,426,41],"event-type":[42],"saison":[444],"lieu":[373],"class_list":["post-9411","exhibition","type-exhibition","status-publish","hentry","tag-exposition","tag-faire-son-chemin","tag-hors-les-murs"],"excerpt":{"raw":"","rendered":""},"_links":{"self":[{"href":"https:\/\/www.fraclorraine.org\/en\/wp-json\/wp\/v2\/exhibition\/9411","targetHints":{"allow":["GET"]}}],"collection":[{"href":"https:\/\/www.fraclorraine.org\/en\/wp-json\/wp\/v2\/exhibition"}],"about":[{"href":"https:\/\/www.fraclorraine.org\/en\/wp-json\/wp\/v2\/types\/exhibition"}],"wp:attachment":[{"href":"https:\/\/www.fraclorraine.org\/en\/wp-json\/wp\/v2\/media?parent=9411"}],"wp:term":[{"taxonomy":"post_tag","embeddable":true,"href":"https:\/\/www.fraclorraine.org\/en\/wp-json\/wp\/v2\/tags?post=9411"},{"taxonomy":"event-type","embeddable":true,"href":"https:\/\/www.fraclorraine.org\/en\/wp-json\/wp\/v2\/event-type?post=9411"},{"taxonomy":"saison","embeddable":true,"href":"https:\/\/www.fraclorraine.org\/en\/wp-json\/wp\/v2\/saison?post=9411"},{"taxonomy":"lieu","embeddable":true,"href":"https:\/\/www.fraclorraine.org\/en\/wp-json\/wp\/v2\/lieu?post=9411"}],"curies":[{"name":"wp","href":"https:\/\/api.w.org\/{rel}","templated":true}]}}