{"id":9413,"date":"2025-08-26T12:26:28","date_gmt":"2025-08-26T10:26:28","guid":{"rendered":"https:\/\/www.fraclorraine.org\/?post_type=exhibition&#038;p=9413"},"modified":"2026-04-20T14:39:15","modified_gmt":"2026-04-20T12:39:15","slug":"","status":"publish","type":"exhibition","link":"https:\/\/www.fraclorraine.org\/en\/exhibition\/pour-un-manifeste-des-soins-palliatifs\/","title":{"rendered":"","raw":""},"content":{"rendered":"","protected":false,"raw":""},"template":"","meta":{"inline_featured_image":false,"_fr_post_content":"<!-- wp:columns -->\n<div class=\"wp-block-columns\"><!-- wp:column -->\n<div class=\"wp-block-column\"><!-- wp:paragraph -->\n<p>\u25cf R\u00e9sidence des artistes Olivier Cyganek et Julie Poulain pour le service de soins palliatifs de l\u2019H\u00f4pital Robert Schuman de Metz<\/p>\n<!-- \/wp:paragraph -->\n\n<!-- wp:paragraph -->\n<p>Le duo d'artistes Cyganek et Poulain a d\u00e9ploy\u00e9 un ensemble d'exp\u00e9riences sensibles et artistiques aupr\u00e8s des soignant.es, des patient.es et de leurs proches. Les protocoles et cr\u00e9ations r\u00e9alis\u00e9es fa\u00e7onnaient un manifeste po\u00e9tique de ce service de soins palliatifs.<\/p>\n<!-- \/wp:paragraph -->\n\n<!-- wp:heading {\"level\":4} -->\n<h4 class=\"wp-block-heading\">Une restitution de leur r\u00e9sidence se tiendra au Frac Lorraine le mardi 27 janvier \u00e0 18h30.<\/h4>\n<!-- \/wp:heading -->\n\n<!-- wp:paragraph -->\n<p>--<\/p>\n<!-- \/wp:paragraph -->\n\n<!-- wp:paragraph -->\n<p><em>Avec le soutien de la DRAC Grand Est, l'ARS Grand Est, la R\u00e9gion Grand Est et la Fondation des H\u00f4pitaux Priv\u00e9s de Metz - Groupe Uneos, et en partenariat avec l'H\u00f4pital Robert Schuman de Metz<\/em><\/p>\n<!-- \/wp:paragraph --><\/div>\n<!-- \/wp:column -->\n\n<!-- wp:column -->\n<div class=\"wp-block-column\"><!-- wp:image {\"id\":9415,\"sizeSlug\":\"large\",\"linkDestination\":\"none\"} -->\n<figure class=\"wp-block-image size-large\"><img src=\"https:\/\/www.fraclorraine.org\/wp-content\/uploads\/2025\/08\/image-768x1024.jpeg\" alt=\"\" class=\"wp-image-9415\"\/><\/figure>\n<!-- \/wp:image --><\/div>\n<!-- \/wp:column --><\/div>\n<!-- \/wp:columns -->","_fr_post_name":"pour-un-manifeste-des-soins-palliatifs","_fr_post_excerpt":"","_fr_post_title":"Pour un manifeste des soins palliatifs","_en_post_content":"","_en_post_name":"","_en_post_excerpt":"","_en_post_title":"","edit_language":"en"},"tags":[169,41,83],"event-type":[84],"saison":[433],"lieu":[372],"class_list":["post-9413","exhibition","type-exhibition","status-publish","hentry","tag-atelier","tag-hors-les-murs","tag-residence"],"excerpt":{"raw":"","rendered":""},"_links":{"self":[{"href":"https:\/\/www.fraclorraine.org\/en\/wp-json\/wp\/v2\/exhibition\/9413","targetHints":{"allow":["GET"]}}],"collection":[{"href":"https:\/\/www.fraclorraine.org\/en\/wp-json\/wp\/v2\/exhibition"}],"about":[{"href":"https:\/\/www.fraclorraine.org\/en\/wp-json\/wp\/v2\/types\/exhibition"}],"wp:attachment":[{"href":"https:\/\/www.fraclorraine.org\/en\/wp-json\/wp\/v2\/media?parent=9413"}],"wp:term":[{"taxonomy":"post_tag","embeddable":true,"href":"https:\/\/www.fraclorraine.org\/en\/wp-json\/wp\/v2\/tags?post=9413"},{"taxonomy":"event-type","embeddable":true,"href":"https:\/\/www.fraclorraine.org\/en\/wp-json\/wp\/v2\/event-type?post=9413"},{"taxonomy":"saison","embeddable":true,"href":"https:\/\/www.fraclorraine.org\/en\/wp-json\/wp\/v2\/saison?post=9413"},{"taxonomy":"lieu","embeddable":true,"href":"https:\/\/www.fraclorraine.org\/en\/wp-json\/wp\/v2\/lieu?post=9413"}],"curies":[{"name":"wp","href":"https:\/\/api.w.org\/{rel}","templated":true}]}}