{"id":9675,"date":"2026-03-30T16:04:06","date_gmt":"2026-03-30T14:04:06","guid":{"rendered":"https:\/\/www.fraclorraine.org\/?post_type=exhibition&#038;p=9675"},"modified":"2026-04-29T11:35:27","modified_gmt":"2026-04-29T09:35:27","slug":"","status":"publish","type":"exhibition","link":"https:\/\/www.fraclorraine.org\/en\/exhibition\/filaments-2\/","title":{"rendered":"","raw":""},"content":{"rendered":"","protected":false,"raw":""},"template":"","meta":{"inline_featured_image":false,"_fr_post_content":"<!-- wp:columns -->\n<div class=\"wp-block-columns\"><!-- wp:column -->\n<div class=\"wp-block-column\"><!-- wp:paragraph -->\n<p>\u25cf Avec des objets confi\u00e9s par les habitant\u00b7es de la Communaut\u00e9 de Communes de Bruy\u00e8res Vallons des Vosges et des \u0153uvres de la collection du 49 Nord 6 Est \u2013 Frac Lorraine<\/p>\n<!-- \/wp:paragraph -->\n\n<!-- wp:paragraph -->\n<p>Au printemps 2026, la Communaut\u00e9 de Communes de Bruy\u00e8res Vallons des Vosges (CCB2V) accueillera le dispositif <em>Filaments<\/em>, accompagn\u00e9 et coordonn\u00e9 par le Frac Lorraine, dont les ateliers seront men\u00e9s par l\u2019artiste messin Romain Vadala.<\/p>\n<!-- \/wp:paragraph -->\n\n<!-- wp:paragraph -->\n<p>\u00c0 travers la photographie, l\u2019\u00e9criture et l\u2019installation, Romain Vadala interroge la construction des identit\u00e9s contemporaines dans un monde fa\u00e7onn\u00e9 par les images et les r\u00e9cits num\u00e9riques.<\/p>\n<!-- \/wp:paragraph -->\n\n<!-- wp:paragraph -->\n<p><em>Filaments <\/em>s\u2019adresse aux habitants et habitantes de ce territoire qui seront invit\u00e9\u00b7es \u00e0 \u00e9changer \u00e0 propos d\u2019objets ou d\u2019images qui leur tiennent \u00e0 c\u0153ur. Plusieurs ateliers gratuits, du 7 au 10 mai, seront l\u2019occasion de partager les souvenirs cach\u00e9s dans ces objets et sur ce que peut \u00eatre la culture.<\/p>\n<!-- \/wp:paragraph -->\n\n<!-- wp:paragraph -->\n<p>D\u2019autres ateliers d\u00e9di\u00e9s aux associations, structures culturelles, \u00e9coles, coll\u00e8ges et lyc\u00e9es du territoire seront organis\u00e9es en avril et en mai.<\/p>\n<!-- \/wp:paragraph -->\n\n<!-- wp:paragraph -->\n<p>Les contributions seront pr\u00e9sent\u00e9es en dialogue avec des \u0153uvres de la collection lors d\u2019une exposition de restitution \u00e0 l\u2019usine LANA de Docelles.<\/p>\n<!-- \/wp:paragraph -->\n\n<!-- wp:heading {\"level\":4} -->\n<h4 class=\"wp-block-heading\">PROGRAMME<\/h4>\n<!-- \/wp:heading -->\n\n<!-- wp:list -->\n<ul class=\"wp-block-list\"><!-- wp:list-item -->\n<li>Rencontre tous publics avec Romain Vadala et pr\u00e9sentation des ateliers : mercredi 15 avril<\/li>\n<!-- \/wp:list-item -->\n\n<!-- wp:list-item -->\n<li>Ateliers tous publics : plusieurs rendez-vous le weekend du 7 au 10 mai \u00e0 Bruy\u00e8res<\/li>\n<!-- \/wp:list-item -->\n\n<!-- wp:list-item -->\n<li>Ouverture festive : vendredi 5 juin<\/li>\n<!-- \/wp:list-item -->\n\n<!-- wp:list-item -->\n<li>Exposition : du samedi 6 au dimanche 21 juin<\/li>\n<!-- \/wp:list-item -->\n\n<!-- wp:list-item -->\n<li>Finissage\u00a0: dimanche 21 juin<\/li>\n<!-- \/wp:list-item --><\/ul>\n<!-- \/wp:list -->\n\n<!-- wp:paragraph -->\n<p><\/p>\n<!-- \/wp:paragraph -->\n\n<!-- wp:paragraph -->\n<p>--<\/p>\n<!-- \/wp:paragraph -->\n\n<!-- wp:paragraph -->\n<p><em>En partenariat avec le CTEAC de la CCB2V et la Drac Grand Est<\/em><\/p>\n<!-- \/wp:paragraph --><\/div>\n<!-- \/wp:column -->\n\n<!-- wp:column -->\n<div class=\"wp-block-column\"><!-- wp:image {\"id\":8739,\"sizeSlug\":\"large\",\"linkDestination\":\"none\"} -->\n<figure class=\"wp-block-image size-large\"><img src=\"https:\/\/www.fraclorraine.org\/wp-content\/uploads\/2024\/05\/Dajska-2-1-min-771x1024.jpg\" alt=\"\" class=\"wp-image-8739\"\/><figcaption class=\"wp-element-caption\">Emma DAJSKA, <em>Map n\u00b011<\/em>, 2010 \u00a9 droits r\u00e9serv\u00e9s. Collection Frac Lorraine, Metz<\/figcaption><\/figure>\n<!-- \/wp:image --><\/div>\n<!-- \/wp:column --><\/div>\n<!-- \/wp:columns -->","_fr_post_name":"filaments-2","_fr_post_excerpt":"","_fr_post_title":"Filaments","_en_post_content":"","_en_post_name":"","_en_post_excerpt":"","_en_post_title":"","edit_language":"en"},"tags":[7,41,83],"event-type":[42],"saison":[451],"lieu":[373],"class_list":["post-9675","exhibition","type-exhibition","status-publish","hentry","tag-exposition","tag-hors-les-murs","tag-residence"],"excerpt":{"raw":"","rendered":""},"_links":{"self":[{"href":"https:\/\/www.fraclorraine.org\/en\/wp-json\/wp\/v2\/exhibition\/9675","targetHints":{"allow":["GET"]}}],"collection":[{"href":"https:\/\/www.fraclorraine.org\/en\/wp-json\/wp\/v2\/exhibition"}],"about":[{"href":"https:\/\/www.fraclorraine.org\/en\/wp-json\/wp\/v2\/types\/exhibition"}],"wp:attachment":[{"href":"https:\/\/www.fraclorraine.org\/en\/wp-json\/wp\/v2\/media?parent=9675"}],"wp:term":[{"taxonomy":"post_tag","embeddable":true,"href":"https:\/\/www.fraclorraine.org\/en\/wp-json\/wp\/v2\/tags?post=9675"},{"taxonomy":"event-type","embeddable":true,"href":"https:\/\/www.fraclorraine.org\/en\/wp-json\/wp\/v2\/event-type?post=9675"},{"taxonomy":"saison","embeddable":true,"href":"https:\/\/www.fraclorraine.org\/en\/wp-json\/wp\/v2\/saison?post=9675"},{"taxonomy":"lieu","embeddable":true,"href":"https:\/\/www.fraclorraine.org\/en\/wp-json\/wp\/v2\/lieu?post=9675"}],"curies":[{"name":"wp","href":"https:\/\/api.w.org\/{rel}","templated":true}]}}